{"id":161,"date":"2024-08-19T21:08:16","date_gmt":"2024-08-19T19:08:16","guid":{"rendered":"http:\/\/forsvarogforter.dk\/?page_id=161"},"modified":"2026-01-14T21:21:24","modified_gmt":"2026-01-14T20:21:24","slug":"overgangen-til-als-29-juni","status":"publish","type":"page","link":"https:\/\/forsvarogforter.dk\/index.php\/overgangen-til-als-29-juni\/","title":{"rendered":"Overgangen til Als 29. juni 1864"},"content":{"rendered":"\r\n<p class=\"wp-block-paragraph\" data-start=\"225\" data-end=\"509\">Overgangen til Als natten mellem den 28. og 29. juni 1864 var den direkte konsekvens af, at v\u00e5benhvileforhandlingerne var brudt sammen. Preusserne havde overtaget efter sejren ved Dybb\u00f8l, og det viste sig at v\u00e6re en fatal fejlvurdering at tro, at de ikke ville udnytte deres momentum.<\/p>\r\n<p data-start=\"511\" data-end=\"845\">Forhandlingerne i <span class=\"hover:entity-accent entity-underline inline cursor-pointer align-baseline\"><span class=\"whitespace-normal\">London<\/span><\/span> strandede, fordi den danske regering n\u00e6gtede at acceptere en deling af Slesvig. P\u00e5 trods af nederlaget ved <span class=\"hover:entity-accent entity-underline inline cursor-pointer align-baseline\"><span class=\"whitespace-normal\">Dybb\u00f8l<\/span><\/span> den 18. april fastholdt statsminister <span class=\"hover:entity-accent entity-underline inline cursor-pointer align-baseline\"><span class=\"whitespace-normal\">D.G. Monrad<\/span><\/span> og den danske delegation kravet om en gr\u00e6nse ved Ejderen.<\/p>\r\n<p data-start=\"847\" data-end=\"1256\">Regeringen vidste godt, at Danmark milit\u00e6rt stod uden reelle muligheder. Alligevel h\u00e5bede man, at h\u00e6ren kunne holde stand l\u00e6nge nok til, at diplomatiske forhandlinger ville give et resultat. Forh\u00e5bningerne byggede p\u00e5, at stormagterne Rusland, Frankrig og Storbritannien tidligere havde garanteret Danmarks besiddelse af Slesvig. Men da det kom til stykket, var ingen villige til at g\u00e5 i krig for Danmarks sag.<\/p>\r\n<p data-start=\"1258\" data-end=\"1319\">Da v\u00e5benhvilen udl\u00f8b den 26. juni, handlede Preussen hurtigt.<\/p>\r\n\r\n\r\n\r\n\r\n\r\n<h3 class=\"wp-block-heading\">Forberedelserne til angrebet<\/h3>\r\n\r\n\r\n\r\n<div id=\"attachment_25273\" style=\"width: 300px\" class=\"wp-caption alignleft\"><a href=\"http:\/\/forsvarogforter.dk\/wp-content\/uploads\/2025\/01\/Als-overgang-Sottrup-Storskov.jpg\"><img loading=\"lazy\" decoding=\"async\" aria-describedby=\"caption-attachment-25273\" class=\"size-medium wp-image-25273\" src=\"http:\/\/forsvarogforter.dk\/wp-content\/uploads\/2025\/01\/Als-overgang-Sottrup-Storskov-300x225.jpg\" alt=\"Overgangen ved Als Sottrup Storskov\" width=\"300\" height=\"225\" srcset=\"https:\/\/forsvarogforter.dk\/wp-content\/uploads\/2025\/01\/Als-overgang-Sottrup-Storskov-300x225.jpg 300w, https:\/\/forsvarogforter.dk\/wp-content\/uploads\/2025\/01\/Als-overgang-Sottrup-Storskov-768x576.jpg 768w, https:\/\/forsvarogforter.dk\/wp-content\/uploads\/2025\/01\/Als-overgang-Sottrup-Storskov-750x563.jpg 750w, https:\/\/forsvarogforter.dk\/wp-content\/uploads\/2025\/01\/Als-overgang-Sottrup-Storskov.jpg 800w\" sizes=\"auto, (max-width: 300px) 100vw, 300px\" \/><\/a><p id=\"caption-attachment-25273\" class=\"wp-caption-text\">Overgangsstedet ved Sottrup Storskov<\/p><\/div>\r\n<p class=\"wp-block-paragraph\">Preusserne havde i hemmelighed samlet en stor fl\u00e5de af \u00e5bne b\u00e5de og pontonf\u00e6rger. Oprindeligt l\u00e5 de ved Ballebro, men blev flyttet til Sottrup Storskov \u2013 et omr\u00e5de, som det danske krigsministerium fejlagtigt mente var uegnet til en landgang.<\/p>\r\n<p>Midt om natten klokken 02.00 den 29. juni satte 2.500 preussiske soldater i 166 b\u00e5de og 20 pontonf\u00e6rger over Alssund. I reserve stod yderligere 17.500 mand klar. For at f\u00e5 b\u00e5dene i vandet m\u00e5tte preusserne grave ramper ned gennem de stejle skovbrinker og anl\u00e6gge feltstillinger til artilleriet i skoven.<\/p>\r\n<h3 class=\"wp-block-heading\">Overraskelsen lykkes<\/h3>\r\n\r\n\r\n\r\n<div id=\"attachment_6442\" style=\"width: 300px\" class=\"wp-caption alignleft\"><a href=\"http:\/\/forsvarogforter.dk\/wp-content\/uploads\/2024\/08\/Sottrup_rampe-1.jpg\"><img loading=\"lazy\" decoding=\"async\" aria-describedby=\"caption-attachment-6442\" class=\"size-medium wp-image-6442\" src=\"http:\/\/forsvarogforter.dk\/wp-content\/uploads\/2024\/08\/Sottrup_rampe-1-300x200.jpg\" alt=\"Rampe til stormb\u00e5de 1864 i Sottrup Storskov\" width=\"300\" height=\"200\" srcset=\"https:\/\/forsvarogforter.dk\/wp-content\/uploads\/2024\/08\/Sottrup_rampe-1-300x200.jpg 300w, https:\/\/forsvarogforter.dk\/wp-content\/uploads\/2024\/08\/Sottrup_rampe-1-768x511.jpg 768w, https:\/\/forsvarogforter.dk\/wp-content\/uploads\/2024\/08\/Sottrup_rampe-1-750x499.jpg 750w, https:\/\/forsvarogforter.dk\/wp-content\/uploads\/2024\/08\/Sottrup_rampe-1.jpg 800w\" sizes=\"auto, (max-width: 300px) 100vw, 300px\" \/><\/a><p id=\"caption-attachment-6442\" class=\"wp-caption-text\">Rampe<\/p><\/div>\r\n\r\n\r\n\r\n\r\n\r\n\r\n\r\n\r\n\r\n<p class=\"wp-block-paragraph\">De danske styrker p\u00e5 yderst p\u00e5 Arnkil halv\u00f8en tog straks kampen op, men forsvaret af er for svagt. Der er kun ca. 50 mand, formentlig udsat som alarmeringsposter, der hurtigt nedk\u00e6mpes. De n\u00e6rmste danske styrker befinder sig i Ulkeb\u00f8l. Da de n\u00e6rmeste st\u00f8rre danske styrker n\u00e5r frem til angriberne, udvikler der sig en del h\u00e5rde kampe omkring landsbyen K\u00e6r.<\/p>\r\n\r\n\r\n\r\n\r\n\r\n\r\n\r\n<h3 class=\"wp-block-heading\">Tilbagetog og nederlag<\/h3>\r\n\r\n\r\n\r\n<p class=\"wp-block-paragraph\"><a href=\"http:\/\/forsvarogforter.dk\/wp-content\/uploads\/2025\/01\/Overgangen-Als-mindesten.jpg\"><img loading=\"lazy\" decoding=\"async\" class=\"alignleft wp-image-25274 size-medium\" src=\"http:\/\/forsvarogforter.dk\/wp-content\/uploads\/2025\/01\/Overgangen-Als-mindesten-225x300.jpg\" alt=\"Mindesten fra overgangen til Als\" width=\"225\" height=\"300\" srcset=\"https:\/\/forsvarogforter.dk\/wp-content\/uploads\/2025\/01\/Overgangen-Als-mindesten-225x300.jpg 225w, https:\/\/forsvarogforter.dk\/wp-content\/uploads\/2025\/01\/Overgangen-Als-mindesten.jpg 600w\" sizes=\"auto, (max-width: 225px) 100vw, 225px\" \/><\/a><\/p>\r\n<p data-start=\"2798\" data-end=\"3031\">I l\u00f8bet af morgenen blev det danske forsvar sl\u00e5et. Klokken 05.30 opgav danskerne kampen om Als og trak sig under fortsatte kampe tilbage mod Kegn\u00e6s. Herfra blev tropperne evakueret, og den 1. juli forlod den sidste danske soldat \u00f8en.<\/p>\r\n<p data-start=\"3033\" data-end=\"3319\">Den preussiske landgang var en fuldkommen succes. Danmark mistede i alt 3.148 mand dr\u00e6bt, s\u00e5ret eller taget til fange, mens de preussiske tab var p\u00e5 372 mand. Preussen besatte Als, \u00f8strigerne rykkede ind i Jylland nord for Konge\u00e5en, og den danske regering havde ikke l\u00e6ngere noget valg.<\/p>\r\n<p>&nbsp;<\/p>\r\n<p>&nbsp;<\/p>\r\n<h5>Grave og mindesten p\u00e5 Arnkil og K\u00e6r<\/h5>\r\n<style type=\"text\/css\">\n#foogallery-gallery-25961 .fg-image { width: 266px; }<\/style>\n\t\t\t<div class=\"foogallery foogallery-container foogallery-image-viewer foogallery-link-image foogallery-lightbox-foogallery fg-left fg-image-viewer fg-ready fg-light fg-border-thin fg-shadow-outline fg-loading-default fg-loaded-fade-in fg-caption-hover fg-hover-fade fg-hover-zoom\" id=\"foogallery-gallery-25961\" data-foogallery=\"{&quot;item&quot;:{&quot;showCaptionTitle&quot;:true,&quot;showCaptionDescription&quot;:true},&quot;lazy&quot;:true,&quot;template&quot;:{&quot;loop&quot;:true}}\" data-foogallery-lightbox=\"{&quot;thumbs&quot;:&quot;bottom&quot;,&quot;thumbsCaptions&quot;:false,&quot;thumbsBestFit&quot;:false,&quot;thumbsSmall&quot;:false,&quot;thumbsCaptionsAlign&quot;:&quot;default&quot;,&quot;info&quot;:&quot;bottom&quot;,&quot;infoVisible&quot;:true,&quot;infoOverlay&quot;:true,&quot;infoAlign&quot;:&quot;default&quot;,&quot;transition&quot;:&quot;fade&quot;,&quot;hoverButtons&quot;:false,&quot;fitMedia&quot;:false,&quot;noScrollbars&quot;:true,&quot;preserveButtonSpace&quot;:true,&quot;buttons&quot;:{&quot;fullscreen&quot;:true,&quot;info&quot;:true,&quot;thumbs&quot;:false},&quot;video&quot;:{&quot;autoPlay&quot;:true}}\" style=\"--fg-title-line-clamp: 0; --fg-description-line-clamp: 0;\" >\n\t<div class=\"fiv-inner\">\n\t\t<div class=\"fiv-inner-container\">\n\t\t\t<div class=\"fg-item fg-type-image fg-idle\"><figure class=\"fg-item-inner\"><a href=\"https:\/\/forsvarogforter.dk\/wp-content\/uploads\/2024\/08\/Arnkil_monument.jpg\" data-caption-title=\"Arnkil\" data-caption-desc=\"Det Preussiske monument\" data-attachment-id=\"9640\" data-type=\"image\" class=\"fg-thumb\"><span class=\"fg-image-wrap\"><img fetchpriority=\"high\" decoding=\"async\" title=\"Arnkil\" width=\"266\" height=\"200\" class=\"skip-lazy fg-image\" data-src-fg=\"https:\/\/forsvarogforter.dk\/wp-content\/uploads\/cache\/2024\/08\/Arnkil_monument\/3220417116.jpg\" src=\"data:image\/svg+xml,%3Csvg%20xmlns%3D%22http%3A%2F%2Fwww.w3.org%2F2000%2Fsvg%22%20width%3D%22266%22%20height%3D%22200%22%20viewBox%3D%220%200%20266%20200%22%3E%3C%2Fsvg%3E\" loading=\"eager\"><\/span><span class=\"fg-image-overlay\"><\/span><\/a><figcaption class=\"fg-caption\"><div class=\"fg-caption-inner\"><div class=\"fg-caption-title\">Arnkil<\/div><div class=\"fg-caption-desc\">Det Preussiske monument<\/div><\/div><\/figcaption><\/figure><div class=\"fg-loader\"><\/div><\/div><div class=\"fg-item fg-type-image fg-idle\"><figure class=\"fg-item-inner\"><a href=\"https:\/\/forsvarogforter.dk\/wp-content\/uploads\/2024\/08\/Arnkil_landingssted.jpg\" data-caption-title=\"Arnkil\" data-caption-desc=\"Landingsstedet\" data-attachment-id=\"9572\" data-type=\"image\" class=\"fg-thumb\"><span class=\"fg-image-wrap\"><img decoding=\"async\" alt=\"Landgangen Arnkil 1864\" title=\"Arnkil\" width=\"266\" height=\"200\" class=\"skip-lazy fg-image\" data-src-fg=\"https:\/\/forsvarogforter.dk\/wp-content\/uploads\/cache\/2024\/08\/Arnkil_landingssted\/2006131411.jpg\" src=\"data:image\/svg+xml,%3Csvg%20xmlns%3D%22http%3A%2F%2Fwww.w3.org%2F2000%2Fsvg%22%20width%3D%22266%22%20height%3D%22200%22%20viewBox%3D%220%200%20266%20200%22%3E%3C%2Fsvg%3E\" loading=\"eager\"><\/span><span class=\"fg-image-overlay\"><\/span><\/a><figcaption class=\"fg-caption\"><div class=\"fg-caption-inner\"><div class=\"fg-caption-title\">Arnkil<\/div><div class=\"fg-caption-desc\">Landingsstedet<\/div><\/div><\/figcaption><\/figure><div class=\"fg-loader\"><\/div><\/div><div class=\"fg-item fg-type-image fg-idle\"><figure class=\"fg-item-inner\"><a href=\"https:\/\/forsvarogforter.dk\/wp-content\/uploads\/2025\/01\/Arnkil-denkmal-overgangen-til-Als.jpg\" data-caption-title=\"Preussisk mindesten\" data-caption-desc=\"Preussisk mindesten p\u00e5 landingsstedet p\u00e5 Arnkil\" data-attachment-id=\"25278\" data-type=\"image\" class=\"fg-thumb\"><span class=\"fg-image-wrap\"><img decoding=\"async\" alt=\"Mindesten for overgangen til Als 1864\" title=\"Preussisk mindesten\" width=\"266\" height=\"200\" class=\"skip-lazy fg-image\" data-src-fg=\"https:\/\/forsvarogforter.dk\/wp-content\/uploads\/cache\/2025\/01\/Arnkil-denkmal-overgangen-til-Als\/3089013407.jpg\" src=\"data:image\/svg+xml,%3Csvg%20xmlns%3D%22http%3A%2F%2Fwww.w3.org%2F2000%2Fsvg%22%20width%3D%22266%22%20height%3D%22200%22%20viewBox%3D%220%200%20266%20200%22%3E%3C%2Fsvg%3E\" loading=\"eager\"><\/span><span class=\"fg-image-overlay\"><\/span><\/a><figcaption class=\"fg-caption\"><div class=\"fg-caption-inner\"><div class=\"fg-caption-title\">Preussisk mindesten<\/div><div class=\"fg-caption-desc\">Preussisk mindesten p\u00e5 landingsstedet p\u00e5 Arnkil<\/div><\/div><\/figcaption><\/figure><div class=\"fg-loader\"><\/div><\/div><div class=\"fg-item fg-type-image fg-idle\"><figure class=\"fg-item-inner\"><a href=\"https:\/\/forsvarogforter.dk\/wp-content\/uploads\/2024\/08\/Arnkil_landingssted_denkmal_1_tekst.jpg\" data-caption-title=\"Arnkil\" data-caption-desc=\"Tekst p\u00e5 Preussisk mindesten p\u00e5 landingsstedet\" data-attachment-id=\"9574\" data-type=\"image\" class=\"fg-thumb\"><span class=\"fg-image-wrap\"><img decoding=\"async\" alt=\"Mindesten p\u00e5 landingsstedet 1864 Arnkil\" title=\"Arnkil\" width=\"266\" height=\"200\" class=\"skip-lazy fg-image\" data-src-fg=\"https:\/\/forsvarogforter.dk\/wp-content\/uploads\/cache\/2024\/08\/Arnkil_landingssted_denkmal_1_tekst\/927300548.jpg\" src=\"data:image\/svg+xml,%3Csvg%20xmlns%3D%22http%3A%2F%2Fwww.w3.org%2F2000%2Fsvg%22%20width%3D%22266%22%20height%3D%22200%22%20viewBox%3D%220%200%20266%20200%22%3E%3C%2Fsvg%3E\" loading=\"eager\"><\/span><span class=\"fg-image-overlay\"><\/span><\/a><figcaption class=\"fg-caption\"><div class=\"fg-caption-inner\"><div class=\"fg-caption-title\">Arnkil<\/div><div class=\"fg-caption-desc\">Tekst p\u00e5 Preussisk mindesten p\u00e5 landingsstedet<\/div><\/div><\/figcaption><\/figure><div class=\"fg-loader\"><\/div><\/div><div class=\"fg-item fg-type-image fg-idle\"><figure class=\"fg-item-inner\"><a href=\"https:\/\/forsvarogforter.dk\/wp-content\/uploads\/2024\/08\/Arnkil_landingssted_denkmal_3_tekst-1.jpg\" data-caption-title=\"Arnkil\" data-caption-desc=\"Tekst p\u00e5 preussisk mindesten p\u00e5 Arnkil, 29. juni 1864\" data-attachment-id=\"9615\" data-type=\"image\" class=\"fg-thumb\"><span class=\"fg-image-wrap\"><img decoding=\"async\" alt=\"Arnkil landingssted, tekst p\u00e5 mindesten\" title=\"Arnkil\" width=\"266\" height=\"200\" class=\"skip-lazy fg-image\" data-src-fg=\"https:\/\/forsvarogforter.dk\/wp-content\/uploads\/cache\/2024\/08\/Arnkil_landingssted_denkmal_3_tekst-1\/3541471950.jpg\" src=\"data:image\/svg+xml,%3Csvg%20xmlns%3D%22http%3A%2F%2Fwww.w3.org%2F2000%2Fsvg%22%20width%3D%22266%22%20height%3D%22200%22%20viewBox%3D%220%200%20266%20200%22%3E%3C%2Fsvg%3E\" loading=\"eager\"><\/span><span class=\"fg-image-overlay\"><\/span><\/a><figcaption class=\"fg-caption\"><div class=\"fg-caption-inner\"><div class=\"fg-caption-title\">Arnkil<\/div><div class=\"fg-caption-desc\">Tekst p\u00e5 preussisk mindesten p\u00e5 Arnkil, 29. juni 1864<\/div><\/div><\/figcaption><\/figure><div class=\"fg-loader\"><\/div><\/div><div class=\"fg-item fg-type-image fg-idle\"><figure class=\"fg-item-inner\"><a href=\"https:\/\/forsvarogforter.dk\/wp-content\/uploads\/2024\/08\/Arnkil_landingssted_denkmal_3.jpg\" data-caption-title=\"Arnkil\" data-caption-desc=\"Preussisk mindesten ved landgangsstedet\" data-attachment-id=\"9613\" data-type=\"image\" class=\"fg-thumb\"><span class=\"fg-image-wrap\"><img decoding=\"async\" alt=\"Grave og mindesten p\u00e5 Arnkil\" title=\"Arnkil\" width=\"266\" height=\"200\" class=\"skip-lazy fg-image\" data-src-fg=\"https:\/\/forsvarogforter.dk\/wp-content\/uploads\/cache\/2024\/08\/Arnkil_landingssted_denkmal_3\/1252627186.jpg\" src=\"data:image\/svg+xml,%3Csvg%20xmlns%3D%22http%3A%2F%2Fwww.w3.org%2F2000%2Fsvg%22%20width%3D%22266%22%20height%3D%22200%22%20viewBox%3D%220%200%20266%20200%22%3E%3C%2Fsvg%3E\" loading=\"eager\"><\/span><span class=\"fg-image-overlay\"><\/span><\/a><figcaption class=\"fg-caption\"><div class=\"fg-caption-inner\"><div class=\"fg-caption-title\">Arnkil<\/div><div class=\"fg-caption-desc\">Preussisk mindesten ved landgangsstedet<\/div><\/div><\/figcaption><\/figure><div class=\"fg-loader\"><\/div><\/div><div class=\"fg-item fg-type-image fg-idle\"><figure class=\"fg-item-inner\"><a href=\"https:\/\/forsvarogforter.dk\/wp-content\/uploads\/2024\/08\/Arnkil_sten_4.jpg\" data-caption-title=\"Arnkil\" data-caption-desc=\"Grav for 4 danske soldater\" data-attachment-id=\"9657\" data-type=\"image\" class=\"fg-thumb\"><span class=\"fg-image-wrap\"><img decoding=\"async\" alt=\"Der er en del grave og mindesten p\u00e5 Arnkil.\" title=\"Arnkil\" width=\"266\" height=\"200\" class=\"skip-lazy fg-image\" data-src-fg=\"https:\/\/forsvarogforter.dk\/wp-content\/uploads\/cache\/2024\/08\/Arnkil_sten_4\/942776488.jpg\" src=\"data:image\/svg+xml,%3Csvg%20xmlns%3D%22http%3A%2F%2Fwww.w3.org%2F2000%2Fsvg%22%20width%3D%22266%22%20height%3D%22200%22%20viewBox%3D%220%200%20266%20200%22%3E%3C%2Fsvg%3E\" loading=\"eager\"><\/span><span class=\"fg-image-overlay\"><\/span><\/a><figcaption class=\"fg-caption\"><div class=\"fg-caption-inner\"><div class=\"fg-caption-title\">Arnkil<\/div><div class=\"fg-caption-desc\">Grav for 4 danske soldater<\/div><\/div><\/figcaption><\/figure><div class=\"fg-loader\"><\/div><\/div><div class=\"fg-item fg-type-image fg-idle\"><figure class=\"fg-item-inner\"><a href=\"https:\/\/forsvarogforter.dk\/wp-content\/uploads\/2024\/08\/Arnkil_landingssted_denkmal_2.jpg\" data-caption-title=\"Arnkil\" data-caption-desc=\"Preussisk mindesten\" data-attachment-id=\"9594\" data-type=\"image\" class=\"fg-thumb\"><span class=\"fg-image-wrap\"><img decoding=\"async\" alt=\"Preussisk mindesten for overgangen 29. juni 1864\" title=\"Arnkil\" width=\"266\" height=\"200\" class=\"skip-lazy fg-image\" data-src-fg=\"https:\/\/forsvarogforter.dk\/wp-content\/uploads\/cache\/2024\/08\/Arnkil_landingssted_denkmal_2\/2884439794.jpg\" src=\"data:image\/svg+xml,%3Csvg%20xmlns%3D%22http%3A%2F%2Fwww.w3.org%2F2000%2Fsvg%22%20width%3D%22266%22%20height%3D%22200%22%20viewBox%3D%220%200%20266%20200%22%3E%3C%2Fsvg%3E\" loading=\"eager\"><\/span><span class=\"fg-image-overlay\"><\/span><\/a><figcaption class=\"fg-caption\"><div class=\"fg-caption-inner\"><div class=\"fg-caption-title\">Arnkil<\/div><div class=\"fg-caption-desc\">Preussisk mindesten<\/div><\/div><\/figcaption><\/figure><div class=\"fg-loader\"><\/div><\/div><div class=\"fg-item fg-type-image fg-idle\"><figure class=\"fg-item-inner\"><a href=\"https:\/\/forsvarogforter.dk\/wp-content\/uploads\/2024\/08\/Arnkil_landingssted_denkmal_2_tekst-1.jpg\" data-caption-title=\"Arnkil\" data-caption-desc=\"Tekst p\u00e5 Preussisk mindesten for landgangen\" data-attachment-id=\"9596\" data-type=\"image\" class=\"fg-thumb\"><span class=\"fg-image-wrap\"><img decoding=\"async\" alt=\"Preussisk mindesten p\u00e5 Als 1864\" title=\"Arnkil\" width=\"266\" height=\"200\" class=\"skip-lazy fg-image\" data-src-fg=\"https:\/\/forsvarogforter.dk\/wp-content\/uploads\/cache\/2024\/08\/Arnkil_landingssted_denkmal_2_tekst-1\/2529427215.jpg\" src=\"data:image\/svg+xml,%3Csvg%20xmlns%3D%22http%3A%2F%2Fwww.w3.org%2F2000%2Fsvg%22%20width%3D%22266%22%20height%3D%22200%22%20viewBox%3D%220%200%20266%20200%22%3E%3C%2Fsvg%3E\" loading=\"eager\"><\/span><span class=\"fg-image-overlay\"><\/span><\/a><figcaption class=\"fg-caption\"><div class=\"fg-caption-inner\"><div class=\"fg-caption-title\">Arnkil<\/div><div class=\"fg-caption-desc\">Tekst p\u00e5 Preussisk mindesten for landgangen<\/div><\/div><\/figcaption><\/figure><div class=\"fg-loader\"><\/div><\/div><div class=\"fg-item fg-type-image fg-idle\"><figure class=\"fg-item-inner\"><a href=\"https:\/\/forsvarogforter.dk\/wp-content\/uploads\/2024\/08\/Arnkil_sten_2.jpg\" data-attachment-id=\"9643\" data-type=\"image\" class=\"fg-thumb\"><span class=\"fg-image-wrap\"><img decoding=\"async\" width=\"266\" height=\"200\" class=\"skip-lazy fg-image\" data-src-fg=\"https:\/\/forsvarogforter.dk\/wp-content\/uploads\/cache\/2024\/08\/Arnkil_sten_2\/3547173851.jpg\" src=\"data:image\/svg+xml,%3Csvg%20xmlns%3D%22http%3A%2F%2Fwww.w3.org%2F2000%2Fsvg%22%20width%3D%22266%22%20height%3D%22200%22%20viewBox%3D%220%200%20266%20200%22%3E%3C%2Fsvg%3E\" loading=\"eager\"><\/span><span class=\"fg-image-overlay\"><\/span><\/a><\/figure><div class=\"fg-loader\"><\/div><\/div><div class=\"fg-item fg-type-image fg-idle\"><figure class=\"fg-item-inner\"><a href=\"https:\/\/forsvarogforter.dk\/wp-content\/uploads\/2024\/08\/Arnkil_sten_4_tekst.jpg\" data-caption-title=\"Arnkil\" data-caption-desc=\"Teksten p\u00e5 stenen over 4 danskere\" data-attachment-id=\"9658\" data-type=\"image\" class=\"fg-thumb\"><span class=\"fg-image-wrap\"><img decoding=\"async\" alt=\"Tekst p\u00e5 gravsten 1864 Arnkil\" title=\"Arnkil\" width=\"266\" height=\"200\" class=\"skip-lazy fg-image\" data-src-fg=\"https:\/\/forsvarogforter.dk\/wp-content\/uploads\/cache\/2024\/08\/Arnkil_sten_4_tekst\/2293691256.jpg\" src=\"data:image\/svg+xml,%3Csvg%20xmlns%3D%22http%3A%2F%2Fwww.w3.org%2F2000%2Fsvg%22%20width%3D%22266%22%20height%3D%22200%22%20viewBox%3D%220%200%20266%20200%22%3E%3C%2Fsvg%3E\" loading=\"eager\"><\/span><span class=\"fg-image-overlay\"><\/span><\/a><figcaption class=\"fg-caption\"><div class=\"fg-caption-inner\"><div class=\"fg-caption-title\">Arnkil<\/div><div class=\"fg-caption-desc\">Teksten p\u00e5 stenen over 4 danskere<\/div><\/div><\/figcaption><\/figure><div class=\"fg-loader\"><\/div><\/div><div class=\"fg-item fg-type-image fg-idle\"><figure class=\"fg-item-inner\"><a href=\"https:\/\/forsvarogforter.dk\/wp-content\/uploads\/2024\/08\/Arnkil_sten_2_tekst.jpg\" data-caption-title=\"Arnkil\" data-caption-desc=\"Mindesten\" data-attachment-id=\"9644\" data-type=\"image\" class=\"fg-thumb\"><span class=\"fg-image-wrap\"><img decoding=\"async\" alt=\"Tekst p\u00e5 mindesten p\u00e5 Arnkil 1864\" title=\"Arnkil\" width=\"266\" height=\"200\" class=\"skip-lazy fg-image\" data-src-fg=\"https:\/\/forsvarogforter.dk\/wp-content\/uploads\/cache\/2024\/08\/Arnkil_sten_2_tekst\/3422367044.jpg\" src=\"data:image\/svg+xml,%3Csvg%20xmlns%3D%22http%3A%2F%2Fwww.w3.org%2F2000%2Fsvg%22%20width%3D%22266%22%20height%3D%22200%22%20viewBox%3D%220%200%20266%20200%22%3E%3C%2Fsvg%3E\" loading=\"eager\"><\/span><span class=\"fg-image-overlay\"><\/span><\/a><figcaption class=\"fg-caption\"><div class=\"fg-caption-inner\"><div class=\"fg-caption-title\">Arnkil<\/div><div class=\"fg-caption-desc\">Mindesten<\/div><\/div><\/figcaption><\/figure><div class=\"fg-loader\"><\/div><\/div><div class=\"fg-item fg-type-image fg-idle\"><figure class=\"fg-item-inner\"><a href=\"https:\/\/forsvarogforter.dk\/wp-content\/uploads\/2024\/08\/Arnkil_sten.jpg\" data-caption-title=\"Arnkil\" data-caption-desc=\"Mindesten for SKLT Pingel\" data-attachment-id=\"9642\" data-type=\"image\" class=\"fg-thumb\"><span class=\"fg-image-wrap\"><img decoding=\"async\" alt=\"Grave og mindesten p\u00e5 Arnkil\" title=\"Arnkil\" width=\"266\" height=\"200\" class=\"skip-lazy fg-image\" data-src-fg=\"https:\/\/forsvarogforter.dk\/wp-content\/uploads\/cache\/2024\/08\/Arnkil_sten\/3794010692.jpg\" src=\"data:image\/svg+xml,%3Csvg%20xmlns%3D%22http%3A%2F%2Fwww.w3.org%2F2000%2Fsvg%22%20width%3D%22266%22%20height%3D%22200%22%20viewBox%3D%220%200%20266%20200%22%3E%3C%2Fsvg%3E\" loading=\"eager\"><\/span><span class=\"fg-image-overlay\"><\/span><\/a><figcaption class=\"fg-caption\"><div class=\"fg-caption-inner\"><div class=\"fg-caption-title\">Arnkil<\/div><div class=\"fg-caption-desc\">Mindesten for SKLT Pingel<\/div><\/div><\/figcaption><\/figure><div class=\"fg-loader\"><\/div><\/div><div class=\"fg-item fg-type-image fg-idle\"><figure class=\"fg-item-inner\"><a href=\"https:\/\/forsvarogforter.dk\/wp-content\/uploads\/2025\/01\/Arnkil-krigergrav-22-danske.jpg\" data-caption-title=\"Grav p\u00e5 Arnkil\" data-caption-desc=\"Krigergrav p\u00e5 Arnkil med 22 danskere 29 juni 1864\" data-attachment-id=\"25279\" data-type=\"image\" class=\"fg-thumb\"><span class=\"fg-image-wrap\"><img decoding=\"async\" alt=\"Krigergrav Arnkil 1864\" title=\"Grav p\u00e5 Arnkil\" width=\"266\" height=\"200\" class=\"skip-lazy fg-image\" data-src-fg=\"https:\/\/forsvarogforter.dk\/wp-content\/uploads\/cache\/2025\/01\/Arnkil-krigergrav-22-danske\/3340125416.jpg\" src=\"data:image\/svg+xml,%3Csvg%20xmlns%3D%22http%3A%2F%2Fwww.w3.org%2F2000%2Fsvg%22%20width%3D%22266%22%20height%3D%22200%22%20viewBox%3D%220%200%20266%20200%22%3E%3C%2Fsvg%3E\" loading=\"eager\"><\/span><span class=\"fg-image-overlay\"><\/span><\/a><figcaption class=\"fg-caption\"><div class=\"fg-caption-inner\"><div class=\"fg-caption-title\">Grav p\u00e5 Arnkil<\/div><div class=\"fg-caption-desc\">Krigergrav p\u00e5 Arnkil med 22 danskere 29 juni 1864<\/div><\/div><\/figcaption><\/figure><div class=\"fg-loader\"><\/div><\/div><div class=\"fg-item fg-type-image fg-idle\"><figure class=\"fg-item-inner\"><a href=\"https:\/\/forsvarogforter.dk\/wp-content\/uploads\/2024\/08\/Arnkil_22.jpg\" data-caption-title=\"Arnkil\" data-caption-desc=\"Dansk grav med 22 soldater p\u00e5 Arnkil 1864\" data-attachment-id=\"9559\" data-type=\"image\" class=\"fg-thumb\"><span class=\"fg-image-wrap\"><img decoding=\"async\" alt=\"Dansk grav p\u00e5 Arnkil 1864\" title=\"Arnkil\" width=\"266\" height=\"200\" class=\"skip-lazy fg-image\" data-src-fg=\"https:\/\/forsvarogforter.dk\/wp-content\/uploads\/cache\/2024\/08\/Arnkil_22\/2924899215.jpg\" src=\"data:image\/svg+xml,%3Csvg%20xmlns%3D%22http%3A%2F%2Fwww.w3.org%2F2000%2Fsvg%22%20width%3D%22266%22%20height%3D%22200%22%20viewBox%3D%220%200%20266%20200%22%3E%3C%2Fsvg%3E\" loading=\"eager\"><\/span><span class=\"fg-image-overlay\"><\/span><\/a><figcaption class=\"fg-caption\"><div class=\"fg-caption-inner\"><div class=\"fg-caption-title\">Arnkil<\/div><div class=\"fg-caption-desc\">Dansk grav med 22 soldater p\u00e5 Arnkil 1864<\/div><\/div><\/figcaption><\/figure><div class=\"fg-loader\"><\/div><\/div>\t\t<\/div>\n\t\t<div class=\"fiv-ctrls\">\n\t\t\t<button type=\"button\" class=\"fiv-prev\" title=\"Prev\"><span>Prev<\/span><\/button>\n\t\t\t<label class=\"fiv-count\"><span class=\"fiv-count-current\">1<\/span>of<span class=\"fiv-count-total\">16<\/span><\/label>\n\t\t\t<button type=\"button\" class=\"fiv-next\" title=\"Next\"><span>Next<\/span><\/button>\n\t\t<\/div>\n\t<\/div>\n<\/div>\r\n<h2 data-start=\"3321\" data-end=\"3353\">Frygt og sammenbrud i Danmark<\/h2>\r\n\r\n\r\n\r\n<figure class=\"wp-block-image alignright size-full is-resized wp-block-gallery-1 is-layout-flex wp-block-gallery-is-layout-flex\"><\/figure>\r\n<div id=\"attachment_25275\" style=\"width: 251px\" class=\"wp-caption alignleft\"><a href=\"http:\/\/forsvarogforter.dk\/wp-content\/uploads\/2025\/01\/Baad-briugt-ved-overgangen-til-Als.jpg\"><img loading=\"lazy\" decoding=\"async\" aria-describedby=\"caption-attachment-25275\" class=\"size-medium wp-image-25275\" src=\"http:\/\/forsvarogforter.dk\/wp-content\/uploads\/2025\/01\/Baad-briugt-ved-overgangen-til-Als-251x300.jpg\" alt=\"Overgangen til Als\" width=\"251\" height=\"300\" srcset=\"https:\/\/forsvarogforter.dk\/wp-content\/uploads\/2025\/01\/Baad-briugt-ved-overgangen-til-Als-251x300.jpg 251w, https:\/\/forsvarogforter.dk\/wp-content\/uploads\/2025\/01\/Baad-briugt-ved-overgangen-til-Als.jpg 640w\" sizes=\"auto, (max-width: 251px) 100vw, 251px\" \/><\/a><p id=\"caption-attachment-25275\" class=\"wp-caption-text\">B\u00e5d brugt til overgangen<\/p><\/div>\r\n<p data-start=\"3355\" data-end=\"3650\">Nyheden om overgangen til Als sendte chokb\u00f8lger gennem Danmark. I de k\u00f8benhavnske aviser bredte sortsynet sig, og man begyndte \u00e5bent at frygte en fjendtlig landgang p\u00e5 Sj\u00e6lland. Hele den danske krigsstrategi havde bygget p\u00e5 fl\u00e5dens herred\u00f8mme i de indre farvande \u2013 nu var den foruds\u00e6tning brudt.<\/p>\r\n<p data-start=\"3652\" data-end=\"3909\">Frygten var reel. Den preussiske \u00f8verstkommanderende prins Friedrich Karl havde allerede udarbejdet planer for en invasion af Fyn, hvis Danmark fortsatte krigen. Presset fra befolkningen og is\u00e6r det k\u00f8benhavnske borgerskab voksede, og krigsviljen smuldrede.<\/p>\r\n<p data-start=\"3911\" data-end=\"4183\">Overgangen til Als blev dermed ikke blot et milit\u00e6rt nederlag, men det afg\u00f8rende slag, der tvang Danmark til fred. I Preussen blev sejren straks fejret \u2013 blandt andet med en march komponeret af den ber\u00f8mte milit\u00e6rkomponist Piefke til minde om landgangen den 29. juni 1864.<\/p>\r\n<p>Den Preussiske Milit\u00e6rkomponist Piefke komponerede en march til minde om overgangen til Als <br \/>29. juni 1864. Han var den tids mest kendte milit\u00e6re komponist.\u00a0<\/p>\r\n<p>\r\n\r\n<\/p>\r\n<p class=\"wp-block-paragraph\"><strong><a href=\"http:\/\/forsvarogforter.dk\/wp-content\/uploads\/2024\/08\/Der-Alsenstormer.mp3\">Der Alsenst\u00f6rmer<\/a> <\/strong>(mp3)<\/p>\r\n\r\n\r\n\r\n\r\n\r\n<h5 class=\"wp-block-heading\">\u00a0<\/h5>\r\n","protected":false},"excerpt":{"rendered":"<p>Overgangen til Als natten mellem den 28. og 29. juni 1864 var den direkte konsekvens af, at v\u00e5benhvileforhandlingerne var brudt sammen. Preusserne havde overtaget efter sejren ved Dybb\u00f8l, og det viste sig at v\u00e6re en fatal fejlvurdering at tro, at de ikke ville udnytte deres momentum. Forhandlingerne i London strandede, fordi den danske regering n\u00e6gtede &hellip; <\/p>\n<p><a class=\"more-link btn\" href=\"https:\/\/forsvarogforter.dk\/index.php\/overgangen-til-als-29-juni\/\">L\u00e6s mere<\/a><\/p>\n","protected":false},"author":1,"featured_media":0,"parent":0,"menu_order":0,"comment_status":"closed","ping_status":"closed","template":"","meta":{"inline_featured_image":false,"footnotes":""},"class_list":["post-161","page","type-page","status-publish","hentry","nodate","item-wrap"],"yoast_head":"<!-- This site is optimized with the Yoast SEO plugin v26.8 - https:\/\/yoast.com\/product\/yoast-seo-wordpress\/ -->\n<title>Overgangen til Als 29. juni 1864 - Forsvar og Forter i Danmark<\/title>\n<meta name=\"description\" content=\"Overgangen til Als 29. juni var en f\u00f8lge af sammenbruddet i v\u00e5benhvileforhandlingerne. Preusserne havde momentum og ville udnytte dette.\" \/>\n<meta name=\"robots\" content=\"index, follow, max-snippet:-1, max-image-preview:large, max-video-preview:-1\" \/>\n<link rel=\"canonical\" href=\"https:\/\/forsvarogforter.dk\/index.php\/overgangen-til-als-29-juni\/\" \/>\n<meta property=\"og:locale\" content=\"da_DK\" \/>\n<meta property=\"og:type\" content=\"article\" \/>\n<meta property=\"og:title\" content=\"Overgangen til Als 29. juni 1864 - Forsvar og Forter i Danmark\" \/>\n<meta property=\"og:description\" content=\"Overgangen til Als 29. juni var en f\u00f8lge af sammenbruddet i v\u00e5benhvileforhandlingerne. Preusserne havde momentum og ville udnytte dette.\" \/>\n<meta property=\"og:url\" content=\"https:\/\/forsvarogforter.dk\/index.php\/overgangen-til-als-29-juni\/\" \/>\n<meta property=\"og:site_name\" content=\"Forsvar og Forter i Danmark\" \/>\n<meta property=\"article:modified_time\" content=\"2026-01-14T20:21:24+00:00\" \/>\n<meta property=\"og:image\" content=\"https:\/\/forsvarogforter.dk\/wp-content\/uploads\/2025\/01\/Als-overgang-Sottrup-Storskov.jpg\" \/>\n\t<meta property=\"og:image:width\" content=\"800\" \/>\n\t<meta property=\"og:image:height\" content=\"600\" \/>\n\t<meta property=\"og:image:type\" content=\"image\/jpeg\" \/>\n<meta name=\"twitter:card\" content=\"summary_large_image\" \/>\n<meta name=\"twitter:label1\" content=\"Estimeret l\u00e6setid\" \/>\n\t<meta name=\"twitter:data1\" content=\"5 minutter\" \/>\n<script type=\"application\/ld+json\" class=\"yoast-schema-graph\">{\"@context\":\"https:\/\/schema.org\",\"@graph\":[{\"@type\":\"WebPage\",\"@id\":\"https:\/\/forsvarogforter.dk\/index.php\/overgangen-til-als-29-juni\/\",\"url\":\"https:\/\/forsvarogforter.dk\/index.php\/overgangen-til-als-29-juni\/\",\"name\":\"Overgangen til Als 29. juni 1864 - Forsvar og Forter i Danmark\",\"isPartOf\":{\"@id\":\"https:\/\/forsvarogforter.dk\/#website\"},\"primaryImageOfPage\":{\"@id\":\"https:\/\/forsvarogforter.dk\/index.php\/overgangen-til-als-29-juni\/#primaryimage\"},\"image\":{\"@id\":\"https:\/\/forsvarogforter.dk\/index.php\/overgangen-til-als-29-juni\/#primaryimage\"},\"thumbnailUrl\":\"http:\/\/forsvarogforter.dk\/wp-content\/uploads\/2025\/01\/Als-overgang-Sottrup-Storskov-300x225.jpg\",\"datePublished\":\"2024-08-19T19:08:16+00:00\",\"dateModified\":\"2026-01-14T20:21:24+00:00\",\"description\":\"Overgangen til Als 29. juni var en f\u00f8lge af sammenbruddet i v\u00e5benhvileforhandlingerne. Preusserne havde momentum og ville udnytte dette.\",\"breadcrumb\":{\"@id\":\"https:\/\/forsvarogforter.dk\/index.php\/overgangen-til-als-29-juni\/#breadcrumb\"},\"inLanguage\":\"da-DK\",\"potentialAction\":[{\"@type\":\"ReadAction\",\"target\":[\"https:\/\/forsvarogforter.dk\/index.php\/overgangen-til-als-29-juni\/\"]}]},{\"@type\":\"ImageObject\",\"inLanguage\":\"da-DK\",\"@id\":\"https:\/\/forsvarogforter.dk\/index.php\/overgangen-til-als-29-juni\/#primaryimage\",\"url\":\"https:\/\/forsvarogforter.dk\/wp-content\/uploads\/2025\/01\/Als-overgang-Sottrup-Storskov.jpg\",\"contentUrl\":\"https:\/\/forsvarogforter.dk\/wp-content\/uploads\/2025\/01\/Als-overgang-Sottrup-Storskov.jpg\",\"width\":800,\"height\":600,\"caption\":\"Overgangsstedet ved Sottrup Storskov\"},{\"@type\":\"BreadcrumbList\",\"@id\":\"https:\/\/forsvarogforter.dk\/index.php\/overgangen-til-als-29-juni\/#breadcrumb\",\"itemListElement\":[{\"@type\":\"ListItem\",\"position\":1,\"name\":\"Hjem\",\"item\":\"https:\/\/forsvarogforter.dk\/\"},{\"@type\":\"ListItem\",\"position\":2,\"name\":\"Overgangen til Als 29. juni 1864\"}]},{\"@type\":\"WebSite\",\"@id\":\"https:\/\/forsvarogforter.dk\/#website\",\"url\":\"https:\/\/forsvarogforter.dk\/\",\"name\":\"Forsvar og Forter i Danmark\",\"description\":\"Nyere Dansk milit\u00e6rhistorie\",\"publisher\":{\"@id\":\"https:\/\/forsvarogforter.dk\/#\/schema\/person\/96befedb795a6d7881f4374730f05db6\"},\"potentialAction\":[{\"@type\":\"SearchAction\",\"target\":{\"@type\":\"EntryPoint\",\"urlTemplate\":\"https:\/\/forsvarogforter.dk\/?s={search_term_string}\"},\"query-input\":{\"@type\":\"PropertyValueSpecification\",\"valueRequired\":true,\"valueName\":\"search_term_string\"}}],\"inLanguage\":\"da-DK\"},{\"@type\":[\"Person\",\"Organization\"],\"@id\":\"https:\/\/forsvarogforter.dk\/#\/schema\/person\/96befedb795a6d7881f4374730f05db6\",\"name\":\"Mil.Hist.Ny\",\"image\":{\"@type\":\"ImageObject\",\"inLanguage\":\"da-DK\",\"@id\":\"https:\/\/forsvarogforter.dk\/#\/schema\/person\/image\/\",\"url\":\"https:\/\/secure.gravatar.com\/avatar\/f05d5fc2c0b4b57cbf017419572e6cf73632471ffc539f87518c89d24b096b96?s=96&d=mm&r=g\",\"contentUrl\":\"https:\/\/secure.gravatar.com\/avatar\/f05d5fc2c0b4b57cbf017419572e6cf73632471ffc539f87518c89d24b096b96?s=96&d=mm&r=g\",\"caption\":\"Mil.Hist.Ny\"},\"logo\":{\"@id\":\"https:\/\/forsvarogforter.dk\/#\/schema\/person\/image\/\"},\"sameAs\":[\"http:\/\/forsvarogforter.dk\"]}]}<\/script>\n<!-- \/ Yoast SEO plugin. -->","yoast_head_json":{"title":"Overgangen til Als 29. juni 1864 - Forsvar og Forter i Danmark","description":"Overgangen til Als 29. juni var en f\u00f8lge af sammenbruddet i v\u00e5benhvileforhandlingerne. Preusserne havde momentum og ville udnytte dette.","robots":{"index":"index","follow":"follow","max-snippet":"max-snippet:-1","max-image-preview":"max-image-preview:large","max-video-preview":"max-video-preview:-1"},"canonical":"https:\/\/forsvarogforter.dk\/index.php\/overgangen-til-als-29-juni\/","og_locale":"da_DK","og_type":"article","og_title":"Overgangen til Als 29. juni 1864 - Forsvar og Forter i Danmark","og_description":"Overgangen til Als 29. juni var en f\u00f8lge af sammenbruddet i v\u00e5benhvileforhandlingerne. Preusserne havde momentum og ville udnytte dette.","og_url":"https:\/\/forsvarogforter.dk\/index.php\/overgangen-til-als-29-juni\/","og_site_name":"Forsvar og Forter i Danmark","article_modified_time":"2026-01-14T20:21:24+00:00","og_image":[{"width":800,"height":600,"url":"https:\/\/forsvarogforter.dk\/wp-content\/uploads\/2025\/01\/Als-overgang-Sottrup-Storskov.jpg","type":"image\/jpeg"}],"twitter_card":"summary_large_image","twitter_misc":{"Estimeret l\u00e6setid":"5 minutter"},"schema":{"@context":"https:\/\/schema.org","@graph":[{"@type":"WebPage","@id":"https:\/\/forsvarogforter.dk\/index.php\/overgangen-til-als-29-juni\/","url":"https:\/\/forsvarogforter.dk\/index.php\/overgangen-til-als-29-juni\/","name":"Overgangen til Als 29. juni 1864 - Forsvar og Forter i Danmark","isPartOf":{"@id":"https:\/\/forsvarogforter.dk\/#website"},"primaryImageOfPage":{"@id":"https:\/\/forsvarogforter.dk\/index.php\/overgangen-til-als-29-juni\/#primaryimage"},"image":{"@id":"https:\/\/forsvarogforter.dk\/index.php\/overgangen-til-als-29-juni\/#primaryimage"},"thumbnailUrl":"http:\/\/forsvarogforter.dk\/wp-content\/uploads\/2025\/01\/Als-overgang-Sottrup-Storskov-300x225.jpg","datePublished":"2024-08-19T19:08:16+00:00","dateModified":"2026-01-14T20:21:24+00:00","description":"Overgangen til Als 29. juni var en f\u00f8lge af sammenbruddet i v\u00e5benhvileforhandlingerne. Preusserne havde momentum og ville udnytte dette.","breadcrumb":{"@id":"https:\/\/forsvarogforter.dk\/index.php\/overgangen-til-als-29-juni\/#breadcrumb"},"inLanguage":"da-DK","potentialAction":[{"@type":"ReadAction","target":["https:\/\/forsvarogforter.dk\/index.php\/overgangen-til-als-29-juni\/"]}]},{"@type":"ImageObject","inLanguage":"da-DK","@id":"https:\/\/forsvarogforter.dk\/index.php\/overgangen-til-als-29-juni\/#primaryimage","url":"https:\/\/forsvarogforter.dk\/wp-content\/uploads\/2025\/01\/Als-overgang-Sottrup-Storskov.jpg","contentUrl":"https:\/\/forsvarogforter.dk\/wp-content\/uploads\/2025\/01\/Als-overgang-Sottrup-Storskov.jpg","width":800,"height":600,"caption":"Overgangsstedet ved Sottrup Storskov"},{"@type":"BreadcrumbList","@id":"https:\/\/forsvarogforter.dk\/index.php\/overgangen-til-als-29-juni\/#breadcrumb","itemListElement":[{"@type":"ListItem","position":1,"name":"Hjem","item":"https:\/\/forsvarogforter.dk\/"},{"@type":"ListItem","position":2,"name":"Overgangen til Als 29. juni 1864"}]},{"@type":"WebSite","@id":"https:\/\/forsvarogforter.dk\/#website","url":"https:\/\/forsvarogforter.dk\/","name":"Forsvar og Forter i Danmark","description":"Nyere Dansk milit\u00e6rhistorie","publisher":{"@id":"https:\/\/forsvarogforter.dk\/#\/schema\/person\/96befedb795a6d7881f4374730f05db6"},"potentialAction":[{"@type":"SearchAction","target":{"@type":"EntryPoint","urlTemplate":"https:\/\/forsvarogforter.dk\/?s={search_term_string}"},"query-input":{"@type":"PropertyValueSpecification","valueRequired":true,"valueName":"search_term_string"}}],"inLanguage":"da-DK"},{"@type":["Person","Organization"],"@id":"https:\/\/forsvarogforter.dk\/#\/schema\/person\/96befedb795a6d7881f4374730f05db6","name":"Mil.Hist.Ny","image":{"@type":"ImageObject","inLanguage":"da-DK","@id":"https:\/\/forsvarogforter.dk\/#\/schema\/person\/image\/","url":"https:\/\/secure.gravatar.com\/avatar\/f05d5fc2c0b4b57cbf017419572e6cf73632471ffc539f87518c89d24b096b96?s=96&d=mm&r=g","contentUrl":"https:\/\/secure.gravatar.com\/avatar\/f05d5fc2c0b4b57cbf017419572e6cf73632471ffc539f87518c89d24b096b96?s=96&d=mm&r=g","caption":"Mil.Hist.Ny"},"logo":{"@id":"https:\/\/forsvarogforter.dk\/#\/schema\/person\/image\/"},"sameAs":["http:\/\/forsvarogforter.dk"]}]}},"_links":{"self":[{"href":"https:\/\/forsvarogforter.dk\/index.php\/wp-json\/wp\/v2\/pages\/161","targetHints":{"allow":["GET"]}}],"collection":[{"href":"https:\/\/forsvarogforter.dk\/index.php\/wp-json\/wp\/v2\/pages"}],"about":[{"href":"https:\/\/forsvarogforter.dk\/index.php\/wp-json\/wp\/v2\/types\/page"}],"author":[{"embeddable":true,"href":"https:\/\/forsvarogforter.dk\/index.php\/wp-json\/wp\/v2\/users\/1"}],"replies":[{"embeddable":true,"href":"https:\/\/forsvarogforter.dk\/index.php\/wp-json\/wp\/v2\/comments?post=161"}],"version-history":[{"count":15,"href":"https:\/\/forsvarogforter.dk\/index.php\/wp-json\/wp\/v2\/pages\/161\/revisions"}],"predecessor-version":[{"id":26796,"href":"https:\/\/forsvarogforter.dk\/index.php\/wp-json\/wp\/v2\/pages\/161\/revisions\/26796"}],"wp:attachment":[{"href":"https:\/\/forsvarogforter.dk\/index.php\/wp-json\/wp\/v2\/media?parent=161"}],"curies":[{"name":"wp","href":"https:\/\/api.w.org\/{rel}","templated":true}]}}