{"id":190,"date":"2024-08-19T21:31:27","date_gmt":"2024-08-19T19:31:27","guid":{"rendered":"http:\/\/forsvarogforter.dk\/?page_id=190"},"modified":"2026-01-13T20:30:00","modified_gmt":"2026-01-13T19:30:00","slug":"kampen-ved-mysunde-1864","status":"publish","type":"page","link":"https:\/\/forsvarogforter.dk\/index.php\/kampen-ved-mysunde-1864\/","title":{"rendered":"Kampen ved Mysunde 1864"},"content":{"rendered":"\r\n<p class=\"wp-block-paragraph\" data-start=\"272\" data-end=\"632\">Kampen ved Mysunde den 2. februar 1864 var det f\u00f8rste egentlige sammenst\u00f8d i krigen og fik stor betydning \u2013 b\u00e5de milit\u00e6rt og mentalt. Form\u00e5let med angrebet var at sikre de preussisk-\u00f8strigske styrkers overgang over Slien, hvor fjorden p\u00e5 dette sted er meget smal. En hurtig passage over isen ville have gjort det muligt at omg\u00e5 den danske h\u00e6r ved Dannevirke.<br \/>Dette blev imidlertid forhindret af de danske styrker i Mysunde.<\/p>\r\n<div id=\"attachment_19940\" style=\"width: 300px\" class=\"wp-caption alignleft\"><a href=\"http:\/\/forsvarogforter.dk\/wp-content\/uploads\/2024\/08\/Mysunde_Slien.jpg\"><img loading=\"lazy\" decoding=\"async\" aria-describedby=\"caption-attachment-19940\" class=\"size-medium wp-image-19940\" src=\"http:\/\/forsvarogforter.dk\/wp-content\/uploads\/2024\/08\/Mysunde_Slien-300x200.jpg\" alt=\"Den smalle del af Slien ved Mysunde\" width=\"300\" height=\"200\" srcset=\"https:\/\/forsvarogforter.dk\/wp-content\/uploads\/2024\/08\/Mysunde_Slien-300x200.jpg 300w, https:\/\/forsvarogforter.dk\/wp-content\/uploads\/2024\/08\/Mysunde_Slien-768x511.jpg 768w, https:\/\/forsvarogforter.dk\/wp-content\/uploads\/2024\/08\/Mysunde_Slien-750x499.jpg 750w, https:\/\/forsvarogforter.dk\/wp-content\/uploads\/2024\/08\/Mysunde_Slien.jpg 1024w\" sizes=\"auto, (max-width: 300px) 100vw, 300px\" \/><\/a><p id=\"caption-attachment-19940\" class=\"wp-caption-text\">Slien ved Mysunde<\/p><\/div>\r\n\r\n\r\n\r\n<h3>Den 1. februar<\/h3>\r\n<p class=\"wp-block-paragraph\" data-start=\"753\" data-end=\"1054\">Allerede i 1862, to \u00e5r f\u00f8r krigens udbrud, var der blevet investeret betydelige midler i at forst\u00e6rke Dannevirkestillingen. Samtidig blev der opf\u00f8rt skanser ved Dybb\u00f8l, men langt st\u00f8rstedelen af ressourcerne gik til Dannevirke. Det bet\u00f8d, at b\u00e5de Dybb\u00f8l og Fredericia m\u00e5tte klare sig med f\u00e6rre midler.<\/p>\r\n<p data-start=\"1056\" data-end=\"1380\">Den 1. februar 1864 indledte preussiske og \u00f8strigske styrker krigen ved at krydse Ejderen. Med omkring 57.000 mand rykkede de nordp\u00e5 med \u00e9t hovedm\u00e5l: at indtage Dannevirke. En del af planen var et angreb p\u00e5 den fremskudte stilling ved Mysunde for at sikre overgangen over Slien og dermed kunne angribe den danske h\u00e6r bagfra.<\/p>\r\n<h3 data-start=\"1056\" data-end=\"1380\">.Mysundestillingen<\/h3>\r\n\r\n\r\n\r\n\r\n\r\n<div id=\"attachment_25117\" style=\"width: 300px\" class=\"wp-caption alignleft\"><a href=\"http:\/\/forsvarogforter.dk\/wp-content\/uploads\/2025\/01\/Mysunde-isning-paa-Slien.jpg\"><img loading=\"lazy\" decoding=\"async\" aria-describedby=\"caption-attachment-25117\" class=\"size-medium wp-image-25117\" src=\"http:\/\/forsvarogforter.dk\/wp-content\/uploads\/2025\/01\/Mysunde-isning-paa-Slien-300x190.jpg\" alt=\"\" width=\"300\" height=\"190\" srcset=\"https:\/\/forsvarogforter.dk\/wp-content\/uploads\/2025\/01\/Mysunde-isning-paa-Slien-300x190.jpg 300w, https:\/\/forsvarogforter.dk\/wp-content\/uploads\/2025\/01\/Mysunde-isning-paa-Slien-768x487.jpg 768w, https:\/\/forsvarogforter.dk\/wp-content\/uploads\/2025\/01\/Mysunde-isning-paa-Slien-750x475.jpg 750w, https:\/\/forsvarogforter.dk\/wp-content\/uploads\/2025\/01\/Mysunde-isning-paa-Slien.jpg 819w\" sizes=\"auto, (max-width: 300px) 100vw, 300px\" \/><\/a><p id=\"caption-attachment-25117\" class=\"wp-caption-text\">Isning p\u00e5 Slien<\/p><\/div>\r\n<p data-start=\"1409\" data-end=\"1687\">Mysunde udgjorde en vigtig del af Dannevirkes \u00f8stlige fl\u00f8j, og dette var generalstaben fuldt bevidst om. Allerede under bef\u00e6stningsarbejderne i 1862 havde man fors\u00f8gt at skaffe midler til at opf\u00f8re forv\u00e6rker foran b\u00e5de Mysunde og Dannevirke \u2013 den s\u00e5kaldte Kokkendorf-stilling.<\/p>\r\n<p data-start=\"1689\" data-end=\"1836\">Disse planer blev dog aldrig realiseret. Midlerne gik n\u00e6sten udelukkende til hovedstillingen ved Dannevirke, hvilket sv\u00e6kkede forsvaret p\u00e5 fl\u00f8jene.<\/p>\r\n\r\n\r\n\r\n\r\n\r\n<h3 class=\"wp-block-heading\">Forpostf\u00e6gtninger<\/h3>\r\n<p>\r\n\r\n<\/p>\r\n<div id=\"attachment_14033\" style=\"width: 300px\" class=\"wp-caption alignleft\"><a href=\"http:\/\/forsvarogforter.dk\/wp-content\/uploads\/2024\/08\/Forposter_ved_Mysunde.jpg\"><img loading=\"lazy\" decoding=\"async\" aria-describedby=\"caption-attachment-14033\" class=\"size-medium wp-image-14033\" src=\"http:\/\/forsvarogforter.dk\/wp-content\/uploads\/2024\/08\/Forposter_ved_Mysunde-300x224.jpg\" alt=\"Dansk forpost ved Mysunde\" width=\"300\" height=\"224\" srcset=\"https:\/\/forsvarogforter.dk\/wp-content\/uploads\/2024\/08\/Forposter_ved_Mysunde-300x224.jpg 300w, https:\/\/forsvarogforter.dk\/wp-content\/uploads\/2024\/08\/Forposter_ved_Mysunde.jpg 308w\" sizes=\"auto, (max-width: 300px) 100vw, 300px\" \/><\/a><p id=\"caption-attachment-14033\" class=\"wp-caption-text\">Dansk forpost ved Mysunde<\/p><\/div>\r\n<p class=\"wp-block-paragraph\" data-start=\"1867\" data-end=\"2108\">De fire skanser ved Mysunde var bemandet med omkring 2.000 danske soldater og cirka 20 kanoner. Den 2. februar rykkede det 1. preussiske korps frem mod omr\u00e5det med to infanteridivisioner \u2013 i alt omkring 10.000 mand st\u00f8ttet af 64 feltkanoner.<\/p>\r\n<p data-start=\"2110\" data-end=\"2254\">Planen var klar: Mysunde skulle indtages, og overgangen over Slien sikres. Den eneste hindring var den relativt lille danske styrke i skanserne.<\/p>\r\n<p data-start=\"2256\" data-end=\"2547\">Da den preussiske fremrykning blev opdaget, trak de danske forpostkompagnier sig tilbage fra Kokkendorf til skanserne ved Mysunde. Da den preussiske \u00f8verstkommanderende, prins Friedrich Carl, konstaterede, at Kokkendorf var r\u00f8mmet, beordrede han et \u00f8jeblikkeligt angreb p\u00e5 Mysunde samme dag.<\/p>\r\n\r\n\r\n\r\n\r\n\r\n<h3 class=\"wp-block-heading\">Angrebet begynder<\/h3>\r\n<p class=\"wp-block-heading\"><a href=\"http:\/\/forsvarogforter.dk\/wp-content\/uploads\/2024\/08\/Angreb_skanse_A_B_Mysunde.jpg\"><img loading=\"lazy\" decoding=\"async\" class=\"size-medium wp-image-9486 alignleft\" src=\"http:\/\/forsvarogforter.dk\/wp-content\/uploads\/2024\/08\/Angreb_skanse_A_B_Mysunde-300x215.jpg\" alt=\"1864 Angrebet p\u00e5 skanse A og B i Mysunde\" width=\"300\" height=\"215\" srcset=\"https:\/\/forsvarogforter.dk\/wp-content\/uploads\/2024\/08\/Angreb_skanse_A_B_Mysunde-300x215.jpg 300w, https:\/\/forsvarogforter.dk\/wp-content\/uploads\/2024\/08\/Angreb_skanse_A_B_Mysunde-1024x735.jpg 1024w, https:\/\/forsvarogforter.dk\/wp-content\/uploads\/2024\/08\/Angreb_skanse_A_B_Mysunde-768x551.jpg 768w, https:\/\/forsvarogforter.dk\/wp-content\/uploads\/2024\/08\/Angreb_skanse_A_B_Mysunde-750x538.jpg 750w, https:\/\/forsvarogforter.dk\/wp-content\/uploads\/2024\/08\/Angreb_skanse_A_B_Mysunde.jpg 1518w\" sizes=\"auto, (max-width: 300px) 100vw, 300px\" \/><\/a>Da den tyske avantgarde med 3 bataljoner n\u00e5ede frem, blev de danske kompagnier blev straks heftigt beskudt. Efter en del tab blev kompagnierne beordret tilbage til skanserne. Hvad der f\u00f8rst havde lignet en fjendtlig\u00a0\u00a0rekognoscering, viste sig nu at v\u00e6re et regul\u00e6rt\u00a0angreb\u00a0p\u00e5\u00a0stillingen og\u00a0byen.<br \/>P\u00e5 den h\u00f8jre fl\u00f8j var det lykkedes et Preussisk kompagni at erobre en l\u00f8begrav kun 100 m fra skanse b, og herfra blev mandskabet ved de danske kanoner nu beskudt med kraftig gev\u00e6rild. Ogs\u00e5 i centrum var Preusserne n\u00e5et t\u00e6t p\u00e5, kun ca. 200-250 meter\u00a0fra de skanser.<\/p>\r\n\r\n\r\n\r\n\r\n\r\n<p class=\"wp-block-paragraph\">Ved middagstid var den tyske general v. Mannstein ankommet og havde taget kommandoen over fortroppen. Han beordrede et kraftigt bombardement for at tvinge danskerne ud af fra byen. Til dette havde han dele af 3 regimenter samt en betydelig m\u00e6ngde artilleri.<\/p>\r\n\r\n\r\n\r\n<h5 class=\"wp-block-heading\">Mysunde bombarderes<\/h5>\r\n\r\n\r\n\r\n<p class=\"wp-block-paragraph\" data-start=\"3140\" data-end=\"3370\">Ved middagstid overtog general von Mannstein kommandoen over de preussiske styrker. Han beordrede et massivt bombardement for at tvinge danskerne ud af byen. Kl. 12.45 \u00e5bnede preussisk artilleri ild fra <a href=\"http:\/\/forsvarogforter.dk\/wp-content\/uploads\/2024\/08\/hertel_mysunde-300x200-1.jpg\"><img loading=\"lazy\" decoding=\"async\" class=\"size-full wp-image-15647 alignleft\" src=\"http:\/\/forsvarogforter.dk\/wp-content\/uploads\/2024\/08\/hertel_mysunde-300x200-1.jpg\" alt=\"Kampen ved Mysunde. Hertel\" width=\"300\" height=\"200\" \/><\/a>omkring 500 meters afstand. Kort efter ankom yderligere artilleri, og i alt blev 64 kanoner sat ind \u2013 mere end tre gange s\u00e5 mange som den danske side r\u00e5dede over.<\/p>\r\n<p data-start=\"3510\" data-end=\"3814\">Artillerikampen blev voldsom, men en us\u00e6dvanlig t\u00e6t t\u00e5ge gjorde effektiv ild vanskelig. Ofte m\u00e5tte man skyde efter fjendens mundingsild snarere end konkrete m\u00e5l. I skanserne forventede man flere gange et stormangreb og afventede sp\u00e6ndt ankomsten af 3. Brigade, der var sendt til Mysunde som forst\u00e6rkning.<\/p>\r\n\r\n\r\n\r\n\r\n\r\n<h3 class=\"wp-block-heading\">Infanteriangreb og byen br\u00e6nder<\/h3>\r\n\r\n\r\n\r\n<p class=\"wp-block-paragraph\">Fra Ornum M\u00f8lle, omkring 120 m fra de danske skanser, og fra vejen mod Mysunde tr\u00e6ngte flere fjendtlige bataljoner frem imod byen. Under fremrykningen lod fjenden deres artilleri f\u00f8lge efter infanteriet og dermed n\u00e6rmere de danske stillinger. Dette havde dog kun\u00a0begr\u00e6nset\u00a0virkning.\u00a0De fleste af granaterne gik\u00a0p\u00e5 grund af t\u00e5gen for h\u00f8jt,\u00a0og kun 3\u00a0kanoner i skanse b blev demonteret.<br \/>Til geng\u00e6ld\u00a0blev\u00a0st\u00f8rsteparten\u00a0af\u00a0Mysunde\u00a0by\u00a0sat i brand.<\/p>\r\n\r\n\r\n\r\n<div id=\"attachment_25116\" style=\"width: 300px\" class=\"wp-caption alignleft\"><a href=\"http:\/\/forsvarogforter.dk\/wp-content\/uploads\/2025\/01\/Mysunde-pontonbro-over-Slien.jpg\"><img loading=\"lazy\" decoding=\"async\" aria-describedby=\"caption-attachment-25116\" class=\"size-medium wp-image-25116\" src=\"http:\/\/forsvarogforter.dk\/wp-content\/uploads\/2025\/01\/Mysunde-pontonbro-over-Slien-300x223.jpg\" alt=\"\" width=\"300\" height=\"223\" srcset=\"https:\/\/forsvarogforter.dk\/wp-content\/uploads\/2025\/01\/Mysunde-pontonbro-over-Slien-300x223.jpg 300w, https:\/\/forsvarogforter.dk\/wp-content\/uploads\/2025\/01\/Mysunde-pontonbro-over-Slien.jpg 705w\" sizes=\"auto, (max-width: 300px) 100vw, 300px\" \/><\/a><p id=\"caption-attachment-25116\" class=\"wp-caption-text\">\u00d8delagt pontonbro<\/p><\/div>\r\n<p class=\"wp-block-paragraph\">Flere gang s\u00e5 det ud til at fjenden gjorde klar til storm, og\u00a0blev\u00a0hver gang\u00a0udsat for\u00a0en kraftig kard\u00e6sksild imod infanteristerne.<br \/>For at hindre fjenden i at tr\u00e6nge igennem til vejen, det mellem skanse a og b f\u00f8rte til overgangsstedet, blev 2 kanoner anbragt s\u00e5 de kunne bestryge vejen. Stort set samtidig mindskedes den fjendtlige ild hen, for helt at opg\u00f8re ved fire-tiden. Preusserne havde opgivet at\u00a0indtage Mysunde\u00a0og trak sig tilbage.<\/p>\r\n\r\n\r\n\r\n<h2 data-start=\"4498\" data-end=\"4517\">Tab og betydning<\/h2>\r\n<p class=\"wp-block-paragraph\" data-start=\"4519\" data-end=\"4688\">Tabene var betydelige p\u00e5 begge sider. Danskerne mistede 9 officerer og 132 underofficerer og menige, mens de preussiske tab var endnu h\u00f8jere: 12 officerer og 187 menige.<\/p>\r\n<h3 class=\"wp-block-heading\">Moralen styrkes<\/h3>\r\n<p data-start=\"4690\" data-end=\"4952\">Kampen ved Mysunde blev opfattet som en dansk sejr og styrkede moralen b\u00e5de blandt soldaterne og i den danske befolkning. Sejren bidrog dog ogs\u00e5 til en overvurdering af Dannevirkes styrke, hvilket gjorde tilbagetr\u00e6kningen blot fire dage senere ekstra chokerende.<\/p>\r\n\r\n\r\n\r\n\r\n\r\n<h2 data-start=\"4959\" data-end=\"4982\">Et sj\u00e6ldent lyspunkt<\/h2>\r\n<p class=\"wp-block-paragraph\" data-start=\"4984\" data-end=\"5263\">Sammen med kampen ved Sankelmark var Mysunde en af de f\u00e5 tr\u00e6fninger i krigen, der kunne opfattes som danske sejre. De \u00e6ndrede dog ikke krigens udfald \u2013 men viste, at selv en undertallig styrke kunne holde stand mod en overlegen fjende under vanskelige forhold med t\u00e5ge og snefog.<\/p>\r\n<p data-start=\"5265\" data-end=\"5406\">Den d\u00e5rlige sigtbarhed bet\u00f8d ogs\u00e5, at en stor del af den preussiske artilleriild ramte selve byen, hvilket f\u00f8rte til omfattende \u00f8del\u00e6ggelser.<\/p>\r\n\r\n\r\n\r\n\r\n<div class=\"wp-block-image\">\r\n<figure class=\"alignleft\">\r\n<div id=\"attachment_19898\" style=\"width: 300px\" class=\"wp-caption alignnone\"><a href=\"http:\/\/forsvarogforter.dk\/wp-content\/uploads\/2024\/08\/Mysunde_bombehus.jpg\"><img loading=\"lazy\" decoding=\"async\" aria-describedby=\"caption-attachment-19898\" class=\"size-medium wp-image-19898\" src=\"http:\/\/forsvarogforter.dk\/wp-content\/uploads\/2024\/08\/Mysunde_bombehus-300x200.jpg\" alt=\"Bombehus vewd Mysunde\" width=\"300\" height=\"200\" srcset=\"https:\/\/forsvarogforter.dk\/wp-content\/uploads\/2024\/08\/Mysunde_bombehus-300x200.jpg 300w, https:\/\/forsvarogforter.dk\/wp-content\/uploads\/2024\/08\/Mysunde_bombehus-768x511.jpg 768w, https:\/\/forsvarogforter.dk\/wp-content\/uploads\/2024\/08\/Mysunde_bombehus-750x499.jpg 750w, https:\/\/forsvarogforter.dk\/wp-content\/uploads\/2024\/08\/Mysunde_bombehus.jpg 1024w\" sizes=\"auto, (max-width: 300px) 100vw, 300px\" \/><\/a><p id=\"caption-attachment-19898\" class=\"wp-caption-text\">Bombehus (Kugler og JM)<\/p><\/div>\r\n<br \/>\r\n\r\n<\/figure>\r\n<\/div>\r\n\r\n\r\n\r\n\r\n\r\n\r\n\r\n\r\n<h2 data-start=\"5413\" data-end=\"5429\">Mysunde i dag<\/h2>\r\n<p class=\"wp-block-paragraph\" data-start=\"5431\" data-end=\"5676\">Der er kun f\u00e5 synlige rester tilbage af skanserne ved Mysunde. Mest kendt er de s\u00e5kaldte \u201cbombehuse\u201d, hvor indmurede kanonkugler og initialerne \u201cJM\u201d minder om godsejeren Julie Milord, der bidrog \u00f8konomisk til genopbygningen af byen efter krigen.<\/p>\r\n<p data-start=\"5678\" data-end=\"5761\">Der findes desuden et preussisk mindesm\u00e6rke p\u00e5 resterne af en af de danske skanser.<\/p>\r\n<p data-start=\"5763\" data-end=\"5981\">De faldne fra kampen er begravet p\u00e5 Kosel kirkeg\u00e5rd. De fleste danske soldater ligger i en f\u00e6lles, um\u00e6rket grav vest for kirket\u00e5rnet, mens de preussiske faldne er begravet i en f\u00e6llesgrav med mindeplade i samme omr\u00e5de.<\/p>\r\n<p>\r\n\r\n<\/p>\r\n\r\n\r\n\r\n\r\n\r\n\r\n\r\n\r\n\r\n\r\n\r\n\r\n\r\n\r\n\r\n\r\n\r\n<div id=\"attachment_25119\" style=\"width: 200px\" class=\"wp-caption alignleft\"><a href=\"http:\/\/forsvarogforter.dk\/wp-content\/uploads\/2025\/01\/Mysunde-Julie-Mylord-grav.jpg\"><img loading=\"lazy\" decoding=\"async\" aria-describedby=\"caption-attachment-25119\" class=\"size-medium wp-image-25119\" src=\"http:\/\/forsvarogforter.dk\/wp-content\/uploads\/2025\/01\/Mysunde-Julie-Mylord-grav-200x300.jpg\" alt=\"\" width=\"200\" height=\"300\" srcset=\"https:\/\/forsvarogforter.dk\/wp-content\/uploads\/2025\/01\/Mysunde-Julie-Mylord-grav-200x300.jpg 200w, https:\/\/forsvarogforter.dk\/wp-content\/uploads\/2025\/01\/Mysunde-Julie-Mylord-grav.jpg 600w\" sizes=\"auto, (max-width: 200px) 100vw, 200px\" \/><\/a><p id=\"caption-attachment-25119\" class=\"wp-caption-text\">Julie Mylords grav p\u00e5 Kosel<\/p><\/div>\r\n<p class=\"wp-block-paragraph\">&nbsp;<\/p>\r\n<p>&nbsp;<\/p>\r\n<p>P\u00e5 Kosel Kirkeg\u00e5rd. ligger ogs\u00e5 Julie Milord.\u00a0<br \/>Hun finansierede en stor af genopbygningen af byen efter kampen ved Mysunde 1864.<\/p>\r\n\r\n\r\n\r\n<figure class=\"wp-block-gallery has-nested-images columns-6 is-cropped wp-block-gallery-1 is-layout-flex wp-block-gallery-is-layout-flex\">\r\n\r\n\r\n\r\n\r\n\r\n\r\n\r\n<\/figure>\r\n","protected":false},"excerpt":{"rendered":"<p>Kampen ved Mysunde den 2. februar 1864 var det f\u00f8rste egentlige sammenst\u00f8d i krigen og fik stor betydning \u2013 b\u00e5de milit\u00e6rt og mentalt. Form\u00e5let med angrebet var at sikre de preussisk-\u00f8strigske styrkers overgang over Slien, hvor fjorden p\u00e5 dette sted er meget smal. En hurtig passage over isen ville have gjort det muligt at omg\u00e5 &hellip; <\/p>\n<p><a class=\"more-link btn\" href=\"https:\/\/forsvarogforter.dk\/index.php\/kampen-ved-mysunde-1864\/\">L\u00e6s mere<\/a><\/p>\n","protected":false},"author":1,"featured_media":0,"parent":0,"menu_order":0,"comment_status":"closed","ping_status":"closed","template":"","meta":{"inline_featured_image":false,"footnotes":""},"class_list":["post-190","page","type-page","status-publish","hentry","nodate","item-wrap"],"yoast_head":"<!-- This site is optimized with the Yoast SEO plugin v26.8 - https:\/\/yoast.com\/product\/yoast-seo-wordpress\/ -->\n<title>Kampen ved Mysunde 1864 - Forsvar og Forter i Danmark<\/title>\n<meta name=\"description\" content=\"Kampen ved\u00a0 Mysunde 1864 skulle sikre forbundsh\u00e6rens passage af Slien og muligg\u00f8re en omg\u00e5else af den danske h\u00e6r ved Dannevirke.\" \/>\n<meta name=\"robots\" content=\"index, follow, max-snippet:-1, max-image-preview:large, max-video-preview:-1\" \/>\n<link rel=\"canonical\" href=\"https:\/\/forsvarogforter.dk\/index.php\/kampen-ved-mysunde-1864\/\" \/>\n<meta property=\"og:locale\" content=\"da_DK\" \/>\n<meta property=\"og:type\" content=\"article\" \/>\n<meta property=\"og:title\" content=\"Kampen ved Mysunde 1864 - Forsvar og Forter i Danmark\" \/>\n<meta property=\"og:description\" content=\"Kampen ved\u00a0 Mysunde 1864 skulle sikre forbundsh\u00e6rens passage af Slien og muligg\u00f8re en omg\u00e5else af den danske h\u00e6r ved Dannevirke.\" \/>\n<meta property=\"og:url\" content=\"https:\/\/forsvarogforter.dk\/index.php\/kampen-ved-mysunde-1864\/\" \/>\n<meta property=\"og:site_name\" content=\"Forsvar og Forter i Danmark\" \/>\n<meta property=\"article:modified_time\" content=\"2026-01-13T19:30:00+00:00\" \/>\n<meta property=\"og:image\" content=\"https:\/\/forsvarogforter.dk\/wp-content\/uploads\/2024\/08\/Mysunde_Slien.jpg\" \/>\n\t<meta property=\"og:image:width\" content=\"1024\" \/>\n\t<meta property=\"og:image:height\" content=\"681\" \/>\n\t<meta property=\"og:image:type\" content=\"image\/jpeg\" \/>\n<meta name=\"twitter:card\" content=\"summary_large_image\" \/>\n<meta name=\"twitter:label1\" content=\"Estimeret l\u00e6setid\" \/>\n\t<meta name=\"twitter:data1\" content=\"8 minutter\" \/>\n<script type=\"application\/ld+json\" class=\"yoast-schema-graph\">{\"@context\":\"https:\/\/schema.org\",\"@graph\":[{\"@type\":\"WebPage\",\"@id\":\"https:\/\/forsvarogforter.dk\/index.php\/kampen-ved-mysunde-1864\/\",\"url\":\"https:\/\/forsvarogforter.dk\/index.php\/kampen-ved-mysunde-1864\/\",\"name\":\"Kampen ved Mysunde 1864 - Forsvar og Forter i Danmark\",\"isPartOf\":{\"@id\":\"https:\/\/forsvarogforter.dk\/#website\"},\"primaryImageOfPage\":{\"@id\":\"https:\/\/forsvarogforter.dk\/index.php\/kampen-ved-mysunde-1864\/#primaryimage\"},\"image\":{\"@id\":\"https:\/\/forsvarogforter.dk\/index.php\/kampen-ved-mysunde-1864\/#primaryimage\"},\"thumbnailUrl\":\"http:\/\/forsvarogforter.dk\/wp-content\/uploads\/2024\/08\/Mysunde_Slien-300x200.jpg\",\"datePublished\":\"2024-08-19T19:31:27+00:00\",\"dateModified\":\"2026-01-13T19:30:00+00:00\",\"description\":\"Kampen ved\u00a0 Mysunde 1864 skulle sikre forbundsh\u00e6rens passage af Slien og muligg\u00f8re en omg\u00e5else af den danske h\u00e6r ved Dannevirke.\",\"breadcrumb\":{\"@id\":\"https:\/\/forsvarogforter.dk\/index.php\/kampen-ved-mysunde-1864\/#breadcrumb\"},\"inLanguage\":\"da-DK\",\"potentialAction\":[{\"@type\":\"ReadAction\",\"target\":[\"https:\/\/forsvarogforter.dk\/index.php\/kampen-ved-mysunde-1864\/\"]}]},{\"@type\":\"ImageObject\",\"inLanguage\":\"da-DK\",\"@id\":\"https:\/\/forsvarogforter.dk\/index.php\/kampen-ved-mysunde-1864\/#primaryimage\",\"url\":\"https:\/\/forsvarogforter.dk\/wp-content\/uploads\/2024\/08\/Mysunde_Slien.jpg\",\"contentUrl\":\"https:\/\/forsvarogforter.dk\/wp-content\/uploads\/2024\/08\/Mysunde_Slien.jpg\",\"width\":1024,\"height\":681,\"caption\":\"Slien ved Mysunde\"},{\"@type\":\"BreadcrumbList\",\"@id\":\"https:\/\/forsvarogforter.dk\/index.php\/kampen-ved-mysunde-1864\/#breadcrumb\",\"itemListElement\":[{\"@type\":\"ListItem\",\"position\":1,\"name\":\"Hjem\",\"item\":\"https:\/\/forsvarogforter.dk\/\"},{\"@type\":\"ListItem\",\"position\":2,\"name\":\"Kampen ved Mysunde 1864\"}]},{\"@type\":\"WebSite\",\"@id\":\"https:\/\/forsvarogforter.dk\/#website\",\"url\":\"https:\/\/forsvarogforter.dk\/\",\"name\":\"Forsvar og Forter i Danmark\",\"description\":\"Nyere Dansk milit\u00e6rhistorie\",\"publisher\":{\"@id\":\"https:\/\/forsvarogforter.dk\/#\/schema\/person\/96befedb795a6d7881f4374730f05db6\"},\"potentialAction\":[{\"@type\":\"SearchAction\",\"target\":{\"@type\":\"EntryPoint\",\"urlTemplate\":\"https:\/\/forsvarogforter.dk\/?s={search_term_string}\"},\"query-input\":{\"@type\":\"PropertyValueSpecification\",\"valueRequired\":true,\"valueName\":\"search_term_string\"}}],\"inLanguage\":\"da-DK\"},{\"@type\":[\"Person\",\"Organization\"],\"@id\":\"https:\/\/forsvarogforter.dk\/#\/schema\/person\/96befedb795a6d7881f4374730f05db6\",\"name\":\"Mil.Hist.Ny\",\"image\":{\"@type\":\"ImageObject\",\"inLanguage\":\"da-DK\",\"@id\":\"https:\/\/forsvarogforter.dk\/#\/schema\/person\/image\/\",\"url\":\"https:\/\/secure.gravatar.com\/avatar\/f05d5fc2c0b4b57cbf017419572e6cf73632471ffc539f87518c89d24b096b96?s=96&d=mm&r=g\",\"contentUrl\":\"https:\/\/secure.gravatar.com\/avatar\/f05d5fc2c0b4b57cbf017419572e6cf73632471ffc539f87518c89d24b096b96?s=96&d=mm&r=g\",\"caption\":\"Mil.Hist.Ny\"},\"logo\":{\"@id\":\"https:\/\/forsvarogforter.dk\/#\/schema\/person\/image\/\"},\"sameAs\":[\"http:\/\/forsvarogforter.dk\"]}]}<\/script>\n<!-- \/ Yoast SEO plugin. -->","yoast_head_json":{"title":"Kampen ved Mysunde 1864 - Forsvar og Forter i Danmark","description":"Kampen ved\u00a0 Mysunde 1864 skulle sikre forbundsh\u00e6rens passage af Slien og muligg\u00f8re en omg\u00e5else af den danske h\u00e6r ved Dannevirke.","robots":{"index":"index","follow":"follow","max-snippet":"max-snippet:-1","max-image-preview":"max-image-preview:large","max-video-preview":"max-video-preview:-1"},"canonical":"https:\/\/forsvarogforter.dk\/index.php\/kampen-ved-mysunde-1864\/","og_locale":"da_DK","og_type":"article","og_title":"Kampen ved Mysunde 1864 - Forsvar og Forter i Danmark","og_description":"Kampen ved\u00a0 Mysunde 1864 skulle sikre forbundsh\u00e6rens passage af Slien og muligg\u00f8re en omg\u00e5else af den danske h\u00e6r ved Dannevirke.","og_url":"https:\/\/forsvarogforter.dk\/index.php\/kampen-ved-mysunde-1864\/","og_site_name":"Forsvar og Forter i Danmark","article_modified_time":"2026-01-13T19:30:00+00:00","og_image":[{"width":1024,"height":681,"url":"https:\/\/forsvarogforter.dk\/wp-content\/uploads\/2024\/08\/Mysunde_Slien.jpg","type":"image\/jpeg"}],"twitter_card":"summary_large_image","twitter_misc":{"Estimeret l\u00e6setid":"8 minutter"},"schema":{"@context":"https:\/\/schema.org","@graph":[{"@type":"WebPage","@id":"https:\/\/forsvarogforter.dk\/index.php\/kampen-ved-mysunde-1864\/","url":"https:\/\/forsvarogforter.dk\/index.php\/kampen-ved-mysunde-1864\/","name":"Kampen ved Mysunde 1864 - Forsvar og Forter i Danmark","isPartOf":{"@id":"https:\/\/forsvarogforter.dk\/#website"},"primaryImageOfPage":{"@id":"https:\/\/forsvarogforter.dk\/index.php\/kampen-ved-mysunde-1864\/#primaryimage"},"image":{"@id":"https:\/\/forsvarogforter.dk\/index.php\/kampen-ved-mysunde-1864\/#primaryimage"},"thumbnailUrl":"http:\/\/forsvarogforter.dk\/wp-content\/uploads\/2024\/08\/Mysunde_Slien-300x200.jpg","datePublished":"2024-08-19T19:31:27+00:00","dateModified":"2026-01-13T19:30:00+00:00","description":"Kampen ved\u00a0 Mysunde 1864 skulle sikre forbundsh\u00e6rens passage af Slien og muligg\u00f8re en omg\u00e5else af den danske h\u00e6r ved Dannevirke.","breadcrumb":{"@id":"https:\/\/forsvarogforter.dk\/index.php\/kampen-ved-mysunde-1864\/#breadcrumb"},"inLanguage":"da-DK","potentialAction":[{"@type":"ReadAction","target":["https:\/\/forsvarogforter.dk\/index.php\/kampen-ved-mysunde-1864\/"]}]},{"@type":"ImageObject","inLanguage":"da-DK","@id":"https:\/\/forsvarogforter.dk\/index.php\/kampen-ved-mysunde-1864\/#primaryimage","url":"https:\/\/forsvarogforter.dk\/wp-content\/uploads\/2024\/08\/Mysunde_Slien.jpg","contentUrl":"https:\/\/forsvarogforter.dk\/wp-content\/uploads\/2024\/08\/Mysunde_Slien.jpg","width":1024,"height":681,"caption":"Slien ved Mysunde"},{"@type":"BreadcrumbList","@id":"https:\/\/forsvarogforter.dk\/index.php\/kampen-ved-mysunde-1864\/#breadcrumb","itemListElement":[{"@type":"ListItem","position":1,"name":"Hjem","item":"https:\/\/forsvarogforter.dk\/"},{"@type":"ListItem","position":2,"name":"Kampen ved Mysunde 1864"}]},{"@type":"WebSite","@id":"https:\/\/forsvarogforter.dk\/#website","url":"https:\/\/forsvarogforter.dk\/","name":"Forsvar og Forter i Danmark","description":"Nyere Dansk milit\u00e6rhistorie","publisher":{"@id":"https:\/\/forsvarogforter.dk\/#\/schema\/person\/96befedb795a6d7881f4374730f05db6"},"potentialAction":[{"@type":"SearchAction","target":{"@type":"EntryPoint","urlTemplate":"https:\/\/forsvarogforter.dk\/?s={search_term_string}"},"query-input":{"@type":"PropertyValueSpecification","valueRequired":true,"valueName":"search_term_string"}}],"inLanguage":"da-DK"},{"@type":["Person","Organization"],"@id":"https:\/\/forsvarogforter.dk\/#\/schema\/person\/96befedb795a6d7881f4374730f05db6","name":"Mil.Hist.Ny","image":{"@type":"ImageObject","inLanguage":"da-DK","@id":"https:\/\/forsvarogforter.dk\/#\/schema\/person\/image\/","url":"https:\/\/secure.gravatar.com\/avatar\/f05d5fc2c0b4b57cbf017419572e6cf73632471ffc539f87518c89d24b096b96?s=96&d=mm&r=g","contentUrl":"https:\/\/secure.gravatar.com\/avatar\/f05d5fc2c0b4b57cbf017419572e6cf73632471ffc539f87518c89d24b096b96?s=96&d=mm&r=g","caption":"Mil.Hist.Ny"},"logo":{"@id":"https:\/\/forsvarogforter.dk\/#\/schema\/person\/image\/"},"sameAs":["http:\/\/forsvarogforter.dk"]}]}},"_links":{"self":[{"href":"https:\/\/forsvarogforter.dk\/index.php\/wp-json\/wp\/v2\/pages\/190","targetHints":{"allow":["GET"]}}],"collection":[{"href":"https:\/\/forsvarogforter.dk\/index.php\/wp-json\/wp\/v2\/pages"}],"about":[{"href":"https:\/\/forsvarogforter.dk\/index.php\/wp-json\/wp\/v2\/types\/page"}],"author":[{"embeddable":true,"href":"https:\/\/forsvarogforter.dk\/index.php\/wp-json\/wp\/v2\/users\/1"}],"replies":[{"embeddable":true,"href":"https:\/\/forsvarogforter.dk\/index.php\/wp-json\/wp\/v2\/comments?post=190"}],"version-history":[{"count":15,"href":"https:\/\/forsvarogforter.dk\/index.php\/wp-json\/wp\/v2\/pages\/190\/revisions"}],"predecessor-version":[{"id":26758,"href":"https:\/\/forsvarogforter.dk\/index.php\/wp-json\/wp\/v2\/pages\/190\/revisions\/26758"}],"wp:attachment":[{"href":"https:\/\/forsvarogforter.dk\/index.php\/wp-json\/wp\/v2\/media?parent=190"}],"curies":[{"name":"wp","href":"https:\/\/api.w.org\/{rel}","templated":true}]}}