{"id":23869,"date":"2024-09-27T11:40:36","date_gmt":"2024-09-27T09:40:36","guid":{"rendered":"http:\/\/forsvarogforter.dk\/?page_id=23869"},"modified":"2026-01-12T15:15:38","modified_gmt":"2026-01-12T14:15:38","slug":"fra-dybboel-til-kirkegaarden-i-1864","status":"publish","type":"page","link":"https:\/\/forsvarogforter.dk\/index.php\/fra-dybboel-til-kirkegaarden-i-1864\/","title":{"rendered":"Fra Dybb\u00f8l til kirkeg\u00e5rden i 1864"},"content":{"rendered":"<p>Fra kampene ved <span class=\"hover:entity-accent entity-underline inline cursor-pointer align-baseline\"><span class=\"whitespace-normal\">Dybb\u00f8l<\/span><\/span> til en grav p\u00e5 kirkeg\u00e5rden i 1864 kunne der v\u00e6re langt \u2013 b\u00e5de geografisk og menneskeligt.<br data-start=\"303\" data-end=\"306\" \/>P\u00e5 denne side vises billeder af grave og mindesten p\u00e5 <span class=\"hover:entity-accent entity-underline inline cursor-pointer align-baseline\"><span class=\"whitespace-normal\">Garnisons Kirkeg\u00e5rd<\/span><\/span> sammenholdt med mindesten for de samme officerer ved Dybb\u00f8l. Form\u00e5let er at knytte mindestenen i landskabet sammen med det konkrete gravsted og minde om, at bag hver sten gemmer sig et menneskeliv og en d\u00f8delig alvor \u2013 ofte med et sidste hvilested langt fra slagmarken.<\/p>\n<div id=\"attachment_12742\" style=\"width: 199px\" class=\"wp-caption alignleft\"><a href=\"http:\/\/forsvarogforter.dk\/wp-content\/uploads\/2024\/08\/de_Meza_2.jpg\"><img loading=\"lazy\" decoding=\"async\" aria-describedby=\"caption-attachment-12742\" class=\"wp-image-12742 size-medium\" title=\"General de Meza p\u00e5 Garnisons kirkeg\u00e5rd\" src=\"http:\/\/forsvarogforter.dk\/wp-content\/uploads\/2024\/08\/de_Meza_2-199x300.jpg\" alt=\"Fra Dybb\u00f8l til kirkeg\u00e5rden i 1864 kunne v\u00e6re langt. General de Meza p\u00e5 Garnisons\" width=\"199\" height=\"300\" srcset=\"https:\/\/forsvarogforter.dk\/wp-content\/uploads\/2024\/08\/de_Meza_2-199x300.jpg 199w, https:\/\/forsvarogforter.dk\/wp-content\/uploads\/2024\/08\/de_Meza_2-681x1024.jpg 681w, https:\/\/forsvarogforter.dk\/wp-content\/uploads\/2024\/08\/de_Meza_2-750x1128.jpg 750w, https:\/\/forsvarogforter.dk\/wp-content\/uploads\/2024\/08\/de_Meza_2.jpg 768w\" sizes=\"auto, (max-width: 199px) 100vw, 199px\" \/><\/a><p id=\"caption-attachment-12742\" class=\"wp-caption-text\">De Meza grav<\/p><\/div>\n<h3 data-start=\"669\" data-end=\"1054\">Elitens kirkeg\u00e5rde<\/h3>\n<p data-start=\"669\" data-end=\"1054\">Garnisons Kirkeg\u00e5rd har i \u00e5rhundreder v\u00e6ret h\u00e6rens kirkeg\u00e5rd, mens <span class=\"hover:entity-accent entity-underline inline cursor-pointer align-baseline\"><span class=\"whitespace-normal\">Holmens Kirkeg\u00e5rd<\/span><\/span> tilsvarende var fl\u00e5dens. Her blev officerer, h\u00f8jtst\u00e5ende embedsm\u00e6nd og kulturens elite begravet, og derfor findes der ogs\u00e5 en r\u00e6kke grave fra 1864. Det drejer sig is\u00e6r om officerer, som hurtigt kunne identificeres, og hvis familier havde \u00f8konomisk mulighed for at f\u00e5 dem hjemf\u00f8rt.<\/p>\n<h3 data-start=\"1056\" data-end=\"1416\">de Meza<\/h3>\n<p data-start=\"1056\" data-end=\"1416\">Trods sin centrale rolle findes der i dag (2024) intet monument eller mindesten for <span class=\"hover:entity-accent entity-underline inline cursor-pointer align-baseline\"><span class=\"whitespace-normal\">Christian Julius de Meza<\/span><\/span>. Alligevel var det ham, der ved tilbagetr\u00e6kningen fra <span class=\"hover:entity-accent entity-underline inline cursor-pointer align-baseline\"><span class=\"whitespace-normal\">Dannevirke<\/span><\/span> den 5. februar 1864 reddede den danske h\u00e6r fra mulig tilintetg\u00f8relse. Kun hans gravsten vidner om hans indsats \u2013 beskedent og uden stor markering.<\/p>\n<p>&nbsp;<\/p>\n<h3>F\u00e6llesgrave<\/h3>\n<p>For de menige soldater var sk\u00e6bnen ofte en anden. De blev som regel begravet i f\u00e6llesgrave, da identifikation kun var mulig, hvis de bar personlige ejendele, eller hvis nogen kunne genkende dem. Egentlige milit\u00e6re ID-m\u00e6rker fandtes ikke, og mange forblev derfor navnl\u00f8se \u2013 b\u00e5de i d\u00f8den og i historien.<\/p>\n<style>#jtg-26404 .modula-item .jtg-social a, .lightbox-socials.jtg-social a{ fill: #ffffff; color: #ffffff }#jtg-26404 .modula-item .jtg-social-expandable a, #jtg-26404 .modula-item .jtg-social-expandable-icons a{ fill: #ffffff; color: #ffffff }#jtg-26404 .modula-item .jtg-social svg, .lightbox-socials.jtg-social svg { height: 16px; width: 16px }#jtg-26404 .modula-item .jtg-social-expandable svg { height: 16px; width: 16px }#jtg-26404 .modula-item .jtg-social-expandable-icons svg { height: 16px; width: 16px }#jtg-26404 .modula-item .jtg-social a:not(:last-child), .lightbox-socials.jtg-social a:not(:last-child) { margin-right: 10px }#jtg-26404 .modula-item .jtg-social-expandable-icons { gap: 10px }#jtg-26404 .modula-item .figc {color:#ffffff;}#jtg-26404 .modula-item .figc .jtg-title {  font-size: 16px; }#jtg-26404 .modula-item .modula-item-content { transform: scale(1); }#jtg-26404 .modula-items .figc p.description { font-size:14px; }#jtg-26404 .modula-items .figc p.description { color:#ffffff;}#jtg-26404 .modula-items .figc .jtg-title { color:#ffffff; }#jtg-26404.modula-gallery .modula-item > a, #jtg-26404.modula-gallery .modula-item, #jtg-26404.modula-gallery .modula-item-content > a:not(.modula-no-follow) { cursor:zoom-in; } #jtg-26404.modula-gallery .modula-item-content .modula-no-follow { cursor: default; } @media screen and (max-width:480px){#jtg-26404 .modula-item .figc .jtg-title {  font-size: 12px; }#jtg-26404 .modula-items .figc p.description { color:#ffffff;font-size:10px; }}<\/style>\n<div  id=\"jtg-26404\" class=\"modula modula-gallery modula-custom-grid\" data-config=\"{&quot;height&quot;:800,&quot;tabletHeight&quot;:800,&quot;mobileHeight&quot;:800,&quot;desktopHeight&quot;:800,&quot;enableTwitter&quot;:false,&quot;enableWhatsapp&quot;:false,&quot;enableFacebook&quot;:false,&quot;enablePinterest&quot;:false,&quot;enableLinkedin&quot;:false,&quot;enableEmail&quot;:false,&quot;randomFactor&quot;:0.5,&quot;type&quot;:&quot;custom-grid&quot;,&quot;columns&quot;:12,&quot;gutter&quot;:10,&quot;mobileGutter&quot;:10,&quot;tabletGutter&quot;:10,&quot;desktopGutter&quot;:10,&quot;enableResponsive&quot;:&quot;0&quot;,&quot;tabletColumns&quot;:2,&quot;mobileColumns&quot;:1,&quot;lazyLoad&quot;:0,&quot;lightboxOpts&quot;:{&quot;animated&quot;:true,&quot;Thumbs&quot;:{&quot;type&quot;:&quot;modern&quot;,&quot;showOnStart&quot;:false},&quot;Toolbar&quot;:{&quot;display&quot;:{&quot;right&quot;:[&quot;close&quot;]},&quot;enabled&quot;:true},&quot;Carousel&quot;:{&quot;Panzoom&quot;:{&quot;touch&quot;:false},&quot;infinite&quot;:false},&quot;keyboard&quot;:{&quot;Escape&quot;:&quot;close&quot;,&quot;Delete&quot;:&quot;close&quot;,&quot;Backspace&quot;:&quot;close&quot;,&quot;PageUp&quot;:false,&quot;PageDown&quot;:false,&quot;ArrowUp&quot;:false,&quot;ArrowDown&quot;:false,&quot;ArrowRight&quot;:false,&quot;ArrowLeft&quot;:false},&quot;touch&quot;:false,&quot;backdropClick&quot;:false,&quot;l10n&quot;:{&quot;CLOSE&quot;:&quot;Close&quot;,&quot;NEXT&quot;:&quot;Next&quot;,&quot;PREV&quot;:&quot;Previous&quot;,&quot;Error&quot;:&quot;The requested content cannot be loaded. Please try again later.&quot;,&quot;PLAY_START&quot;:&quot;Start slideshow&quot;,&quot;PLAY_STOP&quot;:&quot;Pause slideshow&quot;,&quot;FULL_SCREEN&quot;:&quot;Full screen&quot;,&quot;THUMBS&quot;:&quot;Thumbnails&quot;,&quot;DOWNLOAD&quot;:&quot;Download&quot;,&quot;SHARE&quot;:&quot;Share&quot;,&quot;ZOOM&quot;:&quot;Zoom&quot;,&quot;EMAIL&quot;:&quot;Here is the link to the image : %%image_link%% and this is the link to the gallery : %%gallery_link%%&quot;,&quot;MODAL&quot;:&quot;You can close this modal content with the ESC key&quot;,&quot;ERROR&quot;:&quot;Something Went Wrong, Please Try Again Later&quot;,&quot;IMAGE_ERROR&quot;:&quot;Image Not Found&quot;,&quot;ELEMENT_NOT_FOUND&quot;:&quot;HTML Element Not Found&quot;,&quot;AJAX_NOT_FOUND&quot;:&quot;Error Loading AJAX : Not Found&quot;,&quot;AJAX_FORBIDDEN&quot;:&quot;Error Loading AJAX : Forbidden&quot;,&quot;IFRAME_ERROR&quot;:&quot;Error Loading Page&quot;,&quot;TOGGLE_ZOOM&quot;:&quot;Toggle zoom level&quot;,&quot;TOGGLE_THUMBS&quot;:&quot;Toggle thumbnails&quot;,&quot;TOGGLE_SLIDESHOW&quot;:&quot;Toggle slideshow&quot;,&quot;TOGGLE_FULLSCREEN&quot;:&quot;Toggle full-screen mode&quot;},&quot;Images&quot;:{&quot;Panzoom&quot;:{&quot;maxScale&quot;:2}},&quot;mainClass&quot;:&quot;modula-fancybox-container modula-lightbox-jtg-26404&quot;,&quot;Html&quot;:{&quot;videoAutoplay&quot;:0,&quot;videoTpl&quot;:&quot;&lt;video class=\\&quot;fancybox__html5video\\&quot; controls muted playsinline controlsList controlsList=\\&quot;nodownload\\&quot; poster=\\&quot;{{poster}}\\&quot; src=\\&quot;{{src}}\\&quot; type=\\&quot;{{format}}\\&quot; &gt;  Sorry, your browser doesn&#039;t support embedded videos, &lt;a href=\\&quot;{{src}}\\&quot;&gt; download &lt;\\\/a&gt; and watch with your favorite video player! &lt;\\\/video&gt;&quot;}},&quot;inView&quot;:false,&quot;email_subject&quot;:&quot;Check out this awesome image !!&quot;,&quot;email_message&quot;:&quot;Here is the link to the image : %%image_link%% and this is the link to the gallery : %%gallery_link%%&quot;,&quot;lightbox&quot;:&quot;fancybox&quot;}\">\n\n\t\n\t<div  class=\"modula-items\">\n\t\t<div class=\"modula-item effect-pufrobo\" data-width=\"2\" data-height=\"2\" >\n\t<div class=\"modula-item-overlay\"><\/div>\n\n\t<div class=\"modula-item-content\">\n\n\t\t\t\t\n\t\t\t\t\t<a data-image-id=\"8717\" role=\"button\" tabindex=\"0\" rel=\"jtg-26404\" data-caption=\"Monument Garnisons Kirkegaard\" aria-label=\"Open image in lightbox\" class=\"tile-inner modula-item-link\"><\/a>\n\t\t\n\t\t<img loading=\"lazy\" decoding=\"async\" class=\"pic wp-image-8717\"  data-valign=\"middle\" data-halign=\"center\" alt=\"grave fra 1864 p\u00e5 Garnisons kirkeg\u00e5rd\" data-full=\"https:\/\/forsvarogforter.dk\/wp-content\/uploads\/2024\/08\/48_64_2.jpg\" title=\"Monument for begge krige 1848-50 og 1864\" width=\"150\" height=\"150\" src=\"https:\/\/forsvarogforter.dk\/wp-content\/uploads\/2024\/08\/48_64_2-150x150.jpg\" data-src=\"https:\/\/forsvarogforter.dk\/wp-content\/uploads\/2024\/08\/48_64_2-150x150.jpg\" data-caption=\"Monument Garnisons Kirkegaard\"\/>\n\t\t<div class=\"figc\">\n\t\t\t<div class=\"figc-inner\">\n\t\t\t\t\t\t\t\t\t\t\t\t\t<p class=\"description\">Monument Garnisons Kirkegaard<\/p>\n\t\t\t\t\t\t\t\t\t\t\t<\/div>\n\t\t<\/div>\n\n\t<\/div>\n\n<\/div><div class=\"modula-item effect-pufrobo\" data-width=\"2\" data-height=\"2\" >\n\t<div class=\"modula-item-overlay\"><\/div>\n\n\t<div class=\"modula-item-content\">\n\n\t\t\t\t\n\t\t\t\t\t<a data-image-id=\"14529\" role=\"button\" tabindex=\"0\" rel=\"jtg-26404\" data-caption=\"\" aria-label=\"Open image in lightbox\" class=\"tile-inner modula-item-link\"><\/a>\n\t\t\n\t\t<img loading=\"lazy\" decoding=\"async\" class=\"pic wp-image-14529\"  data-valign=\"middle\" data-halign=\"center\" alt=\"\" data-full=\"https:\/\/forsvarogforter.dk\/wp-content\/uploads\/2024\/08\/Garnisons_monument_1848_50_64_tekst.jpg\" title=\"Garnisons_monument_1848_50_64_tekst\" width=\"150\" height=\"150\" src=\"https:\/\/forsvarogforter.dk\/wp-content\/uploads\/2024\/08\/Garnisons_monument_1848_50_64_tekst-150x150.jpg\" data-src=\"https:\/\/forsvarogforter.dk\/wp-content\/uploads\/2024\/08\/Garnisons_monument_1848_50_64_tekst-150x150.jpg\" data-caption=\"\"\/>\n\t\t<div class=\"figc no-description\">\n\t\t\t<div class=\"figc-inner\">\n\t\t\t\t\t\t\t\t\t\t\t\t\t\t\t<\/div>\n\t\t<\/div>\n\n\t<\/div>\n\n<\/div><div class=\"modula-item effect-pufrobo\" data-width=\"2\" data-height=\"2\" >\n\t<div class=\"modula-item-overlay\"><\/div>\n\n\t<div class=\"modula-item-content\">\n\n\t\t\t\t\n\t\t\t\t\t<a data-image-id=\"9023\" role=\"button\" tabindex=\"0\" rel=\"jtg-26404\" data-caption=\"\" aria-label=\"Open image in lightbox\" class=\"tile-inner modula-item-link\"><\/a>\n\t\t\n\t\t<img loading=\"lazy\" decoding=\"async\" class=\"pic wp-image-9023\"  data-valign=\"middle\" data-halign=\"center\" alt=\"\" data-full=\"https:\/\/forsvarogforter.dk\/wp-content\/uploads\/2024\/08\/226_64_3.jpg\" title=\"226_64_3\" width=\"150\" height=\"150\" src=\"https:\/\/forsvarogforter.dk\/wp-content\/uploads\/2024\/08\/226_64_3-150x150.jpg\" data-src=\"https:\/\/forsvarogforter.dk\/wp-content\/uploads\/2024\/08\/226_64_3-150x150.jpg\" data-caption=\"\"\/>\n\t\t<div class=\"figc no-description\">\n\t\t\t<div class=\"figc-inner\">\n\t\t\t\t\t\t\t\t\t\t\t\t\t\t\t<\/div>\n\t\t<\/div>\n\n\t<\/div>\n\n<\/div><div class=\"modula-item effect-pufrobo\" data-width=\"2\" data-height=\"2\" >\n\t<div class=\"modula-item-overlay\"><\/div>\n\n\t<div class=\"modula-item-content\">\n\n\t\t\t\t\n\t\t\t\t\t<a data-image-id=\"9022\" role=\"button\" tabindex=\"0\" rel=\"jtg-26404\" data-caption=\"F\u00e6llesgrav for 226 danske\" aria-label=\"Open image in lightbox\" class=\"tile-inner modula-item-link\"><\/a>\n\t\t\n\t\t<img loading=\"lazy\" decoding=\"async\" class=\"pic wp-image-9022\"  data-valign=\"middle\" data-halign=\"center\" alt=\"F\u00e6llesgrav Garnisons Kirkegaard\" data-full=\"https:\/\/forsvarogforter.dk\/wp-content\/uploads\/2024\/08\/226_64.jpg\" title=\"F\u00e6llesgrav for 226 1864\" width=\"150\" height=\"150\" src=\"https:\/\/forsvarogforter.dk\/wp-content\/uploads\/2024\/08\/226_64-150x150.jpg\" data-src=\"https:\/\/forsvarogforter.dk\/wp-content\/uploads\/2024\/08\/226_64-150x150.jpg\" data-caption=\"F\u00e6llesgrav for 226 danske\"\/>\n\t\t<div class=\"figc\">\n\t\t\t<div class=\"figc-inner\">\n\t\t\t\t\t\t\t\t\t\t\t\t\t<p class=\"description\">F\u00e6llesgrav for 226 danske<\/p>\n\t\t\t\t\t\t\t\t\t\t\t<\/div>\n\t\t<\/div>\n\n\t<\/div>\n\n<\/div>\t\t\n\t<\/div>\n\n\t\n\t\n\t\t<script type=\"application\/ld+json\">\n            [\n    {\n        \"@context\": \"https:\\\/\\\/schema.org\\\/\",\n        \"@type\": \"ImageObject\",\n        \"contentUrl\": \"https:\\\/\\\/forsvarogforter.dk\\\/wp-content\\\/uploads\\\/2024\\\/08\\\/48_64_2.jpg\",\n        \"license\": \"https:\\\/\\\/creativecommons.org\\\/publicdomain\\\/zero\\\/1.0\\\/\",\n        \"creditText\": \"\",\n        \"creator\": {\n            \"@type\": \"Person\",\n            \"name\": \"S\\u00f8ren \\u00d8stergaard\"\n        },\n        \"copyrightNotice\": \"\"\n    },\n    {\n        \"@context\": \"https:\\\/\\\/schema.org\\\/\",\n        \"@type\": \"ImageObject\",\n        \"contentUrl\": \"https:\\\/\\\/forsvarogforter.dk\\\/wp-content\\\/uploads\\\/2024\\\/08\\\/Garnisons_monument_1848_50_64_tekst.jpg\",\n        \"license\": \"https:\\\/\\\/creativecommons.org\\\/publicdomain\\\/zero\\\/1.0\\\/\",\n        \"creditText\": \"\",\n        \"creator\": {\n            \"@type\": \"Person\",\n            \"name\": \"S\\u00f8ren \\u00d8stergaard\"\n        },\n        \"copyrightNotice\": \"\"\n    },\n    {\n        \"@context\": \"https:\\\/\\\/schema.org\\\/\",\n        \"@type\": \"ImageObject\",\n        \"contentUrl\": \"https:\\\/\\\/forsvarogforter.dk\\\/wp-content\\\/uploads\\\/2024\\\/08\\\/226_64_3.jpg\",\n        \"license\": \"https:\\\/\\\/creativecommons.org\\\/publicdomain\\\/zero\\\/1.0\\\/\",\n        \"creditText\": \"\",\n        \"creator\": {\n            \"@type\": \"Person\",\n            \"name\": \"S\\u00f8ren \\u00d8stergaard\"\n        },\n        \"copyrightNotice\": \"\"\n    },\n    {\n        \"@context\": \"https:\\\/\\\/schema.org\\\/\",\n        \"@type\": \"ImageObject\",\n        \"contentUrl\": \"https:\\\/\\\/forsvarogforter.dk\\\/wp-content\\\/uploads\\\/2024\\\/08\\\/226_64.jpg\",\n        \"license\": \"https:\\\/\\\/creativecommons.org\\\/publicdomain\\\/zero\\\/1.0\\\/\",\n        \"creditText\": \"\",\n        \"creator\": {\n            \"@type\": \"Person\",\n            \"name\": \"S\\u00f8ren \\u00d8stergaard\"\n        },\n        \"copyrightNotice\": \"\"\n    }\n]\n\n\t\t<\/script>\n\n\t\t\n\t<script type=\"application\/ld+json\">\n\t{\n\t\t\"@context\": \"http:\/\/schema.org\",\n\t\t\"@type\"   : \"ImageGallery\",\n\t\t\"id\"      : \"https:\/\/forsvarogforter.dk\/index.php\/fra-dybboel-til-kirkegaarden-i-1864\/\",\n\t\t\"url\"     : \"https:\/\/forsvarogforter.dk\/index.php\/fra-dybboel-til-kirkegaarden-i-1864\/\"\n\t}\n\n\t<\/script>\n\n\t\n<\/div>\n\n<p>&nbsp;<\/p>\n<p>Premierl\u00f8jtnant J.P. Behrens<br \/>\nBehrens opholdt sig med en del andre officerer bag en jordvold, der skulle tjene som d\u00e6kning. En granat slog ned p\u00e5 stedet og bl.a. Behrens blev dr\u00e6bt p\u00e5 stedet.<\/p>\n<style>#jtg-26410 .modula-item .jtg-social a, .lightbox-socials.jtg-social a{ fill: #ffffff; color: #ffffff }#jtg-26410 .modula-item .jtg-social-expandable a, #jtg-26410 .modula-item .jtg-social-expandable-icons a{ fill: #ffffff; color: #ffffff }#jtg-26410 .modula-item .jtg-social svg, .lightbox-socials.jtg-social svg { height: 16px; width: 16px }#jtg-26410 .modula-item .jtg-social-expandable svg { height: 16px; width: 16px }#jtg-26410 .modula-item .jtg-social-expandable-icons svg { height: 16px; width: 16px }#jtg-26410 .modula-item .jtg-social a:not(:last-child), .lightbox-socials.jtg-social a:not(:last-child) { margin-right: 10px }#jtg-26410 .modula-item .jtg-social-expandable-icons { gap: 10px }#jtg-26410 .modula-item .figc {color:#ffffff;}#jtg-26410 .modula-item .figc .jtg-title {  font-size: 16px; }#jtg-26410 .modula-item .modula-item-content { transform: scale(1); }#jtg-26410 .modula-items .figc p.description { font-size:14px; }#jtg-26410 .modula-items .figc p.description { color:#ffffff;}#jtg-26410 .modula-items .figc .jtg-title { color:#ffffff; }#jtg-26410.modula-gallery .modula-item > a, #jtg-26410.modula-gallery .modula-item, #jtg-26410.modula-gallery .modula-item-content > a:not(.modula-no-follow) { cursor:zoom-in; } #jtg-26410.modula-gallery .modula-item-content .modula-no-follow { cursor: default; } @media screen and (max-width:480px){#jtg-26410 .modula-item .figc .jtg-title {  font-size: 12px; }#jtg-26410 .modula-items .figc p.description { color:#ffffff;font-size:10px; }}<\/style>\n<div  id=\"jtg-26410\" class=\"modula modula-gallery modula-custom-grid\" data-config=\"{&quot;height&quot;:800,&quot;tabletHeight&quot;:800,&quot;mobileHeight&quot;:800,&quot;desktopHeight&quot;:800,&quot;enableTwitter&quot;:false,&quot;enableWhatsapp&quot;:false,&quot;enableFacebook&quot;:false,&quot;enablePinterest&quot;:false,&quot;enableLinkedin&quot;:false,&quot;enableEmail&quot;:false,&quot;randomFactor&quot;:0.5,&quot;type&quot;:&quot;custom-grid&quot;,&quot;columns&quot;:12,&quot;gutter&quot;:10,&quot;mobileGutter&quot;:10,&quot;tabletGutter&quot;:10,&quot;desktopGutter&quot;:10,&quot;enableResponsive&quot;:&quot;0&quot;,&quot;tabletColumns&quot;:2,&quot;mobileColumns&quot;:1,&quot;lazyLoad&quot;:0,&quot;lightboxOpts&quot;:{&quot;animated&quot;:true,&quot;Thumbs&quot;:{&quot;type&quot;:&quot;modern&quot;,&quot;showOnStart&quot;:false},&quot;Toolbar&quot;:{&quot;display&quot;:{&quot;right&quot;:[&quot;close&quot;]},&quot;enabled&quot;:true},&quot;Carousel&quot;:{&quot;Panzoom&quot;:{&quot;touch&quot;:false},&quot;infinite&quot;:false},&quot;keyboard&quot;:{&quot;Escape&quot;:&quot;close&quot;,&quot;Delete&quot;:&quot;close&quot;,&quot;Backspace&quot;:&quot;close&quot;,&quot;PageUp&quot;:false,&quot;PageDown&quot;:false,&quot;ArrowUp&quot;:false,&quot;ArrowDown&quot;:false,&quot;ArrowRight&quot;:false,&quot;ArrowLeft&quot;:false},&quot;touch&quot;:false,&quot;backdropClick&quot;:false,&quot;l10n&quot;:{&quot;CLOSE&quot;:&quot;Close&quot;,&quot;NEXT&quot;:&quot;Next&quot;,&quot;PREV&quot;:&quot;Previous&quot;,&quot;Error&quot;:&quot;The requested content cannot be loaded. Please try again later.&quot;,&quot;PLAY_START&quot;:&quot;Start slideshow&quot;,&quot;PLAY_STOP&quot;:&quot;Pause slideshow&quot;,&quot;FULL_SCREEN&quot;:&quot;Full screen&quot;,&quot;THUMBS&quot;:&quot;Thumbnails&quot;,&quot;DOWNLOAD&quot;:&quot;Download&quot;,&quot;SHARE&quot;:&quot;Share&quot;,&quot;ZOOM&quot;:&quot;Zoom&quot;,&quot;EMAIL&quot;:&quot;Here is the link to the image : %%image_link%% and this is the link to the gallery : %%gallery_link%%&quot;,&quot;MODAL&quot;:&quot;You can close this modal content with the ESC key&quot;,&quot;ERROR&quot;:&quot;Something Went Wrong, Please Try Again Later&quot;,&quot;IMAGE_ERROR&quot;:&quot;Image Not Found&quot;,&quot;ELEMENT_NOT_FOUND&quot;:&quot;HTML Element Not Found&quot;,&quot;AJAX_NOT_FOUND&quot;:&quot;Error Loading AJAX : Not Found&quot;,&quot;AJAX_FORBIDDEN&quot;:&quot;Error Loading AJAX : Forbidden&quot;,&quot;IFRAME_ERROR&quot;:&quot;Error Loading Page&quot;,&quot;TOGGLE_ZOOM&quot;:&quot;Toggle zoom level&quot;,&quot;TOGGLE_THUMBS&quot;:&quot;Toggle thumbnails&quot;,&quot;TOGGLE_SLIDESHOW&quot;:&quot;Toggle slideshow&quot;,&quot;TOGGLE_FULLSCREEN&quot;:&quot;Toggle full-screen mode&quot;},&quot;Images&quot;:{&quot;Panzoom&quot;:{&quot;maxScale&quot;:2}},&quot;mainClass&quot;:&quot;modula-fancybox-container modula-lightbox-jtg-26410&quot;,&quot;Html&quot;:{&quot;videoAutoplay&quot;:0,&quot;videoTpl&quot;:&quot;&lt;video class=\\&quot;fancybox__html5video\\&quot; controls muted playsinline controlsList controlsList=\\&quot;nodownload\\&quot; poster=\\&quot;{{poster}}\\&quot; src=\\&quot;{{src}}\\&quot; type=\\&quot;{{format}}\\&quot; &gt;  Sorry, your browser doesn&#039;t support embedded videos, &lt;a href=\\&quot;{{src}}\\&quot;&gt; download &lt;\\\/a&gt; and watch with your favorite video player! &lt;\\\/video&gt;&quot;}},&quot;inView&quot;:false,&quot;email_subject&quot;:&quot;Check out this awesome image !!&quot;,&quot;email_message&quot;:&quot;Here is the link to the image : %%image_link%% and this is the link to the gallery : %%gallery_link%%&quot;,&quot;lightbox&quot;:&quot;fancybox&quot;}\">\n\n\t\n\t<div  class=\"modula-items\">\n\t\t<div class=\"modula-item effect-pufrobo\" data-width=\"2\" data-height=\"2\" >\n\t<div class=\"modula-item-overlay\"><\/div>\n\n\t<div class=\"modula-item-content\">\n\n\t\t\t\t\n\t\t\t\t\t<a data-image-id=\"11571\" role=\"button\" tabindex=\"0\" rel=\"jtg-26410\" data-caption=\"Mindesten Dybb\u00f8l\" aria-label=\"Open image in lightbox\" class=\"tile-inner modula-item-link\"><\/a>\n\t\t\n\t\t<img loading=\"lazy\" decoding=\"async\" class=\"pic wp-image-11571\"  data-valign=\"middle\" data-halign=\"center\" alt=\"Mindesten for J.P. Behrens p\u00e5 Dybb\u00f8l\" data-full=\"https:\/\/forsvarogforter.dk\/wp-content\/uploads\/2024\/08\/Behrens_sten.jpg\" title=\"Behrens sten Dybb\u00f8l\" width=\"225\" height=\"300\" src=\"https:\/\/forsvarogforter.dk\/wp-content\/uploads\/2024\/08\/Behrens_sten-225x300.jpg\" data-src=\"https:\/\/forsvarogforter.dk\/wp-content\/uploads\/2024\/08\/Behrens_sten-225x300.jpg\" data-caption=\"Mindesten Dybb\u00f8l\" srcset=\"https:\/\/forsvarogforter.dk\/wp-content\/uploads\/2024\/08\/Behrens_sten.jpg 600w, https:\/\/forsvarogforter.dk\/wp-content\/uploads\/2024\/08\/Behrens_sten-225x300.jpg 225w\" sizes=\"auto, (max-width: 225px) 100vw, 225px\" \/>\n\t\t<div class=\"figc\">\n\t\t\t<div class=\"figc-inner\">\n\t\t\t\t\t\t\t\t\t\t\t\t\t<p class=\"description\">Mindesten Dybb\u00f8l<\/p>\n\t\t\t\t\t\t\t\t\t\t\t<\/div>\n\t\t<\/div>\n\n\t<\/div>\n\n<\/div><div class=\"modula-item effect-pufrobo\" data-width=\"2\" data-height=\"2\" >\n\t<div class=\"modula-item-overlay\"><\/div>\n\n\t<div class=\"modula-item-content\">\n\n\t\t\t\t\n\t\t\t\t\t<a data-image-id=\"11551\" role=\"button\" tabindex=\"0\" rel=\"jtg-26410\" data-caption=\"\" aria-label=\"Open image in lightbox\" class=\"tile-inner modula-item-link\"><\/a>\n\t\t\n\t\t<img loading=\"lazy\" decoding=\"async\" class=\"pic wp-image-11551\"  data-valign=\"middle\" data-halign=\"center\" alt=\"J.P. Behrens grav p\u00e5 Garnisons Kirkeg\u00e5rd\" data-full=\"https:\/\/forsvarogforter.dk\/wp-content\/uploads\/2024\/08\/Behrens_64.jpg\" title=\"Behrens_64\" width=\"300\" height=\"200\" src=\"https:\/\/forsvarogforter.dk\/wp-content\/uploads\/2024\/08\/Behrens_64-300x200.jpg\" data-src=\"https:\/\/forsvarogforter.dk\/wp-content\/uploads\/2024\/08\/Behrens_64-300x200.jpg\" data-caption=\"\" srcset=\"https:\/\/forsvarogforter.dk\/wp-content\/uploads\/2024\/08\/Behrens_64.jpg 800w, https:\/\/forsvarogforter.dk\/wp-content\/uploads\/2024\/08\/Behrens_64-300x200.jpg 300w, https:\/\/forsvarogforter.dk\/wp-content\/uploads\/2024\/08\/Behrens_64-768x511.jpg 768w, https:\/\/forsvarogforter.dk\/wp-content\/uploads\/2024\/08\/Behrens_64-750x499.jpg 750w\" sizes=\"auto, (max-width: 300px) 100vw, 300px\" \/>\n\t\t<div class=\"figc no-description\">\n\t\t\t<div class=\"figc-inner\">\n\t\t\t\t\t\t\t\t\t\t\t\t\t\t\t<\/div>\n\t\t<\/div>\n\n\t<\/div>\n\n<\/div><div class=\"modula-item effect-pufrobo\" data-width=\"2\" data-height=\"2\" >\n\t<div class=\"modula-item-overlay\"><\/div>\n\n\t<div class=\"modula-item-content\">\n\n\t\t\t\t\n\t\t\t\t\t<a data-image-id=\"11565\" role=\"button\" tabindex=\"0\" rel=\"jtg-26410\" data-caption=\"\" aria-label=\"Open image in lightbox\" class=\"tile-inner modula-item-link\"><\/a>\n\t\t\n\t\t<img loading=\"lazy\" decoding=\"async\" class=\"pic wp-image-11565\"  data-valign=\"middle\" data-halign=\"center\" alt=\"J.P. Behrens, faldet p\u00e5 Dybb\u00f8l 1864\" data-full=\"https:\/\/forsvarogforter.dk\/wp-content\/uploads\/2024\/08\/Behrens_KB.jpg\" title=\"Behrens_KB\" width=\"261\" height=\"300\" src=\"https:\/\/forsvarogforter.dk\/wp-content\/uploads\/2024\/08\/Behrens_KB-261x300.jpg\" data-src=\"https:\/\/forsvarogforter.dk\/wp-content\/uploads\/2024\/08\/Behrens_KB-261x300.jpg\" data-caption=\"\" srcset=\"https:\/\/forsvarogforter.dk\/wp-content\/uploads\/2024\/08\/Behrens_KB.jpg 517w, https:\/\/forsvarogforter.dk\/wp-content\/uploads\/2024\/08\/Behrens_KB-261x300.jpg 261w\" sizes=\"auto, (max-width: 261px) 100vw, 261px\" \/>\n\t\t<div class=\"figc no-description\">\n\t\t\t<div class=\"figc-inner\">\n\t\t\t\t\t\t\t\t\t\t\t\t\t\t\t<\/div>\n\t\t<\/div>\n\n\t<\/div>\n\n<\/div>\t\t\n\t<\/div>\n\n\t\n\t\n\t\t<script type=\"application\/ld+json\">\n            [\n    {\n        \"@context\": \"https:\\\/\\\/schema.org\\\/\",\n        \"@type\": \"ImageObject\",\n        \"contentUrl\": \"https:\\\/\\\/forsvarogforter.dk\\\/wp-content\\\/uploads\\\/2024\\\/08\\\/48_64_2.jpg\",\n        \"license\": \"https:\\\/\\\/creativecommons.org\\\/publicdomain\\\/zero\\\/1.0\\\/\",\n        \"creditText\": \"\",\n        \"creator\": {\n            \"@type\": \"Person\",\n            \"name\": \"S\\u00f8ren \\u00d8stergaard\"\n        },\n        \"copyrightNotice\": \"\"\n    },\n    {\n        \"@context\": \"https:\\\/\\\/schema.org\\\/\",\n        \"@type\": \"ImageObject\",\n        \"contentUrl\": \"https:\\\/\\\/forsvarogforter.dk\\\/wp-content\\\/uploads\\\/2024\\\/08\\\/Garnisons_monument_1848_50_64_tekst.jpg\",\n        \"license\": \"https:\\\/\\\/creativecommons.org\\\/publicdomain\\\/zero\\\/1.0\\\/\",\n        \"creditText\": \"\",\n        \"creator\": {\n            \"@type\": \"Person\",\n            \"name\": \"S\\u00f8ren \\u00d8stergaard\"\n        },\n        \"copyrightNotice\": \"\"\n    },\n    {\n        \"@context\": \"https:\\\/\\\/schema.org\\\/\",\n        \"@type\": \"ImageObject\",\n        \"contentUrl\": \"https:\\\/\\\/forsvarogforter.dk\\\/wp-content\\\/uploads\\\/2024\\\/08\\\/226_64_3.jpg\",\n        \"license\": \"https:\\\/\\\/creativecommons.org\\\/publicdomain\\\/zero\\\/1.0\\\/\",\n        \"creditText\": \"\",\n        \"creator\": {\n            \"@type\": \"Person\",\n            \"name\": \"S\\u00f8ren \\u00d8stergaard\"\n        },\n        \"copyrightNotice\": \"\"\n    },\n    {\n        \"@context\": \"https:\\\/\\\/schema.org\\\/\",\n        \"@type\": \"ImageObject\",\n        \"contentUrl\": \"https:\\\/\\\/forsvarogforter.dk\\\/wp-content\\\/uploads\\\/2024\\\/08\\\/226_64.jpg\",\n        \"license\": \"https:\\\/\\\/creativecommons.org\\\/publicdomain\\\/zero\\\/1.0\\\/\",\n        \"creditText\": \"\",\n        \"creator\": {\n            \"@type\": \"Person\",\n            \"name\": \"S\\u00f8ren \\u00d8stergaard\"\n        },\n        \"copyrightNotice\": \"\"\n    },\n    {\n        \"@context\": \"https:\\\/\\\/schema.org\\\/\",\n        \"@type\": \"ImageObject\",\n        \"contentUrl\": \"https:\\\/\\\/forsvarogforter.dk\\\/wp-content\\\/uploads\\\/2024\\\/08\\\/Behrens_sten.jpg\",\n        \"license\": \"https:\\\/\\\/creativecommons.org\\\/publicdomain\\\/zero\\\/1.0\\\/\",\n        \"creditText\": \"\",\n        \"creator\": {\n            \"@type\": \"Person\",\n            \"name\": \"S\\u00f8ren \\u00d8stergaard\"\n        },\n        \"copyrightNotice\": \"\"\n    },\n    {\n        \"@context\": \"https:\\\/\\\/schema.org\\\/\",\n        \"@type\": \"ImageObject\",\n        \"contentUrl\": \"https:\\\/\\\/forsvarogforter.dk\\\/wp-content\\\/uploads\\\/2024\\\/08\\\/Behrens_64.jpg\",\n        \"license\": \"https:\\\/\\\/creativecommons.org\\\/publicdomain\\\/zero\\\/1.0\\\/\",\n        \"creditText\": \"\",\n        \"creator\": {\n            \"@type\": \"Person\",\n            \"name\": \"S\\u00f8ren \\u00d8stergaard\"\n        },\n        \"copyrightNotice\": \"\"\n    },\n    {\n        \"@context\": \"https:\\\/\\\/schema.org\\\/\",\n        \"@type\": \"ImageObject\",\n        \"contentUrl\": \"https:\\\/\\\/forsvarogforter.dk\\\/wp-content\\\/uploads\\\/2024\\\/08\\\/Behrens_KB.jpg\",\n        \"license\": \"https:\\\/\\\/creativecommons.org\\\/publicdomain\\\/zero\\\/1.0\\\/\",\n        \"creditText\": \"\",\n        \"creator\": {\n            \"@type\": \"Person\",\n            \"name\": \"S\\u00f8ren \\u00d8stergaard\"\n        },\n        \"copyrightNotice\": \"\"\n    }\n]\n\n\t\t<\/script>\n\n\t\t\n\t<script type=\"application\/ld+json\">\n\t{\n\t\t\"@context\": \"http:\/\/schema.org\",\n\t\t\"@type\"   : \"ImageGallery\",\n\t\t\"id\"      : \"https:\/\/forsvarogforter.dk\/index.php\/fra-dybboel-til-kirkegaarden-i-1864\/\",\n\t\t\"url\"     : \"https:\/\/forsvarogforter.dk\/index.php\/fra-dybboel-til-kirkegaarden-i-1864\/\"\n\t}\n\n\t<\/script>\n\n\t\n<\/div>\n\n<p>&nbsp;<\/p>\n<p>Secondl\u00f8jtnant L.C.H. Br\u00f8nnum<br \/>\nFaldet nogle hundrede meter \u00f8st for m\u00f8llen.<\/p>\n<style>#jtg-26413 .modula-item .jtg-social a, .lightbox-socials.jtg-social a{ fill: #ffffff; color: #ffffff }#jtg-26413 .modula-item .jtg-social-expandable a, #jtg-26413 .modula-item .jtg-social-expandable-icons a{ fill: #ffffff; color: #ffffff }#jtg-26413 .modula-item .jtg-social svg, .lightbox-socials.jtg-social svg { height: 16px; width: 16px }#jtg-26413 .modula-item .jtg-social-expandable svg { height: 16px; width: 16px }#jtg-26413 .modula-item .jtg-social-expandable-icons svg { height: 16px; width: 16px }#jtg-26413 .modula-item .jtg-social a:not(:last-child), .lightbox-socials.jtg-social a:not(:last-child) { margin-right: 10px }#jtg-26413 .modula-item .jtg-social-expandable-icons { gap: 10px }#jtg-26413 .modula-item .figc {color:#ffffff;}#jtg-26413 .modula-item .figc .jtg-title {  font-size: 16px; }#jtg-26413 .modula-item .modula-item-content { transform: scale(1); }#jtg-26413 .modula-items .figc p.description { font-size:14px; }#jtg-26413 .modula-items .figc p.description { color:#ffffff;}#jtg-26413 .modula-items .figc .jtg-title { color:#ffffff; }#jtg-26413.modula-gallery .modula-item > a, #jtg-26413.modula-gallery .modula-item, #jtg-26413.modula-gallery .modula-item-content > a:not(.modula-no-follow) { cursor:zoom-in; } #jtg-26413.modula-gallery .modula-item-content .modula-no-follow { cursor: default; } @media screen and (max-width:480px){#jtg-26413 .modula-item .figc .jtg-title {  font-size: 12px; }#jtg-26413 .modula-items .figc p.description { color:#ffffff;font-size:10px; }}<\/style>\n<div  id=\"jtg-26413\" class=\"modula modula-gallery modula-custom-grid\" data-config=\"{&quot;height&quot;:800,&quot;tabletHeight&quot;:800,&quot;mobileHeight&quot;:800,&quot;desktopHeight&quot;:800,&quot;enableTwitter&quot;:false,&quot;enableWhatsapp&quot;:false,&quot;enableFacebook&quot;:false,&quot;enablePinterest&quot;:false,&quot;enableLinkedin&quot;:false,&quot;enableEmail&quot;:false,&quot;randomFactor&quot;:0.5,&quot;type&quot;:&quot;custom-grid&quot;,&quot;columns&quot;:12,&quot;gutter&quot;:10,&quot;mobileGutter&quot;:10,&quot;tabletGutter&quot;:10,&quot;desktopGutter&quot;:10,&quot;enableResponsive&quot;:&quot;0&quot;,&quot;tabletColumns&quot;:2,&quot;mobileColumns&quot;:1,&quot;lazyLoad&quot;:0,&quot;lightboxOpts&quot;:{&quot;animated&quot;:true,&quot;Thumbs&quot;:{&quot;type&quot;:&quot;modern&quot;,&quot;showOnStart&quot;:false},&quot;Toolbar&quot;:{&quot;display&quot;:{&quot;right&quot;:[&quot;close&quot;]},&quot;enabled&quot;:true},&quot;Carousel&quot;:{&quot;Panzoom&quot;:{&quot;touch&quot;:false},&quot;infinite&quot;:false},&quot;keyboard&quot;:{&quot;Escape&quot;:&quot;close&quot;,&quot;Delete&quot;:&quot;close&quot;,&quot;Backspace&quot;:&quot;close&quot;,&quot;PageUp&quot;:false,&quot;PageDown&quot;:false,&quot;ArrowUp&quot;:false,&quot;ArrowDown&quot;:false,&quot;ArrowRight&quot;:false,&quot;ArrowLeft&quot;:false},&quot;touch&quot;:false,&quot;backdropClick&quot;:false,&quot;l10n&quot;:{&quot;CLOSE&quot;:&quot;Close&quot;,&quot;NEXT&quot;:&quot;Next&quot;,&quot;PREV&quot;:&quot;Previous&quot;,&quot;Error&quot;:&quot;The requested content cannot be loaded. Please try again later.&quot;,&quot;PLAY_START&quot;:&quot;Start slideshow&quot;,&quot;PLAY_STOP&quot;:&quot;Pause slideshow&quot;,&quot;FULL_SCREEN&quot;:&quot;Full screen&quot;,&quot;THUMBS&quot;:&quot;Thumbnails&quot;,&quot;DOWNLOAD&quot;:&quot;Download&quot;,&quot;SHARE&quot;:&quot;Share&quot;,&quot;ZOOM&quot;:&quot;Zoom&quot;,&quot;EMAIL&quot;:&quot;Here is the link to the image : %%image_link%% and this is the link to the gallery : %%gallery_link%%&quot;,&quot;MODAL&quot;:&quot;You can close this modal content with the ESC key&quot;,&quot;ERROR&quot;:&quot;Something Went Wrong, Please Try Again Later&quot;,&quot;IMAGE_ERROR&quot;:&quot;Image Not Found&quot;,&quot;ELEMENT_NOT_FOUND&quot;:&quot;HTML Element Not Found&quot;,&quot;AJAX_NOT_FOUND&quot;:&quot;Error Loading AJAX : Not Found&quot;,&quot;AJAX_FORBIDDEN&quot;:&quot;Error Loading AJAX : Forbidden&quot;,&quot;IFRAME_ERROR&quot;:&quot;Error Loading Page&quot;,&quot;TOGGLE_ZOOM&quot;:&quot;Toggle zoom level&quot;,&quot;TOGGLE_THUMBS&quot;:&quot;Toggle thumbnails&quot;,&quot;TOGGLE_SLIDESHOW&quot;:&quot;Toggle slideshow&quot;,&quot;TOGGLE_FULLSCREEN&quot;:&quot;Toggle full-screen mode&quot;},&quot;Images&quot;:{&quot;Panzoom&quot;:{&quot;maxScale&quot;:2}},&quot;mainClass&quot;:&quot;modula-fancybox-container modula-lightbox-jtg-26413&quot;,&quot;Html&quot;:{&quot;videoAutoplay&quot;:0,&quot;videoTpl&quot;:&quot;&lt;video class=\\&quot;fancybox__html5video\\&quot; controls muted playsinline controlsList controlsList=\\&quot;nodownload\\&quot; poster=\\&quot;{{poster}}\\&quot; src=\\&quot;{{src}}\\&quot; type=\\&quot;{{format}}\\&quot; &gt;  Sorry, your browser doesn&#039;t support embedded videos, &lt;a href=\\&quot;{{src}}\\&quot;&gt; download &lt;\\\/a&gt; and watch with your favorite video player! &lt;\\\/video&gt;&quot;}},&quot;inView&quot;:false,&quot;email_subject&quot;:&quot;Check out this awesome image !!&quot;,&quot;email_message&quot;:&quot;Here is the link to the image : %%image_link%% and this is the link to the gallery : %%gallery_link%%&quot;,&quot;lightbox&quot;:&quot;fancybox&quot;}\">\n\n\t\n\t<div  class=\"modula-items\">\n\t\t<div class=\"modula-item effect-pufrobo\" data-width=\"2\" data-height=\"2\" >\n\t<div class=\"modula-item-overlay\"><\/div>\n\n\t<div class=\"modula-item-content\">\n\n\t\t\t\t\n\t\t\t\t\t<a data-image-id=\"12081\" role=\"button\" tabindex=\"0\" rel=\"jtg-26413\" data-caption=\"Mindesten Br\u00f8nnum p\u00e5 Dybb\u00f8l\" aria-label=\"Open image in lightbox\" class=\"tile-inner modula-item-link\"><\/a>\n\t\t\n\t\t<img loading=\"lazy\" decoding=\"async\" class=\"pic wp-image-12081\"  data-valign=\"middle\" data-halign=\"center\" alt=\"Mindesten for Br\u00f8nnum, faldet p\u00e5 Dybb\u00f8l 1864\" data-full=\"https:\/\/forsvarogforter.dk\/wp-content\/uploads\/2024\/08\/Broennum_sten-421x285-1.jpg\" title=\"Broennum_sten-421x285\" width=\"300\" height=\"203\" src=\"https:\/\/forsvarogforter.dk\/wp-content\/uploads\/2024\/08\/Broennum_sten-421x285-1-300x203.jpg\" data-src=\"https:\/\/forsvarogforter.dk\/wp-content\/uploads\/2024\/08\/Broennum_sten-421x285-1-300x203.jpg\" data-caption=\"Mindesten Br\u00f8nnum p\u00e5 Dybb\u00f8l\" srcset=\"https:\/\/forsvarogforter.dk\/wp-content\/uploads\/2024\/08\/Broennum_sten-421x285-1.jpg 421w, https:\/\/forsvarogforter.dk\/wp-content\/uploads\/2024\/08\/Broennum_sten-421x285-1-300x203.jpg 300w\" sizes=\"auto, (max-width: 300px) 100vw, 300px\" \/>\n\t\t<div class=\"figc\">\n\t\t\t<div class=\"figc-inner\">\n\t\t\t\t\t\t\t\t\t\t\t\t\t<p class=\"description\">Mindesten Br\u00f8nnum p\u00e5 Dybb\u00f8l<\/p>\n\t\t\t\t\t\t\t\t\t\t\t<\/div>\n\t\t<\/div>\n\n\t<\/div>\n\n<\/div><div class=\"modula-item effect-pufrobo\" data-width=\"2\" data-height=\"2\" >\n\t<div class=\"modula-item-overlay\"><\/div>\n\n\t<div class=\"modula-item-content\">\n\n\t\t\t\t\n\t\t\t\t\t<a data-image-id=\"12070\" role=\"button\" tabindex=\"0\" rel=\"jtg-26413\" data-caption=\"SEKLT L.G.H Br\u00f8nnum  \" aria-label=\"Open image in lightbox\" class=\"tile-inner modula-item-link\"><\/a>\n\t\t\n\t\t<img loading=\"lazy\" decoding=\"async\" class=\"pic wp-image-12070\"  data-valign=\"middle\" data-halign=\"center\" alt=\"Br\u00f8nnums grav p\u00e5 Garnisons Kirkeg\u00e5rd\" data-full=\"https:\/\/forsvarogforter.dk\/wp-content\/uploads\/2024\/08\/Broennum_64_2.jpg\" title=\"Broennum 1864 Garnisons\" width=\"199\" height=\"300\" src=\"https:\/\/forsvarogforter.dk\/wp-content\/uploads\/2024\/08\/Broennum_64_2-199x300.jpg\" data-src=\"https:\/\/forsvarogforter.dk\/wp-content\/uploads\/2024\/08\/Broennum_64_2-199x300.jpg\" data-caption=\"SEKLT L.G.H Br\u00f8nnum  \" srcset=\"https:\/\/forsvarogforter.dk\/wp-content\/uploads\/2024\/08\/Broennum_64_2.jpg 768w, https:\/\/forsvarogforter.dk\/wp-content\/uploads\/2024\/08\/Broennum_64_2-199x300.jpg 199w, https:\/\/forsvarogforter.dk\/wp-content\/uploads\/2024\/08\/Broennum_64_2-681x1024.jpg 681w, https:\/\/forsvarogforter.dk\/wp-content\/uploads\/2024\/08\/Broennum_64_2-750x1128.jpg 750w\" sizes=\"auto, (max-width: 199px) 100vw, 199px\" \/>\n\t\t<div class=\"figc\">\n\t\t\t<div class=\"figc-inner\">\n\t\t\t\t\t\t\t\t\t\t\t\t\t<p class=\"description\">SEKLT L.G.H Br\u00f8nnum  <\/p>\n\t\t\t\t\t\t\t\t\t\t\t<\/div>\n\t\t<\/div>\n\n\t<\/div>\n\n<\/div>\t\t\n\t<\/div>\n\n\t\n\t\n\t\t<script type=\"application\/ld+json\">\n            [\n    {\n        \"@context\": \"https:\\\/\\\/schema.org\\\/\",\n        \"@type\": \"ImageObject\",\n        \"contentUrl\": \"https:\\\/\\\/forsvarogforter.dk\\\/wp-content\\\/uploads\\\/2024\\\/08\\\/48_64_2.jpg\",\n        \"license\": \"https:\\\/\\\/creativecommons.org\\\/publicdomain\\\/zero\\\/1.0\\\/\",\n        \"creditText\": \"\",\n        \"creator\": {\n            \"@type\": \"Person\",\n            \"name\": \"S\\u00f8ren \\u00d8stergaard\"\n        },\n        \"copyrightNotice\": \"\"\n    },\n    {\n        \"@context\": \"https:\\\/\\\/schema.org\\\/\",\n        \"@type\": \"ImageObject\",\n        \"contentUrl\": \"https:\\\/\\\/forsvarogforter.dk\\\/wp-content\\\/uploads\\\/2024\\\/08\\\/Garnisons_monument_1848_50_64_tekst.jpg\",\n        \"license\": \"https:\\\/\\\/creativecommons.org\\\/publicdomain\\\/zero\\\/1.0\\\/\",\n        \"creditText\": \"\",\n        \"creator\": {\n            \"@type\": \"Person\",\n            \"name\": \"S\\u00f8ren \\u00d8stergaard\"\n        },\n        \"copyrightNotice\": \"\"\n    },\n    {\n        \"@context\": \"https:\\\/\\\/schema.org\\\/\",\n        \"@type\": \"ImageObject\",\n        \"contentUrl\": \"https:\\\/\\\/forsvarogforter.dk\\\/wp-content\\\/uploads\\\/2024\\\/08\\\/226_64_3.jpg\",\n        \"license\": \"https:\\\/\\\/creativecommons.org\\\/publicdomain\\\/zero\\\/1.0\\\/\",\n        \"creditText\": \"\",\n        \"creator\": {\n            \"@type\": \"Person\",\n            \"name\": \"S\\u00f8ren \\u00d8stergaard\"\n        },\n        \"copyrightNotice\": \"\"\n    },\n    {\n        \"@context\": \"https:\\\/\\\/schema.org\\\/\",\n        \"@type\": \"ImageObject\",\n        \"contentUrl\": \"https:\\\/\\\/forsvarogforter.dk\\\/wp-content\\\/uploads\\\/2024\\\/08\\\/226_64.jpg\",\n        \"license\": \"https:\\\/\\\/creativecommons.org\\\/publicdomain\\\/zero\\\/1.0\\\/\",\n        \"creditText\": \"\",\n        \"creator\": {\n            \"@type\": \"Person\",\n            \"name\": \"S\\u00f8ren \\u00d8stergaard\"\n        },\n        \"copyrightNotice\": \"\"\n    },\n    {\n        \"@context\": \"https:\\\/\\\/schema.org\\\/\",\n        \"@type\": \"ImageObject\",\n        \"contentUrl\": \"https:\\\/\\\/forsvarogforter.dk\\\/wp-content\\\/uploads\\\/2024\\\/08\\\/Behrens_sten.jpg\",\n        \"license\": \"https:\\\/\\\/creativecommons.org\\\/publicdomain\\\/zero\\\/1.0\\\/\",\n        \"creditText\": \"\",\n        \"creator\": {\n            \"@type\": \"Person\",\n            \"name\": \"S\\u00f8ren \\u00d8stergaard\"\n        },\n        \"copyrightNotice\": \"\"\n    },\n    {\n        \"@context\": \"https:\\\/\\\/schema.org\\\/\",\n        \"@type\": \"ImageObject\",\n        \"contentUrl\": \"https:\\\/\\\/forsvarogforter.dk\\\/wp-content\\\/uploads\\\/2024\\\/08\\\/Behrens_64.jpg\",\n        \"license\": \"https:\\\/\\\/creativecommons.org\\\/publicdomain\\\/zero\\\/1.0\\\/\",\n        \"creditText\": \"\",\n        \"creator\": {\n            \"@type\": \"Person\",\n            \"name\": \"S\\u00f8ren \\u00d8stergaard\"\n        },\n        \"copyrightNotice\": \"\"\n    },\n    {\n        \"@context\": \"https:\\\/\\\/schema.org\\\/\",\n        \"@type\": \"ImageObject\",\n        \"contentUrl\": \"https:\\\/\\\/forsvarogforter.dk\\\/wp-content\\\/uploads\\\/2024\\\/08\\\/Behrens_KB.jpg\",\n        \"license\": \"https:\\\/\\\/creativecommons.org\\\/publicdomain\\\/zero\\\/1.0\\\/\",\n        \"creditText\": \"\",\n        \"creator\": {\n            \"@type\": \"Person\",\n            \"name\": \"S\\u00f8ren \\u00d8stergaard\"\n        },\n        \"copyrightNotice\": \"\"\n    },\n    {\n        \"@context\": \"https:\\\/\\\/schema.org\\\/\",\n        \"@type\": \"ImageObject\",\n        \"contentUrl\": \"https:\\\/\\\/forsvarogforter.dk\\\/wp-content\\\/uploads\\\/2024\\\/08\\\/Broennum_sten-421x285-1.jpg\",\n        \"license\": \"https:\\\/\\\/creativecommons.org\\\/publicdomain\\\/zero\\\/1.0\\\/\",\n        \"creditText\": \"\",\n        \"creator\": {\n            \"@type\": \"Person\",\n            \"name\": \"S\\u00f8ren \\u00d8stergaard\"\n        },\n        \"copyrightNotice\": \"\"\n    },\n    {\n        \"@context\": \"https:\\\/\\\/schema.org\\\/\",\n        \"@type\": \"ImageObject\",\n        \"contentUrl\": \"https:\\\/\\\/forsvarogforter.dk\\\/wp-content\\\/uploads\\\/2024\\\/08\\\/Broennum_64_2.jpg\",\n        \"license\": \"https:\\\/\\\/creativecommons.org\\\/publicdomain\\\/zero\\\/1.0\\\/\",\n        \"creditText\": \"\",\n        \"creator\": {\n            \"@type\": \"Person\",\n            \"name\": \"S\\u00f8ren \\u00d8stergaard\"\n        },\n        \"copyrightNotice\": \"\"\n    }\n]\n\n\t\t<\/script>\n\n\t\t\n\t<script type=\"application\/ld+json\">\n\t{\n\t\t\"@context\": \"http:\/\/schema.org\",\n\t\t\"@type\"   : \"ImageGallery\",\n\t\t\"id\"      : \"https:\/\/forsvarogforter.dk\/index.php\/fra-dybboel-til-kirkegaarden-i-1864\/\",\n\t\t\"url\"     : \"https:\/\/forsvarogforter.dk\/index.php\/fra-dybboel-til-kirkegaarden-i-1864\/\"\n\t}\n\n\t<\/script>\n\n\t\n<\/div>\n\n<p>&nbsp;<\/p>\n<p>Kaptajn H.S. Gyldenfeldt og C.O. Carlson<br \/>\nDe var venner og havde sammen s\u00f8gt tilflugt nord for skanse 2 da en granat slog ned imellem dem.<br \/>\nDe d\u00f8de begge hurtigt. De er begravet ved siden af hnanden p\u00e5 Garnisons Kirkeg\u00e5rd.<\/p>\n<style>#jtg-26415 .modula-item .jtg-social a, .lightbox-socials.jtg-social a{ fill: #ffffff; color: #ffffff }#jtg-26415 .modula-item .jtg-social-expandable a, #jtg-26415 .modula-item .jtg-social-expandable-icons a{ fill: #ffffff; color: #ffffff }#jtg-26415 .modula-item .jtg-social svg, .lightbox-socials.jtg-social svg { height: 16px; width: 16px }#jtg-26415 .modula-item .jtg-social-expandable svg { height: 16px; width: 16px }#jtg-26415 .modula-item .jtg-social-expandable-icons svg { height: 16px; width: 16px }#jtg-26415 .modula-item .jtg-social a:not(:last-child), .lightbox-socials.jtg-social a:not(:last-child) { margin-right: 10px }#jtg-26415 .modula-item .jtg-social-expandable-icons { gap: 10px }#jtg-26415 .modula-item .figc {color:#ffffff;}#jtg-26415 .modula-item .figc .jtg-title {  font-size: 16px; }#jtg-26415 .modula-item .modula-item-content { transform: scale(1); }#jtg-26415 .modula-items .figc p.description { font-size:14px; }#jtg-26415 .modula-items .figc p.description { color:#ffffff;}#jtg-26415 .modula-items .figc .jtg-title { color:#ffffff; }#jtg-26415.modula-gallery .modula-item > a, #jtg-26415.modula-gallery .modula-item, #jtg-26415.modula-gallery .modula-item-content > a:not(.modula-no-follow) { cursor:zoom-in; } #jtg-26415.modula-gallery .modula-item-content .modula-no-follow { cursor: default; } @media screen and (max-width:480px){#jtg-26415 .modula-item .figc .jtg-title {  font-size: 12px; }#jtg-26415 .modula-items .figc p.description { color:#ffffff;font-size:10px; }}<\/style>\n<div  id=\"jtg-26415\" class=\"modula modula-gallery modula-custom-grid\" data-config=\"{&quot;height&quot;:800,&quot;tabletHeight&quot;:800,&quot;mobileHeight&quot;:800,&quot;desktopHeight&quot;:800,&quot;enableTwitter&quot;:false,&quot;enableWhatsapp&quot;:false,&quot;enableFacebook&quot;:false,&quot;enablePinterest&quot;:false,&quot;enableLinkedin&quot;:false,&quot;enableEmail&quot;:false,&quot;randomFactor&quot;:0.5,&quot;type&quot;:&quot;custom-grid&quot;,&quot;columns&quot;:12,&quot;gutter&quot;:10,&quot;mobileGutter&quot;:10,&quot;tabletGutter&quot;:10,&quot;desktopGutter&quot;:10,&quot;enableResponsive&quot;:&quot;0&quot;,&quot;tabletColumns&quot;:2,&quot;mobileColumns&quot;:1,&quot;lazyLoad&quot;:0,&quot;lightboxOpts&quot;:{&quot;animated&quot;:true,&quot;Thumbs&quot;:{&quot;type&quot;:&quot;modern&quot;,&quot;showOnStart&quot;:false},&quot;Toolbar&quot;:{&quot;display&quot;:{&quot;right&quot;:[&quot;close&quot;]},&quot;enabled&quot;:true},&quot;Carousel&quot;:{&quot;Panzoom&quot;:{&quot;touch&quot;:false},&quot;infinite&quot;:false},&quot;keyboard&quot;:{&quot;Escape&quot;:&quot;close&quot;,&quot;Delete&quot;:&quot;close&quot;,&quot;Backspace&quot;:&quot;close&quot;,&quot;PageUp&quot;:false,&quot;PageDown&quot;:false,&quot;ArrowUp&quot;:false,&quot;ArrowDown&quot;:false,&quot;ArrowRight&quot;:false,&quot;ArrowLeft&quot;:false},&quot;touch&quot;:false,&quot;backdropClick&quot;:false,&quot;l10n&quot;:{&quot;CLOSE&quot;:&quot;Close&quot;,&quot;NEXT&quot;:&quot;Next&quot;,&quot;PREV&quot;:&quot;Previous&quot;,&quot;Error&quot;:&quot;The requested content cannot be loaded. Please try again later.&quot;,&quot;PLAY_START&quot;:&quot;Start slideshow&quot;,&quot;PLAY_STOP&quot;:&quot;Pause slideshow&quot;,&quot;FULL_SCREEN&quot;:&quot;Full screen&quot;,&quot;THUMBS&quot;:&quot;Thumbnails&quot;,&quot;DOWNLOAD&quot;:&quot;Download&quot;,&quot;SHARE&quot;:&quot;Share&quot;,&quot;ZOOM&quot;:&quot;Zoom&quot;,&quot;EMAIL&quot;:&quot;Here is the link to the image : %%image_link%% and this is the link to the gallery : %%gallery_link%%&quot;,&quot;MODAL&quot;:&quot;You can close this modal content with the ESC key&quot;,&quot;ERROR&quot;:&quot;Something Went Wrong, Please Try Again Later&quot;,&quot;IMAGE_ERROR&quot;:&quot;Image Not Found&quot;,&quot;ELEMENT_NOT_FOUND&quot;:&quot;HTML Element Not Found&quot;,&quot;AJAX_NOT_FOUND&quot;:&quot;Error Loading AJAX : Not Found&quot;,&quot;AJAX_FORBIDDEN&quot;:&quot;Error Loading AJAX : Forbidden&quot;,&quot;IFRAME_ERROR&quot;:&quot;Error Loading Page&quot;,&quot;TOGGLE_ZOOM&quot;:&quot;Toggle zoom level&quot;,&quot;TOGGLE_THUMBS&quot;:&quot;Toggle thumbnails&quot;,&quot;TOGGLE_SLIDESHOW&quot;:&quot;Toggle slideshow&quot;,&quot;TOGGLE_FULLSCREEN&quot;:&quot;Toggle full-screen mode&quot;},&quot;Images&quot;:{&quot;Panzoom&quot;:{&quot;maxScale&quot;:2}},&quot;mainClass&quot;:&quot;modula-fancybox-container modula-lightbox-jtg-26415&quot;,&quot;Html&quot;:{&quot;videoAutoplay&quot;:0,&quot;videoTpl&quot;:&quot;&lt;video class=\\&quot;fancybox__html5video\\&quot; controls muted playsinline controlsList controlsList=\\&quot;nodownload\\&quot; poster=\\&quot;{{poster}}\\&quot; src=\\&quot;{{src}}\\&quot; type=\\&quot;{{format}}\\&quot; &gt;  Sorry, your browser doesn&#039;t support embedded videos, &lt;a href=\\&quot;{{src}}\\&quot;&gt; download &lt;\\\/a&gt; and watch with your favorite video player! &lt;\\\/video&gt;&quot;}},&quot;inView&quot;:false,&quot;email_subject&quot;:&quot;Check out this awesome image !!&quot;,&quot;email_message&quot;:&quot;Here is the link to the image : %%image_link%% and this is the link to the gallery : %%gallery_link%%&quot;,&quot;lightbox&quot;:&quot;fancybox&quot;}\">\n\n\t\n\t<div  class=\"modula-items\">\n\t\t<div class=\"modula-item effect-pufrobo\" data-width=\"2\" data-height=\"2\" >\n\t<div class=\"modula-item-overlay\"><\/div>\n\n\t<div class=\"modula-item-content\">\n\n\t\t\t\t\n\t\t\t\t\t<a data-image-id=\"15186\" role=\"button\" tabindex=\"0\" rel=\"jtg-26415\" data-caption=\"\" aria-label=\"Open image in lightbox\" class=\"tile-inner modula-item-link\"><\/a>\n\t\t\n\t\t<img loading=\"lazy\" decoding=\"async\" class=\"pic wp-image-15186\"  data-valign=\"middle\" data-halign=\"center\" alt=\"Mindesten p\u00e5 Dybb\u00f8l for H.S. Gyldenfeldt og C.O. Carlson der faldt 1864\" data-full=\"https:\/\/forsvarogforter.dk\/wp-content\/uploads\/2024\/08\/Gyldenfeldt_sten.jpg\" title=\"Gyldenfeldt_sten\" width=\"300\" height=\"238\" src=\"https:\/\/forsvarogforter.dk\/wp-content\/uploads\/2024\/08\/Gyldenfeldt_sten-300x238.jpg\" data-src=\"https:\/\/forsvarogforter.dk\/wp-content\/uploads\/2024\/08\/Gyldenfeldt_sten-300x238.jpg\" data-caption=\"\" srcset=\"https:\/\/forsvarogforter.dk\/wp-content\/uploads\/2024\/08\/Gyldenfeldt_sten.jpg 424w, https:\/\/forsvarogforter.dk\/wp-content\/uploads\/2024\/08\/Gyldenfeldt_sten-300x238.jpg 300w\" sizes=\"auto, (max-width: 300px) 100vw, 300px\" \/>\n\t\t<div class=\"figc no-description\">\n\t\t\t<div class=\"figc-inner\">\n\t\t\t\t\t\t\t\t\t\t\t\t\t\t\t<\/div>\n\t\t<\/div>\n\n\t<\/div>\n\n<\/div><div class=\"modula-item effect-pufrobo\" data-width=\"2\" data-height=\"2\" >\n\t<div class=\"modula-item-overlay\"><\/div>\n\n\t<div class=\"modula-item-content\">\n\n\t\t\t\t\n\t\t\t\t\t<a data-image-id=\"15179\" role=\"button\" tabindex=\"0\" rel=\"jtg-26415\" data-caption=\"KAPT Gyndelfeldt\" aria-label=\"Open image in lightbox\" class=\"tile-inner modula-item-link\"><\/a>\n\t\t\n\t\t<img loading=\"lazy\" decoding=\"async\" class=\"pic wp-image-15179\"  data-valign=\"middle\" data-halign=\"center\" alt=\"H.S. Gyndelfeldt&#039;s gravsted p\u00e5 Garnisons kirkeg\u00e5rd\" data-full=\"https:\/\/forsvarogforter.dk\/wp-content\/uploads\/2024\/08\/Gyldenfeldt_64.jpg\" title=\"Gyldenfeldt 1864\" width=\"199\" height=\"300\" src=\"https:\/\/forsvarogforter.dk\/wp-content\/uploads\/2024\/08\/Gyldenfeldt_64-199x300.jpg\" data-src=\"https:\/\/forsvarogforter.dk\/wp-content\/uploads\/2024\/08\/Gyldenfeldt_64-199x300.jpg\" data-caption=\"KAPT Gyndelfeldt\" srcset=\"https:\/\/forsvarogforter.dk\/wp-content\/uploads\/2024\/08\/Gyldenfeldt_64.jpg 768w, https:\/\/forsvarogforter.dk\/wp-content\/uploads\/2024\/08\/Gyldenfeldt_64-199x300.jpg 199w, https:\/\/forsvarogforter.dk\/wp-content\/uploads\/2024\/08\/Gyldenfeldt_64-681x1024.jpg 681w, https:\/\/forsvarogforter.dk\/wp-content\/uploads\/2024\/08\/Gyldenfeldt_64-750x1128.jpg 750w\" sizes=\"auto, (max-width: 199px) 100vw, 199px\" \/>\n\t\t<div class=\"figc\">\n\t\t\t<div class=\"figc-inner\">\n\t\t\t\t\t\t\t\t\t\t\t\t\t<p class=\"description\">KAPT Gyndelfeldt<\/p>\n\t\t\t\t\t\t\t\t\t\t\t<\/div>\n\t\t<\/div>\n\n\t<\/div>\n\n<\/div><div class=\"modula-item effect-pufrobo\" data-width=\"2\" data-height=\"2\" >\n\t<div class=\"modula-item-overlay\"><\/div>\n\n\t<div class=\"modula-item-content\">\n\n\t\t\t\t\n\t\t\t\t\t<a data-image-id=\"12451\" role=\"button\" tabindex=\"0\" rel=\"jtg-26415\" data-caption=\"\" aria-label=\"Open image in lightbox\" class=\"tile-inner modula-item-link\"><\/a>\n\t\t\n\t\t<img loading=\"lazy\" decoding=\"async\" class=\"pic wp-image-12451\"  data-valign=\"middle\" data-halign=\"center\" alt=\"C.O. Carlsons gravsted p\u00e5 Garnisons kirkeg\u00e5rd\" data-full=\"https:\/\/forsvarogforter.dk\/wp-content\/uploads\/2024\/08\/Carlson_64.jpg\" title=\"Carlson_64\" width=\"199\" height=\"300\" src=\"https:\/\/forsvarogforter.dk\/wp-content\/uploads\/2024\/08\/Carlson_64-199x300.jpg\" data-src=\"https:\/\/forsvarogforter.dk\/wp-content\/uploads\/2024\/08\/Carlson_64-199x300.jpg\" data-caption=\"\" srcset=\"https:\/\/forsvarogforter.dk\/wp-content\/uploads\/2024\/08\/Carlson_64.jpg 768w, https:\/\/forsvarogforter.dk\/wp-content\/uploads\/2024\/08\/Carlson_64-199x300.jpg 199w, https:\/\/forsvarogforter.dk\/wp-content\/uploads\/2024\/08\/Carlson_64-681x1024.jpg 681w, https:\/\/forsvarogforter.dk\/wp-content\/uploads\/2024\/08\/Carlson_64-750x1128.jpg 750w\" sizes=\"auto, (max-width: 199px) 100vw, 199px\" \/>\n\t\t<div class=\"figc no-description\">\n\t\t\t<div class=\"figc-inner\">\n\t\t\t\t\t\t\t\t\t\t\t\t\t\t\t<\/div>\n\t\t<\/div>\n\n\t<\/div>\n\n<\/div><div class=\"modula-item effect-pufrobo\" data-width=\"2\" data-height=\"2\" >\n\t<div class=\"modula-item-overlay\"><\/div>\n\n\t<div class=\"modula-item-content\">\n\n\t\t\t\t\n\t\t\t\t\t<a data-image-id=\"12489\" role=\"button\" tabindex=\"0\" rel=\"jtg-26415\" data-caption=\"Teskt\" aria-label=\"Open image in lightbox\" class=\"tile-inner modula-item-link\"><\/a>\n\t\t\n\t\t<img loading=\"lazy\" decoding=\"async\" class=\"pic wp-image-12489\"  data-valign=\"middle\" data-halign=\"center\" alt=\"C.O. Carlson, falden 1864, begravet p\u00e5 Garnisons kirkeg\u00e5rd\" data-full=\"https:\/\/forsvarogforter.dk\/wp-content\/uploads\/2024\/08\/Carlson_64_2-1.jpg\" title=\"Carlson_64_2\" width=\"300\" height=\"200\" src=\"https:\/\/forsvarogforter.dk\/wp-content\/uploads\/2024\/08\/Carlson_64_2-1-300x200.jpg\" data-src=\"https:\/\/forsvarogforter.dk\/wp-content\/uploads\/2024\/08\/Carlson_64_2-1-300x200.jpg\" data-caption=\"Teskt\" srcset=\"https:\/\/forsvarogforter.dk\/wp-content\/uploads\/2024\/08\/Carlson_64_2-1.jpg 1024w, https:\/\/forsvarogforter.dk\/wp-content\/uploads\/2024\/08\/Carlson_64_2-1-300x200.jpg 300w, https:\/\/forsvarogforter.dk\/wp-content\/uploads\/2024\/08\/Carlson_64_2-1-768x511.jpg 768w, https:\/\/forsvarogforter.dk\/wp-content\/uploads\/2024\/08\/Carlson_64_2-1-750x499.jpg 750w\" sizes=\"auto, (max-width: 300px) 100vw, 300px\" \/>\n\t\t<div class=\"figc\">\n\t\t\t<div class=\"figc-inner\">\n\t\t\t\t\t\t\t\t\t\t\t\t\t<p class=\"description\">Teskt<\/p>\n\t\t\t\t\t\t\t\t\t\t\t<\/div>\n\t\t<\/div>\n\n\t<\/div>\n\n<\/div>\t\t\n\t<\/div>\n\n\t\n\t\n\t\t<script type=\"application\/ld+json\">\n            [\n    {\n        \"@context\": \"https:\\\/\\\/schema.org\\\/\",\n        \"@type\": \"ImageObject\",\n        \"contentUrl\": \"https:\\\/\\\/forsvarogforter.dk\\\/wp-content\\\/uploads\\\/2024\\\/08\\\/48_64_2.jpg\",\n        \"license\": \"https:\\\/\\\/creativecommons.org\\\/publicdomain\\\/zero\\\/1.0\\\/\",\n        \"creditText\": \"\",\n        \"creator\": {\n            \"@type\": \"Person\",\n            \"name\": \"S\\u00f8ren \\u00d8stergaard\"\n        },\n        \"copyrightNotice\": \"\"\n    },\n    {\n        \"@context\": \"https:\\\/\\\/schema.org\\\/\",\n        \"@type\": \"ImageObject\",\n        \"contentUrl\": \"https:\\\/\\\/forsvarogforter.dk\\\/wp-content\\\/uploads\\\/2024\\\/08\\\/Garnisons_monument_1848_50_64_tekst.jpg\",\n        \"license\": \"https:\\\/\\\/creativecommons.org\\\/publicdomain\\\/zero\\\/1.0\\\/\",\n        \"creditText\": \"\",\n        \"creator\": {\n            \"@type\": \"Person\",\n            \"name\": \"S\\u00f8ren \\u00d8stergaard\"\n        },\n        \"copyrightNotice\": \"\"\n    },\n    {\n        \"@context\": \"https:\\\/\\\/schema.org\\\/\",\n        \"@type\": \"ImageObject\",\n        \"contentUrl\": \"https:\\\/\\\/forsvarogforter.dk\\\/wp-content\\\/uploads\\\/2024\\\/08\\\/226_64_3.jpg\",\n        \"license\": \"https:\\\/\\\/creativecommons.org\\\/publicdomain\\\/zero\\\/1.0\\\/\",\n        \"creditText\": \"\",\n        \"creator\": {\n            \"@type\": \"Person\",\n            \"name\": \"S\\u00f8ren \\u00d8stergaard\"\n        },\n        \"copyrightNotice\": \"\"\n    },\n    {\n        \"@context\": \"https:\\\/\\\/schema.org\\\/\",\n        \"@type\": \"ImageObject\",\n        \"contentUrl\": \"https:\\\/\\\/forsvarogforter.dk\\\/wp-content\\\/uploads\\\/2024\\\/08\\\/226_64.jpg\",\n        \"license\": \"https:\\\/\\\/creativecommons.org\\\/publicdomain\\\/zero\\\/1.0\\\/\",\n        \"creditText\": \"\",\n        \"creator\": {\n            \"@type\": \"Person\",\n            \"name\": \"S\\u00f8ren \\u00d8stergaard\"\n        },\n        \"copyrightNotice\": \"\"\n    },\n    {\n        \"@context\": \"https:\\\/\\\/schema.org\\\/\",\n        \"@type\": \"ImageObject\",\n        \"contentUrl\": \"https:\\\/\\\/forsvarogforter.dk\\\/wp-content\\\/uploads\\\/2024\\\/08\\\/Behrens_sten.jpg\",\n        \"license\": \"https:\\\/\\\/creativecommons.org\\\/publicdomain\\\/zero\\\/1.0\\\/\",\n        \"creditText\": \"\",\n        \"creator\": {\n            \"@type\": \"Person\",\n            \"name\": \"S\\u00f8ren \\u00d8stergaard\"\n        },\n        \"copyrightNotice\": \"\"\n    },\n    {\n        \"@context\": \"https:\\\/\\\/schema.org\\\/\",\n        \"@type\": \"ImageObject\",\n        \"contentUrl\": \"https:\\\/\\\/forsvarogforter.dk\\\/wp-content\\\/uploads\\\/2024\\\/08\\\/Behrens_64.jpg\",\n        \"license\": \"https:\\\/\\\/creativecommons.org\\\/publicdomain\\\/zero\\\/1.0\\\/\",\n        \"creditText\": \"\",\n        \"creator\": {\n            \"@type\": \"Person\",\n            \"name\": \"S\\u00f8ren \\u00d8stergaard\"\n        },\n        \"copyrightNotice\": \"\"\n    },\n    {\n        \"@context\": \"https:\\\/\\\/schema.org\\\/\",\n        \"@type\": \"ImageObject\",\n        \"contentUrl\": \"https:\\\/\\\/forsvarogforter.dk\\\/wp-content\\\/uploads\\\/2024\\\/08\\\/Behrens_KB.jpg\",\n        \"license\": \"https:\\\/\\\/creativecommons.org\\\/publicdomain\\\/zero\\\/1.0\\\/\",\n        \"creditText\": \"\",\n        \"creator\": {\n            \"@type\": \"Person\",\n            \"name\": \"S\\u00f8ren \\u00d8stergaard\"\n        },\n        \"copyrightNotice\": \"\"\n    },\n    {\n        \"@context\": \"https:\\\/\\\/schema.org\\\/\",\n        \"@type\": \"ImageObject\",\n        \"contentUrl\": \"https:\\\/\\\/forsvarogforter.dk\\\/wp-content\\\/uploads\\\/2024\\\/08\\\/Broennum_sten-421x285-1.jpg\",\n        \"license\": \"https:\\\/\\\/creativecommons.org\\\/publicdomain\\\/zero\\\/1.0\\\/\",\n        \"creditText\": \"\",\n        \"creator\": {\n            \"@type\": \"Person\",\n            \"name\": \"S\\u00f8ren \\u00d8stergaard\"\n        },\n        \"copyrightNotice\": \"\"\n    },\n    {\n        \"@context\": \"https:\\\/\\\/schema.org\\\/\",\n        \"@type\": \"ImageObject\",\n        \"contentUrl\": \"https:\\\/\\\/forsvarogforter.dk\\\/wp-content\\\/uploads\\\/2024\\\/08\\\/Broennum_64_2.jpg\",\n        \"license\": \"https:\\\/\\\/creativecommons.org\\\/publicdomain\\\/zero\\\/1.0\\\/\",\n        \"creditText\": \"\",\n        \"creator\": {\n            \"@type\": \"Person\",\n            \"name\": \"S\\u00f8ren \\u00d8stergaard\"\n        },\n        \"copyrightNotice\": \"\"\n    },\n    {\n        \"@context\": \"https:\\\/\\\/schema.org\\\/\",\n        \"@type\": \"ImageObject\",\n        \"contentUrl\": \"https:\\\/\\\/forsvarogforter.dk\\\/wp-content\\\/uploads\\\/2024\\\/08\\\/Gyldenfeldt_sten.jpg\",\n        \"license\": \"https:\\\/\\\/creativecommons.org\\\/publicdomain\\\/zero\\\/1.0\\\/\",\n        \"creditText\": \"\",\n        \"creator\": {\n            \"@type\": \"Person\",\n            \"name\": \"S\\u00f8ren \\u00d8stergaard\"\n        },\n        \"copyrightNotice\": \"\"\n    },\n    {\n        \"@context\": \"https:\\\/\\\/schema.org\\\/\",\n        \"@type\": \"ImageObject\",\n        \"contentUrl\": \"https:\\\/\\\/forsvarogforter.dk\\\/wp-content\\\/uploads\\\/2024\\\/08\\\/Gyldenfeldt_64.jpg\",\n        \"license\": \"https:\\\/\\\/creativecommons.org\\\/publicdomain\\\/zero\\\/1.0\\\/\",\n        \"creditText\": \"\",\n        \"creator\": {\n            \"@type\": \"Person\",\n            \"name\": \"S\\u00f8ren \\u00d8stergaard\"\n        },\n        \"copyrightNotice\": \"\"\n    },\n    {\n        \"@context\": \"https:\\\/\\\/schema.org\\\/\",\n        \"@type\": \"ImageObject\",\n        \"contentUrl\": \"https:\\\/\\\/forsvarogforter.dk\\\/wp-content\\\/uploads\\\/2024\\\/08\\\/Carlson_64.jpg\",\n        \"license\": \"https:\\\/\\\/creativecommons.org\\\/publicdomain\\\/zero\\\/1.0\\\/\",\n        \"creditText\": \"\",\n        \"creator\": {\n            \"@type\": \"Person\",\n            \"name\": \"S\\u00f8ren \\u00d8stergaard\"\n        },\n        \"copyrightNotice\": \"\"\n    },\n    {\n        \"@context\": \"https:\\\/\\\/schema.org\\\/\",\n        \"@type\": \"ImageObject\",\n        \"contentUrl\": \"https:\\\/\\\/forsvarogforter.dk\\\/wp-content\\\/uploads\\\/2024\\\/08\\\/Carlson_64_2-1.jpg\",\n        \"license\": \"https:\\\/\\\/creativecommons.org\\\/publicdomain\\\/zero\\\/1.0\\\/\",\n        \"creditText\": \"\",\n        \"creator\": {\n            \"@type\": \"Person\",\n            \"name\": \"S\\u00f8ren \\u00d8stergaard\"\n        },\n        \"copyrightNotice\": \"\"\n    }\n]\n\n\t\t<\/script>\n\n\t\t\n\t<script type=\"application\/ld+json\">\n\t{\n\t\t\"@context\": \"http:\/\/schema.org\",\n\t\t\"@type\"   : \"ImageGallery\",\n\t\t\"id\"      : \"https:\/\/forsvarogforter.dk\/index.php\/fra-dybboel-til-kirkegaarden-i-1864\/\",\n\t\t\"url\"     : \"https:\/\/forsvarogforter.dk\/index.php\/fra-dybboel-til-kirkegaarden-i-1864\/\"\n\t}\n\n\t<\/script>\n\n\t\n<\/div>\n\n<p>&nbsp;<\/p>\n<p>Oberst M.O.B. Hveberg<br \/>\nDr\u00e6bt af en kugle i brystet den 17. marts 1864, i kamp p\u00e5 Dybb\u00f8l Bygade. Med 8. regiment skulle han generobre Dybb\u00f8l By.<\/p>\n<style>#jtg-26418 .modula-item .jtg-social a, .lightbox-socials.jtg-social a{ fill: #ffffff; color: #ffffff }#jtg-26418 .modula-item .jtg-social-expandable a, #jtg-26418 .modula-item .jtg-social-expandable-icons a{ fill: #ffffff; color: #ffffff }#jtg-26418 .modula-item .jtg-social svg, .lightbox-socials.jtg-social svg { height: 16px; width: 16px }#jtg-26418 .modula-item .jtg-social-expandable svg { height: 16px; width: 16px }#jtg-26418 .modula-item .jtg-social-expandable-icons svg { height: 16px; width: 16px }#jtg-26418 .modula-item .jtg-social a:not(:last-child), .lightbox-socials.jtg-social a:not(:last-child) { margin-right: 10px }#jtg-26418 .modula-item .jtg-social-expandable-icons { gap: 10px }#jtg-26418 .modula-item .figc {color:#ffffff;}#jtg-26418 .modula-item .figc .jtg-title {  font-size: 16px; }#jtg-26418 .modula-item .modula-item-content { transform: scale(1); }#jtg-26418 .modula-items .figc p.description { font-size:14px; }#jtg-26418 .modula-items .figc p.description { color:#ffffff;}#jtg-26418 .modula-items .figc .jtg-title { color:#ffffff; }#jtg-26418.modula-gallery .modula-item > a, #jtg-26418.modula-gallery .modula-item, #jtg-26418.modula-gallery .modula-item-content > a:not(.modula-no-follow) { cursor:zoom-in; } #jtg-26418.modula-gallery .modula-item-content .modula-no-follow { cursor: default; } @media screen and (max-width:480px){#jtg-26418 .modula-item .figc .jtg-title {  font-size: 12px; }#jtg-26418 .modula-items .figc p.description { color:#ffffff;font-size:10px; }}<\/style>\n<div  id=\"jtg-26418\" class=\"modula modula-gallery modula-custom-grid\" data-config=\"{&quot;height&quot;:800,&quot;tabletHeight&quot;:800,&quot;mobileHeight&quot;:800,&quot;desktopHeight&quot;:800,&quot;enableTwitter&quot;:false,&quot;enableWhatsapp&quot;:false,&quot;enableFacebook&quot;:false,&quot;enablePinterest&quot;:false,&quot;enableLinkedin&quot;:false,&quot;enableEmail&quot;:false,&quot;randomFactor&quot;:0.5,&quot;type&quot;:&quot;custom-grid&quot;,&quot;columns&quot;:12,&quot;gutter&quot;:10,&quot;mobileGutter&quot;:10,&quot;tabletGutter&quot;:10,&quot;desktopGutter&quot;:10,&quot;enableResponsive&quot;:&quot;0&quot;,&quot;tabletColumns&quot;:2,&quot;mobileColumns&quot;:1,&quot;lazyLoad&quot;:0,&quot;lightboxOpts&quot;:{&quot;animated&quot;:true,&quot;Thumbs&quot;:{&quot;type&quot;:&quot;modern&quot;,&quot;showOnStart&quot;:false},&quot;Toolbar&quot;:{&quot;display&quot;:{&quot;right&quot;:[&quot;close&quot;]},&quot;enabled&quot;:true},&quot;Carousel&quot;:{&quot;Panzoom&quot;:{&quot;touch&quot;:false},&quot;infinite&quot;:false},&quot;keyboard&quot;:{&quot;Escape&quot;:&quot;close&quot;,&quot;Delete&quot;:&quot;close&quot;,&quot;Backspace&quot;:&quot;close&quot;,&quot;PageUp&quot;:false,&quot;PageDown&quot;:false,&quot;ArrowUp&quot;:false,&quot;ArrowDown&quot;:false,&quot;ArrowRight&quot;:false,&quot;ArrowLeft&quot;:false},&quot;touch&quot;:false,&quot;backdropClick&quot;:false,&quot;l10n&quot;:{&quot;CLOSE&quot;:&quot;Close&quot;,&quot;NEXT&quot;:&quot;Next&quot;,&quot;PREV&quot;:&quot;Previous&quot;,&quot;Error&quot;:&quot;The requested content cannot be loaded. Please try again later.&quot;,&quot;PLAY_START&quot;:&quot;Start slideshow&quot;,&quot;PLAY_STOP&quot;:&quot;Pause slideshow&quot;,&quot;FULL_SCREEN&quot;:&quot;Full screen&quot;,&quot;THUMBS&quot;:&quot;Thumbnails&quot;,&quot;DOWNLOAD&quot;:&quot;Download&quot;,&quot;SHARE&quot;:&quot;Share&quot;,&quot;ZOOM&quot;:&quot;Zoom&quot;,&quot;EMAIL&quot;:&quot;Here is the link to the image : %%image_link%% and this is the link to the gallery : %%gallery_link%%&quot;,&quot;MODAL&quot;:&quot;You can close this modal content with the ESC key&quot;,&quot;ERROR&quot;:&quot;Something Went Wrong, Please Try Again Later&quot;,&quot;IMAGE_ERROR&quot;:&quot;Image Not Found&quot;,&quot;ELEMENT_NOT_FOUND&quot;:&quot;HTML Element Not Found&quot;,&quot;AJAX_NOT_FOUND&quot;:&quot;Error Loading AJAX : Not Found&quot;,&quot;AJAX_FORBIDDEN&quot;:&quot;Error Loading AJAX : Forbidden&quot;,&quot;IFRAME_ERROR&quot;:&quot;Error Loading Page&quot;,&quot;TOGGLE_ZOOM&quot;:&quot;Toggle zoom level&quot;,&quot;TOGGLE_THUMBS&quot;:&quot;Toggle thumbnails&quot;,&quot;TOGGLE_SLIDESHOW&quot;:&quot;Toggle slideshow&quot;,&quot;TOGGLE_FULLSCREEN&quot;:&quot;Toggle full-screen mode&quot;},&quot;Images&quot;:{&quot;Panzoom&quot;:{&quot;maxScale&quot;:2}},&quot;mainClass&quot;:&quot;modula-fancybox-container modula-lightbox-jtg-26418&quot;,&quot;Html&quot;:{&quot;videoAutoplay&quot;:0,&quot;videoTpl&quot;:&quot;&lt;video class=\\&quot;fancybox__html5video\\&quot; controls muted playsinline controlsList controlsList=\\&quot;nodownload\\&quot; poster=\\&quot;{{poster}}\\&quot; src=\\&quot;{{src}}\\&quot; type=\\&quot;{{format}}\\&quot; &gt;  Sorry, your browser doesn&#039;t support embedded videos, &lt;a href=\\&quot;{{src}}\\&quot;&gt; download &lt;\\\/a&gt; and watch with your favorite video player! &lt;\\\/video&gt;&quot;}},&quot;inView&quot;:false,&quot;email_subject&quot;:&quot;Check out this awesome image !!&quot;,&quot;email_message&quot;:&quot;Here is the link to the image : %%image_link%% and this is the link to the gallery : %%gallery_link%%&quot;,&quot;lightbox&quot;:&quot;fancybox&quot;}\">\n\n\t\n\t<div  class=\"modula-items\">\n\t\t<div class=\"modula-item effect-pufrobo\" data-width=\"2\" data-height=\"2\" >\n\t<div class=\"modula-item-overlay\"><\/div>\n\n\t<div class=\"modula-item-content\">\n\n\t\t\t\t\n\t\t\t\t\t<a data-image-id=\"16140\" role=\"button\" tabindex=\"0\" rel=\"jtg-26418\" data-caption=\"\" aria-label=\"Open image in lightbox\" class=\"tile-inner modula-item-link\"><\/a>\n\t\t\n\t\t<img loading=\"lazy\" decoding=\"async\" class=\"pic wp-image-16140\"  data-valign=\"middle\" data-halign=\"center\" alt=\"Mindesten i Dybb\u00f8l by for M.O.B. Hveberg der faldt ved Dybb\u00f8l\" data-full=\"https:\/\/forsvarogforter.dk\/wp-content\/uploads\/2024\/08\/Hveberg_sten_2.jpg\" title=\"Hveberg_sten_2\" width=\"300\" height=\"169\" src=\"https:\/\/forsvarogforter.dk\/wp-content\/uploads\/2024\/08\/Hveberg_sten_2-300x169.jpg\" data-src=\"https:\/\/forsvarogforter.dk\/wp-content\/uploads\/2024\/08\/Hveberg_sten_2-300x169.jpg\" data-caption=\"\" srcset=\"https:\/\/forsvarogforter.dk\/wp-content\/uploads\/2024\/08\/Hveberg_sten_2.jpg 1632w, https:\/\/forsvarogforter.dk\/wp-content\/uploads\/2024\/08\/Hveberg_sten_2-300x169.jpg 300w, https:\/\/forsvarogforter.dk\/wp-content\/uploads\/2024\/08\/Hveberg_sten_2-1024x576.jpg 1024w, https:\/\/forsvarogforter.dk\/wp-content\/uploads\/2024\/08\/Hveberg_sten_2-768x432.jpg 768w, https:\/\/forsvarogforter.dk\/wp-content\/uploads\/2024\/08\/Hveberg_sten_2-1536x864.jpg 1536w, https:\/\/forsvarogforter.dk\/wp-content\/uploads\/2024\/08\/Hveberg_sten_2-750x422.jpg 750w\" sizes=\"auto, (max-width: 300px) 100vw, 300px\" \/>\n\t\t<div class=\"figc no-description\">\n\t\t\t<div class=\"figc-inner\">\n\t\t\t\t\t\t\t\t\t\t\t\t\t\t\t<\/div>\n\t\t<\/div>\n\n\t<\/div>\n\n<\/div><div class=\"modula-item effect-pufrobo\" data-width=\"2\" data-height=\"2\" >\n\t<div class=\"modula-item-overlay\"><\/div>\n\n\t<div class=\"modula-item-content\">\n\n\t\t\t\t\n\t\t\t\t\t<a data-image-id=\"16121\" role=\"button\" tabindex=\"0\" rel=\"jtg-26418\" data-caption=\"\" aria-label=\"Open image in lightbox\" class=\"tile-inner modula-item-link\"><\/a>\n\t\t\n\t\t<img loading=\"lazy\" decoding=\"async\" class=\"pic wp-image-16121\"  data-valign=\"middle\" data-halign=\"center\" alt=\"Oberst M.O.B. Hveberg&#039;s gravsted p\u00e5 Garnisons kirkeg\u00e5rd\" data-full=\"https:\/\/forsvarogforter.dk\/wp-content\/uploads\/2024\/08\/Hveberg_64_2.jpg\" title=\"Hveberg_64_2\" width=\"300\" height=\"200\" src=\"https:\/\/forsvarogforter.dk\/wp-content\/uploads\/2024\/08\/Hveberg_64_2-300x200.jpg\" data-src=\"https:\/\/forsvarogforter.dk\/wp-content\/uploads\/2024\/08\/Hveberg_64_2-300x200.jpg\" data-caption=\"\" srcset=\"https:\/\/forsvarogforter.dk\/wp-content\/uploads\/2024\/08\/Hveberg_64_2.jpg 800w, https:\/\/forsvarogforter.dk\/wp-content\/uploads\/2024\/08\/Hveberg_64_2-300x200.jpg 300w, https:\/\/forsvarogforter.dk\/wp-content\/uploads\/2024\/08\/Hveberg_64_2-768x511.jpg 768w, https:\/\/forsvarogforter.dk\/wp-content\/uploads\/2024\/08\/Hveberg_64_2-750x499.jpg 750w\" sizes=\"auto, (max-width: 300px) 100vw, 300px\" \/>\n\t\t<div class=\"figc no-description\">\n\t\t\t<div class=\"figc-inner\">\n\t\t\t\t\t\t\t\t\t\t\t\t\t\t\t<\/div>\n\t\t<\/div>\n\n\t<\/div>\n\n<\/div><div class=\"modula-item effect-pufrobo\" data-width=\"2\" data-height=\"2\" >\n\t<div class=\"modula-item-overlay\"><\/div>\n\n\t<div class=\"modula-item-content\">\n\n\t\t\t\t\n\t\t\t\t\t<a data-image-id=\"16120\" role=\"button\" tabindex=\"0\" rel=\"jtg-26418\" data-caption=\"\" aria-label=\"Open image in lightbox\" class=\"tile-inner modula-item-link\"><\/a>\n\t\t\n\t\t<img loading=\"lazy\" decoding=\"async\" class=\"pic wp-image-16120\"  data-valign=\"middle\" data-halign=\"center\" alt=\"Garnisons kirkeg\u00e5rd, gravsten for Oberst M.O.B. Hveberg der faldt i Dybb\u00f8l by\" data-full=\"https:\/\/forsvarogforter.dk\/wp-content\/uploads\/2024\/08\/Hveberg_64.jpg\" title=\"Hveberg_64\" width=\"199\" height=\"300\" src=\"https:\/\/forsvarogforter.dk\/wp-content\/uploads\/2024\/08\/Hveberg_64-199x300.jpg\" data-src=\"https:\/\/forsvarogforter.dk\/wp-content\/uploads\/2024\/08\/Hveberg_64-199x300.jpg\" data-caption=\"\" srcset=\"https:\/\/forsvarogforter.dk\/wp-content\/uploads\/2024\/08\/Hveberg_64.jpg 768w, https:\/\/forsvarogforter.dk\/wp-content\/uploads\/2024\/08\/Hveberg_64-199x300.jpg 199w, https:\/\/forsvarogforter.dk\/wp-content\/uploads\/2024\/08\/Hveberg_64-681x1024.jpg 681w, https:\/\/forsvarogforter.dk\/wp-content\/uploads\/2024\/08\/Hveberg_64-750x1128.jpg 750w\" sizes=\"auto, (max-width: 199px) 100vw, 199px\" \/>\n\t\t<div class=\"figc no-description\">\n\t\t\t<div class=\"figc-inner\">\n\t\t\t\t\t\t\t\t\t\t\t\t\t\t\t<\/div>\n\t\t<\/div>\n\n\t<\/div>\n\n<\/div><div class=\"modula-item effect-pufrobo\" data-width=\"2\" data-height=\"2\" >\n\t<div class=\"modula-item-overlay\"><\/div>\n\n\t<div class=\"modula-item-content\">\n\n\t\t\t\t\n\t\t\t\t\t<a data-image-id=\"16133\" role=\"button\" tabindex=\"0\" rel=\"jtg-26418\" data-caption=\"\" aria-label=\"Open image in lightbox\" class=\"tile-inner modula-item-link\"><\/a>\n\t\t\n\t\t<img loading=\"lazy\" decoding=\"async\" class=\"pic wp-image-16133\"  data-valign=\"middle\" data-halign=\"center\" alt=\"Teksten p\u00e5 oberst M.O.B. Hvebergs gravsten p\u00e5 Garnisons kirkeg\u00e5rd\" data-full=\"https:\/\/forsvarogforter.dk\/wp-content\/uploads\/2024\/08\/Hveberg_64-768x400-1.jpg\" title=\"Hveberg_64-768x400\" width=\"300\" height=\"156\" src=\"https:\/\/forsvarogforter.dk\/wp-content\/uploads\/2024\/08\/Hveberg_64-768x400-1-300x156.jpg\" data-src=\"https:\/\/forsvarogforter.dk\/wp-content\/uploads\/2024\/08\/Hveberg_64-768x400-1-300x156.jpg\" data-caption=\"\" srcset=\"https:\/\/forsvarogforter.dk\/wp-content\/uploads\/2024\/08\/Hveberg_64-768x400-1.jpg 768w, https:\/\/forsvarogforter.dk\/wp-content\/uploads\/2024\/08\/Hveberg_64-768x400-1-300x156.jpg 300w, https:\/\/forsvarogforter.dk\/wp-content\/uploads\/2024\/08\/Hveberg_64-768x400-1-750x391.jpg 750w\" sizes=\"auto, (max-width: 300px) 100vw, 300px\" \/>\n\t\t<div class=\"figc no-description\">\n\t\t\t<div class=\"figc-inner\">\n\t\t\t\t\t\t\t\t\t\t\t\t\t\t\t<\/div>\n\t\t<\/div>\n\n\t<\/div>\n\n<\/div><div class=\"modula-item effect-pufrobo\" data-width=\"2\" data-height=\"2\" >\n\t<div class=\"modula-item-overlay\"><\/div>\n\n\t<div class=\"modula-item-content\">\n\n\t\t\t\t\n\t\t\t\t\t<a data-image-id=\"16134\" role=\"button\" tabindex=\"0\" rel=\"jtg-26418\" data-caption=\"Oberst M.O.B. Hveberg\" aria-label=\"Open image in lightbox\" class=\"tile-inner modula-item-link\"><\/a>\n\t\t\n\t\t<img loading=\"lazy\" decoding=\"async\" class=\"pic wp-image-16134\"  data-valign=\"middle\" data-halign=\"center\" alt=\"Oberst M.O.B. Hveberg, faldet 1864\" data-full=\"https:\/\/forsvarogforter.dk\/wp-content\/uploads\/2024\/08\/Hveberg_KB.jpg\" title=\"Hveberg_KB\" width=\"268\" height=\"300\" src=\"https:\/\/forsvarogforter.dk\/wp-content\/uploads\/2024\/08\/Hveberg_KB-268x300.jpg\" data-src=\"https:\/\/forsvarogforter.dk\/wp-content\/uploads\/2024\/08\/Hveberg_KB-268x300.jpg\" data-caption=\"Oberst M.O.B. Hveberg\" srcset=\"https:\/\/forsvarogforter.dk\/wp-content\/uploads\/2024\/08\/Hveberg_KB.jpg 375w, https:\/\/forsvarogforter.dk\/wp-content\/uploads\/2024\/08\/Hveberg_KB-268x300.jpg 268w\" sizes=\"auto, (max-width: 268px) 100vw, 268px\" \/>\n\t\t<div class=\"figc\">\n\t\t\t<div class=\"figc-inner\">\n\t\t\t\t\t\t\t\t\t\t\t\t\t<p class=\"description\">Oberst M.O.B. Hveberg<\/p>\n\t\t\t\t\t\t\t\t\t\t\t<\/div>\n\t\t<\/div>\n\n\t<\/div>\n\n<\/div>\t\t\n\t<\/div>\n\n\t\n\t\n\t\t<script type=\"application\/ld+json\">\n            [\n    {\n        \"@context\": \"https:\\\/\\\/schema.org\\\/\",\n        \"@type\": \"ImageObject\",\n        \"contentUrl\": \"https:\\\/\\\/forsvarogforter.dk\\\/wp-content\\\/uploads\\\/2024\\\/08\\\/48_64_2.jpg\",\n        \"license\": \"https:\\\/\\\/creativecommons.org\\\/publicdomain\\\/zero\\\/1.0\\\/\",\n        \"creditText\": \"\",\n        \"creator\": {\n            \"@type\": \"Person\",\n            \"name\": \"S\\u00f8ren \\u00d8stergaard\"\n        },\n        \"copyrightNotice\": \"\"\n    },\n    {\n        \"@context\": \"https:\\\/\\\/schema.org\\\/\",\n        \"@type\": \"ImageObject\",\n        \"contentUrl\": \"https:\\\/\\\/forsvarogforter.dk\\\/wp-content\\\/uploads\\\/2024\\\/08\\\/Garnisons_monument_1848_50_64_tekst.jpg\",\n        \"license\": \"https:\\\/\\\/creativecommons.org\\\/publicdomain\\\/zero\\\/1.0\\\/\",\n        \"creditText\": \"\",\n        \"creator\": {\n            \"@type\": \"Person\",\n            \"name\": \"S\\u00f8ren \\u00d8stergaard\"\n        },\n        \"copyrightNotice\": \"\"\n    },\n    {\n        \"@context\": \"https:\\\/\\\/schema.org\\\/\",\n        \"@type\": \"ImageObject\",\n        \"contentUrl\": \"https:\\\/\\\/forsvarogforter.dk\\\/wp-content\\\/uploads\\\/2024\\\/08\\\/226_64_3.jpg\",\n        \"license\": \"https:\\\/\\\/creativecommons.org\\\/publicdomain\\\/zero\\\/1.0\\\/\",\n        \"creditText\": \"\",\n        \"creator\": {\n            \"@type\": \"Person\",\n            \"name\": \"S\\u00f8ren \\u00d8stergaard\"\n        },\n        \"copyrightNotice\": \"\"\n    },\n    {\n        \"@context\": \"https:\\\/\\\/schema.org\\\/\",\n        \"@type\": \"ImageObject\",\n        \"contentUrl\": \"https:\\\/\\\/forsvarogforter.dk\\\/wp-content\\\/uploads\\\/2024\\\/08\\\/226_64.jpg\",\n        \"license\": \"https:\\\/\\\/creativecommons.org\\\/publicdomain\\\/zero\\\/1.0\\\/\",\n        \"creditText\": \"\",\n        \"creator\": {\n            \"@type\": \"Person\",\n            \"name\": \"S\\u00f8ren \\u00d8stergaard\"\n        },\n        \"copyrightNotice\": \"\"\n    },\n    {\n        \"@context\": \"https:\\\/\\\/schema.org\\\/\",\n        \"@type\": \"ImageObject\",\n        \"contentUrl\": \"https:\\\/\\\/forsvarogforter.dk\\\/wp-content\\\/uploads\\\/2024\\\/08\\\/Behrens_sten.jpg\",\n        \"license\": \"https:\\\/\\\/creativecommons.org\\\/publicdomain\\\/zero\\\/1.0\\\/\",\n        \"creditText\": \"\",\n        \"creator\": {\n            \"@type\": \"Person\",\n            \"name\": \"S\\u00f8ren \\u00d8stergaard\"\n        },\n        \"copyrightNotice\": \"\"\n    },\n    {\n        \"@context\": \"https:\\\/\\\/schema.org\\\/\",\n        \"@type\": \"ImageObject\",\n        \"contentUrl\": \"https:\\\/\\\/forsvarogforter.dk\\\/wp-content\\\/uploads\\\/2024\\\/08\\\/Behrens_64.jpg\",\n        \"license\": \"https:\\\/\\\/creativecommons.org\\\/publicdomain\\\/zero\\\/1.0\\\/\",\n        \"creditText\": \"\",\n        \"creator\": {\n            \"@type\": \"Person\",\n            \"name\": \"S\\u00f8ren \\u00d8stergaard\"\n        },\n        \"copyrightNotice\": \"\"\n    },\n    {\n        \"@context\": \"https:\\\/\\\/schema.org\\\/\",\n        \"@type\": \"ImageObject\",\n        \"contentUrl\": \"https:\\\/\\\/forsvarogforter.dk\\\/wp-content\\\/uploads\\\/2024\\\/08\\\/Behrens_KB.jpg\",\n        \"license\": \"https:\\\/\\\/creativecommons.org\\\/publicdomain\\\/zero\\\/1.0\\\/\",\n        \"creditText\": \"\",\n        \"creator\": {\n            \"@type\": \"Person\",\n            \"name\": \"S\\u00f8ren \\u00d8stergaard\"\n        },\n        \"copyrightNotice\": \"\"\n    },\n    {\n        \"@context\": \"https:\\\/\\\/schema.org\\\/\",\n        \"@type\": \"ImageObject\",\n        \"contentUrl\": \"https:\\\/\\\/forsvarogforter.dk\\\/wp-content\\\/uploads\\\/2024\\\/08\\\/Broennum_sten-421x285-1.jpg\",\n        \"license\": \"https:\\\/\\\/creativecommons.org\\\/publicdomain\\\/zero\\\/1.0\\\/\",\n        \"creditText\": \"\",\n        \"creator\": {\n            \"@type\": \"Person\",\n            \"name\": \"S\\u00f8ren \\u00d8stergaard\"\n        },\n        \"copyrightNotice\": \"\"\n    },\n    {\n        \"@context\": \"https:\\\/\\\/schema.org\\\/\",\n        \"@type\": \"ImageObject\",\n        \"contentUrl\": \"https:\\\/\\\/forsvarogforter.dk\\\/wp-content\\\/uploads\\\/2024\\\/08\\\/Broennum_64_2.jpg\",\n        \"license\": \"https:\\\/\\\/creativecommons.org\\\/publicdomain\\\/zero\\\/1.0\\\/\",\n        \"creditText\": \"\",\n        \"creator\": {\n            \"@type\": \"Person\",\n            \"name\": \"S\\u00f8ren \\u00d8stergaard\"\n        },\n        \"copyrightNotice\": \"\"\n    },\n    {\n        \"@context\": \"https:\\\/\\\/schema.org\\\/\",\n        \"@type\": \"ImageObject\",\n        \"contentUrl\": \"https:\\\/\\\/forsvarogforter.dk\\\/wp-content\\\/uploads\\\/2024\\\/08\\\/Gyldenfeldt_sten.jpg\",\n        \"license\": \"https:\\\/\\\/creativecommons.org\\\/publicdomain\\\/zero\\\/1.0\\\/\",\n        \"creditText\": \"\",\n        \"creator\": {\n            \"@type\": \"Person\",\n            \"name\": \"S\\u00f8ren \\u00d8stergaard\"\n        },\n        \"copyrightNotice\": \"\"\n    },\n    {\n        \"@context\": \"https:\\\/\\\/schema.org\\\/\",\n        \"@type\": \"ImageObject\",\n        \"contentUrl\": \"https:\\\/\\\/forsvarogforter.dk\\\/wp-content\\\/uploads\\\/2024\\\/08\\\/Gyldenfeldt_64.jpg\",\n        \"license\": \"https:\\\/\\\/creativecommons.org\\\/publicdomain\\\/zero\\\/1.0\\\/\",\n        \"creditText\": \"\",\n        \"creator\": {\n            \"@type\": \"Person\",\n            \"name\": \"S\\u00f8ren \\u00d8stergaard\"\n        },\n        \"copyrightNotice\": \"\"\n    },\n    {\n        \"@context\": \"https:\\\/\\\/schema.org\\\/\",\n        \"@type\": \"ImageObject\",\n        \"contentUrl\": \"https:\\\/\\\/forsvarogforter.dk\\\/wp-content\\\/uploads\\\/2024\\\/08\\\/Carlson_64.jpg\",\n        \"license\": \"https:\\\/\\\/creativecommons.org\\\/publicdomain\\\/zero\\\/1.0\\\/\",\n        \"creditText\": \"\",\n        \"creator\": {\n            \"@type\": \"Person\",\n            \"name\": \"S\\u00f8ren \\u00d8stergaard\"\n        },\n        \"copyrightNotice\": \"\"\n    },\n    {\n        \"@context\": \"https:\\\/\\\/schema.org\\\/\",\n        \"@type\": \"ImageObject\",\n        \"contentUrl\": \"https:\\\/\\\/forsvarogforter.dk\\\/wp-content\\\/uploads\\\/2024\\\/08\\\/Carlson_64_2-1.jpg\",\n        \"license\": \"https:\\\/\\\/creativecommons.org\\\/publicdomain\\\/zero\\\/1.0\\\/\",\n        \"creditText\": \"\",\n        \"creator\": {\n            \"@type\": \"Person\",\n            \"name\": \"S\\u00f8ren \\u00d8stergaard\"\n        },\n        \"copyrightNotice\": \"\"\n    },\n    {\n        \"@context\": \"https:\\\/\\\/schema.org\\\/\",\n        \"@type\": \"ImageObject\",\n        \"contentUrl\": \"https:\\\/\\\/forsvarogforter.dk\\\/wp-content\\\/uploads\\\/2024\\\/08\\\/Hveberg_sten_2.jpg\",\n        \"license\": \"https:\\\/\\\/creativecommons.org\\\/publicdomain\\\/zero\\\/1.0\\\/\",\n        \"creditText\": \"\",\n        \"creator\": {\n            \"@type\": \"Person\",\n            \"name\": \"S\\u00f8ren \\u00d8stergaard\"\n        },\n        \"copyrightNotice\": \"\"\n    },\n    {\n        \"@context\": \"https:\\\/\\\/schema.org\\\/\",\n        \"@type\": \"ImageObject\",\n        \"contentUrl\": \"https:\\\/\\\/forsvarogforter.dk\\\/wp-content\\\/uploads\\\/2024\\\/08\\\/Hveberg_64_2.jpg\",\n        \"license\": \"https:\\\/\\\/creativecommons.org\\\/publicdomain\\\/zero\\\/1.0\\\/\",\n        \"creditText\": \"\",\n        \"creator\": {\n            \"@type\": \"Person\",\n            \"name\": \"S\\u00f8ren \\u00d8stergaard\"\n        },\n        \"copyrightNotice\": \"\"\n    },\n    {\n        \"@context\": \"https:\\\/\\\/schema.org\\\/\",\n        \"@type\": \"ImageObject\",\n        \"contentUrl\": \"https:\\\/\\\/forsvarogforter.dk\\\/wp-content\\\/uploads\\\/2024\\\/08\\\/Hveberg_64.jpg\",\n        \"license\": \"https:\\\/\\\/creativecommons.org\\\/publicdomain\\\/zero\\\/1.0\\\/\",\n        \"creditText\": \"\",\n        \"creator\": {\n            \"@type\": \"Person\",\n            \"name\": \"S\\u00f8ren \\u00d8stergaard\"\n        },\n        \"copyrightNotice\": \"\"\n    },\n    {\n        \"@context\": \"https:\\\/\\\/schema.org\\\/\",\n        \"@type\": \"ImageObject\",\n        \"contentUrl\": \"https:\\\/\\\/forsvarogforter.dk\\\/wp-content\\\/uploads\\\/2024\\\/08\\\/Hveberg_64-768x400-1.jpg\",\n        \"license\": \"https:\\\/\\\/creativecommons.org\\\/publicdomain\\\/zero\\\/1.0\\\/\",\n        \"creditText\": \"\",\n        \"creator\": {\n            \"@type\": \"Person\",\n            \"name\": \"S\\u00f8ren \\u00d8stergaard\"\n        },\n        \"copyrightNotice\": \"\"\n    },\n    {\n        \"@context\": \"https:\\\/\\\/schema.org\\\/\",\n        \"@type\": \"ImageObject\",\n        \"contentUrl\": \"https:\\\/\\\/forsvarogforter.dk\\\/wp-content\\\/uploads\\\/2024\\\/08\\\/Hveberg_KB.jpg\",\n        \"license\": \"https:\\\/\\\/creativecommons.org\\\/publicdomain\\\/zero\\\/1.0\\\/\",\n        \"creditText\": \"\",\n        \"creator\": {\n            \"@type\": \"Person\",\n            \"name\": \"S\\u00f8ren \\u00d8stergaard\"\n        },\n        \"copyrightNotice\": \"\"\n    }\n]\n\n\t\t<\/script>\n\n\t\t\n\t<script type=\"application\/ld+json\">\n\t{\n\t\t\"@context\": \"http:\/\/schema.org\",\n\t\t\"@type\"   : \"ImageGallery\",\n\t\t\"id\"      : \"https:\/\/forsvarogforter.dk\/index.php\/fra-dybboel-til-kirkegaarden-i-1864\/\",\n\t\t\"url\"     : \"https:\/\/forsvarogforter.dk\/index.php\/fra-dybboel-til-kirkegaarden-i-1864\/\"\n\t}\n\n\t<\/script>\n\n\t\n<\/div>\n\n<p>&nbsp;<\/p>\n<p>Kaptajn C.W. Jensen<br \/>\nDr\u00e6bt under tilbagetr\u00e6kning fra skanserne mod \u00f8st\u00a0 i n\u00e6rheden af redoute A.<\/p>\n<style>#jtg-26422 .modula-item .jtg-social a, .lightbox-socials.jtg-social a{ fill: #ffffff; color: #ffffff }#jtg-26422 .modula-item .jtg-social-expandable a, #jtg-26422 .modula-item .jtg-social-expandable-icons a{ fill: #ffffff; color: #ffffff }#jtg-26422 .modula-item .jtg-social svg, .lightbox-socials.jtg-social svg { height: 16px; width: 16px }#jtg-26422 .modula-item .jtg-social-expandable svg { height: 16px; width: 16px }#jtg-26422 .modula-item .jtg-social-expandable-icons svg { height: 16px; width: 16px }#jtg-26422 .modula-item .jtg-social a:not(:last-child), .lightbox-socials.jtg-social a:not(:last-child) { margin-right: 10px }#jtg-26422 .modula-item .jtg-social-expandable-icons { gap: 10px }#jtg-26422 .modula-item .figc {color:#ffffff;}#jtg-26422 .modula-item .figc .jtg-title {  font-size: 16px; }#jtg-26422 .modula-item .modula-item-content { transform: scale(1); }#jtg-26422 .modula-items .figc p.description { font-size:14px; }#jtg-26422 .modula-items .figc p.description { color:#ffffff;}#jtg-26422 .modula-items .figc .jtg-title { color:#ffffff; }#jtg-26422.modula-gallery .modula-item > a, #jtg-26422.modula-gallery .modula-item, #jtg-26422.modula-gallery .modula-item-content > a:not(.modula-no-follow) { cursor:zoom-in; } #jtg-26422.modula-gallery .modula-item-content .modula-no-follow { cursor: default; } @media screen and (max-width:480px){#jtg-26422 .modula-item .figc .jtg-title {  font-size: 12px; }#jtg-26422 .modula-items .figc p.description { color:#ffffff;font-size:10px; }}<\/style>\n<div  id=\"jtg-26422\" class=\"modula modula-gallery modula-custom-grid\" data-config=\"{&quot;height&quot;:800,&quot;tabletHeight&quot;:800,&quot;mobileHeight&quot;:800,&quot;desktopHeight&quot;:800,&quot;enableTwitter&quot;:false,&quot;enableWhatsapp&quot;:false,&quot;enableFacebook&quot;:false,&quot;enablePinterest&quot;:false,&quot;enableLinkedin&quot;:false,&quot;enableEmail&quot;:false,&quot;randomFactor&quot;:0.5,&quot;type&quot;:&quot;custom-grid&quot;,&quot;columns&quot;:12,&quot;gutter&quot;:10,&quot;mobileGutter&quot;:10,&quot;tabletGutter&quot;:10,&quot;desktopGutter&quot;:10,&quot;enableResponsive&quot;:&quot;0&quot;,&quot;tabletColumns&quot;:2,&quot;mobileColumns&quot;:1,&quot;lazyLoad&quot;:0,&quot;lightboxOpts&quot;:{&quot;animated&quot;:true,&quot;Thumbs&quot;:{&quot;type&quot;:&quot;modern&quot;,&quot;showOnStart&quot;:false},&quot;Toolbar&quot;:{&quot;display&quot;:{&quot;right&quot;:[&quot;close&quot;]},&quot;enabled&quot;:true},&quot;Carousel&quot;:{&quot;Panzoom&quot;:{&quot;touch&quot;:false},&quot;infinite&quot;:false},&quot;keyboard&quot;:{&quot;Escape&quot;:&quot;close&quot;,&quot;Delete&quot;:&quot;close&quot;,&quot;Backspace&quot;:&quot;close&quot;,&quot;PageUp&quot;:false,&quot;PageDown&quot;:false,&quot;ArrowUp&quot;:false,&quot;ArrowDown&quot;:false,&quot;ArrowRight&quot;:false,&quot;ArrowLeft&quot;:false},&quot;touch&quot;:false,&quot;backdropClick&quot;:false,&quot;l10n&quot;:{&quot;CLOSE&quot;:&quot;Close&quot;,&quot;NEXT&quot;:&quot;Next&quot;,&quot;PREV&quot;:&quot;Previous&quot;,&quot;Error&quot;:&quot;The requested content cannot be loaded. Please try again later.&quot;,&quot;PLAY_START&quot;:&quot;Start slideshow&quot;,&quot;PLAY_STOP&quot;:&quot;Pause slideshow&quot;,&quot;FULL_SCREEN&quot;:&quot;Full screen&quot;,&quot;THUMBS&quot;:&quot;Thumbnails&quot;,&quot;DOWNLOAD&quot;:&quot;Download&quot;,&quot;SHARE&quot;:&quot;Share&quot;,&quot;ZOOM&quot;:&quot;Zoom&quot;,&quot;EMAIL&quot;:&quot;Here is the link to the image : %%image_link%% and this is the link to the gallery : %%gallery_link%%&quot;,&quot;MODAL&quot;:&quot;You can close this modal content with the ESC key&quot;,&quot;ERROR&quot;:&quot;Something Went Wrong, Please Try Again Later&quot;,&quot;IMAGE_ERROR&quot;:&quot;Image Not Found&quot;,&quot;ELEMENT_NOT_FOUND&quot;:&quot;HTML Element Not Found&quot;,&quot;AJAX_NOT_FOUND&quot;:&quot;Error Loading AJAX : Not Found&quot;,&quot;AJAX_FORBIDDEN&quot;:&quot;Error Loading AJAX : Forbidden&quot;,&quot;IFRAME_ERROR&quot;:&quot;Error Loading Page&quot;,&quot;TOGGLE_ZOOM&quot;:&quot;Toggle zoom level&quot;,&quot;TOGGLE_THUMBS&quot;:&quot;Toggle thumbnails&quot;,&quot;TOGGLE_SLIDESHOW&quot;:&quot;Toggle slideshow&quot;,&quot;TOGGLE_FULLSCREEN&quot;:&quot;Toggle full-screen mode&quot;},&quot;Images&quot;:{&quot;Panzoom&quot;:{&quot;maxScale&quot;:2}},&quot;mainClass&quot;:&quot;modula-fancybox-container modula-lightbox-jtg-26422&quot;,&quot;Html&quot;:{&quot;videoAutoplay&quot;:0,&quot;videoTpl&quot;:&quot;&lt;video class=\\&quot;fancybox__html5video\\&quot; controls muted playsinline controlsList controlsList=\\&quot;nodownload\\&quot; poster=\\&quot;{{poster}}\\&quot; src=\\&quot;{{src}}\\&quot; type=\\&quot;{{format}}\\&quot; &gt;  Sorry, your browser doesn&#039;t support embedded videos, &lt;a href=\\&quot;{{src}}\\&quot;&gt; download &lt;\\\/a&gt; and watch with your favorite video player! &lt;\\\/video&gt;&quot;}},&quot;inView&quot;:false,&quot;email_subject&quot;:&quot;Check out this awesome image !!&quot;,&quot;email_message&quot;:&quot;Here is the link to the image : %%image_link%% and this is the link to the gallery : %%gallery_link%%&quot;,&quot;lightbox&quot;:&quot;fancybox&quot;}\">\n\n\t\n\t<div  class=\"modula-items\">\n\t\t<div class=\"modula-item effect-pufrobo\" data-width=\"2\" data-height=\"2\" >\n\t<div class=\"modula-item-overlay\"><\/div>\n\n\t<div class=\"modula-item-content\">\n\n\t\t\t\t\n\t\t\t\t\t<a data-image-id=\"16801\" role=\"button\" tabindex=\"0\" rel=\"jtg-26422\" data-caption=\"Mindesten C.W. Jensen\" aria-label=\"Open image in lightbox\" class=\"tile-inner modula-item-link\"><\/a>\n\t\t\n\t\t<img loading=\"lazy\" decoding=\"async\" class=\"pic wp-image-16801\"  data-valign=\"middle\" data-halign=\"center\" alt=\"Mindesten p\u00e5 Dybb\u00f8l over C.W. Jensen, faldet i 1864\" data-full=\"https:\/\/forsvarogforter.dk\/wp-content\/uploads\/2024\/08\/Jensen_sten.jpg\" title=\"C.W. Jensen mindesten\" width=\"300\" height=\"211\" src=\"https:\/\/forsvarogforter.dk\/wp-content\/uploads\/2024\/08\/Jensen_sten-300x211.jpg\" data-src=\"https:\/\/forsvarogforter.dk\/wp-content\/uploads\/2024\/08\/Jensen_sten-300x211.jpg\" data-caption=\"Mindesten C.W. Jensen\" srcset=\"https:\/\/forsvarogforter.dk\/wp-content\/uploads\/2024\/08\/Jensen_sten.jpg 421w, https:\/\/forsvarogforter.dk\/wp-content\/uploads\/2024\/08\/Jensen_sten-300x211.jpg 300w\" sizes=\"auto, (max-width: 300px) 100vw, 300px\" \/>\n\t\t<div class=\"figc\">\n\t\t\t<div class=\"figc-inner\">\n\t\t\t\t\t\t\t\t\t\t\t\t\t<p class=\"description\">Mindesten C.W. Jensen<\/p>\n\t\t\t\t\t\t\t\t\t\t\t<\/div>\n\t\t<\/div>\n\n\t<\/div>\n\n<\/div><div class=\"modula-item effect-pufrobo\" data-width=\"2\" data-height=\"2\" >\n\t<div class=\"modula-item-overlay\"><\/div>\n\n\t<div class=\"modula-item-content\">\n\n\t\t\t\t\n\t\t\t\t\t<a data-image-id=\"16788\" role=\"button\" tabindex=\"0\" rel=\"jtg-26422\" data-caption=\"Kaptajn C.W. Jensen\" aria-label=\"Open image in lightbox\" class=\"tile-inner modula-item-link\"><\/a>\n\t\t\n\t\t<img loading=\"lazy\" decoding=\"async\" class=\"pic wp-image-16788\"  data-valign=\"middle\" data-halign=\"center\" alt=\"Kaptajn C.W. Jensen grav1864\" data-full=\"https:\/\/forsvarogforter.dk\/wp-content\/uploads\/2024\/08\/Jensen_64_2.jpg\" title=\"Kaptajn CW Jensen 1864\" width=\"199\" height=\"300\" src=\"https:\/\/forsvarogforter.dk\/wp-content\/uploads\/2024\/08\/Jensen_64_2-199x300.jpg\" data-src=\"https:\/\/forsvarogforter.dk\/wp-content\/uploads\/2024\/08\/Jensen_64_2-199x300.jpg\" data-caption=\"Kaptajn C.W. Jensen\" srcset=\"https:\/\/forsvarogforter.dk\/wp-content\/uploads\/2024\/08\/Jensen_64_2.jpg 768w, https:\/\/forsvarogforter.dk\/wp-content\/uploads\/2024\/08\/Jensen_64_2-199x300.jpg 199w, https:\/\/forsvarogforter.dk\/wp-content\/uploads\/2024\/08\/Jensen_64_2-681x1024.jpg 681w, https:\/\/forsvarogforter.dk\/wp-content\/uploads\/2024\/08\/Jensen_64_2-750x1128.jpg 750w\" sizes=\"auto, (max-width: 199px) 100vw, 199px\" \/>\n\t\t<div class=\"figc\">\n\t\t\t<div class=\"figc-inner\">\n\t\t\t\t\t\t\t\t\t\t\t\t\t<p class=\"description\">Kaptajn C.W. Jensen<\/p>\n\t\t\t\t\t\t\t\t\t\t\t<\/div>\n\t\t<\/div>\n\n\t<\/div>\n\n<\/div><div class=\"modula-item effect-pufrobo\" data-width=\"2\" data-height=\"2\" >\n\t<div class=\"modula-item-overlay\"><\/div>\n\n\t<div class=\"modula-item-content\">\n\n\t\t\t\t\n\t\t\t\t\t<a data-image-id=\"16795\" role=\"button\" tabindex=\"0\" rel=\"jtg-26422\" data-caption=\"C.W. Jensen\" aria-label=\"Open image in lightbox\" class=\"tile-inner modula-item-link\"><\/a>\n\t\t\n\t\t<img loading=\"lazy\" decoding=\"async\" class=\"pic wp-image-16795\"  data-valign=\"middle\" data-halign=\"center\" alt=\"Kaptajn C.W. Jensen, faldet p\u00e5 Dybb\u00f8l 1864\" data-full=\"https:\/\/forsvarogforter.dk\/wp-content\/uploads\/2024\/08\/Jensen_KB.jpg\" title=\"Kaptajn C.W. Jensen\" width=\"277\" height=\"300\" src=\"https:\/\/forsvarogforter.dk\/wp-content\/uploads\/2024\/08\/Jensen_KB-277x300.jpg\" data-src=\"https:\/\/forsvarogforter.dk\/wp-content\/uploads\/2024\/08\/Jensen_KB-277x300.jpg\" data-caption=\"C.W. Jensen\" srcset=\"https:\/\/forsvarogforter.dk\/wp-content\/uploads\/2024\/08\/Jensen_KB.jpg 537w, https:\/\/forsvarogforter.dk\/wp-content\/uploads\/2024\/08\/Jensen_KB-277x300.jpg 277w\" sizes=\"auto, (max-width: 277px) 100vw, 277px\" \/>\n\t\t<div class=\"figc\">\n\t\t\t<div class=\"figc-inner\">\n\t\t\t\t\t\t\t\t\t\t\t\t\t<p class=\"description\">C.W. Jensen<\/p>\n\t\t\t\t\t\t\t\t\t\t\t<\/div>\n\t\t<\/div>\n\n\t<\/div>\n\n<\/div>\t\t\n\t<\/div>\n\n\t\n\t\n\t\t<script type=\"application\/ld+json\">\n            [\n    {\n        \"@context\": \"https:\\\/\\\/schema.org\\\/\",\n        \"@type\": \"ImageObject\",\n        \"contentUrl\": \"https:\\\/\\\/forsvarogforter.dk\\\/wp-content\\\/uploads\\\/2024\\\/08\\\/48_64_2.jpg\",\n        \"license\": \"https:\\\/\\\/creativecommons.org\\\/publicdomain\\\/zero\\\/1.0\\\/\",\n        \"creditText\": \"\",\n        \"creator\": {\n            \"@type\": \"Person\",\n            \"name\": \"S\\u00f8ren \\u00d8stergaard\"\n        },\n        \"copyrightNotice\": \"\"\n    },\n    {\n        \"@context\": \"https:\\\/\\\/schema.org\\\/\",\n        \"@type\": \"ImageObject\",\n        \"contentUrl\": \"https:\\\/\\\/forsvarogforter.dk\\\/wp-content\\\/uploads\\\/2024\\\/08\\\/Garnisons_monument_1848_50_64_tekst.jpg\",\n        \"license\": \"https:\\\/\\\/creativecommons.org\\\/publicdomain\\\/zero\\\/1.0\\\/\",\n        \"creditText\": \"\",\n        \"creator\": {\n            \"@type\": \"Person\",\n            \"name\": \"S\\u00f8ren \\u00d8stergaard\"\n        },\n        \"copyrightNotice\": \"\"\n    },\n    {\n        \"@context\": \"https:\\\/\\\/schema.org\\\/\",\n        \"@type\": \"ImageObject\",\n        \"contentUrl\": \"https:\\\/\\\/forsvarogforter.dk\\\/wp-content\\\/uploads\\\/2024\\\/08\\\/226_64_3.jpg\",\n        \"license\": \"https:\\\/\\\/creativecommons.org\\\/publicdomain\\\/zero\\\/1.0\\\/\",\n        \"creditText\": \"\",\n        \"creator\": {\n            \"@type\": \"Person\",\n            \"name\": \"S\\u00f8ren \\u00d8stergaard\"\n        },\n        \"copyrightNotice\": \"\"\n    },\n    {\n        \"@context\": \"https:\\\/\\\/schema.org\\\/\",\n        \"@type\": \"ImageObject\",\n        \"contentUrl\": \"https:\\\/\\\/forsvarogforter.dk\\\/wp-content\\\/uploads\\\/2024\\\/08\\\/226_64.jpg\",\n        \"license\": \"https:\\\/\\\/creativecommons.org\\\/publicdomain\\\/zero\\\/1.0\\\/\",\n        \"creditText\": \"\",\n        \"creator\": {\n            \"@type\": \"Person\",\n            \"name\": \"S\\u00f8ren \\u00d8stergaard\"\n        },\n        \"copyrightNotice\": \"\"\n    },\n    {\n        \"@context\": \"https:\\\/\\\/schema.org\\\/\",\n        \"@type\": \"ImageObject\",\n        \"contentUrl\": \"https:\\\/\\\/forsvarogforter.dk\\\/wp-content\\\/uploads\\\/2024\\\/08\\\/Behrens_sten.jpg\",\n        \"license\": \"https:\\\/\\\/creativecommons.org\\\/publicdomain\\\/zero\\\/1.0\\\/\",\n        \"creditText\": \"\",\n        \"creator\": {\n            \"@type\": \"Person\",\n            \"name\": \"S\\u00f8ren \\u00d8stergaard\"\n        },\n        \"copyrightNotice\": \"\"\n    },\n    {\n        \"@context\": \"https:\\\/\\\/schema.org\\\/\",\n        \"@type\": \"ImageObject\",\n        \"contentUrl\": \"https:\\\/\\\/forsvarogforter.dk\\\/wp-content\\\/uploads\\\/2024\\\/08\\\/Behrens_64.jpg\",\n        \"license\": \"https:\\\/\\\/creativecommons.org\\\/publicdomain\\\/zero\\\/1.0\\\/\",\n        \"creditText\": \"\",\n        \"creator\": {\n            \"@type\": \"Person\",\n            \"name\": \"S\\u00f8ren \\u00d8stergaard\"\n        },\n        \"copyrightNotice\": \"\"\n    },\n    {\n        \"@context\": \"https:\\\/\\\/schema.org\\\/\",\n        \"@type\": \"ImageObject\",\n        \"contentUrl\": \"https:\\\/\\\/forsvarogforter.dk\\\/wp-content\\\/uploads\\\/2024\\\/08\\\/Behrens_KB.jpg\",\n        \"license\": \"https:\\\/\\\/creativecommons.org\\\/publicdomain\\\/zero\\\/1.0\\\/\",\n        \"creditText\": \"\",\n        \"creator\": {\n            \"@type\": \"Person\",\n            \"name\": \"S\\u00f8ren \\u00d8stergaard\"\n        },\n        \"copyrightNotice\": \"\"\n    },\n    {\n        \"@context\": \"https:\\\/\\\/schema.org\\\/\",\n        \"@type\": \"ImageObject\",\n        \"contentUrl\": \"https:\\\/\\\/forsvarogforter.dk\\\/wp-content\\\/uploads\\\/2024\\\/08\\\/Broennum_sten-421x285-1.jpg\",\n        \"license\": \"https:\\\/\\\/creativecommons.org\\\/publicdomain\\\/zero\\\/1.0\\\/\",\n        \"creditText\": \"\",\n        \"creator\": {\n            \"@type\": \"Person\",\n            \"name\": \"S\\u00f8ren \\u00d8stergaard\"\n        },\n        \"copyrightNotice\": \"\"\n    },\n    {\n        \"@context\": \"https:\\\/\\\/schema.org\\\/\",\n        \"@type\": \"ImageObject\",\n        \"contentUrl\": \"https:\\\/\\\/forsvarogforter.dk\\\/wp-content\\\/uploads\\\/2024\\\/08\\\/Broennum_64_2.jpg\",\n        \"license\": \"https:\\\/\\\/creativecommons.org\\\/publicdomain\\\/zero\\\/1.0\\\/\",\n        \"creditText\": \"\",\n        \"creator\": {\n            \"@type\": \"Person\",\n            \"name\": \"S\\u00f8ren \\u00d8stergaard\"\n        },\n        \"copyrightNotice\": \"\"\n    },\n    {\n        \"@context\": \"https:\\\/\\\/schema.org\\\/\",\n        \"@type\": \"ImageObject\",\n        \"contentUrl\": \"https:\\\/\\\/forsvarogforter.dk\\\/wp-content\\\/uploads\\\/2024\\\/08\\\/Gyldenfeldt_sten.jpg\",\n        \"license\": \"https:\\\/\\\/creativecommons.org\\\/publicdomain\\\/zero\\\/1.0\\\/\",\n        \"creditText\": \"\",\n        \"creator\": {\n            \"@type\": \"Person\",\n            \"name\": \"S\\u00f8ren \\u00d8stergaard\"\n        },\n        \"copyrightNotice\": \"\"\n    },\n    {\n        \"@context\": \"https:\\\/\\\/schema.org\\\/\",\n        \"@type\": \"ImageObject\",\n        \"contentUrl\": \"https:\\\/\\\/forsvarogforter.dk\\\/wp-content\\\/uploads\\\/2024\\\/08\\\/Gyldenfeldt_64.jpg\",\n        \"license\": \"https:\\\/\\\/creativecommons.org\\\/publicdomain\\\/zero\\\/1.0\\\/\",\n        \"creditText\": \"\",\n        \"creator\": {\n            \"@type\": \"Person\",\n            \"name\": \"S\\u00f8ren \\u00d8stergaard\"\n        },\n        \"copyrightNotice\": \"\"\n    },\n    {\n        \"@context\": \"https:\\\/\\\/schema.org\\\/\",\n        \"@type\": \"ImageObject\",\n        \"contentUrl\": \"https:\\\/\\\/forsvarogforter.dk\\\/wp-content\\\/uploads\\\/2024\\\/08\\\/Carlson_64.jpg\",\n        \"license\": \"https:\\\/\\\/creativecommons.org\\\/publicdomain\\\/zero\\\/1.0\\\/\",\n        \"creditText\": \"\",\n        \"creator\": {\n            \"@type\": \"Person\",\n            \"name\": \"S\\u00f8ren \\u00d8stergaard\"\n        },\n        \"copyrightNotice\": \"\"\n    },\n    {\n        \"@context\": \"https:\\\/\\\/schema.org\\\/\",\n        \"@type\": \"ImageObject\",\n        \"contentUrl\": \"https:\\\/\\\/forsvarogforter.dk\\\/wp-content\\\/uploads\\\/2024\\\/08\\\/Carlson_64_2-1.jpg\",\n        \"license\": \"https:\\\/\\\/creativecommons.org\\\/publicdomain\\\/zero\\\/1.0\\\/\",\n        \"creditText\": \"\",\n        \"creator\": {\n            \"@type\": \"Person\",\n            \"name\": \"S\\u00f8ren \\u00d8stergaard\"\n        },\n        \"copyrightNotice\": \"\"\n    },\n    {\n        \"@context\": \"https:\\\/\\\/schema.org\\\/\",\n        \"@type\": \"ImageObject\",\n        \"contentUrl\": \"https:\\\/\\\/forsvarogforter.dk\\\/wp-content\\\/uploads\\\/2024\\\/08\\\/Hveberg_sten_2.jpg\",\n        \"license\": \"https:\\\/\\\/creativecommons.org\\\/publicdomain\\\/zero\\\/1.0\\\/\",\n        \"creditText\": \"\",\n        \"creator\": {\n            \"@type\": \"Person\",\n            \"name\": \"S\\u00f8ren \\u00d8stergaard\"\n        },\n        \"copyrightNotice\": \"\"\n    },\n    {\n        \"@context\": \"https:\\\/\\\/schema.org\\\/\",\n        \"@type\": \"ImageObject\",\n        \"contentUrl\": \"https:\\\/\\\/forsvarogforter.dk\\\/wp-content\\\/uploads\\\/2024\\\/08\\\/Hveberg_64_2.jpg\",\n        \"license\": \"https:\\\/\\\/creativecommons.org\\\/publicdomain\\\/zero\\\/1.0\\\/\",\n        \"creditText\": \"\",\n        \"creator\": {\n            \"@type\": \"Person\",\n            \"name\": \"S\\u00f8ren \\u00d8stergaard\"\n        },\n        \"copyrightNotice\": \"\"\n    },\n    {\n        \"@context\": \"https:\\\/\\\/schema.org\\\/\",\n        \"@type\": \"ImageObject\",\n        \"contentUrl\": \"https:\\\/\\\/forsvarogforter.dk\\\/wp-content\\\/uploads\\\/2024\\\/08\\\/Hveberg_64.jpg\",\n        \"license\": \"https:\\\/\\\/creativecommons.org\\\/publicdomain\\\/zero\\\/1.0\\\/\",\n        \"creditText\": \"\",\n        \"creator\": {\n            \"@type\": \"Person\",\n            \"name\": \"S\\u00f8ren \\u00d8stergaard\"\n        },\n        \"copyrightNotice\": \"\"\n    },\n    {\n        \"@context\": \"https:\\\/\\\/schema.org\\\/\",\n        \"@type\": \"ImageObject\",\n        \"contentUrl\": \"https:\\\/\\\/forsvarogforter.dk\\\/wp-content\\\/uploads\\\/2024\\\/08\\\/Hveberg_64-768x400-1.jpg\",\n        \"license\": \"https:\\\/\\\/creativecommons.org\\\/publicdomain\\\/zero\\\/1.0\\\/\",\n        \"creditText\": \"\",\n        \"creator\": {\n            \"@type\": \"Person\",\n            \"name\": \"S\\u00f8ren \\u00d8stergaard\"\n        },\n        \"copyrightNotice\": \"\"\n    },\n    {\n        \"@context\": \"https:\\\/\\\/schema.org\\\/\",\n        \"@type\": \"ImageObject\",\n        \"contentUrl\": \"https:\\\/\\\/forsvarogforter.dk\\\/wp-content\\\/uploads\\\/2024\\\/08\\\/Hveberg_KB.jpg\",\n        \"license\": \"https:\\\/\\\/creativecommons.org\\\/publicdomain\\\/zero\\\/1.0\\\/\",\n        \"creditText\": \"\",\n        \"creator\": {\n            \"@type\": \"Person\",\n            \"name\": \"S\\u00f8ren \\u00d8stergaard\"\n        },\n        \"copyrightNotice\": \"\"\n    },\n    {\n        \"@context\": \"https:\\\/\\\/schema.org\\\/\",\n        \"@type\": \"ImageObject\",\n        \"contentUrl\": \"https:\\\/\\\/forsvarogforter.dk\\\/wp-content\\\/uploads\\\/2024\\\/08\\\/Jensen_sten.jpg\",\n        \"license\": \"https:\\\/\\\/creativecommons.org\\\/publicdomain\\\/zero\\\/1.0\\\/\",\n        \"creditText\": \"\",\n        \"creator\": {\n            \"@type\": \"Person\",\n            \"name\": \"S\\u00f8ren \\u00d8stergaard\"\n        },\n        \"copyrightNotice\": \"\"\n    },\n    {\n        \"@context\": \"https:\\\/\\\/schema.org\\\/\",\n        \"@type\": \"ImageObject\",\n        \"contentUrl\": \"https:\\\/\\\/forsvarogforter.dk\\\/wp-content\\\/uploads\\\/2024\\\/08\\\/Jensen_64_2.jpg\",\n        \"license\": \"https:\\\/\\\/creativecommons.org\\\/publicdomain\\\/zero\\\/1.0\\\/\",\n        \"creditText\": \"\",\n        \"creator\": {\n            \"@type\": \"Person\",\n            \"name\": \"S\\u00f8ren \\u00d8stergaard\"\n        },\n        \"copyrightNotice\": \"\"\n    },\n    {\n        \"@context\": \"https:\\\/\\\/schema.org\\\/\",\n        \"@type\": \"ImageObject\",\n        \"contentUrl\": \"https:\\\/\\\/forsvarogforter.dk\\\/wp-content\\\/uploads\\\/2024\\\/08\\\/Jensen_KB.jpg\",\n        \"license\": \"https:\\\/\\\/creativecommons.org\\\/publicdomain\\\/zero\\\/1.0\\\/\",\n        \"creditText\": \"\",\n        \"creator\": {\n            \"@type\": \"Person\",\n            \"name\": \"S\\u00f8ren \\u00d8stergaard\"\n        },\n        \"copyrightNotice\": \"\"\n    }\n]\n\n\t\t<\/script>\n\n\t\t\n\t<script type=\"application\/ld+json\">\n\t{\n\t\t\"@context\": \"http:\/\/schema.org\",\n\t\t\"@type\"   : \"ImageGallery\",\n\t\t\"id\"      : \"https:\/\/forsvarogforter.dk\/index.php\/fra-dybboel-til-kirkegaarden-i-1864\/\",\n\t\t\"url\"     : \"https:\/\/forsvarogforter.dk\/index.php\/fra-dybboel-til-kirkegaarden-i-1864\/\"\n\t}\n\n\t<\/script>\n\n\t\n<\/div>\n\n<p>&nbsp;<\/p>\n<p>Oberst G.H. Lasson<br \/>\nLasson blev sidst set i live \u00f8st for skanserne medens han vinkede 8. brigade frem i modangrebet.<br \/>\nHan blev fundet d\u00f8d da an n\u00e5ede frem.<\/p>\n<style>#jtg-26431 .modula-item .jtg-social a, .lightbox-socials.jtg-social a{ fill: #ffffff; color: #ffffff }#jtg-26431 .modula-item .jtg-social-expandable a, #jtg-26431 .modula-item .jtg-social-expandable-icons a{ fill: #ffffff; color: #ffffff }#jtg-26431 .modula-item .jtg-social svg, .lightbox-socials.jtg-social svg { height: 16px; width: 16px }#jtg-26431 .modula-item .jtg-social-expandable svg { height: 16px; width: 16px }#jtg-26431 .modula-item .jtg-social-expandable-icons svg { height: 16px; width: 16px }#jtg-26431 .modula-item .jtg-social a:not(:last-child), .lightbox-socials.jtg-social a:not(:last-child) { margin-right: 10px }#jtg-26431 .modula-item .jtg-social-expandable-icons { gap: 10px }#jtg-26431 .modula-item .figc {color:#ffffff;}#jtg-26431 .modula-item .figc .jtg-title {  font-size: 16px; }#jtg-26431 .modula-item .modula-item-content { transform: scale(1); }#jtg-26431 .modula-items .figc p.description { font-size:14px; }#jtg-26431 .modula-items .figc p.description { color:#ffffff;}#jtg-26431 .modula-items .figc .jtg-title { color:#ffffff; }#jtg-26431.modula-gallery .modula-item > a, #jtg-26431.modula-gallery .modula-item, #jtg-26431.modula-gallery .modula-item-content > a:not(.modula-no-follow) { cursor:zoom-in; } #jtg-26431.modula-gallery .modula-item-content .modula-no-follow { cursor: default; } @media screen and (max-width:480px){#jtg-26431 .modula-item .figc .jtg-title {  font-size: 12px; }#jtg-26431 .modula-items .figc p.description { color:#ffffff;font-size:10px; }}<\/style>\n<div  id=\"jtg-26431\" class=\"modula modula-gallery modula-custom-grid\" data-config=\"{&quot;height&quot;:800,&quot;tabletHeight&quot;:800,&quot;mobileHeight&quot;:800,&quot;desktopHeight&quot;:800,&quot;enableTwitter&quot;:false,&quot;enableWhatsapp&quot;:false,&quot;enableFacebook&quot;:false,&quot;enablePinterest&quot;:false,&quot;enableLinkedin&quot;:false,&quot;enableEmail&quot;:false,&quot;randomFactor&quot;:0.5,&quot;type&quot;:&quot;custom-grid&quot;,&quot;columns&quot;:12,&quot;gutter&quot;:10,&quot;mobileGutter&quot;:10,&quot;tabletGutter&quot;:10,&quot;desktopGutter&quot;:10,&quot;enableResponsive&quot;:&quot;0&quot;,&quot;tabletColumns&quot;:2,&quot;mobileColumns&quot;:1,&quot;lazyLoad&quot;:0,&quot;lightboxOpts&quot;:{&quot;animated&quot;:true,&quot;Thumbs&quot;:{&quot;type&quot;:&quot;modern&quot;,&quot;showOnStart&quot;:false},&quot;Toolbar&quot;:{&quot;display&quot;:{&quot;right&quot;:[&quot;close&quot;]},&quot;enabled&quot;:true},&quot;Carousel&quot;:{&quot;Panzoom&quot;:{&quot;touch&quot;:false},&quot;infinite&quot;:false},&quot;keyboard&quot;:{&quot;Escape&quot;:&quot;close&quot;,&quot;Delete&quot;:&quot;close&quot;,&quot;Backspace&quot;:&quot;close&quot;,&quot;PageUp&quot;:false,&quot;PageDown&quot;:false,&quot;ArrowUp&quot;:false,&quot;ArrowDown&quot;:false,&quot;ArrowRight&quot;:false,&quot;ArrowLeft&quot;:false},&quot;touch&quot;:false,&quot;backdropClick&quot;:false,&quot;l10n&quot;:{&quot;CLOSE&quot;:&quot;Close&quot;,&quot;NEXT&quot;:&quot;Next&quot;,&quot;PREV&quot;:&quot;Previous&quot;,&quot;Error&quot;:&quot;The requested content cannot be loaded. Please try again later.&quot;,&quot;PLAY_START&quot;:&quot;Start slideshow&quot;,&quot;PLAY_STOP&quot;:&quot;Pause slideshow&quot;,&quot;FULL_SCREEN&quot;:&quot;Full screen&quot;,&quot;THUMBS&quot;:&quot;Thumbnails&quot;,&quot;DOWNLOAD&quot;:&quot;Download&quot;,&quot;SHARE&quot;:&quot;Share&quot;,&quot;ZOOM&quot;:&quot;Zoom&quot;,&quot;EMAIL&quot;:&quot;Here is the link to the image : %%image_link%% and this is the link to the gallery : %%gallery_link%%&quot;,&quot;MODAL&quot;:&quot;You can close this modal content with the ESC key&quot;,&quot;ERROR&quot;:&quot;Something Went Wrong, Please Try Again Later&quot;,&quot;IMAGE_ERROR&quot;:&quot;Image Not Found&quot;,&quot;ELEMENT_NOT_FOUND&quot;:&quot;HTML Element Not Found&quot;,&quot;AJAX_NOT_FOUND&quot;:&quot;Error Loading AJAX : Not Found&quot;,&quot;AJAX_FORBIDDEN&quot;:&quot;Error Loading AJAX : Forbidden&quot;,&quot;IFRAME_ERROR&quot;:&quot;Error Loading Page&quot;,&quot;TOGGLE_ZOOM&quot;:&quot;Toggle zoom level&quot;,&quot;TOGGLE_THUMBS&quot;:&quot;Toggle thumbnails&quot;,&quot;TOGGLE_SLIDESHOW&quot;:&quot;Toggle slideshow&quot;,&quot;TOGGLE_FULLSCREEN&quot;:&quot;Toggle full-screen mode&quot;},&quot;Images&quot;:{&quot;Panzoom&quot;:{&quot;maxScale&quot;:2}},&quot;mainClass&quot;:&quot;modula-fancybox-container modula-lightbox-jtg-26431&quot;,&quot;Html&quot;:{&quot;videoAutoplay&quot;:0,&quot;videoTpl&quot;:&quot;&lt;video class=\\&quot;fancybox__html5video\\&quot; controls muted playsinline controlsList controlsList=\\&quot;nodownload\\&quot; poster=\\&quot;{{poster}}\\&quot; src=\\&quot;{{src}}\\&quot; type=\\&quot;{{format}}\\&quot; &gt;  Sorry, your browser doesn&#039;t support embedded videos, &lt;a href=\\&quot;{{src}}\\&quot;&gt; download &lt;\\\/a&gt; and watch with your favorite video player! &lt;\\\/video&gt;&quot;}},&quot;inView&quot;:false,&quot;email_subject&quot;:&quot;Check out this awesome image !!&quot;,&quot;email_message&quot;:&quot;Here is the link to the image : %%image_link%% and this is the link to the gallery : %%gallery_link%%&quot;,&quot;lightbox&quot;:&quot;fancybox&quot;}\">\n\n\t\n\t<div  class=\"modula-items\">\n\t\t<div class=\"modula-item effect-pufrobo\" data-width=\"2\" data-height=\"2\" >\n\t<div class=\"modula-item-overlay\"><\/div>\n\n\t<div class=\"modula-item-content\">\n\n\t\t\t\t\n\t\t\t\t\t<a data-image-id=\"18293\" role=\"button\" tabindex=\"0\" rel=\"jtg-26431\" data-caption=\"G.H. Lasson mindesten\" aria-label=\"Open image in lightbox\" class=\"tile-inner modula-item-link\"><\/a>\n\t\t\n\t\t<img loading=\"lazy\" decoding=\"async\" class=\"pic wp-image-18293\"  data-valign=\"middle\" data-halign=\"center\" alt=\"Oberst Lasson mindesten\" data-full=\"https:\/\/forsvarogforter.dk\/wp-content\/uploads\/2024\/08\/Lasson_sten.jpg\" title=\"Lasson mindesten\" width=\"297\" height=\"300\" src=\"https:\/\/forsvarogforter.dk\/wp-content\/uploads\/2024\/08\/Lasson_sten-297x300.jpg\" data-src=\"https:\/\/forsvarogforter.dk\/wp-content\/uploads\/2024\/08\/Lasson_sten-297x300.jpg\" data-caption=\"G.H. Lasson mindesten\" srcset=\"https:\/\/forsvarogforter.dk\/wp-content\/uploads\/2024\/08\/Lasson_sten.jpg 421w, https:\/\/forsvarogforter.dk\/wp-content\/uploads\/2024\/08\/Lasson_sten-297x300.jpg 297w\" sizes=\"auto, (max-width: 297px) 100vw, 297px\" \/>\n\t\t<div class=\"figc\">\n\t\t\t<div class=\"figc-inner\">\n\t\t\t\t\t\t\t\t\t\t\t\t\t<p class=\"description\">G.H. Lasson mindesten<\/p>\n\t\t\t\t\t\t\t\t\t\t\t<\/div>\n\t\t<\/div>\n\n\t<\/div>\n\n<\/div><div class=\"modula-item effect-pufrobo\" data-width=\"2\" data-height=\"2\" >\n\t<div class=\"modula-item-overlay\"><\/div>\n\n\t<div class=\"modula-item-content\">\n\n\t\t\t\t\n\t\t\t\t\t<a data-image-id=\"18280\" role=\"button\" tabindex=\"0\" rel=\"jtg-26431\" data-caption=\"\" aria-label=\"Open image in lightbox\" class=\"tile-inner modula-item-link\"><\/a>\n\t\t\n\t\t<img loading=\"lazy\" decoding=\"async\" class=\"pic wp-image-18280\"  data-valign=\"middle\" data-halign=\"center\" alt=\"Oberst G.H. Lasson gravsted p\u00e5 Garnisons kirkeg\u00e5rd\" data-full=\"https:\/\/forsvarogforter.dk\/wp-content\/uploads\/2024\/08\/Lasson_64.jpg\" title=\"Lasson_64\" width=\"199\" height=\"300\" src=\"https:\/\/forsvarogforter.dk\/wp-content\/uploads\/2024\/08\/Lasson_64-199x300.jpg\" data-src=\"https:\/\/forsvarogforter.dk\/wp-content\/uploads\/2024\/08\/Lasson_64-199x300.jpg\" data-caption=\"\" srcset=\"https:\/\/forsvarogforter.dk\/wp-content\/uploads\/2024\/08\/Lasson_64.jpg 768w, https:\/\/forsvarogforter.dk\/wp-content\/uploads\/2024\/08\/Lasson_64-199x300.jpg 199w, https:\/\/forsvarogforter.dk\/wp-content\/uploads\/2024\/08\/Lasson_64-681x1024.jpg 681w, https:\/\/forsvarogforter.dk\/wp-content\/uploads\/2024\/08\/Lasson_64-750x1128.jpg 750w\" sizes=\"auto, (max-width: 199px) 100vw, 199px\" \/>\n\t\t<div class=\"figc no-description\">\n\t\t\t<div class=\"figc-inner\">\n\t\t\t\t\t\t\t\t\t\t\t\t\t\t\t<\/div>\n\t\t<\/div>\n\n\t<\/div>\n\n<\/div><div class=\"modula-item effect-pufrobo\" data-width=\"2\" data-height=\"2\" >\n\t<div class=\"modula-item-overlay\"><\/div>\n\n\t<div class=\"modula-item-content\">\n\n\t\t\t\t\n\t\t\t\t\t<a data-image-id=\"18287\" role=\"button\" tabindex=\"0\" rel=\"jtg-26431\" data-caption=\"Oberst G.H. Lasson\" aria-label=\"Open image in lightbox\" class=\"tile-inner modula-item-link\"><\/a>\n\t\t\n\t\t<img loading=\"lazy\" decoding=\"async\" class=\"pic wp-image-18287\"  data-valign=\"middle\" data-halign=\"center\" alt=\"Oberst G.H. Lasson, faldet p\u00e5 Dybb\u00f8l 1864\" data-full=\"https:\/\/forsvarogforter.dk\/wp-content\/uploads\/2024\/08\/Lasson_KB.jpg\" title=\"Oberst Lasson 1864 KB\" width=\"249\" height=\"300\" src=\"https:\/\/forsvarogforter.dk\/wp-content\/uploads\/2024\/08\/Lasson_KB-249x300.jpg\" data-src=\"https:\/\/forsvarogforter.dk\/wp-content\/uploads\/2024\/08\/Lasson_KB-249x300.jpg\" data-caption=\"Oberst G.H. Lasson\" srcset=\"https:\/\/forsvarogforter.dk\/wp-content\/uploads\/2024\/08\/Lasson_KB.jpg 486w, https:\/\/forsvarogforter.dk\/wp-content\/uploads\/2024\/08\/Lasson_KB-249x300.jpg 249w\" sizes=\"auto, (max-width: 249px) 100vw, 249px\" \/>\n\t\t<div class=\"figc\">\n\t\t\t<div class=\"figc-inner\">\n\t\t\t\t\t\t\t\t\t\t\t\t\t<p class=\"description\">Oberst G.H. Lasson<\/p>\n\t\t\t\t\t\t\t\t\t\t\t<\/div>\n\t\t<\/div>\n\n\t<\/div>\n\n<\/div>\t\t\n\t<\/div>\n\n\t\n\t\n\t\t<script type=\"application\/ld+json\">\n            [\n    {\n        \"@context\": \"https:\\\/\\\/schema.org\\\/\",\n        \"@type\": \"ImageObject\",\n        \"contentUrl\": \"https:\\\/\\\/forsvarogforter.dk\\\/wp-content\\\/uploads\\\/2024\\\/08\\\/48_64_2.jpg\",\n        \"license\": \"https:\\\/\\\/creativecommons.org\\\/publicdomain\\\/zero\\\/1.0\\\/\",\n        \"creditText\": \"\",\n        \"creator\": {\n            \"@type\": \"Person\",\n            \"name\": \"S\\u00f8ren \\u00d8stergaard\"\n        },\n        \"copyrightNotice\": \"\"\n    },\n    {\n        \"@context\": \"https:\\\/\\\/schema.org\\\/\",\n        \"@type\": \"ImageObject\",\n        \"contentUrl\": \"https:\\\/\\\/forsvarogforter.dk\\\/wp-content\\\/uploads\\\/2024\\\/08\\\/Garnisons_monument_1848_50_64_tekst.jpg\",\n        \"license\": \"https:\\\/\\\/creativecommons.org\\\/publicdomain\\\/zero\\\/1.0\\\/\",\n        \"creditText\": \"\",\n        \"creator\": {\n            \"@type\": \"Person\",\n            \"name\": \"S\\u00f8ren \\u00d8stergaard\"\n        },\n        \"copyrightNotice\": \"\"\n    },\n    {\n        \"@context\": \"https:\\\/\\\/schema.org\\\/\",\n        \"@type\": \"ImageObject\",\n        \"contentUrl\": \"https:\\\/\\\/forsvarogforter.dk\\\/wp-content\\\/uploads\\\/2024\\\/08\\\/226_64_3.jpg\",\n        \"license\": \"https:\\\/\\\/creativecommons.org\\\/publicdomain\\\/zero\\\/1.0\\\/\",\n        \"creditText\": \"\",\n        \"creator\": {\n            \"@type\": \"Person\",\n            \"name\": \"S\\u00f8ren \\u00d8stergaard\"\n        },\n        \"copyrightNotice\": \"\"\n    },\n    {\n        \"@context\": \"https:\\\/\\\/schema.org\\\/\",\n        \"@type\": \"ImageObject\",\n        \"contentUrl\": \"https:\\\/\\\/forsvarogforter.dk\\\/wp-content\\\/uploads\\\/2024\\\/08\\\/226_64.jpg\",\n        \"license\": \"https:\\\/\\\/creativecommons.org\\\/publicdomain\\\/zero\\\/1.0\\\/\",\n        \"creditText\": \"\",\n        \"creator\": {\n            \"@type\": \"Person\",\n            \"name\": \"S\\u00f8ren \\u00d8stergaard\"\n        },\n        \"copyrightNotice\": \"\"\n    },\n    {\n        \"@context\": \"https:\\\/\\\/schema.org\\\/\",\n        \"@type\": \"ImageObject\",\n        \"contentUrl\": \"https:\\\/\\\/forsvarogforter.dk\\\/wp-content\\\/uploads\\\/2024\\\/08\\\/Behrens_sten.jpg\",\n        \"license\": \"https:\\\/\\\/creativecommons.org\\\/publicdomain\\\/zero\\\/1.0\\\/\",\n        \"creditText\": \"\",\n        \"creator\": {\n            \"@type\": \"Person\",\n            \"name\": \"S\\u00f8ren \\u00d8stergaard\"\n        },\n        \"copyrightNotice\": \"\"\n    },\n    {\n        \"@context\": \"https:\\\/\\\/schema.org\\\/\",\n        \"@type\": \"ImageObject\",\n        \"contentUrl\": \"https:\\\/\\\/forsvarogforter.dk\\\/wp-content\\\/uploads\\\/2024\\\/08\\\/Behrens_64.jpg\",\n        \"license\": \"https:\\\/\\\/creativecommons.org\\\/publicdomain\\\/zero\\\/1.0\\\/\",\n        \"creditText\": \"\",\n        \"creator\": {\n            \"@type\": \"Person\",\n            \"name\": \"S\\u00f8ren \\u00d8stergaard\"\n        },\n        \"copyrightNotice\": \"\"\n    },\n    {\n        \"@context\": \"https:\\\/\\\/schema.org\\\/\",\n        \"@type\": \"ImageObject\",\n        \"contentUrl\": \"https:\\\/\\\/forsvarogforter.dk\\\/wp-content\\\/uploads\\\/2024\\\/08\\\/Behrens_KB.jpg\",\n        \"license\": \"https:\\\/\\\/creativecommons.org\\\/publicdomain\\\/zero\\\/1.0\\\/\",\n        \"creditText\": \"\",\n        \"creator\": {\n            \"@type\": \"Person\",\n            \"name\": \"S\\u00f8ren \\u00d8stergaard\"\n        },\n        \"copyrightNotice\": \"\"\n    },\n    {\n        \"@context\": \"https:\\\/\\\/schema.org\\\/\",\n        \"@type\": \"ImageObject\",\n        \"contentUrl\": \"https:\\\/\\\/forsvarogforter.dk\\\/wp-content\\\/uploads\\\/2024\\\/08\\\/Broennum_sten-421x285-1.jpg\",\n        \"license\": \"https:\\\/\\\/creativecommons.org\\\/publicdomain\\\/zero\\\/1.0\\\/\",\n        \"creditText\": \"\",\n        \"creator\": {\n            \"@type\": \"Person\",\n            \"name\": \"S\\u00f8ren \\u00d8stergaard\"\n        },\n        \"copyrightNotice\": \"\"\n    },\n    {\n        \"@context\": \"https:\\\/\\\/schema.org\\\/\",\n        \"@type\": \"ImageObject\",\n        \"contentUrl\": \"https:\\\/\\\/forsvarogforter.dk\\\/wp-content\\\/uploads\\\/2024\\\/08\\\/Broennum_64_2.jpg\",\n        \"license\": \"https:\\\/\\\/creativecommons.org\\\/publicdomain\\\/zero\\\/1.0\\\/\",\n        \"creditText\": \"\",\n        \"creator\": {\n            \"@type\": \"Person\",\n            \"name\": \"S\\u00f8ren \\u00d8stergaard\"\n        },\n        \"copyrightNotice\": \"\"\n    },\n    {\n        \"@context\": \"https:\\\/\\\/schema.org\\\/\",\n        \"@type\": \"ImageObject\",\n        \"contentUrl\": \"https:\\\/\\\/forsvarogforter.dk\\\/wp-content\\\/uploads\\\/2024\\\/08\\\/Gyldenfeldt_sten.jpg\",\n        \"license\": \"https:\\\/\\\/creativecommons.org\\\/publicdomain\\\/zero\\\/1.0\\\/\",\n        \"creditText\": \"\",\n        \"creator\": {\n            \"@type\": \"Person\",\n            \"name\": \"S\\u00f8ren \\u00d8stergaard\"\n        },\n        \"copyrightNotice\": \"\"\n    },\n    {\n        \"@context\": \"https:\\\/\\\/schema.org\\\/\",\n        \"@type\": \"ImageObject\",\n        \"contentUrl\": \"https:\\\/\\\/forsvarogforter.dk\\\/wp-content\\\/uploads\\\/2024\\\/08\\\/Gyldenfeldt_64.jpg\",\n        \"license\": \"https:\\\/\\\/creativecommons.org\\\/publicdomain\\\/zero\\\/1.0\\\/\",\n        \"creditText\": \"\",\n        \"creator\": {\n            \"@type\": \"Person\",\n            \"name\": \"S\\u00f8ren \\u00d8stergaard\"\n        },\n        \"copyrightNotice\": \"\"\n    },\n    {\n        \"@context\": \"https:\\\/\\\/schema.org\\\/\",\n        \"@type\": \"ImageObject\",\n        \"contentUrl\": \"https:\\\/\\\/forsvarogforter.dk\\\/wp-content\\\/uploads\\\/2024\\\/08\\\/Carlson_64.jpg\",\n        \"license\": \"https:\\\/\\\/creativecommons.org\\\/publicdomain\\\/zero\\\/1.0\\\/\",\n        \"creditText\": \"\",\n        \"creator\": {\n            \"@type\": \"Person\",\n            \"name\": \"S\\u00f8ren \\u00d8stergaard\"\n        },\n        \"copyrightNotice\": \"\"\n    },\n    {\n        \"@context\": \"https:\\\/\\\/schema.org\\\/\",\n        \"@type\": \"ImageObject\",\n        \"contentUrl\": \"https:\\\/\\\/forsvarogforter.dk\\\/wp-content\\\/uploads\\\/2024\\\/08\\\/Carlson_64_2-1.jpg\",\n        \"license\": \"https:\\\/\\\/creativecommons.org\\\/publicdomain\\\/zero\\\/1.0\\\/\",\n        \"creditText\": \"\",\n        \"creator\": {\n            \"@type\": \"Person\",\n            \"name\": \"S\\u00f8ren \\u00d8stergaard\"\n        },\n        \"copyrightNotice\": \"\"\n    },\n    {\n        \"@context\": \"https:\\\/\\\/schema.org\\\/\",\n        \"@type\": \"ImageObject\",\n        \"contentUrl\": \"https:\\\/\\\/forsvarogforter.dk\\\/wp-content\\\/uploads\\\/2024\\\/08\\\/Hveberg_sten_2.jpg\",\n        \"license\": \"https:\\\/\\\/creativecommons.org\\\/publicdomain\\\/zero\\\/1.0\\\/\",\n        \"creditText\": \"\",\n        \"creator\": {\n            \"@type\": \"Person\",\n            \"name\": \"S\\u00f8ren \\u00d8stergaard\"\n        },\n        \"copyrightNotice\": \"\"\n    },\n    {\n        \"@context\": \"https:\\\/\\\/schema.org\\\/\",\n        \"@type\": \"ImageObject\",\n        \"contentUrl\": \"https:\\\/\\\/forsvarogforter.dk\\\/wp-content\\\/uploads\\\/2024\\\/08\\\/Hveberg_64_2.jpg\",\n        \"license\": \"https:\\\/\\\/creativecommons.org\\\/publicdomain\\\/zero\\\/1.0\\\/\",\n        \"creditText\": \"\",\n        \"creator\": {\n            \"@type\": \"Person\",\n            \"name\": \"S\\u00f8ren \\u00d8stergaard\"\n        },\n        \"copyrightNotice\": \"\"\n    },\n    {\n        \"@context\": \"https:\\\/\\\/schema.org\\\/\",\n        \"@type\": \"ImageObject\",\n        \"contentUrl\": \"https:\\\/\\\/forsvarogforter.dk\\\/wp-content\\\/uploads\\\/2024\\\/08\\\/Hveberg_64.jpg\",\n        \"license\": \"https:\\\/\\\/creativecommons.org\\\/publicdomain\\\/zero\\\/1.0\\\/\",\n        \"creditText\": \"\",\n        \"creator\": {\n            \"@type\": \"Person\",\n            \"name\": \"S\\u00f8ren \\u00d8stergaard\"\n        },\n        \"copyrightNotice\": \"\"\n    },\n    {\n        \"@context\": \"https:\\\/\\\/schema.org\\\/\",\n        \"@type\": \"ImageObject\",\n        \"contentUrl\": \"https:\\\/\\\/forsvarogforter.dk\\\/wp-content\\\/uploads\\\/2024\\\/08\\\/Hveberg_64-768x400-1.jpg\",\n        \"license\": \"https:\\\/\\\/creativecommons.org\\\/publicdomain\\\/zero\\\/1.0\\\/\",\n        \"creditText\": \"\",\n        \"creator\": {\n            \"@type\": \"Person\",\n            \"name\": \"S\\u00f8ren \\u00d8stergaard\"\n        },\n        \"copyrightNotice\": \"\"\n    },\n    {\n        \"@context\": \"https:\\\/\\\/schema.org\\\/\",\n        \"@type\": \"ImageObject\",\n        \"contentUrl\": \"https:\\\/\\\/forsvarogforter.dk\\\/wp-content\\\/uploads\\\/2024\\\/08\\\/Hveberg_KB.jpg\",\n        \"license\": \"https:\\\/\\\/creativecommons.org\\\/publicdomain\\\/zero\\\/1.0\\\/\",\n        \"creditText\": \"\",\n        \"creator\": {\n            \"@type\": \"Person\",\n            \"name\": \"S\\u00f8ren \\u00d8stergaard\"\n        },\n        \"copyrightNotice\": \"\"\n    },\n    {\n        \"@context\": \"https:\\\/\\\/schema.org\\\/\",\n        \"@type\": \"ImageObject\",\n        \"contentUrl\": \"https:\\\/\\\/forsvarogforter.dk\\\/wp-content\\\/uploads\\\/2024\\\/08\\\/Jensen_sten.jpg\",\n        \"license\": \"https:\\\/\\\/creativecommons.org\\\/publicdomain\\\/zero\\\/1.0\\\/\",\n        \"creditText\": \"\",\n        \"creator\": {\n            \"@type\": \"Person\",\n            \"name\": \"S\\u00f8ren \\u00d8stergaard\"\n        },\n        \"copyrightNotice\": \"\"\n    },\n    {\n        \"@context\": \"https:\\\/\\\/schema.org\\\/\",\n        \"@type\": \"ImageObject\",\n        \"contentUrl\": \"https:\\\/\\\/forsvarogforter.dk\\\/wp-content\\\/uploads\\\/2024\\\/08\\\/Jensen_64_2.jpg\",\n        \"license\": \"https:\\\/\\\/creativecommons.org\\\/publicdomain\\\/zero\\\/1.0\\\/\",\n        \"creditText\": \"\",\n        \"creator\": {\n            \"@type\": \"Person\",\n            \"name\": \"S\\u00f8ren \\u00d8stergaard\"\n        },\n        \"copyrightNotice\": \"\"\n    },\n    {\n        \"@context\": \"https:\\\/\\\/schema.org\\\/\",\n        \"@type\": \"ImageObject\",\n        \"contentUrl\": \"https:\\\/\\\/forsvarogforter.dk\\\/wp-content\\\/uploads\\\/2024\\\/08\\\/Jensen_KB.jpg\",\n        \"license\": \"https:\\\/\\\/creativecommons.org\\\/publicdomain\\\/zero\\\/1.0\\\/\",\n        \"creditText\": \"\",\n        \"creator\": {\n            \"@type\": \"Person\",\n            \"name\": \"S\\u00f8ren \\u00d8stergaard\"\n        },\n        \"copyrightNotice\": \"\"\n    },\n    {\n        \"@context\": \"https:\\\/\\\/schema.org\\\/\",\n        \"@type\": \"ImageObject\",\n        \"contentUrl\": \"https:\\\/\\\/forsvarogforter.dk\\\/wp-content\\\/uploads\\\/2024\\\/08\\\/Lasson_sten.jpg\",\n        \"license\": \"https:\\\/\\\/creativecommons.org\\\/publicdomain\\\/zero\\\/1.0\\\/\",\n        \"creditText\": \"\",\n        \"creator\": {\n            \"@type\": \"Person\",\n            \"name\": \"S\\u00f8ren \\u00d8stergaard\"\n        },\n        \"copyrightNotice\": \"\"\n    },\n    {\n        \"@context\": \"https:\\\/\\\/schema.org\\\/\",\n        \"@type\": \"ImageObject\",\n        \"contentUrl\": \"https:\\\/\\\/forsvarogforter.dk\\\/wp-content\\\/uploads\\\/2024\\\/08\\\/Lasson_64.jpg\",\n        \"license\": \"https:\\\/\\\/creativecommons.org\\\/publicdomain\\\/zero\\\/1.0\\\/\",\n        \"creditText\": \"\",\n        \"creator\": {\n            \"@type\": \"Person\",\n            \"name\": \"S\\u00f8ren \\u00d8stergaard\"\n        },\n        \"copyrightNotice\": \"\"\n    },\n    {\n        \"@context\": \"https:\\\/\\\/schema.org\\\/\",\n        \"@type\": \"ImageObject\",\n        \"contentUrl\": \"https:\\\/\\\/forsvarogforter.dk\\\/wp-content\\\/uploads\\\/2024\\\/08\\\/Lasson_KB.jpg\",\n        \"license\": \"https:\\\/\\\/creativecommons.org\\\/publicdomain\\\/zero\\\/1.0\\\/\",\n        \"creditText\": \"\",\n        \"creator\": {\n            \"@type\": \"Person\",\n            \"name\": \"S\\u00f8ren \\u00d8stergaard\"\n        },\n        \"copyrightNotice\": \"\"\n    }\n]\n\n\t\t<\/script>\n\n\t\t\n\t<script type=\"application\/ld+json\">\n\t{\n\t\t\"@context\": \"http:\/\/schema.org\",\n\t\t\"@type\"   : \"ImageGallery\",\n\t\t\"id\"      : \"https:\/\/forsvarogforter.dk\/index.php\/fra-dybboel-til-kirkegaarden-i-1864\/\",\n\t\t\"url\"     : \"https:\/\/forsvarogforter.dk\/index.php\/fra-dybboel-til-kirkegaarden-i-1864\/\"\n\t}\n\n\t<\/script>\n\n\t\n<\/div>\n\n<p>&nbsp;<\/p>\n<p>Kaptajn S.U.R Lundbye<br \/>\nDr\u00e6bt under forsvaret af skanse IV 18. april.<\/p>\n<style>#jtg-26433 .modula-item .jtg-social a, .lightbox-socials.jtg-social a{ fill: #ffffff; color: #ffffff }#jtg-26433 .modula-item .jtg-social-expandable a, #jtg-26433 .modula-item .jtg-social-expandable-icons a{ fill: #ffffff; color: #ffffff }#jtg-26433 .modula-item .jtg-social svg, .lightbox-socials.jtg-social svg { height: 16px; width: 16px }#jtg-26433 .modula-item .jtg-social-expandable svg { height: 16px; width: 16px }#jtg-26433 .modula-item .jtg-social-expandable-icons svg { height: 16px; width: 16px }#jtg-26433 .modula-item .jtg-social a:not(:last-child), .lightbox-socials.jtg-social a:not(:last-child) { margin-right: 10px }#jtg-26433 .modula-item .jtg-social-expandable-icons { gap: 10px }#jtg-26433 .modula-item .figc {color:#ffffff;}#jtg-26433 .modula-item .figc .jtg-title {  font-size: 16px; }#jtg-26433 .modula-item .modula-item-content { transform: scale(1); }#jtg-26433 .modula-items .figc p.description { font-size:14px; }#jtg-26433 .modula-items .figc p.description { color:#ffffff;}#jtg-26433 .modula-items .figc .jtg-title { color:#ffffff; }#jtg-26433.modula-gallery .modula-item > a, #jtg-26433.modula-gallery .modula-item, #jtg-26433.modula-gallery .modula-item-content > a:not(.modula-no-follow) { cursor:zoom-in; } #jtg-26433.modula-gallery .modula-item-content .modula-no-follow { cursor: default; } @media screen and (max-width:480px){#jtg-26433 .modula-item .figc .jtg-title {  font-size: 12px; }#jtg-26433 .modula-items .figc p.description { color:#ffffff;font-size:10px; }}<\/style>\n<div  id=\"jtg-26433\" class=\"modula modula-gallery modula-custom-grid\" data-config=\"{&quot;height&quot;:800,&quot;tabletHeight&quot;:800,&quot;mobileHeight&quot;:800,&quot;desktopHeight&quot;:800,&quot;enableTwitter&quot;:false,&quot;enableWhatsapp&quot;:false,&quot;enableFacebook&quot;:false,&quot;enablePinterest&quot;:false,&quot;enableLinkedin&quot;:false,&quot;enableEmail&quot;:false,&quot;randomFactor&quot;:0.5,&quot;type&quot;:&quot;custom-grid&quot;,&quot;columns&quot;:12,&quot;gutter&quot;:10,&quot;mobileGutter&quot;:10,&quot;tabletGutter&quot;:10,&quot;desktopGutter&quot;:10,&quot;enableResponsive&quot;:&quot;0&quot;,&quot;tabletColumns&quot;:2,&quot;mobileColumns&quot;:1,&quot;lazyLoad&quot;:0,&quot;lightboxOpts&quot;:{&quot;animated&quot;:true,&quot;Thumbs&quot;:{&quot;type&quot;:&quot;modern&quot;,&quot;showOnStart&quot;:false},&quot;Toolbar&quot;:{&quot;display&quot;:{&quot;right&quot;:[&quot;close&quot;]},&quot;enabled&quot;:true},&quot;Carousel&quot;:{&quot;Panzoom&quot;:{&quot;touch&quot;:false},&quot;infinite&quot;:false},&quot;keyboard&quot;:{&quot;Escape&quot;:&quot;close&quot;,&quot;Delete&quot;:&quot;close&quot;,&quot;Backspace&quot;:&quot;close&quot;,&quot;PageUp&quot;:false,&quot;PageDown&quot;:false,&quot;ArrowUp&quot;:false,&quot;ArrowDown&quot;:false,&quot;ArrowRight&quot;:false,&quot;ArrowLeft&quot;:false},&quot;touch&quot;:false,&quot;backdropClick&quot;:false,&quot;l10n&quot;:{&quot;CLOSE&quot;:&quot;Close&quot;,&quot;NEXT&quot;:&quot;Next&quot;,&quot;PREV&quot;:&quot;Previous&quot;,&quot;Error&quot;:&quot;The requested content cannot be loaded. Please try again later.&quot;,&quot;PLAY_START&quot;:&quot;Start slideshow&quot;,&quot;PLAY_STOP&quot;:&quot;Pause slideshow&quot;,&quot;FULL_SCREEN&quot;:&quot;Full screen&quot;,&quot;THUMBS&quot;:&quot;Thumbnails&quot;,&quot;DOWNLOAD&quot;:&quot;Download&quot;,&quot;SHARE&quot;:&quot;Share&quot;,&quot;ZOOM&quot;:&quot;Zoom&quot;,&quot;EMAIL&quot;:&quot;Here is the link to the image : %%image_link%% and this is the link to the gallery : %%gallery_link%%&quot;,&quot;MODAL&quot;:&quot;You can close this modal content with the ESC key&quot;,&quot;ERROR&quot;:&quot;Something Went Wrong, Please Try Again Later&quot;,&quot;IMAGE_ERROR&quot;:&quot;Image Not Found&quot;,&quot;ELEMENT_NOT_FOUND&quot;:&quot;HTML Element Not Found&quot;,&quot;AJAX_NOT_FOUND&quot;:&quot;Error Loading AJAX : Not Found&quot;,&quot;AJAX_FORBIDDEN&quot;:&quot;Error Loading AJAX : Forbidden&quot;,&quot;IFRAME_ERROR&quot;:&quot;Error Loading Page&quot;,&quot;TOGGLE_ZOOM&quot;:&quot;Toggle zoom level&quot;,&quot;TOGGLE_THUMBS&quot;:&quot;Toggle thumbnails&quot;,&quot;TOGGLE_SLIDESHOW&quot;:&quot;Toggle slideshow&quot;,&quot;TOGGLE_FULLSCREEN&quot;:&quot;Toggle full-screen mode&quot;},&quot;Images&quot;:{&quot;Panzoom&quot;:{&quot;maxScale&quot;:2}},&quot;mainClass&quot;:&quot;modula-fancybox-container modula-lightbox-jtg-26433&quot;,&quot;Html&quot;:{&quot;videoAutoplay&quot;:0,&quot;videoTpl&quot;:&quot;&lt;video class=\\&quot;fancybox__html5video\\&quot; controls muted playsinline controlsList controlsList=\\&quot;nodownload\\&quot; poster=\\&quot;{{poster}}\\&quot; src=\\&quot;{{src}}\\&quot; type=\\&quot;{{format}}\\&quot; &gt;  Sorry, your browser doesn&#039;t support embedded videos, &lt;a href=\\&quot;{{src}}\\&quot;&gt; download &lt;\\\/a&gt; and watch with your favorite video player! &lt;\\\/video&gt;&quot;}},&quot;inView&quot;:false,&quot;email_subject&quot;:&quot;Check out this awesome image !!&quot;,&quot;email_message&quot;:&quot;Here is the link to the image : %%image_link%% and this is the link to the gallery : %%gallery_link%%&quot;,&quot;lightbox&quot;:&quot;fancybox&quot;}\">\n\n\t\n\t<div  class=\"modula-items\">\n\t\t<div class=\"modula-item effect-pufrobo\" data-width=\"2\" data-height=\"2\" >\n\t<div class=\"modula-item-overlay\"><\/div>\n\n\t<div class=\"modula-item-content\">\n\n\t\t\t\t\n\t\t\t\t\t<a data-image-id=\"18853\" role=\"button\" tabindex=\"0\" rel=\"jtg-26433\" data-caption=\"Mindesten Kaptajn Lundbye\" aria-label=\"Open image in lightbox\" class=\"tile-inner modula-item-link\"><\/a>\n\t\t\n\t\t<img loading=\"lazy\" decoding=\"async\" class=\"pic wp-image-18853\"  data-valign=\"middle\" data-halign=\"center\" alt=\"Mindesten Dybb\u00f8l 1864 kajtajn Lundbye\" data-full=\"https:\/\/forsvarogforter.dk\/wp-content\/uploads\/2024\/08\/Lundbye_sten.jpg\" title=\"Lundbye_sten\" width=\"225\" height=\"300\" src=\"https:\/\/forsvarogforter.dk\/wp-content\/uploads\/2024\/08\/Lundbye_sten-225x300.jpg\" data-src=\"https:\/\/forsvarogforter.dk\/wp-content\/uploads\/2024\/08\/Lundbye_sten-225x300.jpg\" data-caption=\"Mindesten Kaptajn Lundbye\" srcset=\"https:\/\/forsvarogforter.dk\/wp-content\/uploads\/2024\/08\/Lundbye_sten.jpg 600w, https:\/\/forsvarogforter.dk\/wp-content\/uploads\/2024\/08\/Lundbye_sten-225x300.jpg 225w\" sizes=\"auto, (max-width: 225px) 100vw, 225px\" \/>\n\t\t<div class=\"figc\">\n\t\t\t<div class=\"figc-inner\">\n\t\t\t\t\t\t\t\t\t\t\t\t\t<p class=\"description\">Mindesten Kaptajn Lundbye<\/p>\n\t\t\t\t\t\t\t\t\t\t\t<\/div>\n\t\t<\/div>\n\n\t<\/div>\n\n<\/div><div class=\"modula-item effect-pufrobo\" data-width=\"2\" data-height=\"2\" >\n\t<div class=\"modula-item-overlay\"><\/div>\n\n\t<div class=\"modula-item-content\">\n\n\t\t\t\t\n\t\t\t\t\t<a data-image-id=\"18822\" role=\"button\" tabindex=\"0\" rel=\"jtg-26433\" data-caption=\"Gunderup kirkeg\u00e5rd\" aria-label=\"Open image in lightbox\" class=\"tile-inner modula-item-link\"><\/a>\n\t\t\n\t\t<img loading=\"lazy\" decoding=\"async\" class=\"pic wp-image-18822\"  data-valign=\"middle\" data-halign=\"center\" alt=\"Gravsted p\u00e5 Garnisons Kirkeg\u00e5rd for kaptajn S.U.R. Lundbye,faldet p\u00e5 Dybb\u00f8l 1864\" data-full=\"https:\/\/forsvarogforter.dk\/wp-content\/uploads\/2024\/08\/Lundbye_64_2.jpg\" title=\"Lundbye_64_2\" width=\"199\" height=\"300\" src=\"https:\/\/forsvarogforter.dk\/wp-content\/uploads\/2024\/08\/Lundbye_64_2-199x300.jpg\" data-src=\"https:\/\/forsvarogforter.dk\/wp-content\/uploads\/2024\/08\/Lundbye_64_2-199x300.jpg\" data-caption=\"Gunderup kirkeg\u00e5rd\" srcset=\"https:\/\/forsvarogforter.dk\/wp-content\/uploads\/2024\/08\/Lundbye_64_2.jpg 768w, https:\/\/forsvarogforter.dk\/wp-content\/uploads\/2024\/08\/Lundbye_64_2-199x300.jpg 199w, https:\/\/forsvarogforter.dk\/wp-content\/uploads\/2024\/08\/Lundbye_64_2-681x1024.jpg 681w, https:\/\/forsvarogforter.dk\/wp-content\/uploads\/2024\/08\/Lundbye_64_2-750x1128.jpg 750w\" sizes=\"auto, (max-width: 199px) 100vw, 199px\" \/>\n\t\t<div class=\"figc\">\n\t\t\t<div class=\"figc-inner\">\n\t\t\t\t\t\t\t\t\t\t\t\t\t<p class=\"description\">Gunderup kirkeg\u00e5rd<\/p>\n\t\t\t\t\t\t\t\t\t\t\t<\/div>\n\t\t<\/div>\n\n\t<\/div>\n\n<\/div><div class=\"modula-item effect-pufrobo\" data-width=\"2\" data-height=\"2\" >\n\t<div class=\"modula-item-overlay\"><\/div>\n\n\t<div class=\"modula-item-content\">\n\n\t\t\t\t\n\t\t\t\t\t<a data-image-id=\"18821\" role=\"button\" tabindex=\"0\" rel=\"jtg-26433\" data-caption=\"Kaptajn S.U.R. Lundbye\" aria-label=\"Open image in lightbox\" class=\"tile-inner modula-item-link\"><\/a>\n\t\t\n\t\t<img loading=\"lazy\" decoding=\"async\" class=\"pic wp-image-18821\"  data-valign=\"middle\" data-halign=\"center\" alt=\"Kaptajn S.U.R. Lundbye, faldet i skanse IV p\u00e5 Dybb\u00f8l 1864\" data-full=\"https:\/\/forsvarogforter.dk\/wp-content\/uploads\/2024\/08\/Lundbye.jpg\" title=\"Lundbye\" width=\"258\" height=\"300\" src=\"https:\/\/forsvarogforter.dk\/wp-content\/uploads\/2024\/08\/Lundbye-258x300.jpg\" data-src=\"https:\/\/forsvarogforter.dk\/wp-content\/uploads\/2024\/08\/Lundbye-258x300.jpg\" data-caption=\"Kaptajn S.U.R. Lundbye\" srcset=\"https:\/\/forsvarogforter.dk\/wp-content\/uploads\/2024\/08\/Lundbye.jpg 515w, https:\/\/forsvarogforter.dk\/wp-content\/uploads\/2024\/08\/Lundbye-258x300.jpg 258w\" sizes=\"auto, (max-width: 258px) 100vw, 258px\" \/>\n\t\t<div class=\"figc\">\n\t\t\t<div class=\"figc-inner\">\n\t\t\t\t\t\t\t\t\t\t\t\t\t<p class=\"description\">Kaptajn S.U.R. Lundbye<\/p>\n\t\t\t\t\t\t\t\t\t\t\t<\/div>\n\t\t<\/div>\n\n\t<\/div>\n\n<\/div>\t\t\n\t<\/div>\n\n\t\n\t\n\t\t<script type=\"application\/ld+json\">\n            [\n    {\n        \"@context\": \"https:\\\/\\\/schema.org\\\/\",\n        \"@type\": \"ImageObject\",\n        \"contentUrl\": \"https:\\\/\\\/forsvarogforter.dk\\\/wp-content\\\/uploads\\\/2024\\\/08\\\/48_64_2.jpg\",\n        \"license\": \"https:\\\/\\\/creativecommons.org\\\/publicdomain\\\/zero\\\/1.0\\\/\",\n        \"creditText\": \"\",\n        \"creator\": {\n            \"@type\": \"Person\",\n            \"name\": \"S\\u00f8ren \\u00d8stergaard\"\n        },\n        \"copyrightNotice\": \"\"\n    },\n    {\n        \"@context\": \"https:\\\/\\\/schema.org\\\/\",\n        \"@type\": \"ImageObject\",\n        \"contentUrl\": \"https:\\\/\\\/forsvarogforter.dk\\\/wp-content\\\/uploads\\\/2024\\\/08\\\/Garnisons_monument_1848_50_64_tekst.jpg\",\n        \"license\": \"https:\\\/\\\/creativecommons.org\\\/publicdomain\\\/zero\\\/1.0\\\/\",\n        \"creditText\": \"\",\n        \"creator\": {\n            \"@type\": \"Person\",\n            \"name\": \"S\\u00f8ren \\u00d8stergaard\"\n        },\n        \"copyrightNotice\": \"\"\n    },\n    {\n        \"@context\": \"https:\\\/\\\/schema.org\\\/\",\n        \"@type\": \"ImageObject\",\n        \"contentUrl\": \"https:\\\/\\\/forsvarogforter.dk\\\/wp-content\\\/uploads\\\/2024\\\/08\\\/226_64_3.jpg\",\n        \"license\": \"https:\\\/\\\/creativecommons.org\\\/publicdomain\\\/zero\\\/1.0\\\/\",\n        \"creditText\": \"\",\n        \"creator\": {\n            \"@type\": \"Person\",\n            \"name\": \"S\\u00f8ren \\u00d8stergaard\"\n        },\n        \"copyrightNotice\": \"\"\n    },\n    {\n        \"@context\": \"https:\\\/\\\/schema.org\\\/\",\n        \"@type\": \"ImageObject\",\n        \"contentUrl\": \"https:\\\/\\\/forsvarogforter.dk\\\/wp-content\\\/uploads\\\/2024\\\/08\\\/226_64.jpg\",\n        \"license\": \"https:\\\/\\\/creativecommons.org\\\/publicdomain\\\/zero\\\/1.0\\\/\",\n        \"creditText\": \"\",\n        \"creator\": {\n            \"@type\": \"Person\",\n            \"name\": \"S\\u00f8ren \\u00d8stergaard\"\n        },\n        \"copyrightNotice\": \"\"\n    },\n    {\n        \"@context\": \"https:\\\/\\\/schema.org\\\/\",\n        \"@type\": \"ImageObject\",\n        \"contentUrl\": \"https:\\\/\\\/forsvarogforter.dk\\\/wp-content\\\/uploads\\\/2024\\\/08\\\/Behrens_sten.jpg\",\n        \"license\": \"https:\\\/\\\/creativecommons.org\\\/publicdomain\\\/zero\\\/1.0\\\/\",\n        \"creditText\": \"\",\n        \"creator\": {\n            \"@type\": \"Person\",\n            \"name\": \"S\\u00f8ren \\u00d8stergaard\"\n        },\n        \"copyrightNotice\": \"\"\n    },\n    {\n        \"@context\": \"https:\\\/\\\/schema.org\\\/\",\n        \"@type\": \"ImageObject\",\n        \"contentUrl\": \"https:\\\/\\\/forsvarogforter.dk\\\/wp-content\\\/uploads\\\/2024\\\/08\\\/Behrens_64.jpg\",\n        \"license\": \"https:\\\/\\\/creativecommons.org\\\/publicdomain\\\/zero\\\/1.0\\\/\",\n        \"creditText\": \"\",\n        \"creator\": {\n            \"@type\": \"Person\",\n            \"name\": \"S\\u00f8ren \\u00d8stergaard\"\n        },\n        \"copyrightNotice\": \"\"\n    },\n    {\n        \"@context\": \"https:\\\/\\\/schema.org\\\/\",\n        \"@type\": \"ImageObject\",\n        \"contentUrl\": \"https:\\\/\\\/forsvarogforter.dk\\\/wp-content\\\/uploads\\\/2024\\\/08\\\/Behrens_KB.jpg\",\n        \"license\": \"https:\\\/\\\/creativecommons.org\\\/publicdomain\\\/zero\\\/1.0\\\/\",\n        \"creditText\": \"\",\n        \"creator\": {\n            \"@type\": \"Person\",\n            \"name\": \"S\\u00f8ren \\u00d8stergaard\"\n        },\n        \"copyrightNotice\": \"\"\n    },\n    {\n        \"@context\": \"https:\\\/\\\/schema.org\\\/\",\n        \"@type\": \"ImageObject\",\n        \"contentUrl\": \"https:\\\/\\\/forsvarogforter.dk\\\/wp-content\\\/uploads\\\/2024\\\/08\\\/Broennum_sten-421x285-1.jpg\",\n        \"license\": \"https:\\\/\\\/creativecommons.org\\\/publicdomain\\\/zero\\\/1.0\\\/\",\n        \"creditText\": \"\",\n        \"creator\": {\n            \"@type\": \"Person\",\n            \"name\": \"S\\u00f8ren \\u00d8stergaard\"\n        },\n        \"copyrightNotice\": \"\"\n    },\n    {\n        \"@context\": \"https:\\\/\\\/schema.org\\\/\",\n        \"@type\": \"ImageObject\",\n        \"contentUrl\": \"https:\\\/\\\/forsvarogforter.dk\\\/wp-content\\\/uploads\\\/2024\\\/08\\\/Broennum_64_2.jpg\",\n        \"license\": \"https:\\\/\\\/creativecommons.org\\\/publicdomain\\\/zero\\\/1.0\\\/\",\n        \"creditText\": \"\",\n        \"creator\": {\n            \"@type\": \"Person\",\n            \"name\": \"S\\u00f8ren \\u00d8stergaard\"\n        },\n        \"copyrightNotice\": \"\"\n    },\n    {\n        \"@context\": \"https:\\\/\\\/schema.org\\\/\",\n        \"@type\": \"ImageObject\",\n        \"contentUrl\": \"https:\\\/\\\/forsvarogforter.dk\\\/wp-content\\\/uploads\\\/2024\\\/08\\\/Gyldenfeldt_sten.jpg\",\n        \"license\": \"https:\\\/\\\/creativecommons.org\\\/publicdomain\\\/zero\\\/1.0\\\/\",\n        \"creditText\": \"\",\n        \"creator\": {\n            \"@type\": \"Person\",\n            \"name\": \"S\\u00f8ren \\u00d8stergaard\"\n        },\n        \"copyrightNotice\": \"\"\n    },\n    {\n        \"@context\": \"https:\\\/\\\/schema.org\\\/\",\n        \"@type\": \"ImageObject\",\n        \"contentUrl\": \"https:\\\/\\\/forsvarogforter.dk\\\/wp-content\\\/uploads\\\/2024\\\/08\\\/Gyldenfeldt_64.jpg\",\n        \"license\": \"https:\\\/\\\/creativecommons.org\\\/publicdomain\\\/zero\\\/1.0\\\/\",\n        \"creditText\": \"\",\n        \"creator\": {\n            \"@type\": \"Person\",\n            \"name\": \"S\\u00f8ren \\u00d8stergaard\"\n        },\n        \"copyrightNotice\": \"\"\n    },\n    {\n        \"@context\": \"https:\\\/\\\/schema.org\\\/\",\n        \"@type\": \"ImageObject\",\n        \"contentUrl\": \"https:\\\/\\\/forsvarogforter.dk\\\/wp-content\\\/uploads\\\/2024\\\/08\\\/Carlson_64.jpg\",\n        \"license\": \"https:\\\/\\\/creativecommons.org\\\/publicdomain\\\/zero\\\/1.0\\\/\",\n        \"creditText\": \"\",\n        \"creator\": {\n            \"@type\": \"Person\",\n            \"name\": \"S\\u00f8ren \\u00d8stergaard\"\n        },\n        \"copyrightNotice\": \"\"\n    },\n    {\n        \"@context\": \"https:\\\/\\\/schema.org\\\/\",\n        \"@type\": \"ImageObject\",\n        \"contentUrl\": \"https:\\\/\\\/forsvarogforter.dk\\\/wp-content\\\/uploads\\\/2024\\\/08\\\/Carlson_64_2-1.jpg\",\n        \"license\": \"https:\\\/\\\/creativecommons.org\\\/publicdomain\\\/zero\\\/1.0\\\/\",\n        \"creditText\": \"\",\n        \"creator\": {\n            \"@type\": \"Person\",\n            \"name\": \"S\\u00f8ren \\u00d8stergaard\"\n        },\n        \"copyrightNotice\": \"\"\n    },\n    {\n        \"@context\": \"https:\\\/\\\/schema.org\\\/\",\n        \"@type\": \"ImageObject\",\n        \"contentUrl\": \"https:\\\/\\\/forsvarogforter.dk\\\/wp-content\\\/uploads\\\/2024\\\/08\\\/Hveberg_sten_2.jpg\",\n        \"license\": \"https:\\\/\\\/creativecommons.org\\\/publicdomain\\\/zero\\\/1.0\\\/\",\n        \"creditText\": \"\",\n        \"creator\": {\n            \"@type\": \"Person\",\n            \"name\": \"S\\u00f8ren \\u00d8stergaard\"\n        },\n        \"copyrightNotice\": \"\"\n    },\n    {\n        \"@context\": \"https:\\\/\\\/schema.org\\\/\",\n        \"@type\": \"ImageObject\",\n        \"contentUrl\": \"https:\\\/\\\/forsvarogforter.dk\\\/wp-content\\\/uploads\\\/2024\\\/08\\\/Hveberg_64_2.jpg\",\n        \"license\": \"https:\\\/\\\/creativecommons.org\\\/publicdomain\\\/zero\\\/1.0\\\/\",\n        \"creditText\": \"\",\n        \"creator\": {\n            \"@type\": \"Person\",\n            \"name\": \"S\\u00f8ren \\u00d8stergaard\"\n        },\n        \"copyrightNotice\": \"\"\n    },\n    {\n        \"@context\": \"https:\\\/\\\/schema.org\\\/\",\n        \"@type\": \"ImageObject\",\n        \"contentUrl\": \"https:\\\/\\\/forsvarogforter.dk\\\/wp-content\\\/uploads\\\/2024\\\/08\\\/Hveberg_64.jpg\",\n        \"license\": \"https:\\\/\\\/creativecommons.org\\\/publicdomain\\\/zero\\\/1.0\\\/\",\n        \"creditText\": \"\",\n        \"creator\": {\n            \"@type\": \"Person\",\n            \"name\": \"S\\u00f8ren \\u00d8stergaard\"\n        },\n        \"copyrightNotice\": \"\"\n    },\n    {\n        \"@context\": \"https:\\\/\\\/schema.org\\\/\",\n        \"@type\": \"ImageObject\",\n        \"contentUrl\": \"https:\\\/\\\/forsvarogforter.dk\\\/wp-content\\\/uploads\\\/2024\\\/08\\\/Hveberg_64-768x400-1.jpg\",\n        \"license\": \"https:\\\/\\\/creativecommons.org\\\/publicdomain\\\/zero\\\/1.0\\\/\",\n        \"creditText\": \"\",\n        \"creator\": {\n            \"@type\": \"Person\",\n            \"name\": \"S\\u00f8ren \\u00d8stergaard\"\n        },\n        \"copyrightNotice\": \"\"\n    },\n    {\n        \"@context\": \"https:\\\/\\\/schema.org\\\/\",\n        \"@type\": \"ImageObject\",\n        \"contentUrl\": \"https:\\\/\\\/forsvarogforter.dk\\\/wp-content\\\/uploads\\\/2024\\\/08\\\/Hveberg_KB.jpg\",\n        \"license\": \"https:\\\/\\\/creativecommons.org\\\/publicdomain\\\/zero\\\/1.0\\\/\",\n        \"creditText\": \"\",\n        \"creator\": {\n            \"@type\": \"Person\",\n            \"name\": \"S\\u00f8ren \\u00d8stergaard\"\n        },\n        \"copyrightNotice\": \"\"\n    },\n    {\n        \"@context\": \"https:\\\/\\\/schema.org\\\/\",\n        \"@type\": \"ImageObject\",\n        \"contentUrl\": \"https:\\\/\\\/forsvarogforter.dk\\\/wp-content\\\/uploads\\\/2024\\\/08\\\/Jensen_sten.jpg\",\n        \"license\": \"https:\\\/\\\/creativecommons.org\\\/publicdomain\\\/zero\\\/1.0\\\/\",\n        \"creditText\": \"\",\n        \"creator\": {\n            \"@type\": \"Person\",\n            \"name\": \"S\\u00f8ren \\u00d8stergaard\"\n        },\n        \"copyrightNotice\": \"\"\n    },\n    {\n        \"@context\": \"https:\\\/\\\/schema.org\\\/\",\n        \"@type\": \"ImageObject\",\n        \"contentUrl\": \"https:\\\/\\\/forsvarogforter.dk\\\/wp-content\\\/uploads\\\/2024\\\/08\\\/Jensen_64_2.jpg\",\n        \"license\": \"https:\\\/\\\/creativecommons.org\\\/publicdomain\\\/zero\\\/1.0\\\/\",\n        \"creditText\": \"\",\n        \"creator\": {\n            \"@type\": \"Person\",\n            \"name\": \"S\\u00f8ren \\u00d8stergaard\"\n        },\n        \"copyrightNotice\": \"\"\n    },\n    {\n        \"@context\": \"https:\\\/\\\/schema.org\\\/\",\n        \"@type\": \"ImageObject\",\n        \"contentUrl\": \"https:\\\/\\\/forsvarogforter.dk\\\/wp-content\\\/uploads\\\/2024\\\/08\\\/Jensen_KB.jpg\",\n        \"license\": \"https:\\\/\\\/creativecommons.org\\\/publicdomain\\\/zero\\\/1.0\\\/\",\n        \"creditText\": \"\",\n        \"creator\": {\n            \"@type\": \"Person\",\n            \"name\": \"S\\u00f8ren \\u00d8stergaard\"\n        },\n        \"copyrightNotice\": \"\"\n    },\n    {\n        \"@context\": \"https:\\\/\\\/schema.org\\\/\",\n        \"@type\": \"ImageObject\",\n        \"contentUrl\": \"https:\\\/\\\/forsvarogforter.dk\\\/wp-content\\\/uploads\\\/2024\\\/08\\\/Lasson_sten.jpg\",\n        \"license\": \"https:\\\/\\\/creativecommons.org\\\/publicdomain\\\/zero\\\/1.0\\\/\",\n        \"creditText\": \"\",\n        \"creator\": {\n            \"@type\": \"Person\",\n            \"name\": \"S\\u00f8ren \\u00d8stergaard\"\n        },\n        \"copyrightNotice\": \"\"\n    },\n    {\n        \"@context\": \"https:\\\/\\\/schema.org\\\/\",\n        \"@type\": \"ImageObject\",\n        \"contentUrl\": \"https:\\\/\\\/forsvarogforter.dk\\\/wp-content\\\/uploads\\\/2024\\\/08\\\/Lasson_64.jpg\",\n        \"license\": \"https:\\\/\\\/creativecommons.org\\\/publicdomain\\\/zero\\\/1.0\\\/\",\n        \"creditText\": \"\",\n        \"creator\": {\n            \"@type\": \"Person\",\n            \"name\": \"S\\u00f8ren \\u00d8stergaard\"\n        },\n        \"copyrightNotice\": \"\"\n    },\n    {\n        \"@context\": \"https:\\\/\\\/schema.org\\\/\",\n        \"@type\": \"ImageObject\",\n        \"contentUrl\": \"https:\\\/\\\/forsvarogforter.dk\\\/wp-content\\\/uploads\\\/2024\\\/08\\\/Lasson_KB.jpg\",\n        \"license\": \"https:\\\/\\\/creativecommons.org\\\/publicdomain\\\/zero\\\/1.0\\\/\",\n        \"creditText\": \"\",\n        \"creator\": {\n            \"@type\": \"Person\",\n            \"name\": \"S\\u00f8ren \\u00d8stergaard\"\n        },\n        \"copyrightNotice\": \"\"\n    },\n    {\n        \"@context\": \"https:\\\/\\\/schema.org\\\/\",\n        \"@type\": \"ImageObject\",\n        \"contentUrl\": \"https:\\\/\\\/forsvarogforter.dk\\\/wp-content\\\/uploads\\\/2024\\\/08\\\/Lundbye_sten.jpg\",\n        \"license\": \"https:\\\/\\\/creativecommons.org\\\/publicdomain\\\/zero\\\/1.0\\\/\",\n        \"creditText\": \"\",\n        \"creator\": {\n            \"@type\": \"Person\",\n            \"name\": \"S\\u00f8ren \\u00d8stergaard\"\n        },\n        \"copyrightNotice\": \"\"\n    },\n    {\n        \"@context\": \"https:\\\/\\\/schema.org\\\/\",\n        \"@type\": \"ImageObject\",\n        \"contentUrl\": \"https:\\\/\\\/forsvarogforter.dk\\\/wp-content\\\/uploads\\\/2024\\\/08\\\/Lundbye_64_2.jpg\",\n        \"license\": \"https:\\\/\\\/creativecommons.org\\\/publicdomain\\\/zero\\\/1.0\\\/\",\n        \"creditText\": \"\",\n        \"creator\": {\n            \"@type\": \"Person\",\n            \"name\": \"S\\u00f8ren \\u00d8stergaard\"\n        },\n        \"copyrightNotice\": \"\"\n    },\n    {\n        \"@context\": \"https:\\\/\\\/schema.org\\\/\",\n        \"@type\": \"ImageObject\",\n        \"contentUrl\": \"https:\\\/\\\/forsvarogforter.dk\\\/wp-content\\\/uploads\\\/2024\\\/08\\\/Lundbye.jpg\",\n        \"license\": \"https:\\\/\\\/creativecommons.org\\\/publicdomain\\\/zero\\\/1.0\\\/\",\n        \"creditText\": \"\",\n        \"creator\": {\n            \"@type\": \"Person\",\n            \"name\": \"S\\u00f8ren \\u00d8stergaard\"\n        },\n        \"copyrightNotice\": \"\"\n    }\n]\n\n\t\t<\/script>\n\n\t\t\n\t<script type=\"application\/ld+json\">\n\t{\n\t\t\"@context\": \"http:\/\/schema.org\",\n\t\t\"@type\"   : \"ImageGallery\",\n\t\t\"id\"      : \"https:\/\/forsvarogforter.dk\/index.php\/fra-dybboel-til-kirkegaarden-i-1864\/\",\n\t\t\"url\"     : \"https:\/\/forsvarogforter.dk\/index.php\/fra-dybboel-til-kirkegaarden-i-1864\/\"\n\t}\n\n\t<\/script>\n\n\t\n<\/div>\n\n<p>&nbsp;<\/p>\n<p>Secondl\u00f8jtnant J.S.G. Lundegren<br \/>\nDr\u00e6bt bag skanse III den 18. april Han f\u00f8rtes til Stenderup lazaret, hvor han d\u00f8de den 28. april.<\/p>\n<style>#jtg-26436 .modula-item .jtg-social a, .lightbox-socials.jtg-social a{ fill: #ffffff; color: #ffffff }#jtg-26436 .modula-item .jtg-social-expandable a, #jtg-26436 .modula-item .jtg-social-expandable-icons a{ fill: #ffffff; color: #ffffff }#jtg-26436 .modula-item .jtg-social svg, .lightbox-socials.jtg-social svg { height: 16px; width: 16px }#jtg-26436 .modula-item .jtg-social-expandable svg { height: 16px; width: 16px }#jtg-26436 .modula-item .jtg-social-expandable-icons svg { height: 16px; width: 16px }#jtg-26436 .modula-item .jtg-social a:not(:last-child), .lightbox-socials.jtg-social a:not(:last-child) { margin-right: 10px }#jtg-26436 .modula-item .jtg-social-expandable-icons { gap: 10px }#jtg-26436 .modula-item .figc {color:#ffffff;}#jtg-26436 .modula-item .figc .jtg-title {  font-size: 16px; }#jtg-26436 .modula-item .modula-item-content { transform: scale(1); }#jtg-26436 .modula-items .figc p.description { font-size:14px; }#jtg-26436 .modula-items .figc p.description { color:#ffffff;}#jtg-26436 .modula-items .figc .jtg-title { color:#ffffff; }#jtg-26436.modula-gallery .modula-item > a, #jtg-26436.modula-gallery .modula-item, #jtg-26436.modula-gallery .modula-item-content > a:not(.modula-no-follow) { cursor:zoom-in; } #jtg-26436.modula-gallery .modula-item-content .modula-no-follow { cursor: default; } @media screen and (max-width:480px){#jtg-26436 .modula-item .figc .jtg-title {  font-size: 12px; }#jtg-26436 .modula-items .figc p.description { color:#ffffff;font-size:10px; }}<\/style>\n<div  id=\"jtg-26436\" class=\"modula modula-gallery modula-custom-grid\" data-config=\"{&quot;height&quot;:800,&quot;tabletHeight&quot;:800,&quot;mobileHeight&quot;:800,&quot;desktopHeight&quot;:800,&quot;enableTwitter&quot;:false,&quot;enableWhatsapp&quot;:false,&quot;enableFacebook&quot;:false,&quot;enablePinterest&quot;:false,&quot;enableLinkedin&quot;:false,&quot;enableEmail&quot;:false,&quot;randomFactor&quot;:0.5,&quot;type&quot;:&quot;custom-grid&quot;,&quot;columns&quot;:12,&quot;gutter&quot;:10,&quot;mobileGutter&quot;:10,&quot;tabletGutter&quot;:10,&quot;desktopGutter&quot;:10,&quot;enableResponsive&quot;:&quot;0&quot;,&quot;tabletColumns&quot;:2,&quot;mobileColumns&quot;:1,&quot;lazyLoad&quot;:0,&quot;lightboxOpts&quot;:{&quot;animated&quot;:true,&quot;Thumbs&quot;:{&quot;type&quot;:&quot;modern&quot;,&quot;showOnStart&quot;:false},&quot;Toolbar&quot;:{&quot;display&quot;:{&quot;right&quot;:[&quot;close&quot;]},&quot;enabled&quot;:true},&quot;Carousel&quot;:{&quot;Panzoom&quot;:{&quot;touch&quot;:false},&quot;infinite&quot;:false},&quot;keyboard&quot;:{&quot;Escape&quot;:&quot;close&quot;,&quot;Delete&quot;:&quot;close&quot;,&quot;Backspace&quot;:&quot;close&quot;,&quot;PageUp&quot;:false,&quot;PageDown&quot;:false,&quot;ArrowUp&quot;:false,&quot;ArrowDown&quot;:false,&quot;ArrowRight&quot;:false,&quot;ArrowLeft&quot;:false},&quot;touch&quot;:false,&quot;backdropClick&quot;:false,&quot;l10n&quot;:{&quot;CLOSE&quot;:&quot;Close&quot;,&quot;NEXT&quot;:&quot;Next&quot;,&quot;PREV&quot;:&quot;Previous&quot;,&quot;Error&quot;:&quot;The requested content cannot be loaded. Please try again later.&quot;,&quot;PLAY_START&quot;:&quot;Start slideshow&quot;,&quot;PLAY_STOP&quot;:&quot;Pause slideshow&quot;,&quot;FULL_SCREEN&quot;:&quot;Full screen&quot;,&quot;THUMBS&quot;:&quot;Thumbnails&quot;,&quot;DOWNLOAD&quot;:&quot;Download&quot;,&quot;SHARE&quot;:&quot;Share&quot;,&quot;ZOOM&quot;:&quot;Zoom&quot;,&quot;EMAIL&quot;:&quot;Here is the link to the image : %%image_link%% and this is the link to the gallery : %%gallery_link%%&quot;,&quot;MODAL&quot;:&quot;You can close this modal content with the ESC key&quot;,&quot;ERROR&quot;:&quot;Something Went Wrong, Please Try Again Later&quot;,&quot;IMAGE_ERROR&quot;:&quot;Image Not Found&quot;,&quot;ELEMENT_NOT_FOUND&quot;:&quot;HTML Element Not Found&quot;,&quot;AJAX_NOT_FOUND&quot;:&quot;Error Loading AJAX : Not Found&quot;,&quot;AJAX_FORBIDDEN&quot;:&quot;Error Loading AJAX : Forbidden&quot;,&quot;IFRAME_ERROR&quot;:&quot;Error Loading Page&quot;,&quot;TOGGLE_ZOOM&quot;:&quot;Toggle zoom level&quot;,&quot;TOGGLE_THUMBS&quot;:&quot;Toggle thumbnails&quot;,&quot;TOGGLE_SLIDESHOW&quot;:&quot;Toggle slideshow&quot;,&quot;TOGGLE_FULLSCREEN&quot;:&quot;Toggle full-screen mode&quot;},&quot;Images&quot;:{&quot;Panzoom&quot;:{&quot;maxScale&quot;:2}},&quot;mainClass&quot;:&quot;modula-fancybox-container modula-lightbox-jtg-26436&quot;,&quot;Html&quot;:{&quot;videoAutoplay&quot;:0,&quot;videoTpl&quot;:&quot;&lt;video class=\\&quot;fancybox__html5video\\&quot; controls muted playsinline controlsList controlsList=\\&quot;nodownload\\&quot; poster=\\&quot;{{poster}}\\&quot; src=\\&quot;{{src}}\\&quot; type=\\&quot;{{format}}\\&quot; &gt;  Sorry, your browser doesn&#039;t support embedded videos, &lt;a href=\\&quot;{{src}}\\&quot;&gt; download &lt;\\\/a&gt; and watch with your favorite video player! &lt;\\\/video&gt;&quot;}},&quot;inView&quot;:false,&quot;email_subject&quot;:&quot;Check out this awesome image !!&quot;,&quot;email_message&quot;:&quot;Here is the link to the image : %%image_link%% and this is the link to the gallery : %%gallery_link%%&quot;,&quot;lightbox&quot;:&quot;fancybox&quot;}\">\n\n\t\n\t<div  class=\"modula-items\">\n\t\t<div class=\"modula-item effect-pufrobo\" data-width=\"2\" data-height=\"2\" >\n\t<div class=\"modula-item-overlay\"><\/div>\n\n\t<div class=\"modula-item-content\">\n\n\t\t\t\t\n\t\t\t\t\t<a data-image-id=\"18885\" role=\"button\" tabindex=\"0\" rel=\"jtg-26436\" data-caption=\"J.S.G. Lundegren m.fl\" aria-label=\"Open image in lightbox\" class=\"tile-inner modula-item-link\"><\/a>\n\t\t\n\t\t<img loading=\"lazy\" decoding=\"async\" class=\"pic wp-image-18885\"  data-valign=\"middle\" data-halign=\"center\" alt=\"Mindesten Dybb\u00f8l Lundegren\" data-full=\"https:\/\/forsvarogforter.dk\/wp-content\/uploads\/2024\/08\/Lundegren_sten.jpg\" title=\"Lundegren mindesten\" width=\"225\" height=\"300\" src=\"https:\/\/forsvarogforter.dk\/wp-content\/uploads\/2024\/08\/Lundegren_sten-225x300.jpg\" data-src=\"https:\/\/forsvarogforter.dk\/wp-content\/uploads\/2024\/08\/Lundegren_sten-225x300.jpg\" data-caption=\"J.S.G. Lundegren m.fl\" srcset=\"https:\/\/forsvarogforter.dk\/wp-content\/uploads\/2024\/08\/Lundegren_sten.jpg 600w, https:\/\/forsvarogforter.dk\/wp-content\/uploads\/2024\/08\/Lundegren_sten-225x300.jpg 225w\" sizes=\"auto, (max-width: 225px) 100vw, 225px\" \/>\n\t\t<div class=\"figc\">\n\t\t\t<div class=\"figc-inner\">\n\t\t\t\t\t\t\t\t\t\t\t\t\t<p class=\"description\">J.S.G. Lundegren m.fl<\/p>\n\t\t\t\t\t\t\t\t\t\t\t<\/div>\n\t\t<\/div>\n\n\t<\/div>\n\n<\/div><div class=\"modula-item effect-pufrobo\" data-width=\"2\" data-height=\"2\" >\n\t<div class=\"modula-item-overlay\"><\/div>\n\n\t<div class=\"modula-item-content\">\n\n\t\t\t\t\n\t\t\t\t\t<a data-image-id=\"18872\" role=\"button\" tabindex=\"0\" rel=\"jtg-26436\" data-caption=\"Gravsted Garnisons\" aria-label=\"Open image in lightbox\" class=\"tile-inner modula-item-link\"><\/a>\n\t\t\n\t\t<img loading=\"lazy\" decoding=\"async\" class=\"pic wp-image-18872\"  data-valign=\"middle\" data-halign=\"center\" alt=\"Gravsted p\u00e5 Garnisons kirkeg\u00e5rd for J.S.G. Lundegren, 1864\" data-full=\"https:\/\/forsvarogforter.dk\/wp-content\/uploads\/2024\/08\/Lundegren_64_2.jpg\" title=\"Lundegren 1864 gravsted\" width=\"199\" height=\"300\" src=\"https:\/\/forsvarogforter.dk\/wp-content\/uploads\/2024\/08\/Lundegren_64_2-199x300.jpg\" data-src=\"https:\/\/forsvarogforter.dk\/wp-content\/uploads\/2024\/08\/Lundegren_64_2-199x300.jpg\" data-caption=\"Gravsted Garnisons\" srcset=\"https:\/\/forsvarogforter.dk\/wp-content\/uploads\/2024\/08\/Lundegren_64_2.jpg 768w, https:\/\/forsvarogforter.dk\/wp-content\/uploads\/2024\/08\/Lundegren_64_2-199x300.jpg 199w, https:\/\/forsvarogforter.dk\/wp-content\/uploads\/2024\/08\/Lundegren_64_2-681x1024.jpg 681w, https:\/\/forsvarogforter.dk\/wp-content\/uploads\/2024\/08\/Lundegren_64_2-750x1128.jpg 750w\" sizes=\"auto, (max-width: 199px) 100vw, 199px\" \/>\n\t\t<div class=\"figc\">\n\t\t\t<div class=\"figc-inner\">\n\t\t\t\t\t\t\t\t\t\t\t\t\t<p class=\"description\">Gravsted Garnisons<\/p>\n\t\t\t\t\t\t\t\t\t\t\t<\/div>\n\t\t<\/div>\n\n\t<\/div>\n\n<\/div><div class=\"modula-item effect-pufrobo\" data-width=\"2\" data-height=\"2\" >\n\t<div class=\"modula-item-overlay\"><\/div>\n\n\t<div class=\"modula-item-content\">\n\n\t\t\t\t\n\t\t\t\t\t<a data-image-id=\"18871\" role=\"button\" tabindex=\"0\" rel=\"jtg-26436\" data-caption=\"\" aria-label=\"Open image in lightbox\" class=\"tile-inner modula-item-link\"><\/a>\n\t\t\n\t\t<img loading=\"lazy\" decoding=\"async\" class=\"pic wp-image-18871\"  data-valign=\"middle\" data-halign=\"center\" alt=\"Tekst p\u00e5 gravsted for J.S.G. Lundegren\" data-full=\"https:\/\/forsvarogforter.dk\/wp-content\/uploads\/2024\/08\/Lundegren_64.jpg\" title=\"Lundegren_64\" width=\"199\" height=\"300\" src=\"https:\/\/forsvarogforter.dk\/wp-content\/uploads\/2024\/08\/Lundegren_64-199x300.jpg\" data-src=\"https:\/\/forsvarogforter.dk\/wp-content\/uploads\/2024\/08\/Lundegren_64-199x300.jpg\" data-caption=\"\" srcset=\"https:\/\/forsvarogforter.dk\/wp-content\/uploads\/2024\/08\/Lundegren_64.jpg 768w, https:\/\/forsvarogforter.dk\/wp-content\/uploads\/2024\/08\/Lundegren_64-199x300.jpg 199w, https:\/\/forsvarogforter.dk\/wp-content\/uploads\/2024\/08\/Lundegren_64-681x1024.jpg 681w, https:\/\/forsvarogforter.dk\/wp-content\/uploads\/2024\/08\/Lundegren_64-750x1128.jpg 750w\" sizes=\"auto, (max-width: 199px) 100vw, 199px\" \/>\n\t\t<div class=\"figc no-description\">\n\t\t\t<div class=\"figc-inner\">\n\t\t\t\t\t\t\t\t\t\t\t\t\t\t\t<\/div>\n\t\t<\/div>\n\n\t<\/div>\n\n<\/div><div class=\"modula-item effect-pufrobo\" data-width=\"2\" data-height=\"2\" >\n\t<div class=\"modula-item-overlay\"><\/div>\n\n\t<div class=\"modula-item-content\">\n\n\t\t\t\t\n\t\t\t\t\t<a data-image-id=\"25216\" role=\"button\" tabindex=\"0\" rel=\"jtg-26436\" data-caption=\"Mindetavle for 3 ofre for 18. april\" aria-label=\"Open image in lightbox\" class=\"tile-inner modula-item-link\"><\/a>\n\t\t\n\t\t<img loading=\"lazy\" decoding=\"async\" class=\"pic wp-image-25216\"  data-valign=\"middle\" data-halign=\"center\" alt=\"Stenderup lazaret mindetavle\" data-full=\"https:\/\/forsvarogforter.dk\/wp-content\/uploads\/2025\/01\/Stenderup-lazaret-mindetavle.jpg\" title=\"Stenderup lazaret mindetavle\" width=\"300\" height=\"200\" src=\"https:\/\/forsvarogforter.dk\/wp-content\/uploads\/2025\/01\/Stenderup-lazaret-mindetavle-300x200.jpg\" data-src=\"https:\/\/forsvarogforter.dk\/wp-content\/uploads\/2025\/01\/Stenderup-lazaret-mindetavle-300x200.jpg\" data-caption=\"Mindetavle for 3 ofre for 18. april\" srcset=\"https:\/\/forsvarogforter.dk\/wp-content\/uploads\/2025\/01\/Stenderup-lazaret-mindetavle.jpg 800w, https:\/\/forsvarogforter.dk\/wp-content\/uploads\/2025\/01\/Stenderup-lazaret-mindetavle-300x200.jpg 300w, https:\/\/forsvarogforter.dk\/wp-content\/uploads\/2025\/01\/Stenderup-lazaret-mindetavle-768x511.jpg 768w, https:\/\/forsvarogforter.dk\/wp-content\/uploads\/2025\/01\/Stenderup-lazaret-mindetavle-750x499.jpg 750w\" sizes=\"auto, (max-width: 300px) 100vw, 300px\" \/>\n\t\t<div class=\"figc\">\n\t\t\t<div class=\"figc-inner\">\n\t\t\t\t\t\t\t\t\t\t\t\t\t<p class=\"description\">Mindetavle for 3 ofre for 18. april<\/p>\n\t\t\t\t\t\t\t\t\t\t\t<\/div>\n\t\t<\/div>\n\n\t<\/div>\n\n<\/div>\t\t\n\t<\/div>\n\n\t\n\t\n\t\t<script type=\"application\/ld+json\">\n            [\n    {\n        \"@context\": \"https:\\\/\\\/schema.org\\\/\",\n        \"@type\": \"ImageObject\",\n        \"contentUrl\": \"https:\\\/\\\/forsvarogforter.dk\\\/wp-content\\\/uploads\\\/2024\\\/08\\\/48_64_2.jpg\",\n        \"license\": \"https:\\\/\\\/creativecommons.org\\\/publicdomain\\\/zero\\\/1.0\\\/\",\n        \"creditText\": \"\",\n        \"creator\": {\n            \"@type\": \"Person\",\n            \"name\": \"S\\u00f8ren \\u00d8stergaard\"\n        },\n        \"copyrightNotice\": \"\"\n    },\n    {\n        \"@context\": \"https:\\\/\\\/schema.org\\\/\",\n        \"@type\": \"ImageObject\",\n        \"contentUrl\": \"https:\\\/\\\/forsvarogforter.dk\\\/wp-content\\\/uploads\\\/2024\\\/08\\\/Garnisons_monument_1848_50_64_tekst.jpg\",\n        \"license\": \"https:\\\/\\\/creativecommons.org\\\/publicdomain\\\/zero\\\/1.0\\\/\",\n        \"creditText\": \"\",\n        \"creator\": {\n            \"@type\": \"Person\",\n            \"name\": \"S\\u00f8ren \\u00d8stergaard\"\n        },\n        \"copyrightNotice\": \"\"\n    },\n    {\n        \"@context\": \"https:\\\/\\\/schema.org\\\/\",\n        \"@type\": \"ImageObject\",\n        \"contentUrl\": \"https:\\\/\\\/forsvarogforter.dk\\\/wp-content\\\/uploads\\\/2024\\\/08\\\/226_64_3.jpg\",\n        \"license\": \"https:\\\/\\\/creativecommons.org\\\/publicdomain\\\/zero\\\/1.0\\\/\",\n        \"creditText\": \"\",\n        \"creator\": {\n            \"@type\": \"Person\",\n            \"name\": \"S\\u00f8ren \\u00d8stergaard\"\n        },\n        \"copyrightNotice\": \"\"\n    },\n    {\n        \"@context\": \"https:\\\/\\\/schema.org\\\/\",\n        \"@type\": \"ImageObject\",\n        \"contentUrl\": \"https:\\\/\\\/forsvarogforter.dk\\\/wp-content\\\/uploads\\\/2024\\\/08\\\/226_64.jpg\",\n        \"license\": \"https:\\\/\\\/creativecommons.org\\\/publicdomain\\\/zero\\\/1.0\\\/\",\n        \"creditText\": \"\",\n        \"creator\": {\n            \"@type\": \"Person\",\n            \"name\": \"S\\u00f8ren \\u00d8stergaard\"\n        },\n        \"copyrightNotice\": \"\"\n    },\n    {\n        \"@context\": \"https:\\\/\\\/schema.org\\\/\",\n        \"@type\": \"ImageObject\",\n        \"contentUrl\": \"https:\\\/\\\/forsvarogforter.dk\\\/wp-content\\\/uploads\\\/2024\\\/08\\\/Behrens_sten.jpg\",\n        \"license\": \"https:\\\/\\\/creativecommons.org\\\/publicdomain\\\/zero\\\/1.0\\\/\",\n        \"creditText\": \"\",\n        \"creator\": {\n            \"@type\": \"Person\",\n            \"name\": \"S\\u00f8ren \\u00d8stergaard\"\n        },\n        \"copyrightNotice\": \"\"\n    },\n    {\n        \"@context\": \"https:\\\/\\\/schema.org\\\/\",\n        \"@type\": \"ImageObject\",\n        \"contentUrl\": \"https:\\\/\\\/forsvarogforter.dk\\\/wp-content\\\/uploads\\\/2024\\\/08\\\/Behrens_64.jpg\",\n        \"license\": \"https:\\\/\\\/creativecommons.org\\\/publicdomain\\\/zero\\\/1.0\\\/\",\n        \"creditText\": \"\",\n        \"creator\": {\n            \"@type\": \"Person\",\n            \"name\": \"S\\u00f8ren \\u00d8stergaard\"\n        },\n        \"copyrightNotice\": \"\"\n    },\n    {\n        \"@context\": \"https:\\\/\\\/schema.org\\\/\",\n        \"@type\": \"ImageObject\",\n        \"contentUrl\": \"https:\\\/\\\/forsvarogforter.dk\\\/wp-content\\\/uploads\\\/2024\\\/08\\\/Behrens_KB.jpg\",\n        \"license\": \"https:\\\/\\\/creativecommons.org\\\/publicdomain\\\/zero\\\/1.0\\\/\",\n        \"creditText\": \"\",\n        \"creator\": {\n            \"@type\": \"Person\",\n            \"name\": \"S\\u00f8ren \\u00d8stergaard\"\n        },\n        \"copyrightNotice\": \"\"\n    },\n    {\n        \"@context\": \"https:\\\/\\\/schema.org\\\/\",\n        \"@type\": \"ImageObject\",\n        \"contentUrl\": \"https:\\\/\\\/forsvarogforter.dk\\\/wp-content\\\/uploads\\\/2024\\\/08\\\/Broennum_sten-421x285-1.jpg\",\n        \"license\": \"https:\\\/\\\/creativecommons.org\\\/publicdomain\\\/zero\\\/1.0\\\/\",\n        \"creditText\": \"\",\n        \"creator\": {\n            \"@type\": \"Person\",\n            \"name\": \"S\\u00f8ren \\u00d8stergaard\"\n        },\n        \"copyrightNotice\": \"\"\n    },\n    {\n        \"@context\": \"https:\\\/\\\/schema.org\\\/\",\n        \"@type\": \"ImageObject\",\n        \"contentUrl\": \"https:\\\/\\\/forsvarogforter.dk\\\/wp-content\\\/uploads\\\/2024\\\/08\\\/Broennum_64_2.jpg\",\n        \"license\": \"https:\\\/\\\/creativecommons.org\\\/publicdomain\\\/zero\\\/1.0\\\/\",\n        \"creditText\": \"\",\n        \"creator\": {\n            \"@type\": \"Person\",\n            \"name\": \"S\\u00f8ren \\u00d8stergaard\"\n        },\n        \"copyrightNotice\": \"\"\n    },\n    {\n        \"@context\": \"https:\\\/\\\/schema.org\\\/\",\n        \"@type\": \"ImageObject\",\n        \"contentUrl\": \"https:\\\/\\\/forsvarogforter.dk\\\/wp-content\\\/uploads\\\/2024\\\/08\\\/Gyldenfeldt_sten.jpg\",\n        \"license\": \"https:\\\/\\\/creativecommons.org\\\/publicdomain\\\/zero\\\/1.0\\\/\",\n        \"creditText\": \"\",\n        \"creator\": {\n            \"@type\": \"Person\",\n            \"name\": \"S\\u00f8ren \\u00d8stergaard\"\n        },\n        \"copyrightNotice\": \"\"\n    },\n    {\n        \"@context\": \"https:\\\/\\\/schema.org\\\/\",\n        \"@type\": \"ImageObject\",\n        \"contentUrl\": \"https:\\\/\\\/forsvarogforter.dk\\\/wp-content\\\/uploads\\\/2024\\\/08\\\/Gyldenfeldt_64.jpg\",\n        \"license\": \"https:\\\/\\\/creativecommons.org\\\/publicdomain\\\/zero\\\/1.0\\\/\",\n        \"creditText\": \"\",\n        \"creator\": {\n            \"@type\": \"Person\",\n            \"name\": \"S\\u00f8ren \\u00d8stergaard\"\n        },\n        \"copyrightNotice\": \"\"\n    },\n    {\n        \"@context\": \"https:\\\/\\\/schema.org\\\/\",\n        \"@type\": \"ImageObject\",\n        \"contentUrl\": \"https:\\\/\\\/forsvarogforter.dk\\\/wp-content\\\/uploads\\\/2024\\\/08\\\/Carlson_64.jpg\",\n        \"license\": \"https:\\\/\\\/creativecommons.org\\\/publicdomain\\\/zero\\\/1.0\\\/\",\n        \"creditText\": \"\",\n        \"creator\": {\n            \"@type\": \"Person\",\n            \"name\": \"S\\u00f8ren \\u00d8stergaard\"\n        },\n        \"copyrightNotice\": \"\"\n    },\n    {\n        \"@context\": \"https:\\\/\\\/schema.org\\\/\",\n        \"@type\": \"ImageObject\",\n        \"contentUrl\": \"https:\\\/\\\/forsvarogforter.dk\\\/wp-content\\\/uploads\\\/2024\\\/08\\\/Carlson_64_2-1.jpg\",\n        \"license\": \"https:\\\/\\\/creativecommons.org\\\/publicdomain\\\/zero\\\/1.0\\\/\",\n        \"creditText\": \"\",\n        \"creator\": {\n            \"@type\": \"Person\",\n            \"name\": \"S\\u00f8ren \\u00d8stergaard\"\n        },\n        \"copyrightNotice\": \"\"\n    },\n    {\n        \"@context\": \"https:\\\/\\\/schema.org\\\/\",\n        \"@type\": \"ImageObject\",\n        \"contentUrl\": \"https:\\\/\\\/forsvarogforter.dk\\\/wp-content\\\/uploads\\\/2024\\\/08\\\/Hveberg_sten_2.jpg\",\n        \"license\": \"https:\\\/\\\/creativecommons.org\\\/publicdomain\\\/zero\\\/1.0\\\/\",\n        \"creditText\": \"\",\n        \"creator\": {\n            \"@type\": \"Person\",\n            \"name\": \"S\\u00f8ren \\u00d8stergaard\"\n        },\n        \"copyrightNotice\": \"\"\n    },\n    {\n        \"@context\": \"https:\\\/\\\/schema.org\\\/\",\n        \"@type\": \"ImageObject\",\n        \"contentUrl\": \"https:\\\/\\\/forsvarogforter.dk\\\/wp-content\\\/uploads\\\/2024\\\/08\\\/Hveberg_64_2.jpg\",\n        \"license\": \"https:\\\/\\\/creativecommons.org\\\/publicdomain\\\/zero\\\/1.0\\\/\",\n        \"creditText\": \"\",\n        \"creator\": {\n            \"@type\": \"Person\",\n            \"name\": \"S\\u00f8ren \\u00d8stergaard\"\n        },\n        \"copyrightNotice\": \"\"\n    },\n    {\n        \"@context\": \"https:\\\/\\\/schema.org\\\/\",\n        \"@type\": \"ImageObject\",\n        \"contentUrl\": \"https:\\\/\\\/forsvarogforter.dk\\\/wp-content\\\/uploads\\\/2024\\\/08\\\/Hveberg_64.jpg\",\n        \"license\": \"https:\\\/\\\/creativecommons.org\\\/publicdomain\\\/zero\\\/1.0\\\/\",\n        \"creditText\": \"\",\n        \"creator\": {\n            \"@type\": \"Person\",\n            \"name\": \"S\\u00f8ren \\u00d8stergaard\"\n        },\n        \"copyrightNotice\": \"\"\n    },\n    {\n        \"@context\": \"https:\\\/\\\/schema.org\\\/\",\n        \"@type\": \"ImageObject\",\n        \"contentUrl\": \"https:\\\/\\\/forsvarogforter.dk\\\/wp-content\\\/uploads\\\/2024\\\/08\\\/Hveberg_64-768x400-1.jpg\",\n        \"license\": \"https:\\\/\\\/creativecommons.org\\\/publicdomain\\\/zero\\\/1.0\\\/\",\n        \"creditText\": \"\",\n        \"creator\": {\n            \"@type\": \"Person\",\n            \"name\": \"S\\u00f8ren \\u00d8stergaard\"\n        },\n        \"copyrightNotice\": \"\"\n    },\n    {\n        \"@context\": \"https:\\\/\\\/schema.org\\\/\",\n        \"@type\": \"ImageObject\",\n        \"contentUrl\": \"https:\\\/\\\/forsvarogforter.dk\\\/wp-content\\\/uploads\\\/2024\\\/08\\\/Hveberg_KB.jpg\",\n        \"license\": \"https:\\\/\\\/creativecommons.org\\\/publicdomain\\\/zero\\\/1.0\\\/\",\n        \"creditText\": \"\",\n        \"creator\": {\n            \"@type\": \"Person\",\n            \"name\": \"S\\u00f8ren \\u00d8stergaard\"\n        },\n        \"copyrightNotice\": \"\"\n    },\n    {\n        \"@context\": \"https:\\\/\\\/schema.org\\\/\",\n        \"@type\": \"ImageObject\",\n        \"contentUrl\": \"https:\\\/\\\/forsvarogforter.dk\\\/wp-content\\\/uploads\\\/2024\\\/08\\\/Jensen_sten.jpg\",\n        \"license\": \"https:\\\/\\\/creativecommons.org\\\/publicdomain\\\/zero\\\/1.0\\\/\",\n        \"creditText\": \"\",\n        \"creator\": {\n            \"@type\": \"Person\",\n            \"name\": \"S\\u00f8ren \\u00d8stergaard\"\n        },\n        \"copyrightNotice\": \"\"\n    },\n    {\n        \"@context\": \"https:\\\/\\\/schema.org\\\/\",\n        \"@type\": \"ImageObject\",\n        \"contentUrl\": \"https:\\\/\\\/forsvarogforter.dk\\\/wp-content\\\/uploads\\\/2024\\\/08\\\/Jensen_64_2.jpg\",\n        \"license\": \"https:\\\/\\\/creativecommons.org\\\/publicdomain\\\/zero\\\/1.0\\\/\",\n        \"creditText\": \"\",\n        \"creator\": {\n            \"@type\": \"Person\",\n            \"name\": \"S\\u00f8ren \\u00d8stergaard\"\n        },\n        \"copyrightNotice\": \"\"\n    },\n    {\n        \"@context\": \"https:\\\/\\\/schema.org\\\/\",\n        \"@type\": \"ImageObject\",\n        \"contentUrl\": \"https:\\\/\\\/forsvarogforter.dk\\\/wp-content\\\/uploads\\\/2024\\\/08\\\/Jensen_KB.jpg\",\n        \"license\": \"https:\\\/\\\/creativecommons.org\\\/publicdomain\\\/zero\\\/1.0\\\/\",\n        \"creditText\": \"\",\n        \"creator\": {\n            \"@type\": \"Person\",\n            \"name\": \"S\\u00f8ren \\u00d8stergaard\"\n        },\n        \"copyrightNotice\": \"\"\n    },\n    {\n        \"@context\": \"https:\\\/\\\/schema.org\\\/\",\n        \"@type\": \"ImageObject\",\n        \"contentUrl\": \"https:\\\/\\\/forsvarogforter.dk\\\/wp-content\\\/uploads\\\/2024\\\/08\\\/Lasson_sten.jpg\",\n        \"license\": \"https:\\\/\\\/creativecommons.org\\\/publicdomain\\\/zero\\\/1.0\\\/\",\n        \"creditText\": \"\",\n        \"creator\": {\n            \"@type\": \"Person\",\n            \"name\": \"S\\u00f8ren \\u00d8stergaard\"\n        },\n        \"copyrightNotice\": \"\"\n    },\n    {\n        \"@context\": \"https:\\\/\\\/schema.org\\\/\",\n        \"@type\": \"ImageObject\",\n        \"contentUrl\": \"https:\\\/\\\/forsvarogforter.dk\\\/wp-content\\\/uploads\\\/2024\\\/08\\\/Lasson_64.jpg\",\n        \"license\": \"https:\\\/\\\/creativecommons.org\\\/publicdomain\\\/zero\\\/1.0\\\/\",\n        \"creditText\": \"\",\n        \"creator\": {\n            \"@type\": \"Person\",\n            \"name\": \"S\\u00f8ren \\u00d8stergaard\"\n        },\n        \"copyrightNotice\": \"\"\n    },\n    {\n        \"@context\": \"https:\\\/\\\/schema.org\\\/\",\n        \"@type\": \"ImageObject\",\n        \"contentUrl\": \"https:\\\/\\\/forsvarogforter.dk\\\/wp-content\\\/uploads\\\/2024\\\/08\\\/Lasson_KB.jpg\",\n        \"license\": \"https:\\\/\\\/creativecommons.org\\\/publicdomain\\\/zero\\\/1.0\\\/\",\n        \"creditText\": \"\",\n        \"creator\": {\n            \"@type\": \"Person\",\n            \"name\": \"S\\u00f8ren \\u00d8stergaard\"\n        },\n        \"copyrightNotice\": \"\"\n    },\n    {\n        \"@context\": \"https:\\\/\\\/schema.org\\\/\",\n        \"@type\": \"ImageObject\",\n        \"contentUrl\": \"https:\\\/\\\/forsvarogforter.dk\\\/wp-content\\\/uploads\\\/2024\\\/08\\\/Lundbye_sten.jpg\",\n        \"license\": \"https:\\\/\\\/creativecommons.org\\\/publicdomain\\\/zero\\\/1.0\\\/\",\n        \"creditText\": \"\",\n        \"creator\": {\n            \"@type\": \"Person\",\n            \"name\": \"S\\u00f8ren \\u00d8stergaard\"\n        },\n        \"copyrightNotice\": \"\"\n    },\n    {\n        \"@context\": \"https:\\\/\\\/schema.org\\\/\",\n        \"@type\": \"ImageObject\",\n        \"contentUrl\": \"https:\\\/\\\/forsvarogforter.dk\\\/wp-content\\\/uploads\\\/2024\\\/08\\\/Lundbye_64_2.jpg\",\n        \"license\": \"https:\\\/\\\/creativecommons.org\\\/publicdomain\\\/zero\\\/1.0\\\/\",\n        \"creditText\": \"\",\n        \"creator\": {\n            \"@type\": \"Person\",\n            \"name\": \"S\\u00f8ren \\u00d8stergaard\"\n        },\n        \"copyrightNotice\": \"\"\n    },\n    {\n        \"@context\": \"https:\\\/\\\/schema.org\\\/\",\n        \"@type\": \"ImageObject\",\n        \"contentUrl\": \"https:\\\/\\\/forsvarogforter.dk\\\/wp-content\\\/uploads\\\/2024\\\/08\\\/Lundbye.jpg\",\n        \"license\": \"https:\\\/\\\/creativecommons.org\\\/publicdomain\\\/zero\\\/1.0\\\/\",\n        \"creditText\": \"\",\n        \"creator\": {\n            \"@type\": \"Person\",\n            \"name\": \"S\\u00f8ren \\u00d8stergaard\"\n        },\n        \"copyrightNotice\": \"\"\n    },\n    {\n        \"@context\": \"https:\\\/\\\/schema.org\\\/\",\n        \"@type\": \"ImageObject\",\n        \"contentUrl\": \"https:\\\/\\\/forsvarogforter.dk\\\/wp-content\\\/uploads\\\/2024\\\/08\\\/Lundegren_sten.jpg\",\n        \"license\": \"https:\\\/\\\/creativecommons.org\\\/publicdomain\\\/zero\\\/1.0\\\/\",\n        \"creditText\": \"\",\n        \"creator\": {\n            \"@type\": \"Person\",\n            \"name\": \"S\\u00f8ren \\u00d8stergaard\"\n        },\n        \"copyrightNotice\": \"\"\n    },\n    {\n        \"@context\": \"https:\\\/\\\/schema.org\\\/\",\n        \"@type\": \"ImageObject\",\n        \"contentUrl\": \"https:\\\/\\\/forsvarogforter.dk\\\/wp-content\\\/uploads\\\/2024\\\/08\\\/Lundegren_64_2.jpg\",\n        \"license\": \"https:\\\/\\\/creativecommons.org\\\/publicdomain\\\/zero\\\/1.0\\\/\",\n        \"creditText\": \"\",\n        \"creator\": {\n            \"@type\": \"Person\",\n            \"name\": \"S\\u00f8ren \\u00d8stergaard\"\n        },\n        \"copyrightNotice\": \"\"\n    },\n    {\n        \"@context\": \"https:\\\/\\\/schema.org\\\/\",\n        \"@type\": \"ImageObject\",\n        \"contentUrl\": \"https:\\\/\\\/forsvarogforter.dk\\\/wp-content\\\/uploads\\\/2024\\\/08\\\/Lundegren_64.jpg\",\n        \"license\": \"https:\\\/\\\/creativecommons.org\\\/publicdomain\\\/zero\\\/1.0\\\/\",\n        \"creditText\": \"\",\n        \"creator\": {\n            \"@type\": \"Person\",\n            \"name\": \"S\\u00f8ren \\u00d8stergaard\"\n        },\n        \"copyrightNotice\": \"\"\n    },\n    {\n        \"@context\": \"https:\\\/\\\/schema.org\\\/\",\n        \"@type\": \"ImageObject\",\n        \"contentUrl\": \"https:\\\/\\\/forsvarogforter.dk\\\/wp-content\\\/uploads\\\/2025\\\/01\\\/Stenderup-lazaret-mindetavle.jpg\",\n        \"license\": \"https:\\\/\\\/creativecommons.org\\\/publicdomain\\\/zero\\\/1.0\\\/\",\n        \"creditText\": \"\",\n        \"creator\": {\n            \"@type\": \"Person\",\n            \"name\": \"S\\u00f8ren \\u00d8stergaard\"\n        },\n        \"copyrightNotice\": \"\"\n    }\n]\n\n\t\t<\/script>\n\n\t\t\n\t<script type=\"application\/ld+json\">\n\t{\n\t\t\"@context\": \"http:\/\/schema.org\",\n\t\t\"@type\"   : \"ImageGallery\",\n\t\t\"id\"      : \"https:\/\/forsvarogforter.dk\/index.php\/fra-dybboel-til-kirkegaarden-i-1864\/\",\n\t\t\"url\"     : \"https:\/\/forsvarogforter.dk\/index.php\/fra-dybboel-til-kirkegaarden-i-1864\/\"\n\t}\n\n\t<\/script>\n\n\t\n<\/div>\n\n<p>&nbsp;<\/p>\n<p>General du Plat<br \/>\nDr\u00e6bt under modangrebet 18. april 1864 (sammen med major S. Rosen\u00a0 og major E. Schau).<\/p>\n<style>#jtg-26458 .modula-item .jtg-social a, .lightbox-socials.jtg-social a{ fill: #ffffff; color: #ffffff }#jtg-26458 .modula-item .jtg-social-expandable a, #jtg-26458 .modula-item .jtg-social-expandable-icons a{ fill: #ffffff; color: #ffffff }#jtg-26458 .modula-item .jtg-social svg, .lightbox-socials.jtg-social svg { height: 16px; width: 16px }#jtg-26458 .modula-item .jtg-social-expandable svg { height: 16px; width: 16px }#jtg-26458 .modula-item .jtg-social-expandable-icons svg { height: 16px; width: 16px }#jtg-26458 .modula-item .jtg-social a:not(:last-child), .lightbox-socials.jtg-social a:not(:last-child) { margin-right: 10px }#jtg-26458 .modula-item .jtg-social-expandable-icons { gap: 10px }#jtg-26458 .modula-item .figc {color:#ffffff;}#jtg-26458 .modula-item .figc .jtg-title {  font-size: 16px; }#jtg-26458 .modula-item .modula-item-content { transform: scale(1); }#jtg-26458 .modula-items .figc p.description { font-size:14px; }#jtg-26458 .modula-items .figc p.description { color:#ffffff;}#jtg-26458 .modula-items .figc .jtg-title { color:#ffffff; }#jtg-26458.modula-gallery .modula-item > a, #jtg-26458.modula-gallery .modula-item, #jtg-26458.modula-gallery .modula-item-content > a:not(.modula-no-follow) { cursor:zoom-in; } #jtg-26458.modula-gallery .modula-item-content .modula-no-follow { cursor: default; } @media screen and (max-width:480px){#jtg-26458 .modula-item .figc .jtg-title {  font-size: 12px; }#jtg-26458 .modula-items .figc p.description { color:#ffffff;font-size:10px; }}<\/style>\n<div  id=\"jtg-26458\" class=\"modula modula-gallery modula-custom-grid\" data-config=\"{&quot;height&quot;:800,&quot;tabletHeight&quot;:800,&quot;mobileHeight&quot;:800,&quot;desktopHeight&quot;:800,&quot;enableTwitter&quot;:false,&quot;enableWhatsapp&quot;:false,&quot;enableFacebook&quot;:false,&quot;enablePinterest&quot;:false,&quot;enableLinkedin&quot;:false,&quot;enableEmail&quot;:false,&quot;randomFactor&quot;:0.5,&quot;type&quot;:&quot;custom-grid&quot;,&quot;columns&quot;:12,&quot;gutter&quot;:10,&quot;mobileGutter&quot;:10,&quot;tabletGutter&quot;:10,&quot;desktopGutter&quot;:10,&quot;enableResponsive&quot;:&quot;0&quot;,&quot;tabletColumns&quot;:2,&quot;mobileColumns&quot;:1,&quot;lazyLoad&quot;:0,&quot;lightboxOpts&quot;:{&quot;animated&quot;:true,&quot;Thumbs&quot;:{&quot;type&quot;:&quot;modern&quot;,&quot;showOnStart&quot;:false},&quot;Toolbar&quot;:{&quot;display&quot;:{&quot;right&quot;:[&quot;close&quot;]},&quot;enabled&quot;:true},&quot;Carousel&quot;:{&quot;Panzoom&quot;:{&quot;touch&quot;:false},&quot;infinite&quot;:false},&quot;keyboard&quot;:{&quot;Escape&quot;:&quot;close&quot;,&quot;Delete&quot;:&quot;close&quot;,&quot;Backspace&quot;:&quot;close&quot;,&quot;PageUp&quot;:false,&quot;PageDown&quot;:false,&quot;ArrowUp&quot;:false,&quot;ArrowDown&quot;:false,&quot;ArrowRight&quot;:false,&quot;ArrowLeft&quot;:false},&quot;touch&quot;:false,&quot;backdropClick&quot;:false,&quot;l10n&quot;:{&quot;CLOSE&quot;:&quot;Close&quot;,&quot;NEXT&quot;:&quot;Next&quot;,&quot;PREV&quot;:&quot;Previous&quot;,&quot;Error&quot;:&quot;The requested content cannot be loaded. Please try again later.&quot;,&quot;PLAY_START&quot;:&quot;Start slideshow&quot;,&quot;PLAY_STOP&quot;:&quot;Pause slideshow&quot;,&quot;FULL_SCREEN&quot;:&quot;Full screen&quot;,&quot;THUMBS&quot;:&quot;Thumbnails&quot;,&quot;DOWNLOAD&quot;:&quot;Download&quot;,&quot;SHARE&quot;:&quot;Share&quot;,&quot;ZOOM&quot;:&quot;Zoom&quot;,&quot;EMAIL&quot;:&quot;Here is the link to the image : %%image_link%% and this is the link to the gallery : %%gallery_link%%&quot;,&quot;MODAL&quot;:&quot;You can close this modal content with the ESC key&quot;,&quot;ERROR&quot;:&quot;Something Went Wrong, Please Try Again Later&quot;,&quot;IMAGE_ERROR&quot;:&quot;Image Not Found&quot;,&quot;ELEMENT_NOT_FOUND&quot;:&quot;HTML Element Not Found&quot;,&quot;AJAX_NOT_FOUND&quot;:&quot;Error Loading AJAX : Not Found&quot;,&quot;AJAX_FORBIDDEN&quot;:&quot;Error Loading AJAX : Forbidden&quot;,&quot;IFRAME_ERROR&quot;:&quot;Error Loading Page&quot;,&quot;TOGGLE_ZOOM&quot;:&quot;Toggle zoom level&quot;,&quot;TOGGLE_THUMBS&quot;:&quot;Toggle thumbnails&quot;,&quot;TOGGLE_SLIDESHOW&quot;:&quot;Toggle slideshow&quot;,&quot;TOGGLE_FULLSCREEN&quot;:&quot;Toggle full-screen mode&quot;},&quot;Images&quot;:{&quot;Panzoom&quot;:{&quot;maxScale&quot;:2}},&quot;mainClass&quot;:&quot;modula-fancybox-container modula-lightbox-jtg-26458&quot;,&quot;Html&quot;:{&quot;videoAutoplay&quot;:0,&quot;videoTpl&quot;:&quot;&lt;video class=\\&quot;fancybox__html5video\\&quot; controls muted playsinline controlsList controlsList=\\&quot;nodownload\\&quot; poster=\\&quot;{{poster}}\\&quot; src=\\&quot;{{src}}\\&quot; type=\\&quot;{{format}}\\&quot; &gt;  Sorry, your browser doesn&#039;t support embedded videos, &lt;a href=\\&quot;{{src}}\\&quot;&gt; download &lt;\\\/a&gt; and watch with your favorite video player! &lt;\\\/video&gt;&quot;}},&quot;inView&quot;:false,&quot;email_subject&quot;:&quot;Check out this awesome image !!&quot;,&quot;email_message&quot;:&quot;Here is the link to the image : %%image_link%% and this is the link to the gallery : %%gallery_link%%&quot;,&quot;lightbox&quot;:&quot;fancybox&quot;}\">\n\n\t\n\t<div  class=\"modula-items\">\n\t\t<div class=\"modula-item effect-pufrobo\" data-width=\"2\" data-height=\"2\" >\n\t<div class=\"modula-item-overlay\"><\/div>\n\n\t<div class=\"modula-item-content\">\n\n\t\t\t\t\n\t\t\t\t\t<a data-image-id=\"13057\" role=\"button\" tabindex=\"0\" rel=\"jtg-26458\" data-caption=\"\" aria-label=\"Open image in lightbox\" class=\"tile-inner modula-item-link\"><\/a>\n\t\t\n\t\t<img loading=\"lazy\" decoding=\"async\" class=\"pic wp-image-13057\"  data-valign=\"middle\" data-halign=\"center\" alt=\"Mindesten for du Plat, von Rosen og Schau p\u00e5 Dybb\u00f8l 1864\" data-full=\"https:\/\/forsvarogforter.dk\/wp-content\/uploads\/2024\/08\/Du_Plat.jpg\" title=\"Du_Plat\" width=\"300\" height=\"225\" src=\"https:\/\/forsvarogforter.dk\/wp-content\/uploads\/2024\/08\/Du_Plat-300x225.jpg\" data-src=\"https:\/\/forsvarogforter.dk\/wp-content\/uploads\/2024\/08\/Du_Plat-300x225.jpg\" data-caption=\"\" srcset=\"https:\/\/forsvarogforter.dk\/wp-content\/uploads\/2024\/08\/Du_Plat.jpg 800w, https:\/\/forsvarogforter.dk\/wp-content\/uploads\/2024\/08\/Du_Plat-300x225.jpg 300w, https:\/\/forsvarogforter.dk\/wp-content\/uploads\/2024\/08\/Du_Plat-768x576.jpg 768w, https:\/\/forsvarogforter.dk\/wp-content\/uploads\/2024\/08\/Du_Plat-750x563.jpg 750w\" sizes=\"auto, (max-width: 300px) 100vw, 300px\" \/>\n\t\t<div class=\"figc no-description\">\n\t\t\t<div class=\"figc-inner\">\n\t\t\t\t\t\t\t\t\t\t\t\t\t\t\t<\/div>\n\t\t<\/div>\n\n\t<\/div>\n\n<\/div><div class=\"modula-item effect-pufrobo\" data-width=\"2\" data-height=\"2\" >\n\t<div class=\"modula-item-overlay\"><\/div>\n\n\t<div class=\"modula-item-content\">\n\n\t\t\t\t\n\t\t\t\t\t<a data-image-id=\"4238\" role=\"button\" tabindex=\"0\" rel=\"jtg-26458\" data-caption=\"Tekst p\u00e5 mindesten, Dybb\u00f8l\" aria-label=\"Open image in lightbox\" class=\"tile-inner modula-item-link\"><\/a>\n\t\t\n\t\t<img loading=\"lazy\" decoding=\"async\" class=\"pic wp-image-4238\"  data-valign=\"middle\" data-halign=\"center\" alt=\"Tekst p\u00e5 mindesten for general du Plat\" data-full=\"https:\/\/forsvarogforter.dk\/wp-content\/uploads\/2024\/08\/Schau_du_Plat_Rosen_sten-1.jpg\" title=\"Mindesten p\u00e5 Dybb\u00f8l Schau, du Plat og Rosen\" width=\"300\" height=\"225\" src=\"https:\/\/forsvarogforter.dk\/wp-content\/uploads\/2024\/08\/Schau_du_Plat_Rosen_sten-1-300x225.jpg\" data-src=\"https:\/\/forsvarogforter.dk\/wp-content\/uploads\/2024\/08\/Schau_du_Plat_Rosen_sten-1-300x225.jpg\" data-caption=\"Tekst p\u00e5 mindesten, Dybb\u00f8l\" srcset=\"https:\/\/forsvarogforter.dk\/wp-content\/uploads\/2024\/08\/Schau_du_Plat_Rosen_sten-1.jpg 800w, https:\/\/forsvarogforter.dk\/wp-content\/uploads\/2024\/08\/Schau_du_Plat_Rosen_sten-1-300x225.jpg 300w, https:\/\/forsvarogforter.dk\/wp-content\/uploads\/2024\/08\/Schau_du_Plat_Rosen_sten-1-768x576.jpg 768w, https:\/\/forsvarogforter.dk\/wp-content\/uploads\/2024\/08\/Schau_du_Plat_Rosen_sten-1-750x563.jpg 750w\" sizes=\"auto, (max-width: 300px) 100vw, 300px\" \/>\n\t\t<div class=\"figc\">\n\t\t\t<div class=\"figc-inner\">\n\t\t\t\t\t\t\t\t\t\t\t\t\t<p class=\"description\">Tekst p\u00e5 mindesten, Dybb\u00f8l<\/p>\n\t\t\t\t\t\t\t\t\t\t\t<\/div>\n\t\t<\/div>\n\n\t<\/div>\n\n<\/div><div class=\"modula-item effect-pufrobo\" data-width=\"2\" data-height=\"2\" >\n\t<div class=\"modula-item-overlay\"><\/div>\n\n\t<div class=\"modula-item-content\">\n\n\t\t\t\t\n\t\t\t\t\t<a data-image-id=\"26459\" role=\"button\" tabindex=\"0\" rel=\"jtg-26458\" data-caption=\"\" aria-label=\"Open image in lightbox\" class=\"tile-inner modula-item-link\"><\/a>\n\t\t\n\t\t<img loading=\"lazy\" decoding=\"async\" class=\"pic wp-image-26459\"  data-valign=\"middle\" data-halign=\"center\" alt=\"Soderup Kirke\" data-full=\"https:\/\/forsvarogforter.dk\/wp-content\/uploads\/2025\/02\/du_Plat_Grave.jpg\" title=\"du_Plat_Grav\" width=\"300\" height=\"200\" src=\"https:\/\/forsvarogforter.dk\/wp-content\/uploads\/2025\/02\/du_Plat_Grave-300x200.jpg\" data-src=\"https:\/\/forsvarogforter.dk\/wp-content\/uploads\/2025\/02\/du_Plat_Grave-300x200.jpg\" data-caption=\"\" srcset=\"https:\/\/forsvarogforter.dk\/wp-content\/uploads\/2025\/02\/du_Plat_Grave.jpg 1024w, https:\/\/forsvarogforter.dk\/wp-content\/uploads\/2025\/02\/du_Plat_Grave-300x200.jpg 300w, https:\/\/forsvarogforter.dk\/wp-content\/uploads\/2025\/02\/du_Plat_Grave-768x511.jpg 768w, https:\/\/forsvarogforter.dk\/wp-content\/uploads\/2025\/02\/du_Plat_Grave-750x499.jpg 750w\" sizes=\"auto, (max-width: 300px) 100vw, 300px\" \/>\n\t\t<div class=\"figc no-description\">\n\t\t\t<div class=\"figc-inner\">\n\t\t\t\t\t\t\t\t\t\t\t\t\t\t\t<\/div>\n\t\t<\/div>\n\n\t<\/div>\n\n<\/div><div class=\"modula-item effect-pufrobo\" data-width=\"2\" data-height=\"2\" >\n\t<div class=\"modula-item-overlay\"><\/div>\n\n\t<div class=\"modula-item-content\">\n\n\t\t\t\t\n\t\t\t\t\t<a data-image-id=\"13058\" role=\"button\" tabindex=\"0\" rel=\"jtg-26458\" data-caption=\"du Plat grav p\u00e5 Soderup\" aria-label=\"Open image in lightbox\" class=\"tile-inner modula-item-link\"><\/a>\n\t\t\n\t\t<img loading=\"lazy\" decoding=\"async\" class=\"pic wp-image-13058\"  data-valign=\"middle\" data-halign=\"center\" alt=\"General du Plat 1864 grav i Soderup\" data-full=\"https:\/\/forsvarogforter.dk\/wp-content\/uploads\/2024\/08\/du_Plat_gravsten_Soderup_3.jpg\" title=\"du Plat 1864 gravsten Soderup\" width=\"200\" height=\"300\" src=\"https:\/\/forsvarogforter.dk\/wp-content\/uploads\/2024\/08\/du_Plat_gravsten_Soderup_3-200x300.jpg\" data-src=\"https:\/\/forsvarogforter.dk\/wp-content\/uploads\/2024\/08\/du_Plat_gravsten_Soderup_3-200x300.jpg\" data-caption=\"du Plat grav p\u00e5 Soderup\" srcset=\"https:\/\/forsvarogforter.dk\/wp-content\/uploads\/2024\/08\/du_Plat_gravsten_Soderup_3.jpg 600w, https:\/\/forsvarogforter.dk\/wp-content\/uploads\/2024\/08\/du_Plat_gravsten_Soderup_3-200x300.jpg 200w\" sizes=\"auto, (max-width: 200px) 100vw, 200px\" \/>\n\t\t<div class=\"figc\">\n\t\t\t<div class=\"figc-inner\">\n\t\t\t\t\t\t\t\t\t\t\t\t\t<p class=\"description\">du Plat grav p\u00e5 Soderup<\/p>\n\t\t\t\t\t\t\t\t\t\t\t<\/div>\n\t\t<\/div>\n\n\t<\/div>\n\n<\/div><div class=\"modula-item effect-pufrobo\" data-width=\"2\" data-height=\"2\" >\n\t<div class=\"modula-item-overlay\"><\/div>\n\n\t<div class=\"modula-item-content\">\n\n\t\t\t\t\n\t\t\t\t\t<a data-image-id=\"14672\" role=\"button\" tabindex=\"0\" rel=\"jtg-26458\" data-caption=\"\" aria-label=\"Open image in lightbox\" class=\"tile-inner modula-item-link\"><\/a>\n\t\t\n\t\t<img loading=\"lazy\" decoding=\"async\" class=\"pic wp-image-14672\"  data-valign=\"middle\" data-halign=\"center\" alt=\"1864 General du Plat\" data-full=\"https:\/\/forsvarogforter.dk\/wp-content\/uploads\/2024\/08\/General_du_Plat.jpg\" title=\"General_du_Plat\" width=\"200\" height=\"287\" src=\"https:\/\/forsvarogforter.dk\/wp-content\/uploads\/2024\/08\/General_du_Plat.jpg\" data-src=\"https:\/\/forsvarogforter.dk\/wp-content\/uploads\/2024\/08\/General_du_Plat.jpg\" data-caption=\"\"\/>\n\t\t<div class=\"figc no-description\">\n\t\t\t<div class=\"figc-inner\">\n\t\t\t\t\t\t\t\t\t\t\t\t\t\t\t<\/div>\n\t\t<\/div>\n\n\t<\/div>\n\n<\/div>\t\t\n\t<\/div>\n\n\t\n\t\n\t\t<script type=\"application\/ld+json\">\n            [\n    {\n        \"@context\": \"https:\\\/\\\/schema.org\\\/\",\n        \"@type\": \"ImageObject\",\n        \"contentUrl\": \"https:\\\/\\\/forsvarogforter.dk\\\/wp-content\\\/uploads\\\/2024\\\/08\\\/48_64_2.jpg\",\n        \"license\": \"https:\\\/\\\/creativecommons.org\\\/publicdomain\\\/zero\\\/1.0\\\/\",\n        \"creditText\": \"\",\n        \"creator\": {\n            \"@type\": \"Person\",\n            \"name\": \"S\\u00f8ren \\u00d8stergaard\"\n        },\n        \"copyrightNotice\": \"\"\n    },\n    {\n        \"@context\": \"https:\\\/\\\/schema.org\\\/\",\n        \"@type\": \"ImageObject\",\n        \"contentUrl\": \"https:\\\/\\\/forsvarogforter.dk\\\/wp-content\\\/uploads\\\/2024\\\/08\\\/Garnisons_monument_1848_50_64_tekst.jpg\",\n        \"license\": \"https:\\\/\\\/creativecommons.org\\\/publicdomain\\\/zero\\\/1.0\\\/\",\n        \"creditText\": \"\",\n        \"creator\": {\n            \"@type\": \"Person\",\n            \"name\": \"S\\u00f8ren \\u00d8stergaard\"\n        },\n        \"copyrightNotice\": \"\"\n    },\n    {\n        \"@context\": \"https:\\\/\\\/schema.org\\\/\",\n        \"@type\": \"ImageObject\",\n        \"contentUrl\": \"https:\\\/\\\/forsvarogforter.dk\\\/wp-content\\\/uploads\\\/2024\\\/08\\\/226_64_3.jpg\",\n        \"license\": \"https:\\\/\\\/creativecommons.org\\\/publicdomain\\\/zero\\\/1.0\\\/\",\n        \"creditText\": \"\",\n        \"creator\": {\n            \"@type\": \"Person\",\n            \"name\": \"S\\u00f8ren \\u00d8stergaard\"\n        },\n        \"copyrightNotice\": \"\"\n    },\n    {\n        \"@context\": \"https:\\\/\\\/schema.org\\\/\",\n        \"@type\": \"ImageObject\",\n        \"contentUrl\": \"https:\\\/\\\/forsvarogforter.dk\\\/wp-content\\\/uploads\\\/2024\\\/08\\\/226_64.jpg\",\n        \"license\": \"https:\\\/\\\/creativecommons.org\\\/publicdomain\\\/zero\\\/1.0\\\/\",\n        \"creditText\": \"\",\n        \"creator\": {\n            \"@type\": \"Person\",\n            \"name\": \"S\\u00f8ren \\u00d8stergaard\"\n        },\n        \"copyrightNotice\": \"\"\n    },\n    {\n        \"@context\": \"https:\\\/\\\/schema.org\\\/\",\n        \"@type\": \"ImageObject\",\n        \"contentUrl\": \"https:\\\/\\\/forsvarogforter.dk\\\/wp-content\\\/uploads\\\/2024\\\/08\\\/Behrens_sten.jpg\",\n        \"license\": \"https:\\\/\\\/creativecommons.org\\\/publicdomain\\\/zero\\\/1.0\\\/\",\n        \"creditText\": \"\",\n        \"creator\": {\n            \"@type\": \"Person\",\n            \"name\": \"S\\u00f8ren \\u00d8stergaard\"\n        },\n        \"copyrightNotice\": \"\"\n    },\n    {\n        \"@context\": \"https:\\\/\\\/schema.org\\\/\",\n        \"@type\": \"ImageObject\",\n        \"contentUrl\": \"https:\\\/\\\/forsvarogforter.dk\\\/wp-content\\\/uploads\\\/2024\\\/08\\\/Behrens_64.jpg\",\n        \"license\": \"https:\\\/\\\/creativecommons.org\\\/publicdomain\\\/zero\\\/1.0\\\/\",\n        \"creditText\": \"\",\n        \"creator\": {\n            \"@type\": \"Person\",\n            \"name\": \"S\\u00f8ren \\u00d8stergaard\"\n        },\n        \"copyrightNotice\": \"\"\n    },\n    {\n        \"@context\": \"https:\\\/\\\/schema.org\\\/\",\n        \"@type\": \"ImageObject\",\n        \"contentUrl\": \"https:\\\/\\\/forsvarogforter.dk\\\/wp-content\\\/uploads\\\/2024\\\/08\\\/Behrens_KB.jpg\",\n        \"license\": \"https:\\\/\\\/creativecommons.org\\\/publicdomain\\\/zero\\\/1.0\\\/\",\n        \"creditText\": \"\",\n        \"creator\": {\n            \"@type\": \"Person\",\n            \"name\": \"S\\u00f8ren \\u00d8stergaard\"\n        },\n        \"copyrightNotice\": \"\"\n    },\n    {\n        \"@context\": \"https:\\\/\\\/schema.org\\\/\",\n        \"@type\": \"ImageObject\",\n        \"contentUrl\": \"https:\\\/\\\/forsvarogforter.dk\\\/wp-content\\\/uploads\\\/2024\\\/08\\\/Broennum_sten-421x285-1.jpg\",\n        \"license\": \"https:\\\/\\\/creativecommons.org\\\/publicdomain\\\/zero\\\/1.0\\\/\",\n        \"creditText\": \"\",\n        \"creator\": {\n            \"@type\": \"Person\",\n            \"name\": \"S\\u00f8ren \\u00d8stergaard\"\n        },\n        \"copyrightNotice\": \"\"\n    },\n    {\n        \"@context\": \"https:\\\/\\\/schema.org\\\/\",\n        \"@type\": \"ImageObject\",\n        \"contentUrl\": \"https:\\\/\\\/forsvarogforter.dk\\\/wp-content\\\/uploads\\\/2024\\\/08\\\/Broennum_64_2.jpg\",\n        \"license\": \"https:\\\/\\\/creativecommons.org\\\/publicdomain\\\/zero\\\/1.0\\\/\",\n        \"creditText\": \"\",\n        \"creator\": {\n            \"@type\": \"Person\",\n            \"name\": \"S\\u00f8ren \\u00d8stergaard\"\n        },\n        \"copyrightNotice\": \"\"\n    },\n    {\n        \"@context\": \"https:\\\/\\\/schema.org\\\/\",\n        \"@type\": \"ImageObject\",\n        \"contentUrl\": \"https:\\\/\\\/forsvarogforter.dk\\\/wp-content\\\/uploads\\\/2024\\\/08\\\/Gyldenfeldt_sten.jpg\",\n        \"license\": \"https:\\\/\\\/creativecommons.org\\\/publicdomain\\\/zero\\\/1.0\\\/\",\n        \"creditText\": \"\",\n        \"creator\": {\n            \"@type\": \"Person\",\n            \"name\": \"S\\u00f8ren \\u00d8stergaard\"\n        },\n        \"copyrightNotice\": \"\"\n    },\n    {\n        \"@context\": \"https:\\\/\\\/schema.org\\\/\",\n        \"@type\": \"ImageObject\",\n        \"contentUrl\": \"https:\\\/\\\/forsvarogforter.dk\\\/wp-content\\\/uploads\\\/2024\\\/08\\\/Gyldenfeldt_64.jpg\",\n        \"license\": \"https:\\\/\\\/creativecommons.org\\\/publicdomain\\\/zero\\\/1.0\\\/\",\n        \"creditText\": \"\",\n        \"creator\": {\n            \"@type\": \"Person\",\n            \"name\": \"S\\u00f8ren \\u00d8stergaard\"\n        },\n        \"copyrightNotice\": \"\"\n    },\n    {\n        \"@context\": \"https:\\\/\\\/schema.org\\\/\",\n        \"@type\": \"ImageObject\",\n        \"contentUrl\": \"https:\\\/\\\/forsvarogforter.dk\\\/wp-content\\\/uploads\\\/2024\\\/08\\\/Carlson_64.jpg\",\n        \"license\": \"https:\\\/\\\/creativecommons.org\\\/publicdomain\\\/zero\\\/1.0\\\/\",\n        \"creditText\": \"\",\n        \"creator\": {\n            \"@type\": \"Person\",\n            \"name\": \"S\\u00f8ren \\u00d8stergaard\"\n        },\n        \"copyrightNotice\": \"\"\n    },\n    {\n        \"@context\": \"https:\\\/\\\/schema.org\\\/\",\n        \"@type\": \"ImageObject\",\n        \"contentUrl\": \"https:\\\/\\\/forsvarogforter.dk\\\/wp-content\\\/uploads\\\/2024\\\/08\\\/Carlson_64_2-1.jpg\",\n        \"license\": \"https:\\\/\\\/creativecommons.org\\\/publicdomain\\\/zero\\\/1.0\\\/\",\n        \"creditText\": \"\",\n        \"creator\": {\n            \"@type\": \"Person\",\n            \"name\": \"S\\u00f8ren \\u00d8stergaard\"\n        },\n        \"copyrightNotice\": \"\"\n    },\n    {\n        \"@context\": \"https:\\\/\\\/schema.org\\\/\",\n        \"@type\": \"ImageObject\",\n        \"contentUrl\": \"https:\\\/\\\/forsvarogforter.dk\\\/wp-content\\\/uploads\\\/2024\\\/08\\\/Hveberg_sten_2.jpg\",\n        \"license\": \"https:\\\/\\\/creativecommons.org\\\/publicdomain\\\/zero\\\/1.0\\\/\",\n        \"creditText\": \"\",\n        \"creator\": {\n            \"@type\": \"Person\",\n            \"name\": \"S\\u00f8ren \\u00d8stergaard\"\n        },\n        \"copyrightNotice\": \"\"\n    },\n    {\n        \"@context\": \"https:\\\/\\\/schema.org\\\/\",\n        \"@type\": \"ImageObject\",\n        \"contentUrl\": \"https:\\\/\\\/forsvarogforter.dk\\\/wp-content\\\/uploads\\\/2024\\\/08\\\/Hveberg_64_2.jpg\",\n        \"license\": \"https:\\\/\\\/creativecommons.org\\\/publicdomain\\\/zero\\\/1.0\\\/\",\n        \"creditText\": \"\",\n        \"creator\": {\n            \"@type\": \"Person\",\n            \"name\": \"S\\u00f8ren \\u00d8stergaard\"\n        },\n        \"copyrightNotice\": \"\"\n    },\n    {\n        \"@context\": \"https:\\\/\\\/schema.org\\\/\",\n        \"@type\": \"ImageObject\",\n        \"contentUrl\": \"https:\\\/\\\/forsvarogforter.dk\\\/wp-content\\\/uploads\\\/2024\\\/08\\\/Hveberg_64.jpg\",\n        \"license\": \"https:\\\/\\\/creativecommons.org\\\/publicdomain\\\/zero\\\/1.0\\\/\",\n        \"creditText\": \"\",\n        \"creator\": {\n            \"@type\": \"Person\",\n            \"name\": \"S\\u00f8ren \\u00d8stergaard\"\n        },\n        \"copyrightNotice\": \"\"\n    },\n    {\n        \"@context\": \"https:\\\/\\\/schema.org\\\/\",\n        \"@type\": \"ImageObject\",\n        \"contentUrl\": \"https:\\\/\\\/forsvarogforter.dk\\\/wp-content\\\/uploads\\\/2024\\\/08\\\/Hveberg_64-768x400-1.jpg\",\n        \"license\": \"https:\\\/\\\/creativecommons.org\\\/publicdomain\\\/zero\\\/1.0\\\/\",\n        \"creditText\": \"\",\n        \"creator\": {\n            \"@type\": \"Person\",\n            \"name\": \"S\\u00f8ren \\u00d8stergaard\"\n        },\n        \"copyrightNotice\": \"\"\n    },\n    {\n        \"@context\": \"https:\\\/\\\/schema.org\\\/\",\n        \"@type\": \"ImageObject\",\n        \"contentUrl\": \"https:\\\/\\\/forsvarogforter.dk\\\/wp-content\\\/uploads\\\/2024\\\/08\\\/Hveberg_KB.jpg\",\n        \"license\": \"https:\\\/\\\/creativecommons.org\\\/publicdomain\\\/zero\\\/1.0\\\/\",\n        \"creditText\": \"\",\n        \"creator\": {\n            \"@type\": \"Person\",\n            \"name\": \"S\\u00f8ren \\u00d8stergaard\"\n        },\n        \"copyrightNotice\": \"\"\n    },\n    {\n        \"@context\": \"https:\\\/\\\/schema.org\\\/\",\n        \"@type\": \"ImageObject\",\n        \"contentUrl\": \"https:\\\/\\\/forsvarogforter.dk\\\/wp-content\\\/uploads\\\/2024\\\/08\\\/Jensen_sten.jpg\",\n        \"license\": \"https:\\\/\\\/creativecommons.org\\\/publicdomain\\\/zero\\\/1.0\\\/\",\n        \"creditText\": \"\",\n        \"creator\": {\n            \"@type\": \"Person\",\n            \"name\": \"S\\u00f8ren \\u00d8stergaard\"\n        },\n        \"copyrightNotice\": \"\"\n    },\n    {\n        \"@context\": \"https:\\\/\\\/schema.org\\\/\",\n        \"@type\": \"ImageObject\",\n        \"contentUrl\": \"https:\\\/\\\/forsvarogforter.dk\\\/wp-content\\\/uploads\\\/2024\\\/08\\\/Jensen_64_2.jpg\",\n        \"license\": \"https:\\\/\\\/creativecommons.org\\\/publicdomain\\\/zero\\\/1.0\\\/\",\n        \"creditText\": \"\",\n        \"creator\": {\n            \"@type\": \"Person\",\n            \"name\": \"S\\u00f8ren \\u00d8stergaard\"\n        },\n        \"copyrightNotice\": \"\"\n    },\n    {\n        \"@context\": \"https:\\\/\\\/schema.org\\\/\",\n        \"@type\": \"ImageObject\",\n        \"contentUrl\": \"https:\\\/\\\/forsvarogforter.dk\\\/wp-content\\\/uploads\\\/2024\\\/08\\\/Jensen_KB.jpg\",\n        \"license\": \"https:\\\/\\\/creativecommons.org\\\/publicdomain\\\/zero\\\/1.0\\\/\",\n        \"creditText\": \"\",\n        \"creator\": {\n            \"@type\": \"Person\",\n            \"name\": \"S\\u00f8ren \\u00d8stergaard\"\n        },\n        \"copyrightNotice\": \"\"\n    },\n    {\n        \"@context\": \"https:\\\/\\\/schema.org\\\/\",\n        \"@type\": \"ImageObject\",\n        \"contentUrl\": \"https:\\\/\\\/forsvarogforter.dk\\\/wp-content\\\/uploads\\\/2024\\\/08\\\/Lasson_sten.jpg\",\n        \"license\": \"https:\\\/\\\/creativecommons.org\\\/publicdomain\\\/zero\\\/1.0\\\/\",\n        \"creditText\": \"\",\n        \"creator\": {\n            \"@type\": \"Person\",\n            \"name\": \"S\\u00f8ren \\u00d8stergaard\"\n        },\n        \"copyrightNotice\": \"\"\n    },\n    {\n        \"@context\": \"https:\\\/\\\/schema.org\\\/\",\n        \"@type\": \"ImageObject\",\n        \"contentUrl\": \"https:\\\/\\\/forsvarogforter.dk\\\/wp-content\\\/uploads\\\/2024\\\/08\\\/Lasson_64.jpg\",\n        \"license\": \"https:\\\/\\\/creativecommons.org\\\/publicdomain\\\/zero\\\/1.0\\\/\",\n        \"creditText\": \"\",\n        \"creator\": {\n            \"@type\": \"Person\",\n            \"name\": \"S\\u00f8ren \\u00d8stergaard\"\n        },\n        \"copyrightNotice\": \"\"\n    },\n    {\n        \"@context\": \"https:\\\/\\\/schema.org\\\/\",\n        \"@type\": \"ImageObject\",\n        \"contentUrl\": \"https:\\\/\\\/forsvarogforter.dk\\\/wp-content\\\/uploads\\\/2024\\\/08\\\/Lasson_KB.jpg\",\n        \"license\": \"https:\\\/\\\/creativecommons.org\\\/publicdomain\\\/zero\\\/1.0\\\/\",\n        \"creditText\": \"\",\n        \"creator\": {\n            \"@type\": \"Person\",\n            \"name\": \"S\\u00f8ren \\u00d8stergaard\"\n        },\n        \"copyrightNotice\": \"\"\n    },\n    {\n        \"@context\": \"https:\\\/\\\/schema.org\\\/\",\n        \"@type\": \"ImageObject\",\n        \"contentUrl\": \"https:\\\/\\\/forsvarogforter.dk\\\/wp-content\\\/uploads\\\/2024\\\/08\\\/Lundbye_sten.jpg\",\n        \"license\": \"https:\\\/\\\/creativecommons.org\\\/publicdomain\\\/zero\\\/1.0\\\/\",\n        \"creditText\": \"\",\n        \"creator\": {\n            \"@type\": \"Person\",\n            \"name\": \"S\\u00f8ren \\u00d8stergaard\"\n        },\n        \"copyrightNotice\": \"\"\n    },\n    {\n        \"@context\": \"https:\\\/\\\/schema.org\\\/\",\n        \"@type\": \"ImageObject\",\n        \"contentUrl\": \"https:\\\/\\\/forsvarogforter.dk\\\/wp-content\\\/uploads\\\/2024\\\/08\\\/Lundbye_64_2.jpg\",\n        \"license\": \"https:\\\/\\\/creativecommons.org\\\/publicdomain\\\/zero\\\/1.0\\\/\",\n        \"creditText\": \"\",\n        \"creator\": {\n            \"@type\": \"Person\",\n            \"name\": \"S\\u00f8ren \\u00d8stergaard\"\n        },\n        \"copyrightNotice\": \"\"\n    },\n    {\n        \"@context\": \"https:\\\/\\\/schema.org\\\/\",\n        \"@type\": \"ImageObject\",\n        \"contentUrl\": \"https:\\\/\\\/forsvarogforter.dk\\\/wp-content\\\/uploads\\\/2024\\\/08\\\/Lundbye.jpg\",\n        \"license\": \"https:\\\/\\\/creativecommons.org\\\/publicdomain\\\/zero\\\/1.0\\\/\",\n        \"creditText\": \"\",\n        \"creator\": {\n            \"@type\": \"Person\",\n            \"name\": \"S\\u00f8ren \\u00d8stergaard\"\n        },\n        \"copyrightNotice\": \"\"\n    },\n    {\n        \"@context\": \"https:\\\/\\\/schema.org\\\/\",\n        \"@type\": \"ImageObject\",\n        \"contentUrl\": \"https:\\\/\\\/forsvarogforter.dk\\\/wp-content\\\/uploads\\\/2024\\\/08\\\/Lundegren_sten.jpg\",\n        \"license\": \"https:\\\/\\\/creativecommons.org\\\/publicdomain\\\/zero\\\/1.0\\\/\",\n        \"creditText\": \"\",\n        \"creator\": {\n            \"@type\": \"Person\",\n            \"name\": \"S\\u00f8ren \\u00d8stergaard\"\n        },\n        \"copyrightNotice\": \"\"\n    },\n    {\n        \"@context\": \"https:\\\/\\\/schema.org\\\/\",\n        \"@type\": \"ImageObject\",\n        \"contentUrl\": \"https:\\\/\\\/forsvarogforter.dk\\\/wp-content\\\/uploads\\\/2024\\\/08\\\/Lundegren_64_2.jpg\",\n        \"license\": \"https:\\\/\\\/creativecommons.org\\\/publicdomain\\\/zero\\\/1.0\\\/\",\n        \"creditText\": \"\",\n        \"creator\": {\n            \"@type\": \"Person\",\n            \"name\": \"S\\u00f8ren \\u00d8stergaard\"\n        },\n        \"copyrightNotice\": \"\"\n    },\n    {\n        \"@context\": \"https:\\\/\\\/schema.org\\\/\",\n        \"@type\": \"ImageObject\",\n        \"contentUrl\": \"https:\\\/\\\/forsvarogforter.dk\\\/wp-content\\\/uploads\\\/2024\\\/08\\\/Lundegren_64.jpg\",\n        \"license\": \"https:\\\/\\\/creativecommons.org\\\/publicdomain\\\/zero\\\/1.0\\\/\",\n        \"creditText\": \"\",\n        \"creator\": {\n            \"@type\": \"Person\",\n            \"name\": \"S\\u00f8ren \\u00d8stergaard\"\n        },\n        \"copyrightNotice\": \"\"\n    },\n    {\n        \"@context\": \"https:\\\/\\\/schema.org\\\/\",\n        \"@type\": \"ImageObject\",\n        \"contentUrl\": \"https:\\\/\\\/forsvarogforter.dk\\\/wp-content\\\/uploads\\\/2025\\\/01\\\/Stenderup-lazaret-mindetavle.jpg\",\n        \"license\": \"https:\\\/\\\/creativecommons.org\\\/publicdomain\\\/zero\\\/1.0\\\/\",\n        \"creditText\": \"\",\n        \"creator\": {\n            \"@type\": \"Person\",\n            \"name\": \"S\\u00f8ren \\u00d8stergaard\"\n        },\n        \"copyrightNotice\": \"\"\n    },\n    {\n        \"@context\": \"https:\\\/\\\/schema.org\\\/\",\n        \"@type\": \"ImageObject\",\n        \"contentUrl\": \"https:\\\/\\\/forsvarogforter.dk\\\/wp-content\\\/uploads\\\/2024\\\/08\\\/Du_Plat.jpg\",\n        \"license\": \"https:\\\/\\\/creativecommons.org\\\/publicdomain\\\/zero\\\/1.0\\\/\",\n        \"creditText\": \"\",\n        \"creator\": {\n            \"@type\": \"Person\",\n            \"name\": \"S\\u00f8ren \\u00d8stergaard\"\n        },\n        \"copyrightNotice\": \"\"\n    },\n    {\n        \"@context\": \"https:\\\/\\\/schema.org\\\/\",\n        \"@type\": \"ImageObject\",\n        \"contentUrl\": \"https:\\\/\\\/forsvarogforter.dk\\\/wp-content\\\/uploads\\\/2024\\\/08\\\/Schau_du_Plat_Rosen_sten-1.jpg\",\n        \"license\": \"https:\\\/\\\/creativecommons.org\\\/publicdomain\\\/zero\\\/1.0\\\/\",\n        \"creditText\": \"\",\n        \"creator\": {\n            \"@type\": \"Person\",\n            \"name\": \"S\\u00f8ren \\u00d8stergaard\"\n        },\n        \"copyrightNotice\": \"\"\n    },\n    {\n        \"@context\": \"https:\\\/\\\/schema.org\\\/\",\n        \"@type\": \"ImageObject\",\n        \"contentUrl\": \"https:\\\/\\\/forsvarogforter.dk\\\/wp-content\\\/uploads\\\/2025\\\/02\\\/du_Plat_Grave.jpg\",\n        \"license\": \"https:\\\/\\\/creativecommons.org\\\/publicdomain\\\/zero\\\/1.0\\\/\",\n        \"creditText\": \"\",\n        \"creator\": {\n            \"@type\": \"Person\",\n            \"name\": \"S\\u00f8ren \\u00d8stergaard\"\n        },\n        \"copyrightNotice\": \"\"\n    },\n    {\n        \"@context\": \"https:\\\/\\\/schema.org\\\/\",\n        \"@type\": \"ImageObject\",\n        \"contentUrl\": \"https:\\\/\\\/forsvarogforter.dk\\\/wp-content\\\/uploads\\\/2024\\\/08\\\/du_Plat_gravsten_Soderup_3.jpg\",\n        \"license\": \"https:\\\/\\\/creativecommons.org\\\/publicdomain\\\/zero\\\/1.0\\\/\",\n        \"creditText\": \"\",\n        \"creator\": {\n            \"@type\": \"Person\",\n            \"name\": \"S\\u00f8ren \\u00d8stergaard\"\n        },\n        \"copyrightNotice\": \"\"\n    },\n    {\n        \"@context\": \"https:\\\/\\\/schema.org\\\/\",\n        \"@type\": \"ImageObject\",\n        \"contentUrl\": \"https:\\\/\\\/forsvarogforter.dk\\\/wp-content\\\/uploads\\\/2024\\\/08\\\/General_du_Plat.jpg\",\n        \"license\": \"https:\\\/\\\/creativecommons.org\\\/publicdomain\\\/zero\\\/1.0\\\/\",\n        \"creditText\": \"\",\n        \"creator\": {\n            \"@type\": \"Person\",\n            \"name\": \"S\\u00f8ren \\u00d8stergaard\"\n        },\n        \"copyrightNotice\": \"\"\n    }\n]\n\n\t\t<\/script>\n\n\t\t\n\t<script type=\"application\/ld+json\">\n\t{\n\t\t\"@context\": \"http:\/\/schema.org\",\n\t\t\"@type\"   : \"ImageGallery\",\n\t\t\"id\"      : \"https:\/\/forsvarogforter.dk\/index.php\/fra-dybboel-til-kirkegaarden-i-1864\/\",\n\t\t\"url\"     : \"https:\/\/forsvarogforter.dk\/index.php\/fra-dybboel-til-kirkegaarden-i-1864\/\"\n\t}\n\n\t<\/script>\n\n\t\n<\/div>\n\n<p>&nbsp;<\/p>\n<p>Major Sigismund von Rosen.<br \/>\nH\u00e5rdt s\u00e5ret under modangrebet 18. april 1864 (sammen med general du Plat og major E. Schau og).\u00a0 D\u00f8de p\u00e5 lazarettet i Nyb\u00f8l.<\/p>\n<style>#jtg-26455 .modula-item .jtg-social a, .lightbox-socials.jtg-social a{ fill: #ffffff; color: #ffffff }#jtg-26455 .modula-item .jtg-social-expandable a, #jtg-26455 .modula-item .jtg-social-expandable-icons a{ fill: #ffffff; color: #ffffff }#jtg-26455 .modula-item .jtg-social svg, .lightbox-socials.jtg-social svg { height: 16px; width: 16px }#jtg-26455 .modula-item .jtg-social-expandable svg { height: 16px; width: 16px }#jtg-26455 .modula-item .jtg-social-expandable-icons svg { height: 16px; width: 16px }#jtg-26455 .modula-item .jtg-social a:not(:last-child), .lightbox-socials.jtg-social a:not(:last-child) { margin-right: 10px }#jtg-26455 .modula-item .jtg-social-expandable-icons { gap: 10px }#jtg-26455 .modula-item .figc {color:#ffffff;}#jtg-26455 .modula-item .figc .jtg-title {  font-size: 16px; }#jtg-26455 .modula-item .modula-item-content { transform: scale(1); }#jtg-26455 .modula-items .figc p.description { font-size:14px; }#jtg-26455 .modula-items .figc p.description { color:#ffffff;}#jtg-26455 .modula-items .figc .jtg-title { color:#ffffff; }#jtg-26455.modula-gallery .modula-item > a, #jtg-26455.modula-gallery .modula-item, #jtg-26455.modula-gallery .modula-item-content > a:not(.modula-no-follow) { cursor:zoom-in; } #jtg-26455.modula-gallery .modula-item-content .modula-no-follow { cursor: default; } @media screen and (max-width:480px){#jtg-26455 .modula-item .figc .jtg-title {  font-size: 12px; }#jtg-26455 .modula-items .figc p.description { color:#ffffff;font-size:10px; }}<\/style>\n<div  id=\"jtg-26455\" class=\"modula modula-gallery modula-custom-grid\" data-config=\"{&quot;height&quot;:800,&quot;tabletHeight&quot;:800,&quot;mobileHeight&quot;:800,&quot;desktopHeight&quot;:800,&quot;enableTwitter&quot;:false,&quot;enableWhatsapp&quot;:false,&quot;enableFacebook&quot;:false,&quot;enablePinterest&quot;:false,&quot;enableLinkedin&quot;:false,&quot;enableEmail&quot;:false,&quot;randomFactor&quot;:0.5,&quot;type&quot;:&quot;custom-grid&quot;,&quot;columns&quot;:12,&quot;gutter&quot;:10,&quot;mobileGutter&quot;:10,&quot;tabletGutter&quot;:10,&quot;desktopGutter&quot;:10,&quot;enableResponsive&quot;:&quot;0&quot;,&quot;tabletColumns&quot;:2,&quot;mobileColumns&quot;:1,&quot;lazyLoad&quot;:0,&quot;lightboxOpts&quot;:{&quot;animated&quot;:true,&quot;Thumbs&quot;:{&quot;type&quot;:&quot;modern&quot;,&quot;showOnStart&quot;:false},&quot;Toolbar&quot;:{&quot;display&quot;:{&quot;right&quot;:[&quot;close&quot;]},&quot;enabled&quot;:true},&quot;Carousel&quot;:{&quot;Panzoom&quot;:{&quot;touch&quot;:false},&quot;infinite&quot;:false},&quot;keyboard&quot;:{&quot;Escape&quot;:&quot;close&quot;,&quot;Delete&quot;:&quot;close&quot;,&quot;Backspace&quot;:&quot;close&quot;,&quot;PageUp&quot;:false,&quot;PageDown&quot;:false,&quot;ArrowUp&quot;:false,&quot;ArrowDown&quot;:false,&quot;ArrowRight&quot;:false,&quot;ArrowLeft&quot;:false},&quot;touch&quot;:false,&quot;backdropClick&quot;:false,&quot;l10n&quot;:{&quot;CLOSE&quot;:&quot;Close&quot;,&quot;NEXT&quot;:&quot;Next&quot;,&quot;PREV&quot;:&quot;Previous&quot;,&quot;Error&quot;:&quot;The requested content cannot be loaded. Please try again later.&quot;,&quot;PLAY_START&quot;:&quot;Start slideshow&quot;,&quot;PLAY_STOP&quot;:&quot;Pause slideshow&quot;,&quot;FULL_SCREEN&quot;:&quot;Full screen&quot;,&quot;THUMBS&quot;:&quot;Thumbnails&quot;,&quot;DOWNLOAD&quot;:&quot;Download&quot;,&quot;SHARE&quot;:&quot;Share&quot;,&quot;ZOOM&quot;:&quot;Zoom&quot;,&quot;EMAIL&quot;:&quot;Here is the link to the image : %%image_link%% and this is the link to the gallery : %%gallery_link%%&quot;,&quot;MODAL&quot;:&quot;You can close this modal content with the ESC key&quot;,&quot;ERROR&quot;:&quot;Something Went Wrong, Please Try Again Later&quot;,&quot;IMAGE_ERROR&quot;:&quot;Image Not Found&quot;,&quot;ELEMENT_NOT_FOUND&quot;:&quot;HTML Element Not Found&quot;,&quot;AJAX_NOT_FOUND&quot;:&quot;Error Loading AJAX : Not Found&quot;,&quot;AJAX_FORBIDDEN&quot;:&quot;Error Loading AJAX : Forbidden&quot;,&quot;IFRAME_ERROR&quot;:&quot;Error Loading Page&quot;,&quot;TOGGLE_ZOOM&quot;:&quot;Toggle zoom level&quot;,&quot;TOGGLE_THUMBS&quot;:&quot;Toggle thumbnails&quot;,&quot;TOGGLE_SLIDESHOW&quot;:&quot;Toggle slideshow&quot;,&quot;TOGGLE_FULLSCREEN&quot;:&quot;Toggle full-screen mode&quot;},&quot;Images&quot;:{&quot;Panzoom&quot;:{&quot;maxScale&quot;:2}},&quot;mainClass&quot;:&quot;modula-fancybox-container modula-lightbox-jtg-26455&quot;,&quot;Html&quot;:{&quot;videoAutoplay&quot;:0,&quot;videoTpl&quot;:&quot;&lt;video class=\\&quot;fancybox__html5video\\&quot; controls muted playsinline controlsList controlsList=\\&quot;nodownload\\&quot; poster=\\&quot;{{poster}}\\&quot; src=\\&quot;{{src}}\\&quot; type=\\&quot;{{format}}\\&quot; &gt;  Sorry, your browser doesn&#039;t support embedded videos, &lt;a href=\\&quot;{{src}}\\&quot;&gt; download &lt;\\\/a&gt; and watch with your favorite video player! &lt;\\\/video&gt;&quot;}},&quot;inView&quot;:false,&quot;email_subject&quot;:&quot;Check out this awesome image !!&quot;,&quot;email_message&quot;:&quot;Here is the link to the image : %%image_link%% and this is the link to the gallery : %%gallery_link%%&quot;,&quot;lightbox&quot;:&quot;fancybox&quot;}\">\n\n\t\n\t<div  class=\"modula-items\">\n\t\t<div class=\"modula-item effect-pufrobo\" data-width=\"2\" data-height=\"2\" >\n\t<div class=\"modula-item-overlay\"><\/div>\n\n\t<div class=\"modula-item-content\">\n\n\t\t\t\t\n\t\t\t\t\t<a data-image-id=\"4238\" role=\"button\" tabindex=\"0\" rel=\"jtg-26455\" data-caption=\"Tekst p\u00e5 mindesten, Dybb\u00f8l\" aria-label=\"Open image in lightbox\" class=\"tile-inner modula-item-link\"><\/a>\n\t\t\n\t\t<img loading=\"lazy\" decoding=\"async\" class=\"pic wp-image-4238\"  data-valign=\"middle\" data-halign=\"center\" alt=\"Tekst p\u00e5 mindesten for general du Plat\" data-full=\"https:\/\/forsvarogforter.dk\/wp-content\/uploads\/2024\/08\/Schau_du_Plat_Rosen_sten-1.jpg\" title=\"Mindesten p\u00e5 Dybb\u00f8l Schau, du Plat og Rosen\" width=\"300\" height=\"225\" src=\"https:\/\/forsvarogforter.dk\/wp-content\/uploads\/2024\/08\/Schau_du_Plat_Rosen_sten-1-300x225.jpg\" data-src=\"https:\/\/forsvarogforter.dk\/wp-content\/uploads\/2024\/08\/Schau_du_Plat_Rosen_sten-1-300x225.jpg\" data-caption=\"Tekst p\u00e5 mindesten, Dybb\u00f8l\" srcset=\"https:\/\/forsvarogforter.dk\/wp-content\/uploads\/2024\/08\/Schau_du_Plat_Rosen_sten-1.jpg 800w, https:\/\/forsvarogforter.dk\/wp-content\/uploads\/2024\/08\/Schau_du_Plat_Rosen_sten-1-300x225.jpg 300w, https:\/\/forsvarogforter.dk\/wp-content\/uploads\/2024\/08\/Schau_du_Plat_Rosen_sten-1-768x576.jpg 768w, https:\/\/forsvarogforter.dk\/wp-content\/uploads\/2024\/08\/Schau_du_Plat_Rosen_sten-1-750x563.jpg 750w\" sizes=\"auto, (max-width: 300px) 100vw, 300px\" \/>\n\t\t<div class=\"figc\">\n\t\t\t<div class=\"figc-inner\">\n\t\t\t\t\t\t\t\t\t\t\t\t\t<p class=\"description\">Tekst p\u00e5 mindesten, Dybb\u00f8l<\/p>\n\t\t\t\t\t\t\t\t\t\t\t<\/div>\n\t\t<\/div>\n\n\t<\/div>\n\n<\/div><div class=\"modula-item effect-pufrobo\" data-width=\"2\" data-height=\"2\" >\n\t<div class=\"modula-item-overlay\"><\/div>\n\n\t<div class=\"modula-item-content\">\n\n\t\t\t\t\n\t\t\t\t\t<a data-image-id=\"15796\" role=\"button\" tabindex=\"0\" rel=\"jtg-26455\" data-caption=\"Rosens grav\" aria-label=\"Open image in lightbox\" class=\"tile-inner modula-item-link\"><\/a>\n\t\t\n\t\t<img loading=\"lazy\" decoding=\"async\" class=\"pic wp-image-15796\"  data-valign=\"middle\" data-halign=\"center\" alt=\"Rosens grav p\u00e5 Holmens krikeg\u00e5rd\" data-full=\"https:\/\/forsvarogforter.dk\/wp-content\/uploads\/2024\/08\/Holmen_DK_grav_von_Rosen_1864.jpg\" title=\"Holmen_DK_grav_von_Rosen_1864\" width=\"200\" height=\"300\" src=\"https:\/\/forsvarogforter.dk\/wp-content\/uploads\/2024\/08\/Holmen_DK_grav_von_Rosen_1864-200x300.jpg\" data-src=\"https:\/\/forsvarogforter.dk\/wp-content\/uploads\/2024\/08\/Holmen_DK_grav_von_Rosen_1864-200x300.jpg\" data-caption=\"Rosens grav\" srcset=\"https:\/\/forsvarogforter.dk\/wp-content\/uploads\/2024\/08\/Holmen_DK_grav_von_Rosen_1864.jpg 600w, https:\/\/forsvarogforter.dk\/wp-content\/uploads\/2024\/08\/Holmen_DK_grav_von_Rosen_1864-200x300.jpg 200w\" sizes=\"auto, (max-width: 200px) 100vw, 200px\" \/>\n\t\t<div class=\"figc\">\n\t\t\t<div class=\"figc-inner\">\n\t\t\t\t\t\t\t\t\t\t\t\t\t<p class=\"description\">Rosens grav<\/p>\n\t\t\t\t\t\t\t\t\t\t\t<\/div>\n\t\t<\/div>\n\n\t<\/div>\n\n<\/div><div class=\"modula-item effect-pufrobo\" data-width=\"2\" data-height=\"2\" >\n\t<div class=\"modula-item-overlay\"><\/div>\n\n\t<div class=\"modula-item-content\">\n\n\t\t\t\t\n\t\t\t\t\t<a data-image-id=\"15797\" role=\"button\" tabindex=\"0\" rel=\"jtg-26455\" data-caption=\"\" aria-label=\"Open image in lightbox\" class=\"tile-inner modula-item-link\"><\/a>\n\t\t\n\t\t<img loading=\"lazy\" decoding=\"async\" class=\"pic wp-image-15797\"  data-valign=\"middle\" data-halign=\"center\" alt=\"\" data-full=\"https:\/\/forsvarogforter.dk\/wp-content\/uploads\/2024\/08\/Holmen_DK_grav_von_Rosen_1864_tekst.jpg\" title=\"Holmen_DK_grav_von_Rosen_1864_tekst\" width=\"208\" height=\"300\" src=\"https:\/\/forsvarogforter.dk\/wp-content\/uploads\/2024\/08\/Holmen_DK_grav_von_Rosen_1864_tekst-208x300.jpg\" data-src=\"https:\/\/forsvarogforter.dk\/wp-content\/uploads\/2024\/08\/Holmen_DK_grav_von_Rosen_1864_tekst-208x300.jpg\" data-caption=\"\" srcset=\"https:\/\/forsvarogforter.dk\/wp-content\/uploads\/2024\/08\/Holmen_DK_grav_von_Rosen_1864_tekst.jpg 600w, https:\/\/forsvarogforter.dk\/wp-content\/uploads\/2024\/08\/Holmen_DK_grav_von_Rosen_1864_tekst-208x300.jpg 208w\" sizes=\"auto, (max-width: 208px) 100vw, 208px\" \/>\n\t\t<div class=\"figc no-description\">\n\t\t\t<div class=\"figc-inner\">\n\t\t\t\t\t\t\t\t\t\t\t\t\t\t\t<\/div>\n\t\t<\/div>\n\n\t<\/div>\n\n<\/div><div class=\"modula-item effect-pufrobo\" data-width=\"2\" data-height=\"2\" >\n\t<div class=\"modula-item-overlay\"><\/div>\n\n\t<div class=\"modula-item-content\">\n\n\t\t\t\t\n\t\t\t\t\t<a data-image-id=\"3960\" role=\"button\" tabindex=\"0\" rel=\"jtg-26455\" data-caption=\"\" aria-label=\"Open image in lightbox\" class=\"tile-inner modula-item-link\"><\/a>\n\t\t\n\t\t<img loading=\"lazy\" decoding=\"async\" class=\"pic wp-image-3960\"  data-valign=\"middle\" data-halign=\"center\" alt=\"\" data-full=\"https:\/\/forsvarogforter.dk\/wp-content\/uploads\/2024\/08\/Rosen-1.jpg\" title=\"Rosen\" width=\"280\" height=\"300\" src=\"https:\/\/forsvarogforter.dk\/wp-content\/uploads\/2024\/08\/Rosen-1-280x300.jpg\" data-src=\"https:\/\/forsvarogforter.dk\/wp-content\/uploads\/2024\/08\/Rosen-1-280x300.jpg\" data-caption=\"\" srcset=\"https:\/\/forsvarogforter.dk\/wp-content\/uploads\/2024\/08\/Rosen-1.jpg 581w, https:\/\/forsvarogforter.dk\/wp-content\/uploads\/2024\/08\/Rosen-1-280x300.jpg 280w\" sizes=\"auto, (max-width: 280px) 100vw, 280px\" \/>\n\t\t<div class=\"figc no-description\">\n\t\t\t<div class=\"figc-inner\">\n\t\t\t\t\t\t\t\t\t\t\t\t\t\t\t<\/div>\n\t\t<\/div>\n\n\t<\/div>\n\n<\/div>\t\t\n\t<\/div>\n\n\t\n\t\n\t\t<script type=\"application\/ld+json\">\n            [\n    {\n        \"@context\": \"https:\\\/\\\/schema.org\\\/\",\n        \"@type\": \"ImageObject\",\n        \"contentUrl\": \"https:\\\/\\\/forsvarogforter.dk\\\/wp-content\\\/uploads\\\/2024\\\/08\\\/48_64_2.jpg\",\n        \"license\": \"https:\\\/\\\/creativecommons.org\\\/publicdomain\\\/zero\\\/1.0\\\/\",\n        \"creditText\": \"\",\n        \"creator\": {\n            \"@type\": \"Person\",\n            \"name\": \"S\\u00f8ren \\u00d8stergaard\"\n        },\n        \"copyrightNotice\": \"\"\n    },\n    {\n        \"@context\": \"https:\\\/\\\/schema.org\\\/\",\n        \"@type\": \"ImageObject\",\n        \"contentUrl\": \"https:\\\/\\\/forsvarogforter.dk\\\/wp-content\\\/uploads\\\/2024\\\/08\\\/Garnisons_monument_1848_50_64_tekst.jpg\",\n        \"license\": \"https:\\\/\\\/creativecommons.org\\\/publicdomain\\\/zero\\\/1.0\\\/\",\n        \"creditText\": \"\",\n        \"creator\": {\n            \"@type\": \"Person\",\n            \"name\": \"S\\u00f8ren \\u00d8stergaard\"\n        },\n        \"copyrightNotice\": \"\"\n    },\n    {\n        \"@context\": \"https:\\\/\\\/schema.org\\\/\",\n        \"@type\": \"ImageObject\",\n        \"contentUrl\": \"https:\\\/\\\/forsvarogforter.dk\\\/wp-content\\\/uploads\\\/2024\\\/08\\\/226_64_3.jpg\",\n        \"license\": \"https:\\\/\\\/creativecommons.org\\\/publicdomain\\\/zero\\\/1.0\\\/\",\n        \"creditText\": \"\",\n        \"creator\": {\n            \"@type\": \"Person\",\n            \"name\": \"S\\u00f8ren \\u00d8stergaard\"\n        },\n        \"copyrightNotice\": \"\"\n    },\n    {\n        \"@context\": \"https:\\\/\\\/schema.org\\\/\",\n        \"@type\": \"ImageObject\",\n        \"contentUrl\": \"https:\\\/\\\/forsvarogforter.dk\\\/wp-content\\\/uploads\\\/2024\\\/08\\\/226_64.jpg\",\n        \"license\": \"https:\\\/\\\/creativecommons.org\\\/publicdomain\\\/zero\\\/1.0\\\/\",\n        \"creditText\": \"\",\n        \"creator\": {\n            \"@type\": \"Person\",\n            \"name\": \"S\\u00f8ren \\u00d8stergaard\"\n        },\n        \"copyrightNotice\": \"\"\n    },\n    {\n        \"@context\": \"https:\\\/\\\/schema.org\\\/\",\n        \"@type\": \"ImageObject\",\n        \"contentUrl\": \"https:\\\/\\\/forsvarogforter.dk\\\/wp-content\\\/uploads\\\/2024\\\/08\\\/Behrens_sten.jpg\",\n        \"license\": \"https:\\\/\\\/creativecommons.org\\\/publicdomain\\\/zero\\\/1.0\\\/\",\n        \"creditText\": \"\",\n        \"creator\": {\n            \"@type\": \"Person\",\n            \"name\": \"S\\u00f8ren \\u00d8stergaard\"\n        },\n        \"copyrightNotice\": \"\"\n    },\n    {\n        \"@context\": \"https:\\\/\\\/schema.org\\\/\",\n        \"@type\": \"ImageObject\",\n        \"contentUrl\": \"https:\\\/\\\/forsvarogforter.dk\\\/wp-content\\\/uploads\\\/2024\\\/08\\\/Behrens_64.jpg\",\n        \"license\": \"https:\\\/\\\/creativecommons.org\\\/publicdomain\\\/zero\\\/1.0\\\/\",\n        \"creditText\": \"\",\n        \"creator\": {\n            \"@type\": \"Person\",\n            \"name\": \"S\\u00f8ren \\u00d8stergaard\"\n        },\n        \"copyrightNotice\": \"\"\n    },\n    {\n        \"@context\": \"https:\\\/\\\/schema.org\\\/\",\n        \"@type\": \"ImageObject\",\n        \"contentUrl\": \"https:\\\/\\\/forsvarogforter.dk\\\/wp-content\\\/uploads\\\/2024\\\/08\\\/Behrens_KB.jpg\",\n        \"license\": \"https:\\\/\\\/creativecommons.org\\\/publicdomain\\\/zero\\\/1.0\\\/\",\n        \"creditText\": \"\",\n        \"creator\": {\n            \"@type\": \"Person\",\n            \"name\": \"S\\u00f8ren \\u00d8stergaard\"\n        },\n        \"copyrightNotice\": \"\"\n    },\n    {\n        \"@context\": \"https:\\\/\\\/schema.org\\\/\",\n        \"@type\": \"ImageObject\",\n        \"contentUrl\": \"https:\\\/\\\/forsvarogforter.dk\\\/wp-content\\\/uploads\\\/2024\\\/08\\\/Broennum_sten-421x285-1.jpg\",\n        \"license\": \"https:\\\/\\\/creativecommons.org\\\/publicdomain\\\/zero\\\/1.0\\\/\",\n        \"creditText\": \"\",\n        \"creator\": {\n            \"@type\": \"Person\",\n            \"name\": \"S\\u00f8ren \\u00d8stergaard\"\n        },\n        \"copyrightNotice\": \"\"\n    },\n    {\n        \"@context\": \"https:\\\/\\\/schema.org\\\/\",\n        \"@type\": \"ImageObject\",\n        \"contentUrl\": \"https:\\\/\\\/forsvarogforter.dk\\\/wp-content\\\/uploads\\\/2024\\\/08\\\/Broennum_64_2.jpg\",\n        \"license\": \"https:\\\/\\\/creativecommons.org\\\/publicdomain\\\/zero\\\/1.0\\\/\",\n        \"creditText\": \"\",\n        \"creator\": {\n            \"@type\": \"Person\",\n            \"name\": \"S\\u00f8ren \\u00d8stergaard\"\n        },\n        \"copyrightNotice\": \"\"\n    },\n    {\n        \"@context\": \"https:\\\/\\\/schema.org\\\/\",\n        \"@type\": \"ImageObject\",\n        \"contentUrl\": \"https:\\\/\\\/forsvarogforter.dk\\\/wp-content\\\/uploads\\\/2024\\\/08\\\/Gyldenfeldt_sten.jpg\",\n        \"license\": \"https:\\\/\\\/creativecommons.org\\\/publicdomain\\\/zero\\\/1.0\\\/\",\n        \"creditText\": \"\",\n        \"creator\": {\n            \"@type\": \"Person\",\n            \"name\": \"S\\u00f8ren \\u00d8stergaard\"\n        },\n        \"copyrightNotice\": \"\"\n    },\n    {\n        \"@context\": \"https:\\\/\\\/schema.org\\\/\",\n        \"@type\": \"ImageObject\",\n        \"contentUrl\": \"https:\\\/\\\/forsvarogforter.dk\\\/wp-content\\\/uploads\\\/2024\\\/08\\\/Gyldenfeldt_64.jpg\",\n        \"license\": \"https:\\\/\\\/creativecommons.org\\\/publicdomain\\\/zero\\\/1.0\\\/\",\n        \"creditText\": \"\",\n        \"creator\": {\n            \"@type\": \"Person\",\n            \"name\": \"S\\u00f8ren \\u00d8stergaard\"\n        },\n        \"copyrightNotice\": \"\"\n    },\n    {\n        \"@context\": \"https:\\\/\\\/schema.org\\\/\",\n        \"@type\": \"ImageObject\",\n        \"contentUrl\": \"https:\\\/\\\/forsvarogforter.dk\\\/wp-content\\\/uploads\\\/2024\\\/08\\\/Carlson_64.jpg\",\n        \"license\": \"https:\\\/\\\/creativecommons.org\\\/publicdomain\\\/zero\\\/1.0\\\/\",\n        \"creditText\": \"\",\n        \"creator\": {\n            \"@type\": \"Person\",\n            \"name\": \"S\\u00f8ren \\u00d8stergaard\"\n        },\n        \"copyrightNotice\": \"\"\n    },\n    {\n        \"@context\": \"https:\\\/\\\/schema.org\\\/\",\n        \"@type\": \"ImageObject\",\n        \"contentUrl\": \"https:\\\/\\\/forsvarogforter.dk\\\/wp-content\\\/uploads\\\/2024\\\/08\\\/Carlson_64_2-1.jpg\",\n        \"license\": \"https:\\\/\\\/creativecommons.org\\\/publicdomain\\\/zero\\\/1.0\\\/\",\n        \"creditText\": \"\",\n        \"creator\": {\n            \"@type\": \"Person\",\n            \"name\": \"S\\u00f8ren \\u00d8stergaard\"\n        },\n        \"copyrightNotice\": \"\"\n    },\n    {\n        \"@context\": \"https:\\\/\\\/schema.org\\\/\",\n        \"@type\": \"ImageObject\",\n        \"contentUrl\": \"https:\\\/\\\/forsvarogforter.dk\\\/wp-content\\\/uploads\\\/2024\\\/08\\\/Hveberg_sten_2.jpg\",\n        \"license\": \"https:\\\/\\\/creativecommons.org\\\/publicdomain\\\/zero\\\/1.0\\\/\",\n        \"creditText\": \"\",\n        \"creator\": {\n            \"@type\": \"Person\",\n            \"name\": \"S\\u00f8ren \\u00d8stergaard\"\n        },\n        \"copyrightNotice\": \"\"\n    },\n    {\n        \"@context\": \"https:\\\/\\\/schema.org\\\/\",\n        \"@type\": \"ImageObject\",\n        \"contentUrl\": \"https:\\\/\\\/forsvarogforter.dk\\\/wp-content\\\/uploads\\\/2024\\\/08\\\/Hveberg_64_2.jpg\",\n        \"license\": \"https:\\\/\\\/creativecommons.org\\\/publicdomain\\\/zero\\\/1.0\\\/\",\n        \"creditText\": \"\",\n        \"creator\": {\n            \"@type\": \"Person\",\n            \"name\": \"S\\u00f8ren \\u00d8stergaard\"\n        },\n        \"copyrightNotice\": \"\"\n    },\n    {\n        \"@context\": \"https:\\\/\\\/schema.org\\\/\",\n        \"@type\": \"ImageObject\",\n        \"contentUrl\": \"https:\\\/\\\/forsvarogforter.dk\\\/wp-content\\\/uploads\\\/2024\\\/08\\\/Hveberg_64.jpg\",\n        \"license\": \"https:\\\/\\\/creativecommons.org\\\/publicdomain\\\/zero\\\/1.0\\\/\",\n        \"creditText\": \"\",\n        \"creator\": {\n            \"@type\": \"Person\",\n            \"name\": \"S\\u00f8ren \\u00d8stergaard\"\n        },\n        \"copyrightNotice\": \"\"\n    },\n    {\n        \"@context\": \"https:\\\/\\\/schema.org\\\/\",\n        \"@type\": \"ImageObject\",\n        \"contentUrl\": \"https:\\\/\\\/forsvarogforter.dk\\\/wp-content\\\/uploads\\\/2024\\\/08\\\/Hveberg_64-768x400-1.jpg\",\n        \"license\": \"https:\\\/\\\/creativecommons.org\\\/publicdomain\\\/zero\\\/1.0\\\/\",\n        \"creditText\": \"\",\n        \"creator\": {\n            \"@type\": \"Person\",\n            \"name\": \"S\\u00f8ren \\u00d8stergaard\"\n        },\n        \"copyrightNotice\": \"\"\n    },\n    {\n        \"@context\": \"https:\\\/\\\/schema.org\\\/\",\n        \"@type\": \"ImageObject\",\n        \"contentUrl\": \"https:\\\/\\\/forsvarogforter.dk\\\/wp-content\\\/uploads\\\/2024\\\/08\\\/Hveberg_KB.jpg\",\n        \"license\": \"https:\\\/\\\/creativecommons.org\\\/publicdomain\\\/zero\\\/1.0\\\/\",\n        \"creditText\": \"\",\n        \"creator\": {\n            \"@type\": \"Person\",\n            \"name\": \"S\\u00f8ren \\u00d8stergaard\"\n        },\n        \"copyrightNotice\": \"\"\n    },\n    {\n        \"@context\": \"https:\\\/\\\/schema.org\\\/\",\n        \"@type\": \"ImageObject\",\n        \"contentUrl\": \"https:\\\/\\\/forsvarogforter.dk\\\/wp-content\\\/uploads\\\/2024\\\/08\\\/Jensen_sten.jpg\",\n        \"license\": \"https:\\\/\\\/creativecommons.org\\\/publicdomain\\\/zero\\\/1.0\\\/\",\n        \"creditText\": \"\",\n        \"creator\": {\n            \"@type\": \"Person\",\n            \"name\": \"S\\u00f8ren \\u00d8stergaard\"\n        },\n        \"copyrightNotice\": \"\"\n    },\n    {\n        \"@context\": \"https:\\\/\\\/schema.org\\\/\",\n        \"@type\": \"ImageObject\",\n        \"contentUrl\": \"https:\\\/\\\/forsvarogforter.dk\\\/wp-content\\\/uploads\\\/2024\\\/08\\\/Jensen_64_2.jpg\",\n        \"license\": \"https:\\\/\\\/creativecommons.org\\\/publicdomain\\\/zero\\\/1.0\\\/\",\n        \"creditText\": \"\",\n        \"creator\": {\n            \"@type\": \"Person\",\n            \"name\": \"S\\u00f8ren \\u00d8stergaard\"\n        },\n        \"copyrightNotice\": \"\"\n    },\n    {\n        \"@context\": \"https:\\\/\\\/schema.org\\\/\",\n        \"@type\": \"ImageObject\",\n        \"contentUrl\": \"https:\\\/\\\/forsvarogforter.dk\\\/wp-content\\\/uploads\\\/2024\\\/08\\\/Jensen_KB.jpg\",\n        \"license\": \"https:\\\/\\\/creativecommons.org\\\/publicdomain\\\/zero\\\/1.0\\\/\",\n        \"creditText\": \"\",\n        \"creator\": {\n            \"@type\": \"Person\",\n            \"name\": \"S\\u00f8ren \\u00d8stergaard\"\n        },\n        \"copyrightNotice\": \"\"\n    },\n    {\n        \"@context\": \"https:\\\/\\\/schema.org\\\/\",\n        \"@type\": \"ImageObject\",\n        \"contentUrl\": \"https:\\\/\\\/forsvarogforter.dk\\\/wp-content\\\/uploads\\\/2024\\\/08\\\/Lasson_sten.jpg\",\n        \"license\": \"https:\\\/\\\/creativecommons.org\\\/publicdomain\\\/zero\\\/1.0\\\/\",\n        \"creditText\": \"\",\n        \"creator\": {\n            \"@type\": \"Person\",\n            \"name\": \"S\\u00f8ren \\u00d8stergaard\"\n        },\n        \"copyrightNotice\": \"\"\n    },\n    {\n        \"@context\": \"https:\\\/\\\/schema.org\\\/\",\n        \"@type\": \"ImageObject\",\n        \"contentUrl\": \"https:\\\/\\\/forsvarogforter.dk\\\/wp-content\\\/uploads\\\/2024\\\/08\\\/Lasson_64.jpg\",\n        \"license\": \"https:\\\/\\\/creativecommons.org\\\/publicdomain\\\/zero\\\/1.0\\\/\",\n        \"creditText\": \"\",\n        \"creator\": {\n            \"@type\": \"Person\",\n            \"name\": \"S\\u00f8ren \\u00d8stergaard\"\n        },\n        \"copyrightNotice\": \"\"\n    },\n    {\n        \"@context\": \"https:\\\/\\\/schema.org\\\/\",\n        \"@type\": \"ImageObject\",\n        \"contentUrl\": \"https:\\\/\\\/forsvarogforter.dk\\\/wp-content\\\/uploads\\\/2024\\\/08\\\/Lasson_KB.jpg\",\n        \"license\": \"https:\\\/\\\/creativecommons.org\\\/publicdomain\\\/zero\\\/1.0\\\/\",\n        \"creditText\": \"\",\n        \"creator\": {\n            \"@type\": \"Person\",\n            \"name\": \"S\\u00f8ren \\u00d8stergaard\"\n        },\n        \"copyrightNotice\": \"\"\n    },\n    {\n        \"@context\": \"https:\\\/\\\/schema.org\\\/\",\n        \"@type\": \"ImageObject\",\n        \"contentUrl\": \"https:\\\/\\\/forsvarogforter.dk\\\/wp-content\\\/uploads\\\/2024\\\/08\\\/Lundbye_sten.jpg\",\n        \"license\": \"https:\\\/\\\/creativecommons.org\\\/publicdomain\\\/zero\\\/1.0\\\/\",\n        \"creditText\": \"\",\n        \"creator\": {\n            \"@type\": \"Person\",\n            \"name\": \"S\\u00f8ren \\u00d8stergaard\"\n        },\n        \"copyrightNotice\": \"\"\n    },\n    {\n        \"@context\": \"https:\\\/\\\/schema.org\\\/\",\n        \"@type\": \"ImageObject\",\n        \"contentUrl\": \"https:\\\/\\\/forsvarogforter.dk\\\/wp-content\\\/uploads\\\/2024\\\/08\\\/Lundbye_64_2.jpg\",\n        \"license\": \"https:\\\/\\\/creativecommons.org\\\/publicdomain\\\/zero\\\/1.0\\\/\",\n        \"creditText\": \"\",\n        \"creator\": {\n            \"@type\": \"Person\",\n            \"name\": \"S\\u00f8ren \\u00d8stergaard\"\n        },\n        \"copyrightNotice\": \"\"\n    },\n    {\n        \"@context\": \"https:\\\/\\\/schema.org\\\/\",\n        \"@type\": \"ImageObject\",\n        \"contentUrl\": \"https:\\\/\\\/forsvarogforter.dk\\\/wp-content\\\/uploads\\\/2024\\\/08\\\/Lundbye.jpg\",\n        \"license\": \"https:\\\/\\\/creativecommons.org\\\/publicdomain\\\/zero\\\/1.0\\\/\",\n        \"creditText\": \"\",\n        \"creator\": {\n            \"@type\": \"Person\",\n            \"name\": \"S\\u00f8ren \\u00d8stergaard\"\n        },\n        \"copyrightNotice\": \"\"\n    },\n    {\n        \"@context\": \"https:\\\/\\\/schema.org\\\/\",\n        \"@type\": \"ImageObject\",\n        \"contentUrl\": \"https:\\\/\\\/forsvarogforter.dk\\\/wp-content\\\/uploads\\\/2024\\\/08\\\/Lundegren_sten.jpg\",\n        \"license\": \"https:\\\/\\\/creativecommons.org\\\/publicdomain\\\/zero\\\/1.0\\\/\",\n        \"creditText\": \"\",\n        \"creator\": {\n            \"@type\": \"Person\",\n            \"name\": \"S\\u00f8ren \\u00d8stergaard\"\n        },\n        \"copyrightNotice\": \"\"\n    },\n    {\n        \"@context\": \"https:\\\/\\\/schema.org\\\/\",\n        \"@type\": \"ImageObject\",\n        \"contentUrl\": \"https:\\\/\\\/forsvarogforter.dk\\\/wp-content\\\/uploads\\\/2024\\\/08\\\/Lundegren_64_2.jpg\",\n        \"license\": \"https:\\\/\\\/creativecommons.org\\\/publicdomain\\\/zero\\\/1.0\\\/\",\n        \"creditText\": \"\",\n        \"creator\": {\n            \"@type\": \"Person\",\n            \"name\": \"S\\u00f8ren \\u00d8stergaard\"\n        },\n        \"copyrightNotice\": \"\"\n    },\n    {\n        \"@context\": \"https:\\\/\\\/schema.org\\\/\",\n        \"@type\": \"ImageObject\",\n        \"contentUrl\": \"https:\\\/\\\/forsvarogforter.dk\\\/wp-content\\\/uploads\\\/2024\\\/08\\\/Lundegren_64.jpg\",\n        \"license\": \"https:\\\/\\\/creativecommons.org\\\/publicdomain\\\/zero\\\/1.0\\\/\",\n        \"creditText\": \"\",\n        \"creator\": {\n            \"@type\": \"Person\",\n            \"name\": \"S\\u00f8ren \\u00d8stergaard\"\n        },\n        \"copyrightNotice\": \"\"\n    },\n    {\n        \"@context\": \"https:\\\/\\\/schema.org\\\/\",\n        \"@type\": \"ImageObject\",\n        \"contentUrl\": \"https:\\\/\\\/forsvarogforter.dk\\\/wp-content\\\/uploads\\\/2025\\\/01\\\/Stenderup-lazaret-mindetavle.jpg\",\n        \"license\": \"https:\\\/\\\/creativecommons.org\\\/publicdomain\\\/zero\\\/1.0\\\/\",\n        \"creditText\": \"\",\n        \"creator\": {\n            \"@type\": \"Person\",\n            \"name\": \"S\\u00f8ren \\u00d8stergaard\"\n        },\n        \"copyrightNotice\": \"\"\n    },\n    {\n        \"@context\": \"https:\\\/\\\/schema.org\\\/\",\n        \"@type\": \"ImageObject\",\n        \"contentUrl\": \"https:\\\/\\\/forsvarogforter.dk\\\/wp-content\\\/uploads\\\/2024\\\/08\\\/Du_Plat.jpg\",\n        \"license\": \"https:\\\/\\\/creativecommons.org\\\/publicdomain\\\/zero\\\/1.0\\\/\",\n        \"creditText\": \"\",\n        \"creator\": {\n            \"@type\": \"Person\",\n            \"name\": \"S\\u00f8ren \\u00d8stergaard\"\n        },\n        \"copyrightNotice\": \"\"\n    },\n    {\n        \"@context\": \"https:\\\/\\\/schema.org\\\/\",\n        \"@type\": \"ImageObject\",\n        \"contentUrl\": \"https:\\\/\\\/forsvarogforter.dk\\\/wp-content\\\/uploads\\\/2024\\\/08\\\/Schau_du_Plat_Rosen_sten-1.jpg\",\n        \"license\": \"https:\\\/\\\/creativecommons.org\\\/publicdomain\\\/zero\\\/1.0\\\/\",\n        \"creditText\": \"\",\n        \"creator\": {\n            \"@type\": \"Person\",\n            \"name\": \"S\\u00f8ren \\u00d8stergaard\"\n        },\n        \"copyrightNotice\": \"\"\n    },\n    {\n        \"@context\": \"https:\\\/\\\/schema.org\\\/\",\n        \"@type\": \"ImageObject\",\n        \"contentUrl\": \"https:\\\/\\\/forsvarogforter.dk\\\/wp-content\\\/uploads\\\/2025\\\/02\\\/du_Plat_Grave.jpg\",\n        \"license\": \"https:\\\/\\\/creativecommons.org\\\/publicdomain\\\/zero\\\/1.0\\\/\",\n        \"creditText\": \"\",\n        \"creator\": {\n            \"@type\": \"Person\",\n            \"name\": \"S\\u00f8ren \\u00d8stergaard\"\n        },\n        \"copyrightNotice\": \"\"\n    },\n    {\n        \"@context\": \"https:\\\/\\\/schema.org\\\/\",\n        \"@type\": \"ImageObject\",\n        \"contentUrl\": \"https:\\\/\\\/forsvarogforter.dk\\\/wp-content\\\/uploads\\\/2024\\\/08\\\/du_Plat_gravsten_Soderup_3.jpg\",\n        \"license\": \"https:\\\/\\\/creativecommons.org\\\/publicdomain\\\/zero\\\/1.0\\\/\",\n        \"creditText\": \"\",\n        \"creator\": {\n            \"@type\": \"Person\",\n            \"name\": \"S\\u00f8ren \\u00d8stergaard\"\n        },\n        \"copyrightNotice\": \"\"\n    },\n    {\n        \"@context\": \"https:\\\/\\\/schema.org\\\/\",\n        \"@type\": \"ImageObject\",\n        \"contentUrl\": \"https:\\\/\\\/forsvarogforter.dk\\\/wp-content\\\/uploads\\\/2024\\\/08\\\/General_du_Plat.jpg\",\n        \"license\": \"https:\\\/\\\/creativecommons.org\\\/publicdomain\\\/zero\\\/1.0\\\/\",\n        \"creditText\": \"\",\n        \"creator\": {\n            \"@type\": \"Person\",\n            \"name\": \"S\\u00f8ren \\u00d8stergaard\"\n        },\n        \"copyrightNotice\": \"\"\n    },\n    {\n        \"@context\": \"https:\\\/\\\/schema.org\\\/\",\n        \"@type\": \"ImageObject\",\n        \"contentUrl\": \"https:\\\/\\\/forsvarogforter.dk\\\/wp-content\\\/uploads\\\/2024\\\/08\\\/Schau_du_Plat_Rosen_sten-1.jpg\",\n        \"license\": \"https:\\\/\\\/creativecommons.org\\\/publicdomain\\\/zero\\\/1.0\\\/\",\n        \"creditText\": \"\",\n        \"creator\": {\n            \"@type\": \"Person\",\n            \"name\": \"S\\u00f8ren \\u00d8stergaard\"\n        },\n        \"copyrightNotice\": \"\"\n    },\n    {\n        \"@context\": \"https:\\\/\\\/schema.org\\\/\",\n        \"@type\": \"ImageObject\",\n        \"contentUrl\": \"https:\\\/\\\/forsvarogforter.dk\\\/wp-content\\\/uploads\\\/2024\\\/08\\\/Holmen_DK_grav_von_Rosen_1864.jpg\",\n        \"license\": \"https:\\\/\\\/creativecommons.org\\\/publicdomain\\\/zero\\\/1.0\\\/\",\n        \"creditText\": \"\",\n        \"creator\": {\n            \"@type\": \"Person\",\n            \"name\": \"S\\u00f8ren \\u00d8stergaard\"\n        },\n        \"copyrightNotice\": \"\"\n    },\n    {\n        \"@context\": \"https:\\\/\\\/schema.org\\\/\",\n        \"@type\": \"ImageObject\",\n        \"contentUrl\": \"https:\\\/\\\/forsvarogforter.dk\\\/wp-content\\\/uploads\\\/2024\\\/08\\\/Holmen_DK_grav_von_Rosen_1864_tekst.jpg\",\n        \"license\": \"https:\\\/\\\/creativecommons.org\\\/publicdomain\\\/zero\\\/1.0\\\/\",\n        \"creditText\": \"\",\n        \"creator\": {\n            \"@type\": \"Person\",\n            \"name\": \"S\\u00f8ren \\u00d8stergaard\"\n        },\n        \"copyrightNotice\": \"\"\n    },\n    {\n        \"@context\": \"https:\\\/\\\/schema.org\\\/\",\n        \"@type\": \"ImageObject\",\n        \"contentUrl\": \"https:\\\/\\\/forsvarogforter.dk\\\/wp-content\\\/uploads\\\/2024\\\/08\\\/Rosen-1.jpg\",\n        \"license\": \"https:\\\/\\\/creativecommons.org\\\/publicdomain\\\/zero\\\/1.0\\\/\",\n        \"creditText\": \"\",\n        \"creator\": {\n            \"@type\": \"Person\",\n            \"name\": \"S\\u00f8ren \\u00d8stergaard\"\n        },\n        \"copyrightNotice\": \"\"\n    }\n]\n\n\t\t<\/script>\n\n\t\t\n\t<script type=\"application\/ld+json\">\n\t{\n\t\t\"@context\": \"http:\/\/schema.org\",\n\t\t\"@type\"   : \"ImageGallery\",\n\t\t\"id\"      : \"https:\/\/forsvarogforter.dk\/index.php\/fra-dybboel-til-kirkegaarden-i-1864\/\",\n\t\t\"url\"     : \"https:\/\/forsvarogforter.dk\/index.php\/fra-dybboel-til-kirkegaarden-i-1864\/\"\n\t}\n\n\t<\/script>\n\n\t\n<\/div>\n\n<p>&nbsp;<\/p>\n<p>Major Ernst S. Schau (Broder til Emil Scahu)<br \/>\nSchau blev h\u00e5rdt s\u00e5ret (sammen med general du Plat og\u00a0 major Rosen) under modangrebet 18. april 1864. Han blev taget til fange og f\u00f8rt til lazaret i Flensborg. Han d\u00f8de et par dage senere, blot f\u00e5 timer f\u00f8r hustruen Friede n\u00e5ede frem.<\/p>\n<style>#jtg-26441 .modula-item .jtg-social a, .lightbox-socials.jtg-social a{ fill: #ffffff; color: #ffffff }#jtg-26441 .modula-item .jtg-social-expandable a, #jtg-26441 .modula-item .jtg-social-expandable-icons a{ fill: #ffffff; color: #ffffff }#jtg-26441 .modula-item .jtg-social svg, .lightbox-socials.jtg-social svg { height: 16px; width: 16px }#jtg-26441 .modula-item .jtg-social-expandable svg { height: 16px; width: 16px }#jtg-26441 .modula-item .jtg-social-expandable-icons svg { height: 16px; width: 16px }#jtg-26441 .modula-item .jtg-social a:not(:last-child), .lightbox-socials.jtg-social a:not(:last-child) { margin-right: 10px }#jtg-26441 .modula-item .jtg-social-expandable-icons { gap: 10px }#jtg-26441 .modula-item .figc {color:#ffffff;}#jtg-26441 .modula-item .figc .jtg-title {  font-size: 16px; }#jtg-26441 .modula-item .modula-item-content { transform: scale(1); }#jtg-26441 .modula-items .figc p.description { font-size:14px; }#jtg-26441 .modula-items .figc p.description { color:#ffffff;}#jtg-26441 .modula-items .figc .jtg-title { color:#ffffff; }#jtg-26441.modula-gallery .modula-item > a, #jtg-26441.modula-gallery .modula-item, #jtg-26441.modula-gallery .modula-item-content > a:not(.modula-no-follow) { cursor:zoom-in; } #jtg-26441.modula-gallery .modula-item-content .modula-no-follow { cursor: default; } @media screen and (max-width:480px){#jtg-26441 .modula-item .figc .jtg-title {  font-size: 12px; }#jtg-26441 .modula-items .figc p.description { color:#ffffff;font-size:10px; }}<\/style>\n<div  id=\"jtg-26441\" class=\"modula modula-gallery modula-custom-grid\" data-config=\"{&quot;height&quot;:800,&quot;tabletHeight&quot;:800,&quot;mobileHeight&quot;:800,&quot;desktopHeight&quot;:800,&quot;enableTwitter&quot;:false,&quot;enableWhatsapp&quot;:false,&quot;enableFacebook&quot;:false,&quot;enablePinterest&quot;:false,&quot;enableLinkedin&quot;:false,&quot;enableEmail&quot;:false,&quot;randomFactor&quot;:0.5,&quot;type&quot;:&quot;custom-grid&quot;,&quot;columns&quot;:12,&quot;gutter&quot;:10,&quot;mobileGutter&quot;:10,&quot;tabletGutter&quot;:10,&quot;desktopGutter&quot;:10,&quot;enableResponsive&quot;:&quot;0&quot;,&quot;tabletColumns&quot;:2,&quot;mobileColumns&quot;:1,&quot;lazyLoad&quot;:0,&quot;lightboxOpts&quot;:{&quot;animated&quot;:true,&quot;Thumbs&quot;:{&quot;type&quot;:&quot;modern&quot;,&quot;showOnStart&quot;:false},&quot;Toolbar&quot;:{&quot;display&quot;:{&quot;right&quot;:[&quot;close&quot;]},&quot;enabled&quot;:true},&quot;Carousel&quot;:{&quot;Panzoom&quot;:{&quot;touch&quot;:false},&quot;infinite&quot;:false},&quot;keyboard&quot;:{&quot;Escape&quot;:&quot;close&quot;,&quot;Delete&quot;:&quot;close&quot;,&quot;Backspace&quot;:&quot;close&quot;,&quot;PageUp&quot;:false,&quot;PageDown&quot;:false,&quot;ArrowUp&quot;:false,&quot;ArrowDown&quot;:false,&quot;ArrowRight&quot;:false,&quot;ArrowLeft&quot;:false},&quot;touch&quot;:false,&quot;backdropClick&quot;:false,&quot;l10n&quot;:{&quot;CLOSE&quot;:&quot;Close&quot;,&quot;NEXT&quot;:&quot;Next&quot;,&quot;PREV&quot;:&quot;Previous&quot;,&quot;Error&quot;:&quot;The requested content cannot be loaded. Please try again later.&quot;,&quot;PLAY_START&quot;:&quot;Start slideshow&quot;,&quot;PLAY_STOP&quot;:&quot;Pause slideshow&quot;,&quot;FULL_SCREEN&quot;:&quot;Full screen&quot;,&quot;THUMBS&quot;:&quot;Thumbnails&quot;,&quot;DOWNLOAD&quot;:&quot;Download&quot;,&quot;SHARE&quot;:&quot;Share&quot;,&quot;ZOOM&quot;:&quot;Zoom&quot;,&quot;EMAIL&quot;:&quot;Here is the link to the image : %%image_link%% and this is the link to the gallery : %%gallery_link%%&quot;,&quot;MODAL&quot;:&quot;You can close this modal content with the ESC key&quot;,&quot;ERROR&quot;:&quot;Something Went Wrong, Please Try Again Later&quot;,&quot;IMAGE_ERROR&quot;:&quot;Image Not Found&quot;,&quot;ELEMENT_NOT_FOUND&quot;:&quot;HTML Element Not Found&quot;,&quot;AJAX_NOT_FOUND&quot;:&quot;Error Loading AJAX : Not Found&quot;,&quot;AJAX_FORBIDDEN&quot;:&quot;Error Loading AJAX : Forbidden&quot;,&quot;IFRAME_ERROR&quot;:&quot;Error Loading Page&quot;,&quot;TOGGLE_ZOOM&quot;:&quot;Toggle zoom level&quot;,&quot;TOGGLE_THUMBS&quot;:&quot;Toggle thumbnails&quot;,&quot;TOGGLE_SLIDESHOW&quot;:&quot;Toggle slideshow&quot;,&quot;TOGGLE_FULLSCREEN&quot;:&quot;Toggle full-screen mode&quot;},&quot;Images&quot;:{&quot;Panzoom&quot;:{&quot;maxScale&quot;:2}},&quot;mainClass&quot;:&quot;modula-fancybox-container modula-lightbox-jtg-26441&quot;,&quot;Html&quot;:{&quot;videoAutoplay&quot;:0,&quot;videoTpl&quot;:&quot;&lt;video class=\\&quot;fancybox__html5video\\&quot; controls muted playsinline controlsList controlsList=\\&quot;nodownload\\&quot; poster=\\&quot;{{poster}}\\&quot; src=\\&quot;{{src}}\\&quot; type=\\&quot;{{format}}\\&quot; &gt;  Sorry, your browser doesn&#039;t support embedded videos, &lt;a href=\\&quot;{{src}}\\&quot;&gt; download &lt;\\\/a&gt; and watch with your favorite video player! &lt;\\\/video&gt;&quot;}},&quot;inView&quot;:false,&quot;email_subject&quot;:&quot;Check out this awesome image !!&quot;,&quot;email_message&quot;:&quot;Here is the link to the image : %%image_link%% and this is the link to the gallery : %%gallery_link%%&quot;,&quot;lightbox&quot;:&quot;fancybox&quot;}\">\n\n\t\n\t<div  class=\"modula-items\">\n\t\t<div class=\"modula-item effect-pufrobo\" data-width=\"2\" data-height=\"2\" >\n\t<div class=\"modula-item-overlay\"><\/div>\n\n\t<div class=\"modula-item-content\">\n\n\t\t\t\t\n\t\t\t\t\t<a data-image-id=\"4238\" role=\"button\" tabindex=\"0\" rel=\"jtg-26441\" data-caption=\"Tekst p\u00e5 mindesten, Dybb\u00f8l\" aria-label=\"Open image in lightbox\" class=\"tile-inner modula-item-link\"><\/a>\n\t\t\n\t\t<img loading=\"lazy\" decoding=\"async\" class=\"pic wp-image-4238\"  data-valign=\"middle\" data-halign=\"center\" alt=\"Tekst p\u00e5 mindesten for general du Plat\" data-full=\"https:\/\/forsvarogforter.dk\/wp-content\/uploads\/2024\/08\/Schau_du_Plat_Rosen_sten-1.jpg\" title=\"Mindesten p\u00e5 Dybb\u00f8l Schau, du Plat og Rosen\" width=\"300\" height=\"225\" src=\"https:\/\/forsvarogforter.dk\/wp-content\/uploads\/2024\/08\/Schau_du_Plat_Rosen_sten-1-300x225.jpg\" data-src=\"https:\/\/forsvarogforter.dk\/wp-content\/uploads\/2024\/08\/Schau_du_Plat_Rosen_sten-1-300x225.jpg\" data-caption=\"Tekst p\u00e5 mindesten, Dybb\u00f8l\" srcset=\"https:\/\/forsvarogforter.dk\/wp-content\/uploads\/2024\/08\/Schau_du_Plat_Rosen_sten-1.jpg 800w, https:\/\/forsvarogforter.dk\/wp-content\/uploads\/2024\/08\/Schau_du_Plat_Rosen_sten-1-300x225.jpg 300w, https:\/\/forsvarogforter.dk\/wp-content\/uploads\/2024\/08\/Schau_du_Plat_Rosen_sten-1-768x576.jpg 768w, https:\/\/forsvarogforter.dk\/wp-content\/uploads\/2024\/08\/Schau_du_Plat_Rosen_sten-1-750x563.jpg 750w\" sizes=\"auto, (max-width: 300px) 100vw, 300px\" \/>\n\t\t<div class=\"figc\">\n\t\t\t<div class=\"figc-inner\">\n\t\t\t\t\t\t\t\t\t\t\t\t\t<p class=\"description\">Tekst p\u00e5 mindesten, Dybb\u00f8l<\/p>\n\t\t\t\t\t\t\t\t\t\t\t<\/div>\n\t\t<\/div>\n\n\t<\/div>\n\n<\/div><div class=\"modula-item effect-pufrobo\" data-width=\"2\" data-height=\"2\" >\n\t<div class=\"modula-item-overlay\"><\/div>\n\n\t<div class=\"modula-item-content\">\n\n\t\t\t\t\n\t\t\t\t\t<a data-image-id=\"7752\" role=\"button\" tabindex=\"0\" rel=\"jtg-26441\" data-caption=\"Ernst Schau gravsted\" aria-label=\"Open image in lightbox\" class=\"tile-inner modula-item-link\"><\/a>\n\t\t\n\t\t<img loading=\"lazy\" decoding=\"async\" class=\"pic wp-image-7752\"  data-valign=\"middle\" data-halign=\"center\" alt=\"Oberst Ernst Frederik Schau grav Garnisons\" data-full=\"https:\/\/forsvarogforter.dk\/wp-content\/uploads\/2024\/08\/v_schau_64_2-1.jpg\" title=\"Ernst Schau grav Garnisons 1864\" width=\"199\" height=\"300\" src=\"https:\/\/forsvarogforter.dk\/wp-content\/uploads\/2024\/08\/v_schau_64_2-1-199x300.jpg\" data-src=\"https:\/\/forsvarogforter.dk\/wp-content\/uploads\/2024\/08\/v_schau_64_2-1-199x300.jpg\" data-caption=\"Ernst Schau gravsted\" srcset=\"https:\/\/forsvarogforter.dk\/wp-content\/uploads\/2024\/08\/v_schau_64_2-1.jpg 768w, https:\/\/forsvarogforter.dk\/wp-content\/uploads\/2024\/08\/v_schau_64_2-1-199x300.jpg 199w, https:\/\/forsvarogforter.dk\/wp-content\/uploads\/2024\/08\/v_schau_64_2-1-681x1024.jpg 681w, https:\/\/forsvarogforter.dk\/wp-content\/uploads\/2024\/08\/v_schau_64_2-1-750x1128.jpg 750w\" sizes=\"auto, (max-width: 199px) 100vw, 199px\" \/>\n\t\t<div class=\"figc\">\n\t\t\t<div class=\"figc-inner\">\n\t\t\t\t\t\t\t\t\t\t\t\t\t<p class=\"description\">Ernst Schau gravsted<\/p>\n\t\t\t\t\t\t\t\t\t\t\t<\/div>\n\t\t<\/div>\n\n\t<\/div>\n\n<\/div><div class=\"modula-item effect-pufrobo\" data-width=\"2\" data-height=\"2\" >\n\t<div class=\"modula-item-overlay\"><\/div>\n\n\t<div class=\"modula-item-content\">\n\n\t\t\t\t\n\t\t\t\t\t<a data-image-id=\"4249\" role=\"button\" tabindex=\"0\" rel=\"jtg-26441\" data-caption=\"Oberst Ernst Schau\" aria-label=\"Open image in lightbox\" class=\"tile-inner modula-item-link\"><\/a>\n\t\t\n\t\t<img loading=\"lazy\" decoding=\"async\" class=\"pic wp-image-4249\"  data-valign=\"middle\" data-halign=\"center\" alt=\"Major Ernst F. Schau, faldet p\u00e5 Dybb\u00f8l 1864\" data-full=\"https:\/\/forsvarogforter.dk\/wp-content\/uploads\/2024\/08\/Schau_KB-1.jpg\" title=\"Schau_KB\" width=\"245\" height=\"300\" src=\"https:\/\/forsvarogforter.dk\/wp-content\/uploads\/2024\/08\/Schau_KB-1-245x300.jpg\" data-src=\"https:\/\/forsvarogforter.dk\/wp-content\/uploads\/2024\/08\/Schau_KB-1-245x300.jpg\" data-caption=\"Oberst Ernst Schau\" srcset=\"https:\/\/forsvarogforter.dk\/wp-content\/uploads\/2024\/08\/Schau_KB-1.jpg 503w, https:\/\/forsvarogforter.dk\/wp-content\/uploads\/2024\/08\/Schau_KB-1-245x300.jpg 245w\" sizes=\"auto, (max-width: 245px) 100vw, 245px\" \/>\n\t\t<div class=\"figc\">\n\t\t\t<div class=\"figc-inner\">\n\t\t\t\t\t\t\t\t\t\t\t\t\t<p class=\"description\">Oberst Ernst Schau<\/p>\n\t\t\t\t\t\t\t\t\t\t\t<\/div>\n\t\t<\/div>\n\n\t<\/div>\n\n<\/div>\t\t\n\t<\/div>\n\n\t\n\t\n\t\t<script type=\"application\/ld+json\">\n            [\n    {\n        \"@context\": \"https:\\\/\\\/schema.org\\\/\",\n        \"@type\": \"ImageObject\",\n        \"contentUrl\": \"https:\\\/\\\/forsvarogforter.dk\\\/wp-content\\\/uploads\\\/2024\\\/08\\\/48_64_2.jpg\",\n        \"license\": \"https:\\\/\\\/creativecommons.org\\\/publicdomain\\\/zero\\\/1.0\\\/\",\n        \"creditText\": \"\",\n        \"creator\": {\n            \"@type\": \"Person\",\n            \"name\": \"S\\u00f8ren \\u00d8stergaard\"\n        },\n        \"copyrightNotice\": \"\"\n    },\n    {\n        \"@context\": \"https:\\\/\\\/schema.org\\\/\",\n        \"@type\": \"ImageObject\",\n        \"contentUrl\": \"https:\\\/\\\/forsvarogforter.dk\\\/wp-content\\\/uploads\\\/2024\\\/08\\\/Garnisons_monument_1848_50_64_tekst.jpg\",\n        \"license\": \"https:\\\/\\\/creativecommons.org\\\/publicdomain\\\/zero\\\/1.0\\\/\",\n        \"creditText\": \"\",\n        \"creator\": {\n            \"@type\": \"Person\",\n            \"name\": \"S\\u00f8ren \\u00d8stergaard\"\n        },\n        \"copyrightNotice\": \"\"\n    },\n    {\n        \"@context\": \"https:\\\/\\\/schema.org\\\/\",\n        \"@type\": \"ImageObject\",\n        \"contentUrl\": \"https:\\\/\\\/forsvarogforter.dk\\\/wp-content\\\/uploads\\\/2024\\\/08\\\/226_64_3.jpg\",\n        \"license\": \"https:\\\/\\\/creativecommons.org\\\/publicdomain\\\/zero\\\/1.0\\\/\",\n        \"creditText\": \"\",\n        \"creator\": {\n            \"@type\": \"Person\",\n            \"name\": \"S\\u00f8ren \\u00d8stergaard\"\n        },\n        \"copyrightNotice\": \"\"\n    },\n    {\n        \"@context\": \"https:\\\/\\\/schema.org\\\/\",\n        \"@type\": \"ImageObject\",\n        \"contentUrl\": \"https:\\\/\\\/forsvarogforter.dk\\\/wp-content\\\/uploads\\\/2024\\\/08\\\/226_64.jpg\",\n        \"license\": \"https:\\\/\\\/creativecommons.org\\\/publicdomain\\\/zero\\\/1.0\\\/\",\n        \"creditText\": \"\",\n        \"creator\": {\n            \"@type\": \"Person\",\n            \"name\": \"S\\u00f8ren \\u00d8stergaard\"\n        },\n        \"copyrightNotice\": \"\"\n    },\n    {\n        \"@context\": \"https:\\\/\\\/schema.org\\\/\",\n        \"@type\": \"ImageObject\",\n        \"contentUrl\": \"https:\\\/\\\/forsvarogforter.dk\\\/wp-content\\\/uploads\\\/2024\\\/08\\\/Behrens_sten.jpg\",\n        \"license\": \"https:\\\/\\\/creativecommons.org\\\/publicdomain\\\/zero\\\/1.0\\\/\",\n        \"creditText\": \"\",\n        \"creator\": {\n            \"@type\": \"Person\",\n            \"name\": \"S\\u00f8ren \\u00d8stergaard\"\n        },\n        \"copyrightNotice\": \"\"\n    },\n    {\n        \"@context\": \"https:\\\/\\\/schema.org\\\/\",\n        \"@type\": \"ImageObject\",\n        \"contentUrl\": \"https:\\\/\\\/forsvarogforter.dk\\\/wp-content\\\/uploads\\\/2024\\\/08\\\/Behrens_64.jpg\",\n        \"license\": \"https:\\\/\\\/creativecommons.org\\\/publicdomain\\\/zero\\\/1.0\\\/\",\n        \"creditText\": \"\",\n        \"creator\": {\n            \"@type\": \"Person\",\n            \"name\": \"S\\u00f8ren \\u00d8stergaard\"\n        },\n        \"copyrightNotice\": \"\"\n    },\n    {\n        \"@context\": \"https:\\\/\\\/schema.org\\\/\",\n        \"@type\": \"ImageObject\",\n        \"contentUrl\": \"https:\\\/\\\/forsvarogforter.dk\\\/wp-content\\\/uploads\\\/2024\\\/08\\\/Behrens_KB.jpg\",\n        \"license\": \"https:\\\/\\\/creativecommons.org\\\/publicdomain\\\/zero\\\/1.0\\\/\",\n        \"creditText\": \"\",\n        \"creator\": {\n            \"@type\": \"Person\",\n            \"name\": \"S\\u00f8ren \\u00d8stergaard\"\n        },\n        \"copyrightNotice\": \"\"\n    },\n    {\n        \"@context\": \"https:\\\/\\\/schema.org\\\/\",\n        \"@type\": \"ImageObject\",\n        \"contentUrl\": \"https:\\\/\\\/forsvarogforter.dk\\\/wp-content\\\/uploads\\\/2024\\\/08\\\/Broennum_sten-421x285-1.jpg\",\n        \"license\": \"https:\\\/\\\/creativecommons.org\\\/publicdomain\\\/zero\\\/1.0\\\/\",\n        \"creditText\": \"\",\n        \"creator\": {\n            \"@type\": \"Person\",\n            \"name\": \"S\\u00f8ren \\u00d8stergaard\"\n        },\n        \"copyrightNotice\": \"\"\n    },\n    {\n        \"@context\": \"https:\\\/\\\/schema.org\\\/\",\n        \"@type\": \"ImageObject\",\n        \"contentUrl\": \"https:\\\/\\\/forsvarogforter.dk\\\/wp-content\\\/uploads\\\/2024\\\/08\\\/Broennum_64_2.jpg\",\n        \"license\": \"https:\\\/\\\/creativecommons.org\\\/publicdomain\\\/zero\\\/1.0\\\/\",\n        \"creditText\": \"\",\n        \"creator\": {\n            \"@type\": \"Person\",\n            \"name\": \"S\\u00f8ren \\u00d8stergaard\"\n        },\n        \"copyrightNotice\": \"\"\n    },\n    {\n        \"@context\": \"https:\\\/\\\/schema.org\\\/\",\n        \"@type\": \"ImageObject\",\n        \"contentUrl\": \"https:\\\/\\\/forsvarogforter.dk\\\/wp-content\\\/uploads\\\/2024\\\/08\\\/Gyldenfeldt_sten.jpg\",\n        \"license\": \"https:\\\/\\\/creativecommons.org\\\/publicdomain\\\/zero\\\/1.0\\\/\",\n        \"creditText\": \"\",\n        \"creator\": {\n            \"@type\": \"Person\",\n            \"name\": \"S\\u00f8ren \\u00d8stergaard\"\n        },\n        \"copyrightNotice\": \"\"\n    },\n    {\n        \"@context\": \"https:\\\/\\\/schema.org\\\/\",\n        \"@type\": \"ImageObject\",\n        \"contentUrl\": \"https:\\\/\\\/forsvarogforter.dk\\\/wp-content\\\/uploads\\\/2024\\\/08\\\/Gyldenfeldt_64.jpg\",\n        \"license\": \"https:\\\/\\\/creativecommons.org\\\/publicdomain\\\/zero\\\/1.0\\\/\",\n        \"creditText\": \"\",\n        \"creator\": {\n            \"@type\": \"Person\",\n            \"name\": \"S\\u00f8ren \\u00d8stergaard\"\n        },\n        \"copyrightNotice\": \"\"\n    },\n    {\n        \"@context\": \"https:\\\/\\\/schema.org\\\/\",\n        \"@type\": \"ImageObject\",\n        \"contentUrl\": \"https:\\\/\\\/forsvarogforter.dk\\\/wp-content\\\/uploads\\\/2024\\\/08\\\/Carlson_64.jpg\",\n        \"license\": \"https:\\\/\\\/creativecommons.org\\\/publicdomain\\\/zero\\\/1.0\\\/\",\n        \"creditText\": \"\",\n        \"creator\": {\n            \"@type\": \"Person\",\n            \"name\": \"S\\u00f8ren \\u00d8stergaard\"\n        },\n        \"copyrightNotice\": \"\"\n    },\n    {\n        \"@context\": \"https:\\\/\\\/schema.org\\\/\",\n        \"@type\": \"ImageObject\",\n        \"contentUrl\": \"https:\\\/\\\/forsvarogforter.dk\\\/wp-content\\\/uploads\\\/2024\\\/08\\\/Carlson_64_2-1.jpg\",\n        \"license\": \"https:\\\/\\\/creativecommons.org\\\/publicdomain\\\/zero\\\/1.0\\\/\",\n        \"creditText\": \"\",\n        \"creator\": {\n            \"@type\": \"Person\",\n            \"name\": \"S\\u00f8ren \\u00d8stergaard\"\n        },\n        \"copyrightNotice\": \"\"\n    },\n    {\n        \"@context\": \"https:\\\/\\\/schema.org\\\/\",\n        \"@type\": \"ImageObject\",\n        \"contentUrl\": \"https:\\\/\\\/forsvarogforter.dk\\\/wp-content\\\/uploads\\\/2024\\\/08\\\/Hveberg_sten_2.jpg\",\n        \"license\": \"https:\\\/\\\/creativecommons.org\\\/publicdomain\\\/zero\\\/1.0\\\/\",\n        \"creditText\": \"\",\n        \"creator\": {\n            \"@type\": \"Person\",\n            \"name\": \"S\\u00f8ren \\u00d8stergaard\"\n        },\n        \"copyrightNotice\": \"\"\n    },\n    {\n        \"@context\": \"https:\\\/\\\/schema.org\\\/\",\n        \"@type\": \"ImageObject\",\n        \"contentUrl\": \"https:\\\/\\\/forsvarogforter.dk\\\/wp-content\\\/uploads\\\/2024\\\/08\\\/Hveberg_64_2.jpg\",\n        \"license\": \"https:\\\/\\\/creativecommons.org\\\/publicdomain\\\/zero\\\/1.0\\\/\",\n        \"creditText\": \"\",\n        \"creator\": {\n            \"@type\": \"Person\",\n            \"name\": \"S\\u00f8ren \\u00d8stergaard\"\n        },\n        \"copyrightNotice\": \"\"\n    },\n    {\n        \"@context\": \"https:\\\/\\\/schema.org\\\/\",\n        \"@type\": \"ImageObject\",\n        \"contentUrl\": \"https:\\\/\\\/forsvarogforter.dk\\\/wp-content\\\/uploads\\\/2024\\\/08\\\/Hveberg_64.jpg\",\n        \"license\": \"https:\\\/\\\/creativecommons.org\\\/publicdomain\\\/zero\\\/1.0\\\/\",\n        \"creditText\": \"\",\n        \"creator\": {\n            \"@type\": \"Person\",\n            \"name\": \"S\\u00f8ren \\u00d8stergaard\"\n        },\n        \"copyrightNotice\": \"\"\n    },\n    {\n        \"@context\": \"https:\\\/\\\/schema.org\\\/\",\n        \"@type\": \"ImageObject\",\n        \"contentUrl\": \"https:\\\/\\\/forsvarogforter.dk\\\/wp-content\\\/uploads\\\/2024\\\/08\\\/Hveberg_64-768x400-1.jpg\",\n        \"license\": \"https:\\\/\\\/creativecommons.org\\\/publicdomain\\\/zero\\\/1.0\\\/\",\n        \"creditText\": \"\",\n        \"creator\": {\n            \"@type\": \"Person\",\n            \"name\": \"S\\u00f8ren \\u00d8stergaard\"\n        },\n        \"copyrightNotice\": \"\"\n    },\n    {\n        \"@context\": \"https:\\\/\\\/schema.org\\\/\",\n        \"@type\": \"ImageObject\",\n        \"contentUrl\": \"https:\\\/\\\/forsvarogforter.dk\\\/wp-content\\\/uploads\\\/2024\\\/08\\\/Hveberg_KB.jpg\",\n        \"license\": \"https:\\\/\\\/creativecommons.org\\\/publicdomain\\\/zero\\\/1.0\\\/\",\n        \"creditText\": \"\",\n        \"creator\": {\n            \"@type\": \"Person\",\n            \"name\": \"S\\u00f8ren \\u00d8stergaard\"\n        },\n        \"copyrightNotice\": \"\"\n    },\n    {\n        \"@context\": \"https:\\\/\\\/schema.org\\\/\",\n        \"@type\": \"ImageObject\",\n        \"contentUrl\": \"https:\\\/\\\/forsvarogforter.dk\\\/wp-content\\\/uploads\\\/2024\\\/08\\\/Jensen_sten.jpg\",\n        \"license\": \"https:\\\/\\\/creativecommons.org\\\/publicdomain\\\/zero\\\/1.0\\\/\",\n        \"creditText\": \"\",\n        \"creator\": {\n            \"@type\": \"Person\",\n            \"name\": \"S\\u00f8ren \\u00d8stergaard\"\n        },\n        \"copyrightNotice\": \"\"\n    },\n    {\n        \"@context\": \"https:\\\/\\\/schema.org\\\/\",\n        \"@type\": \"ImageObject\",\n        \"contentUrl\": \"https:\\\/\\\/forsvarogforter.dk\\\/wp-content\\\/uploads\\\/2024\\\/08\\\/Jensen_64_2.jpg\",\n        \"license\": \"https:\\\/\\\/creativecommons.org\\\/publicdomain\\\/zero\\\/1.0\\\/\",\n        \"creditText\": \"\",\n        \"creator\": {\n            \"@type\": \"Person\",\n            \"name\": \"S\\u00f8ren \\u00d8stergaard\"\n        },\n        \"copyrightNotice\": \"\"\n    },\n    {\n        \"@context\": \"https:\\\/\\\/schema.org\\\/\",\n        \"@type\": \"ImageObject\",\n        \"contentUrl\": \"https:\\\/\\\/forsvarogforter.dk\\\/wp-content\\\/uploads\\\/2024\\\/08\\\/Jensen_KB.jpg\",\n        \"license\": \"https:\\\/\\\/creativecommons.org\\\/publicdomain\\\/zero\\\/1.0\\\/\",\n        \"creditText\": \"\",\n        \"creator\": {\n            \"@type\": \"Person\",\n            \"name\": \"S\\u00f8ren \\u00d8stergaard\"\n        },\n        \"copyrightNotice\": \"\"\n    },\n    {\n        \"@context\": \"https:\\\/\\\/schema.org\\\/\",\n        \"@type\": \"ImageObject\",\n        \"contentUrl\": \"https:\\\/\\\/forsvarogforter.dk\\\/wp-content\\\/uploads\\\/2024\\\/08\\\/Lasson_sten.jpg\",\n        \"license\": \"https:\\\/\\\/creativecommons.org\\\/publicdomain\\\/zero\\\/1.0\\\/\",\n        \"creditText\": \"\",\n        \"creator\": {\n            \"@type\": \"Person\",\n            \"name\": \"S\\u00f8ren \\u00d8stergaard\"\n        },\n        \"copyrightNotice\": \"\"\n    },\n    {\n        \"@context\": \"https:\\\/\\\/schema.org\\\/\",\n        \"@type\": \"ImageObject\",\n        \"contentUrl\": \"https:\\\/\\\/forsvarogforter.dk\\\/wp-content\\\/uploads\\\/2024\\\/08\\\/Lasson_64.jpg\",\n        \"license\": \"https:\\\/\\\/creativecommons.org\\\/publicdomain\\\/zero\\\/1.0\\\/\",\n        \"creditText\": \"\",\n        \"creator\": {\n            \"@type\": \"Person\",\n            \"name\": \"S\\u00f8ren \\u00d8stergaard\"\n        },\n        \"copyrightNotice\": \"\"\n    },\n    {\n        \"@context\": \"https:\\\/\\\/schema.org\\\/\",\n        \"@type\": \"ImageObject\",\n        \"contentUrl\": \"https:\\\/\\\/forsvarogforter.dk\\\/wp-content\\\/uploads\\\/2024\\\/08\\\/Lasson_KB.jpg\",\n        \"license\": \"https:\\\/\\\/creativecommons.org\\\/publicdomain\\\/zero\\\/1.0\\\/\",\n        \"creditText\": \"\",\n        \"creator\": {\n            \"@type\": \"Person\",\n            \"name\": \"S\\u00f8ren \\u00d8stergaard\"\n        },\n        \"copyrightNotice\": \"\"\n    },\n    {\n        \"@context\": \"https:\\\/\\\/schema.org\\\/\",\n        \"@type\": \"ImageObject\",\n        \"contentUrl\": \"https:\\\/\\\/forsvarogforter.dk\\\/wp-content\\\/uploads\\\/2024\\\/08\\\/Lundbye_sten.jpg\",\n        \"license\": \"https:\\\/\\\/creativecommons.org\\\/publicdomain\\\/zero\\\/1.0\\\/\",\n        \"creditText\": \"\",\n        \"creator\": {\n            \"@type\": \"Person\",\n            \"name\": \"S\\u00f8ren \\u00d8stergaard\"\n        },\n        \"copyrightNotice\": \"\"\n    },\n    {\n        \"@context\": \"https:\\\/\\\/schema.org\\\/\",\n        \"@type\": \"ImageObject\",\n        \"contentUrl\": \"https:\\\/\\\/forsvarogforter.dk\\\/wp-content\\\/uploads\\\/2024\\\/08\\\/Lundbye_64_2.jpg\",\n        \"license\": \"https:\\\/\\\/creativecommons.org\\\/publicdomain\\\/zero\\\/1.0\\\/\",\n        \"creditText\": \"\",\n        \"creator\": {\n            \"@type\": \"Person\",\n            \"name\": \"S\\u00f8ren \\u00d8stergaard\"\n        },\n        \"copyrightNotice\": \"\"\n    },\n    {\n        \"@context\": \"https:\\\/\\\/schema.org\\\/\",\n        \"@type\": \"ImageObject\",\n        \"contentUrl\": \"https:\\\/\\\/forsvarogforter.dk\\\/wp-content\\\/uploads\\\/2024\\\/08\\\/Lundbye.jpg\",\n        \"license\": \"https:\\\/\\\/creativecommons.org\\\/publicdomain\\\/zero\\\/1.0\\\/\",\n        \"creditText\": \"\",\n        \"creator\": {\n            \"@type\": \"Person\",\n            \"name\": \"S\\u00f8ren \\u00d8stergaard\"\n        },\n        \"copyrightNotice\": \"\"\n    },\n    {\n        \"@context\": \"https:\\\/\\\/schema.org\\\/\",\n        \"@type\": \"ImageObject\",\n        \"contentUrl\": \"https:\\\/\\\/forsvarogforter.dk\\\/wp-content\\\/uploads\\\/2024\\\/08\\\/Lundegren_sten.jpg\",\n        \"license\": \"https:\\\/\\\/creativecommons.org\\\/publicdomain\\\/zero\\\/1.0\\\/\",\n        \"creditText\": \"\",\n        \"creator\": {\n            \"@type\": \"Person\",\n            \"name\": \"S\\u00f8ren \\u00d8stergaard\"\n        },\n        \"copyrightNotice\": \"\"\n    },\n    {\n        \"@context\": \"https:\\\/\\\/schema.org\\\/\",\n        \"@type\": \"ImageObject\",\n        \"contentUrl\": \"https:\\\/\\\/forsvarogforter.dk\\\/wp-content\\\/uploads\\\/2024\\\/08\\\/Lundegren_64_2.jpg\",\n        \"license\": \"https:\\\/\\\/creativecommons.org\\\/publicdomain\\\/zero\\\/1.0\\\/\",\n        \"creditText\": \"\",\n        \"creator\": {\n            \"@type\": \"Person\",\n            \"name\": \"S\\u00f8ren \\u00d8stergaard\"\n        },\n        \"copyrightNotice\": \"\"\n    },\n    {\n        \"@context\": \"https:\\\/\\\/schema.org\\\/\",\n        \"@type\": \"ImageObject\",\n        \"contentUrl\": \"https:\\\/\\\/forsvarogforter.dk\\\/wp-content\\\/uploads\\\/2024\\\/08\\\/Lundegren_64.jpg\",\n        \"license\": \"https:\\\/\\\/creativecommons.org\\\/publicdomain\\\/zero\\\/1.0\\\/\",\n        \"creditText\": \"\",\n        \"creator\": {\n            \"@type\": \"Person\",\n            \"name\": \"S\\u00f8ren \\u00d8stergaard\"\n        },\n        \"copyrightNotice\": \"\"\n    },\n    {\n        \"@context\": \"https:\\\/\\\/schema.org\\\/\",\n        \"@type\": \"ImageObject\",\n        \"contentUrl\": \"https:\\\/\\\/forsvarogforter.dk\\\/wp-content\\\/uploads\\\/2025\\\/01\\\/Stenderup-lazaret-mindetavle.jpg\",\n        \"license\": \"https:\\\/\\\/creativecommons.org\\\/publicdomain\\\/zero\\\/1.0\\\/\",\n        \"creditText\": \"\",\n        \"creator\": {\n            \"@type\": \"Person\",\n            \"name\": \"S\\u00f8ren \\u00d8stergaard\"\n        },\n        \"copyrightNotice\": \"\"\n    },\n    {\n        \"@context\": \"https:\\\/\\\/schema.org\\\/\",\n        \"@type\": \"ImageObject\",\n        \"contentUrl\": \"https:\\\/\\\/forsvarogforter.dk\\\/wp-content\\\/uploads\\\/2024\\\/08\\\/Du_Plat.jpg\",\n        \"license\": \"https:\\\/\\\/creativecommons.org\\\/publicdomain\\\/zero\\\/1.0\\\/\",\n        \"creditText\": \"\",\n        \"creator\": {\n            \"@type\": \"Person\",\n            \"name\": \"S\\u00f8ren \\u00d8stergaard\"\n        },\n        \"copyrightNotice\": \"\"\n    },\n    {\n        \"@context\": \"https:\\\/\\\/schema.org\\\/\",\n        \"@type\": \"ImageObject\",\n        \"contentUrl\": \"https:\\\/\\\/forsvarogforter.dk\\\/wp-content\\\/uploads\\\/2024\\\/08\\\/Schau_du_Plat_Rosen_sten-1.jpg\",\n        \"license\": \"https:\\\/\\\/creativecommons.org\\\/publicdomain\\\/zero\\\/1.0\\\/\",\n        \"creditText\": \"\",\n        \"creator\": {\n            \"@type\": \"Person\",\n            \"name\": \"S\\u00f8ren \\u00d8stergaard\"\n        },\n        \"copyrightNotice\": \"\"\n    },\n    {\n        \"@context\": \"https:\\\/\\\/schema.org\\\/\",\n        \"@type\": \"ImageObject\",\n        \"contentUrl\": \"https:\\\/\\\/forsvarogforter.dk\\\/wp-content\\\/uploads\\\/2025\\\/02\\\/du_Plat_Grave.jpg\",\n        \"license\": \"https:\\\/\\\/creativecommons.org\\\/publicdomain\\\/zero\\\/1.0\\\/\",\n        \"creditText\": \"\",\n        \"creator\": {\n            \"@type\": \"Person\",\n            \"name\": \"S\\u00f8ren \\u00d8stergaard\"\n        },\n        \"copyrightNotice\": \"\"\n    },\n    {\n        \"@context\": \"https:\\\/\\\/schema.org\\\/\",\n        \"@type\": \"ImageObject\",\n        \"contentUrl\": \"https:\\\/\\\/forsvarogforter.dk\\\/wp-content\\\/uploads\\\/2024\\\/08\\\/du_Plat_gravsten_Soderup_3.jpg\",\n        \"license\": \"https:\\\/\\\/creativecommons.org\\\/publicdomain\\\/zero\\\/1.0\\\/\",\n        \"creditText\": \"\",\n        \"creator\": {\n            \"@type\": \"Person\",\n            \"name\": \"S\\u00f8ren \\u00d8stergaard\"\n        },\n        \"copyrightNotice\": \"\"\n    },\n    {\n        \"@context\": \"https:\\\/\\\/schema.org\\\/\",\n        \"@type\": \"ImageObject\",\n        \"contentUrl\": \"https:\\\/\\\/forsvarogforter.dk\\\/wp-content\\\/uploads\\\/2024\\\/08\\\/General_du_Plat.jpg\",\n        \"license\": \"https:\\\/\\\/creativecommons.org\\\/publicdomain\\\/zero\\\/1.0\\\/\",\n        \"creditText\": \"\",\n        \"creator\": {\n            \"@type\": \"Person\",\n            \"name\": \"S\\u00f8ren \\u00d8stergaard\"\n        },\n        \"copyrightNotice\": \"\"\n    },\n    {\n        \"@context\": \"https:\\\/\\\/schema.org\\\/\",\n        \"@type\": \"ImageObject\",\n        \"contentUrl\": \"https:\\\/\\\/forsvarogforter.dk\\\/wp-content\\\/uploads\\\/2024\\\/08\\\/Schau_du_Plat_Rosen_sten-1.jpg\",\n        \"license\": \"https:\\\/\\\/creativecommons.org\\\/publicdomain\\\/zero\\\/1.0\\\/\",\n        \"creditText\": \"\",\n        \"creator\": {\n            \"@type\": \"Person\",\n            \"name\": \"S\\u00f8ren \\u00d8stergaard\"\n        },\n        \"copyrightNotice\": \"\"\n    },\n    {\n        \"@context\": \"https:\\\/\\\/schema.org\\\/\",\n        \"@type\": \"ImageObject\",\n        \"contentUrl\": \"https:\\\/\\\/forsvarogforter.dk\\\/wp-content\\\/uploads\\\/2024\\\/08\\\/Holmen_DK_grav_von_Rosen_1864.jpg\",\n        \"license\": \"https:\\\/\\\/creativecommons.org\\\/publicdomain\\\/zero\\\/1.0\\\/\",\n        \"creditText\": \"\",\n        \"creator\": {\n            \"@type\": \"Person\",\n            \"name\": \"S\\u00f8ren \\u00d8stergaard\"\n        },\n        \"copyrightNotice\": \"\"\n    },\n    {\n        \"@context\": \"https:\\\/\\\/schema.org\\\/\",\n        \"@type\": \"ImageObject\",\n        \"contentUrl\": \"https:\\\/\\\/forsvarogforter.dk\\\/wp-content\\\/uploads\\\/2024\\\/08\\\/Holmen_DK_grav_von_Rosen_1864_tekst.jpg\",\n        \"license\": \"https:\\\/\\\/creativecommons.org\\\/publicdomain\\\/zero\\\/1.0\\\/\",\n        \"creditText\": \"\",\n        \"creator\": {\n            \"@type\": \"Person\",\n            \"name\": \"S\\u00f8ren \\u00d8stergaard\"\n        },\n        \"copyrightNotice\": \"\"\n    },\n    {\n        \"@context\": \"https:\\\/\\\/schema.org\\\/\",\n        \"@type\": \"ImageObject\",\n        \"contentUrl\": \"https:\\\/\\\/forsvarogforter.dk\\\/wp-content\\\/uploads\\\/2024\\\/08\\\/Rosen-1.jpg\",\n        \"license\": \"https:\\\/\\\/creativecommons.org\\\/publicdomain\\\/zero\\\/1.0\\\/\",\n        \"creditText\": \"\",\n        \"creator\": {\n            \"@type\": \"Person\",\n            \"name\": \"S\\u00f8ren \\u00d8stergaard\"\n        },\n        \"copyrightNotice\": \"\"\n    },\n    {\n        \"@context\": \"https:\\\/\\\/schema.org\\\/\",\n        \"@type\": \"ImageObject\",\n        \"contentUrl\": \"https:\\\/\\\/forsvarogforter.dk\\\/wp-content\\\/uploads\\\/2024\\\/08\\\/Schau_du_Plat_Rosen_sten-1.jpg\",\n        \"license\": \"https:\\\/\\\/creativecommons.org\\\/publicdomain\\\/zero\\\/1.0\\\/\",\n        \"creditText\": \"\",\n        \"creator\": {\n            \"@type\": \"Person\",\n            \"name\": \"S\\u00f8ren \\u00d8stergaard\"\n        },\n        \"copyrightNotice\": \"\"\n    },\n    {\n        \"@context\": \"https:\\\/\\\/schema.org\\\/\",\n        \"@type\": \"ImageObject\",\n        \"contentUrl\": \"https:\\\/\\\/forsvarogforter.dk\\\/wp-content\\\/uploads\\\/2024\\\/08\\\/v_schau_64_2-1.jpg\",\n        \"license\": \"https:\\\/\\\/creativecommons.org\\\/publicdomain\\\/zero\\\/1.0\\\/\",\n        \"creditText\": \"\",\n        \"creator\": {\n            \"@type\": \"Person\",\n            \"name\": \"S\\u00f8ren \\u00d8stergaard\"\n        },\n        \"copyrightNotice\": \"\"\n    },\n    {\n        \"@context\": \"https:\\\/\\\/schema.org\\\/\",\n        \"@type\": \"ImageObject\",\n        \"contentUrl\": \"https:\\\/\\\/forsvarogforter.dk\\\/wp-content\\\/uploads\\\/2024\\\/08\\\/Schau_KB-1.jpg\",\n        \"license\": \"https:\\\/\\\/creativecommons.org\\\/publicdomain\\\/zero\\\/1.0\\\/\",\n        \"creditText\": \"\",\n        \"creator\": {\n            \"@type\": \"Person\",\n            \"name\": \"S\\u00f8ren \\u00d8stergaard\"\n        },\n        \"copyrightNotice\": \"\"\n    }\n]\n\n\t\t<\/script>\n\n\t\t\n\t<script type=\"application\/ld+json\">\n\t{\n\t\t\"@context\": \"http:\/\/schema.org\",\n\t\t\"@type\"   : \"ImageGallery\",\n\t\t\"id\"      : \"https:\/\/forsvarogforter.dk\/index.php\/fra-dybboel-til-kirkegaarden-i-1864\/\",\n\t\t\"url\"     : \"https:\/\/forsvarogforter.dk\/index.php\/fra-dybboel-til-kirkegaarden-i-1864\/\"\n\t}\n\n\t<\/script>\n\n\t\n<\/div>\n\n<p>&nbsp;<\/p>\n<p>Premierl\u00f8jtnant Emil Schau (Broder til Ernst S. Schau)<br \/>\nUnder den beordrede tilbagegang langs stranden mod brohovedet,\u00a0 faldt Schau &#8211; ramt af to preussiske kugler.<br \/>\nErnst&#8217;s og Emils moder havde nu mistet alle 7 s\u00f8nner i de to krige. 5 i f\u00f8rste og 2 i anden.<\/p>\n<style>#jtg-26439 .modula-item .jtg-social a, .lightbox-socials.jtg-social a{ fill: #ffffff; color: #ffffff }#jtg-26439 .modula-item .jtg-social-expandable a, #jtg-26439 .modula-item .jtg-social-expandable-icons a{ fill: #ffffff; color: #ffffff }#jtg-26439 .modula-item .jtg-social svg, .lightbox-socials.jtg-social svg { height: 16px; width: 16px }#jtg-26439 .modula-item .jtg-social-expandable svg { height: 16px; width: 16px }#jtg-26439 .modula-item .jtg-social-expandable-icons svg { height: 16px; width: 16px }#jtg-26439 .modula-item .jtg-social a:not(:last-child), .lightbox-socials.jtg-social a:not(:last-child) { margin-right: 10px }#jtg-26439 .modula-item .jtg-social-expandable-icons { gap: 10px }#jtg-26439 .modula-item .figc {color:#ffffff;}#jtg-26439 .modula-item .figc .jtg-title {  font-size: 16px; }#jtg-26439 .modula-item .modula-item-content { transform: scale(1); }#jtg-26439 .modula-items .figc p.description { font-size:14px; }#jtg-26439 .modula-items .figc p.description { color:#ffffff;}#jtg-26439 .modula-items .figc .jtg-title { color:#ffffff; }#jtg-26439.modula-gallery .modula-item > a, #jtg-26439.modula-gallery .modula-item, #jtg-26439.modula-gallery .modula-item-content > a:not(.modula-no-follow) { cursor:zoom-in; } #jtg-26439.modula-gallery .modula-item-content .modula-no-follow { cursor: default; } @media screen and (max-width:480px){#jtg-26439 .modula-item .figc .jtg-title {  font-size: 12px; }#jtg-26439 .modula-items .figc p.description { color:#ffffff;font-size:10px; }}<\/style>\n<div  id=\"jtg-26439\" class=\"modula modula-gallery modula-custom-grid\" data-config=\"{&quot;height&quot;:800,&quot;tabletHeight&quot;:800,&quot;mobileHeight&quot;:800,&quot;desktopHeight&quot;:800,&quot;enableTwitter&quot;:false,&quot;enableWhatsapp&quot;:false,&quot;enableFacebook&quot;:false,&quot;enablePinterest&quot;:false,&quot;enableLinkedin&quot;:false,&quot;enableEmail&quot;:false,&quot;randomFactor&quot;:0.5,&quot;type&quot;:&quot;custom-grid&quot;,&quot;columns&quot;:12,&quot;gutter&quot;:10,&quot;mobileGutter&quot;:10,&quot;tabletGutter&quot;:10,&quot;desktopGutter&quot;:10,&quot;enableResponsive&quot;:&quot;0&quot;,&quot;tabletColumns&quot;:2,&quot;mobileColumns&quot;:1,&quot;lazyLoad&quot;:0,&quot;lightboxOpts&quot;:{&quot;animated&quot;:true,&quot;Thumbs&quot;:{&quot;type&quot;:&quot;modern&quot;,&quot;showOnStart&quot;:false},&quot;Toolbar&quot;:{&quot;display&quot;:{&quot;right&quot;:[&quot;close&quot;]},&quot;enabled&quot;:true},&quot;Carousel&quot;:{&quot;Panzoom&quot;:{&quot;touch&quot;:false},&quot;infinite&quot;:false},&quot;keyboard&quot;:{&quot;Escape&quot;:&quot;close&quot;,&quot;Delete&quot;:&quot;close&quot;,&quot;Backspace&quot;:&quot;close&quot;,&quot;PageUp&quot;:false,&quot;PageDown&quot;:false,&quot;ArrowUp&quot;:false,&quot;ArrowDown&quot;:false,&quot;ArrowRight&quot;:false,&quot;ArrowLeft&quot;:false},&quot;touch&quot;:false,&quot;backdropClick&quot;:false,&quot;l10n&quot;:{&quot;CLOSE&quot;:&quot;Close&quot;,&quot;NEXT&quot;:&quot;Next&quot;,&quot;PREV&quot;:&quot;Previous&quot;,&quot;Error&quot;:&quot;The requested content cannot be loaded. Please try again later.&quot;,&quot;PLAY_START&quot;:&quot;Start slideshow&quot;,&quot;PLAY_STOP&quot;:&quot;Pause slideshow&quot;,&quot;FULL_SCREEN&quot;:&quot;Full screen&quot;,&quot;THUMBS&quot;:&quot;Thumbnails&quot;,&quot;DOWNLOAD&quot;:&quot;Download&quot;,&quot;SHARE&quot;:&quot;Share&quot;,&quot;ZOOM&quot;:&quot;Zoom&quot;,&quot;EMAIL&quot;:&quot;Here is the link to the image : %%image_link%% and this is the link to the gallery : %%gallery_link%%&quot;,&quot;MODAL&quot;:&quot;You can close this modal content with the ESC key&quot;,&quot;ERROR&quot;:&quot;Something Went Wrong, Please Try Again Later&quot;,&quot;IMAGE_ERROR&quot;:&quot;Image Not Found&quot;,&quot;ELEMENT_NOT_FOUND&quot;:&quot;HTML Element Not Found&quot;,&quot;AJAX_NOT_FOUND&quot;:&quot;Error Loading AJAX : Not Found&quot;,&quot;AJAX_FORBIDDEN&quot;:&quot;Error Loading AJAX : Forbidden&quot;,&quot;IFRAME_ERROR&quot;:&quot;Error Loading Page&quot;,&quot;TOGGLE_ZOOM&quot;:&quot;Toggle zoom level&quot;,&quot;TOGGLE_THUMBS&quot;:&quot;Toggle thumbnails&quot;,&quot;TOGGLE_SLIDESHOW&quot;:&quot;Toggle slideshow&quot;,&quot;TOGGLE_FULLSCREEN&quot;:&quot;Toggle full-screen mode&quot;},&quot;Images&quot;:{&quot;Panzoom&quot;:{&quot;maxScale&quot;:2}},&quot;mainClass&quot;:&quot;modula-fancybox-container modula-lightbox-jtg-26439&quot;,&quot;Html&quot;:{&quot;videoAutoplay&quot;:0,&quot;videoTpl&quot;:&quot;&lt;video class=\\&quot;fancybox__html5video\\&quot; controls muted playsinline controlsList controlsList=\\&quot;nodownload\\&quot; poster=\\&quot;{{poster}}\\&quot; src=\\&quot;{{src}}\\&quot; type=\\&quot;{{format}}\\&quot; &gt;  Sorry, your browser doesn&#039;t support embedded videos, &lt;a href=\\&quot;{{src}}\\&quot;&gt; download &lt;\\\/a&gt; and watch with your favorite video player! &lt;\\\/video&gt;&quot;}},&quot;inView&quot;:false,&quot;email_subject&quot;:&quot;Check out this awesome image !!&quot;,&quot;email_message&quot;:&quot;Here is the link to the image : %%image_link%% and this is the link to the gallery : %%gallery_link%%&quot;,&quot;lightbox&quot;:&quot;fancybox&quot;}\">\n\n\t\n\t<div  class=\"modula-items\">\n\t\t<div class=\"modula-item effect-pufrobo\" data-width=\"2\" data-height=\"2\" >\n\t<div class=\"modula-item-overlay\"><\/div>\n\n\t<div class=\"modula-item-content\">\n\n\t\t\t\t\n\t\t\t\t\t<a data-image-id=\"4255\" role=\"button\" tabindex=\"0\" rel=\"jtg-26439\" data-caption=\"Mindesten for Emil Schau, Dybb\u00f8l\" aria-label=\"Open image in lightbox\" class=\"tile-inner modula-item-link\"><\/a>\n\t\t\n\t\t<img loading=\"lazy\" decoding=\"async\" class=\"pic wp-image-4255\"  data-valign=\"middle\" data-halign=\"center\" alt=\"Mindesten Emil Schau, 1864 Dybb\u00f8l\" data-full=\"https:\/\/forsvarogforter.dk\/wp-content\/uploads\/2024\/08\/Schau_sten-1.jpg\" title=\"Emil Schau mindesten\" width=\"300\" height=\"201\" src=\"https:\/\/forsvarogforter.dk\/wp-content\/uploads\/2024\/08\/Schau_sten-1-300x201.jpg\" data-src=\"https:\/\/forsvarogforter.dk\/wp-content\/uploads\/2024\/08\/Schau_sten-1-300x201.jpg\" data-caption=\"Mindesten for Emil Schau, Dybb\u00f8l\" srcset=\"https:\/\/forsvarogforter.dk\/wp-content\/uploads\/2024\/08\/Schau_sten-1.jpg 422w, https:\/\/forsvarogforter.dk\/wp-content\/uploads\/2024\/08\/Schau_sten-1-300x201.jpg 300w\" sizes=\"auto, (max-width: 300px) 100vw, 300px\" \/>\n\t\t<div class=\"figc\">\n\t\t\t<div class=\"figc-inner\">\n\t\t\t\t\t\t\t\t\t\t\t\t\t<p class=\"description\">Mindesten for Emil Schau, Dybb\u00f8l<\/p>\n\t\t\t\t\t\t\t\t\t\t\t<\/div>\n\t\t<\/div>\n\n\t<\/div>\n\n<\/div><div class=\"modula-item effect-pufrobo\" data-width=\"2\" data-height=\"2\" >\n\t<div class=\"modula-item-overlay\"><\/div>\n\n\t<div class=\"modula-item-content\">\n\n\t\t\t\t\n\t\t\t\t\t<a data-image-id=\"4224\" role=\"button\" tabindex=\"0\" rel=\"jtg-26439\" data-caption=\"Emil Schau gravsted\" aria-label=\"Open image in lightbox\" class=\"tile-inner modula-item-link\"><\/a>\n\t\t\n\t\t<img loading=\"lazy\" decoding=\"async\" class=\"pic wp-image-4224\"  data-valign=\"middle\" data-halign=\"center\" alt=\"Gravsted p\u00e5 Garnisons for Emil Schau\" data-full=\"https:\/\/forsvarogforter.dk\/wp-content\/uploads\/2024\/08\/Schau_64-1.jpg\" title=\"Emil Schau 1864\" width=\"199\" height=\"300\" src=\"https:\/\/forsvarogforter.dk\/wp-content\/uploads\/2024\/08\/Schau_64-1-199x300.jpg\" data-src=\"https:\/\/forsvarogforter.dk\/wp-content\/uploads\/2024\/08\/Schau_64-1-199x300.jpg\" data-caption=\"Emil Schau gravsted\" srcset=\"https:\/\/forsvarogforter.dk\/wp-content\/uploads\/2024\/08\/Schau_64-1.jpg 768w, https:\/\/forsvarogforter.dk\/wp-content\/uploads\/2024\/08\/Schau_64-1-199x300.jpg 199w, https:\/\/forsvarogforter.dk\/wp-content\/uploads\/2024\/08\/Schau_64-1-681x1024.jpg 681w, https:\/\/forsvarogforter.dk\/wp-content\/uploads\/2024\/08\/Schau_64-1-750x1128.jpg 750w\" sizes=\"auto, (max-width: 199px) 100vw, 199px\" \/>\n\t\t<div class=\"figc\">\n\t\t\t<div class=\"figc-inner\">\n\t\t\t\t\t\t\t\t\t\t\t\t\t<p class=\"description\">Emil Schau gravsted<\/p>\n\t\t\t\t\t\t\t\t\t\t\t<\/div>\n\t\t<\/div>\n\n\t<\/div>\n\n<\/div><div class=\"modula-item effect-pufrobo\" data-width=\"2\" data-height=\"2\" >\n\t<div class=\"modula-item-overlay\"><\/div>\n\n\t<div class=\"modula-item-content\">\n\n\t\t\t\t\n\t\t\t\t\t<a data-image-id=\"4225\" role=\"button\" tabindex=\"0\" rel=\"jtg-26439\" data-caption=\"\" aria-label=\"Open image in lightbox\" class=\"tile-inner modula-item-link\"><\/a>\n\t\t\n\t\t<img loading=\"lazy\" decoding=\"async\" class=\"pic wp-image-4225\"  data-valign=\"middle\" data-halign=\"center\" alt=\"Tweksten p\u00e5 Emil V. Schau&#039;s gravsten p\u00e5 Garnisons kirkeg\u00e5rd\" data-full=\"https:\/\/forsvarogforter.dk\/wp-content\/uploads\/2024\/08\/Schau_64_2-1.jpg\" title=\"Schau_64_2\" width=\"199\" height=\"300\" src=\"https:\/\/forsvarogforter.dk\/wp-content\/uploads\/2024\/08\/Schau_64_2-1-199x300.jpg\" data-src=\"https:\/\/forsvarogforter.dk\/wp-content\/uploads\/2024\/08\/Schau_64_2-1-199x300.jpg\" data-caption=\"\" srcset=\"https:\/\/forsvarogforter.dk\/wp-content\/uploads\/2024\/08\/Schau_64_2-1.jpg 768w, https:\/\/forsvarogforter.dk\/wp-content\/uploads\/2024\/08\/Schau_64_2-1-199x300.jpg 199w, https:\/\/forsvarogforter.dk\/wp-content\/uploads\/2024\/08\/Schau_64_2-1-681x1024.jpg 681w, https:\/\/forsvarogforter.dk\/wp-content\/uploads\/2024\/08\/Schau_64_2-1-750x1128.jpg 750w\" sizes=\"auto, (max-width: 199px) 100vw, 199px\" \/>\n\t\t<div class=\"figc no-description\">\n\t\t\t<div class=\"figc-inner\">\n\t\t\t\t\t\t\t\t\t\t\t\t\t\t\t<\/div>\n\t\t<\/div>\n\n\t<\/div>\n\n<\/div><div class=\"modula-item effect-pufrobo\" data-width=\"2\" data-height=\"2\" >\n\t<div class=\"modula-item-overlay\"><\/div>\n\n\t<div class=\"modula-item-content\">\n\n\t\t\t\t\n\t\t\t\t\t<a data-image-id=\"4245\" role=\"button\" tabindex=\"0\" rel=\"jtg-26439\" data-caption=\"\" aria-label=\"Open image in lightbox\" class=\"tile-inner modula-item-link\"><\/a>\n\t\t\n\t\t<img loading=\"lazy\" decoding=\"async\" class=\"pic wp-image-4245\"  data-valign=\"middle\" data-halign=\"center\" alt=\"Premierl\u00f8jtnant Emil V. Schau, faldet p\u00e5 Dybb\u00f8l 1864\" data-full=\"https:\/\/forsvarogforter.dk\/wp-content\/uploads\/2024\/08\/Schau_foto-1.jpg\" title=\"Schau_foto\" width=\"220\" height=\"291\" src=\"https:\/\/forsvarogforter.dk\/wp-content\/uploads\/2024\/08\/Schau_foto-1.jpg\" data-src=\"https:\/\/forsvarogforter.dk\/wp-content\/uploads\/2024\/08\/Schau_foto-1.jpg\" data-caption=\"\"\/>\n\t\t<div class=\"figc no-description\">\n\t\t\t<div class=\"figc-inner\">\n\t\t\t\t\t\t\t\t\t\t\t\t\t\t\t<\/div>\n\t\t<\/div>\n\n\t<\/div>\n\n<\/div>\t\t\n\t<\/div>\n\n\t\n\t\n\t\t<script type=\"application\/ld+json\">\n            [\n    {\n        \"@context\": \"https:\\\/\\\/schema.org\\\/\",\n        \"@type\": \"ImageObject\",\n        \"contentUrl\": \"https:\\\/\\\/forsvarogforter.dk\\\/wp-content\\\/uploads\\\/2024\\\/08\\\/48_64_2.jpg\",\n        \"license\": \"https:\\\/\\\/creativecommons.org\\\/publicdomain\\\/zero\\\/1.0\\\/\",\n        \"creditText\": \"\",\n        \"creator\": {\n            \"@type\": \"Person\",\n            \"name\": \"S\\u00f8ren \\u00d8stergaard\"\n        },\n        \"copyrightNotice\": \"\"\n    },\n    {\n        \"@context\": \"https:\\\/\\\/schema.org\\\/\",\n        \"@type\": \"ImageObject\",\n        \"contentUrl\": \"https:\\\/\\\/forsvarogforter.dk\\\/wp-content\\\/uploads\\\/2024\\\/08\\\/Garnisons_monument_1848_50_64_tekst.jpg\",\n        \"license\": \"https:\\\/\\\/creativecommons.org\\\/publicdomain\\\/zero\\\/1.0\\\/\",\n        \"creditText\": \"\",\n        \"creator\": {\n            \"@type\": \"Person\",\n            \"name\": \"S\\u00f8ren \\u00d8stergaard\"\n        },\n        \"copyrightNotice\": \"\"\n    },\n    {\n        \"@context\": \"https:\\\/\\\/schema.org\\\/\",\n        \"@type\": \"ImageObject\",\n        \"contentUrl\": \"https:\\\/\\\/forsvarogforter.dk\\\/wp-content\\\/uploads\\\/2024\\\/08\\\/226_64_3.jpg\",\n        \"license\": \"https:\\\/\\\/creativecommons.org\\\/publicdomain\\\/zero\\\/1.0\\\/\",\n        \"creditText\": \"\",\n        \"creator\": {\n            \"@type\": \"Person\",\n            \"name\": \"S\\u00f8ren \\u00d8stergaard\"\n        },\n        \"copyrightNotice\": \"\"\n    },\n    {\n        \"@context\": \"https:\\\/\\\/schema.org\\\/\",\n        \"@type\": \"ImageObject\",\n        \"contentUrl\": \"https:\\\/\\\/forsvarogforter.dk\\\/wp-content\\\/uploads\\\/2024\\\/08\\\/226_64.jpg\",\n        \"license\": \"https:\\\/\\\/creativecommons.org\\\/publicdomain\\\/zero\\\/1.0\\\/\",\n        \"creditText\": \"\",\n        \"creator\": {\n            \"@type\": \"Person\",\n            \"name\": \"S\\u00f8ren \\u00d8stergaard\"\n        },\n        \"copyrightNotice\": \"\"\n    },\n    {\n        \"@context\": \"https:\\\/\\\/schema.org\\\/\",\n        \"@type\": \"ImageObject\",\n        \"contentUrl\": \"https:\\\/\\\/forsvarogforter.dk\\\/wp-content\\\/uploads\\\/2024\\\/08\\\/Behrens_sten.jpg\",\n        \"license\": \"https:\\\/\\\/creativecommons.org\\\/publicdomain\\\/zero\\\/1.0\\\/\",\n        \"creditText\": \"\",\n        \"creator\": {\n            \"@type\": \"Person\",\n            \"name\": \"S\\u00f8ren \\u00d8stergaard\"\n        },\n        \"copyrightNotice\": \"\"\n    },\n    {\n        \"@context\": \"https:\\\/\\\/schema.org\\\/\",\n        \"@type\": \"ImageObject\",\n        \"contentUrl\": \"https:\\\/\\\/forsvarogforter.dk\\\/wp-content\\\/uploads\\\/2024\\\/08\\\/Behrens_64.jpg\",\n        \"license\": \"https:\\\/\\\/creativecommons.org\\\/publicdomain\\\/zero\\\/1.0\\\/\",\n        \"creditText\": \"\",\n        \"creator\": {\n            \"@type\": \"Person\",\n            \"name\": \"S\\u00f8ren \\u00d8stergaard\"\n        },\n        \"copyrightNotice\": \"\"\n    },\n    {\n        \"@context\": \"https:\\\/\\\/schema.org\\\/\",\n        \"@type\": \"ImageObject\",\n        \"contentUrl\": \"https:\\\/\\\/forsvarogforter.dk\\\/wp-content\\\/uploads\\\/2024\\\/08\\\/Behrens_KB.jpg\",\n        \"license\": \"https:\\\/\\\/creativecommons.org\\\/publicdomain\\\/zero\\\/1.0\\\/\",\n        \"creditText\": \"\",\n        \"creator\": {\n            \"@type\": \"Person\",\n            \"name\": \"S\\u00f8ren \\u00d8stergaard\"\n        },\n        \"copyrightNotice\": \"\"\n    },\n    {\n        \"@context\": \"https:\\\/\\\/schema.org\\\/\",\n        \"@type\": \"ImageObject\",\n        \"contentUrl\": \"https:\\\/\\\/forsvarogforter.dk\\\/wp-content\\\/uploads\\\/2024\\\/08\\\/Broennum_sten-421x285-1.jpg\",\n        \"license\": \"https:\\\/\\\/creativecommons.org\\\/publicdomain\\\/zero\\\/1.0\\\/\",\n        \"creditText\": \"\",\n        \"creator\": {\n            \"@type\": \"Person\",\n            \"name\": \"S\\u00f8ren \\u00d8stergaard\"\n        },\n        \"copyrightNotice\": \"\"\n    },\n    {\n        \"@context\": \"https:\\\/\\\/schema.org\\\/\",\n        \"@type\": \"ImageObject\",\n        \"contentUrl\": \"https:\\\/\\\/forsvarogforter.dk\\\/wp-content\\\/uploads\\\/2024\\\/08\\\/Broennum_64_2.jpg\",\n        \"license\": \"https:\\\/\\\/creativecommons.org\\\/publicdomain\\\/zero\\\/1.0\\\/\",\n        \"creditText\": \"\",\n        \"creator\": {\n            \"@type\": \"Person\",\n            \"name\": \"S\\u00f8ren \\u00d8stergaard\"\n        },\n        \"copyrightNotice\": \"\"\n    },\n    {\n        \"@context\": \"https:\\\/\\\/schema.org\\\/\",\n        \"@type\": \"ImageObject\",\n        \"contentUrl\": \"https:\\\/\\\/forsvarogforter.dk\\\/wp-content\\\/uploads\\\/2024\\\/08\\\/Gyldenfeldt_sten.jpg\",\n        \"license\": \"https:\\\/\\\/creativecommons.org\\\/publicdomain\\\/zero\\\/1.0\\\/\",\n        \"creditText\": \"\",\n        \"creator\": {\n            \"@type\": \"Person\",\n            \"name\": \"S\\u00f8ren \\u00d8stergaard\"\n        },\n        \"copyrightNotice\": \"\"\n    },\n    {\n        \"@context\": \"https:\\\/\\\/schema.org\\\/\",\n        \"@type\": \"ImageObject\",\n        \"contentUrl\": \"https:\\\/\\\/forsvarogforter.dk\\\/wp-content\\\/uploads\\\/2024\\\/08\\\/Gyldenfeldt_64.jpg\",\n        \"license\": \"https:\\\/\\\/creativecommons.org\\\/publicdomain\\\/zero\\\/1.0\\\/\",\n        \"creditText\": \"\",\n        \"creator\": {\n            \"@type\": \"Person\",\n            \"name\": \"S\\u00f8ren \\u00d8stergaard\"\n        },\n        \"copyrightNotice\": \"\"\n    },\n    {\n        \"@context\": \"https:\\\/\\\/schema.org\\\/\",\n        \"@type\": \"ImageObject\",\n        \"contentUrl\": \"https:\\\/\\\/forsvarogforter.dk\\\/wp-content\\\/uploads\\\/2024\\\/08\\\/Carlson_64.jpg\",\n        \"license\": \"https:\\\/\\\/creativecommons.org\\\/publicdomain\\\/zero\\\/1.0\\\/\",\n        \"creditText\": \"\",\n        \"creator\": {\n            \"@type\": \"Person\",\n            \"name\": \"S\\u00f8ren \\u00d8stergaard\"\n        },\n        \"copyrightNotice\": \"\"\n    },\n    {\n        \"@context\": \"https:\\\/\\\/schema.org\\\/\",\n        \"@type\": \"ImageObject\",\n        \"contentUrl\": \"https:\\\/\\\/forsvarogforter.dk\\\/wp-content\\\/uploads\\\/2024\\\/08\\\/Carlson_64_2-1.jpg\",\n        \"license\": \"https:\\\/\\\/creativecommons.org\\\/publicdomain\\\/zero\\\/1.0\\\/\",\n        \"creditText\": \"\",\n        \"creator\": {\n            \"@type\": \"Person\",\n            \"name\": \"S\\u00f8ren \\u00d8stergaard\"\n        },\n        \"copyrightNotice\": \"\"\n    },\n    {\n        \"@context\": \"https:\\\/\\\/schema.org\\\/\",\n        \"@type\": \"ImageObject\",\n        \"contentUrl\": \"https:\\\/\\\/forsvarogforter.dk\\\/wp-content\\\/uploads\\\/2024\\\/08\\\/Hveberg_sten_2.jpg\",\n        \"license\": \"https:\\\/\\\/creativecommons.org\\\/publicdomain\\\/zero\\\/1.0\\\/\",\n        \"creditText\": \"\",\n        \"creator\": {\n            \"@type\": \"Person\",\n            \"name\": \"S\\u00f8ren \\u00d8stergaard\"\n        },\n        \"copyrightNotice\": \"\"\n    },\n    {\n        \"@context\": \"https:\\\/\\\/schema.org\\\/\",\n        \"@type\": \"ImageObject\",\n        \"contentUrl\": \"https:\\\/\\\/forsvarogforter.dk\\\/wp-content\\\/uploads\\\/2024\\\/08\\\/Hveberg_64_2.jpg\",\n        \"license\": \"https:\\\/\\\/creativecommons.org\\\/publicdomain\\\/zero\\\/1.0\\\/\",\n        \"creditText\": \"\",\n        \"creator\": {\n            \"@type\": \"Person\",\n            \"name\": \"S\\u00f8ren \\u00d8stergaard\"\n        },\n        \"copyrightNotice\": \"\"\n    },\n    {\n        \"@context\": \"https:\\\/\\\/schema.org\\\/\",\n        \"@type\": \"ImageObject\",\n        \"contentUrl\": \"https:\\\/\\\/forsvarogforter.dk\\\/wp-content\\\/uploads\\\/2024\\\/08\\\/Hveberg_64.jpg\",\n        \"license\": \"https:\\\/\\\/creativecommons.org\\\/publicdomain\\\/zero\\\/1.0\\\/\",\n        \"creditText\": \"\",\n        \"creator\": {\n            \"@type\": \"Person\",\n            \"name\": \"S\\u00f8ren \\u00d8stergaard\"\n        },\n        \"copyrightNotice\": \"\"\n    },\n    {\n        \"@context\": \"https:\\\/\\\/schema.org\\\/\",\n        \"@type\": \"ImageObject\",\n        \"contentUrl\": \"https:\\\/\\\/forsvarogforter.dk\\\/wp-content\\\/uploads\\\/2024\\\/08\\\/Hveberg_64-768x400-1.jpg\",\n        \"license\": \"https:\\\/\\\/creativecommons.org\\\/publicdomain\\\/zero\\\/1.0\\\/\",\n        \"creditText\": \"\",\n        \"creator\": {\n            \"@type\": \"Person\",\n            \"name\": \"S\\u00f8ren \\u00d8stergaard\"\n        },\n        \"copyrightNotice\": \"\"\n    },\n    {\n        \"@context\": \"https:\\\/\\\/schema.org\\\/\",\n        \"@type\": \"ImageObject\",\n        \"contentUrl\": \"https:\\\/\\\/forsvarogforter.dk\\\/wp-content\\\/uploads\\\/2024\\\/08\\\/Hveberg_KB.jpg\",\n        \"license\": \"https:\\\/\\\/creativecommons.org\\\/publicdomain\\\/zero\\\/1.0\\\/\",\n        \"creditText\": \"\",\n        \"creator\": {\n            \"@type\": \"Person\",\n            \"name\": \"S\\u00f8ren \\u00d8stergaard\"\n        },\n        \"copyrightNotice\": \"\"\n    },\n    {\n        \"@context\": \"https:\\\/\\\/schema.org\\\/\",\n        \"@type\": \"ImageObject\",\n        \"contentUrl\": \"https:\\\/\\\/forsvarogforter.dk\\\/wp-content\\\/uploads\\\/2024\\\/08\\\/Jensen_sten.jpg\",\n        \"license\": \"https:\\\/\\\/creativecommons.org\\\/publicdomain\\\/zero\\\/1.0\\\/\",\n        \"creditText\": \"\",\n        \"creator\": {\n            \"@type\": \"Person\",\n            \"name\": \"S\\u00f8ren \\u00d8stergaard\"\n        },\n        \"copyrightNotice\": \"\"\n    },\n    {\n        \"@context\": \"https:\\\/\\\/schema.org\\\/\",\n        \"@type\": \"ImageObject\",\n        \"contentUrl\": \"https:\\\/\\\/forsvarogforter.dk\\\/wp-content\\\/uploads\\\/2024\\\/08\\\/Jensen_64_2.jpg\",\n        \"license\": \"https:\\\/\\\/creativecommons.org\\\/publicdomain\\\/zero\\\/1.0\\\/\",\n        \"creditText\": \"\",\n        \"creator\": {\n            \"@type\": \"Person\",\n            \"name\": \"S\\u00f8ren \\u00d8stergaard\"\n        },\n        \"copyrightNotice\": \"\"\n    },\n    {\n        \"@context\": \"https:\\\/\\\/schema.org\\\/\",\n        \"@type\": \"ImageObject\",\n        \"contentUrl\": \"https:\\\/\\\/forsvarogforter.dk\\\/wp-content\\\/uploads\\\/2024\\\/08\\\/Jensen_KB.jpg\",\n        \"license\": \"https:\\\/\\\/creativecommons.org\\\/publicdomain\\\/zero\\\/1.0\\\/\",\n        \"creditText\": \"\",\n        \"creator\": {\n            \"@type\": \"Person\",\n            \"name\": \"S\\u00f8ren \\u00d8stergaard\"\n        },\n        \"copyrightNotice\": \"\"\n    },\n    {\n        \"@context\": \"https:\\\/\\\/schema.org\\\/\",\n        \"@type\": \"ImageObject\",\n        \"contentUrl\": \"https:\\\/\\\/forsvarogforter.dk\\\/wp-content\\\/uploads\\\/2024\\\/08\\\/Lasson_sten.jpg\",\n        \"license\": \"https:\\\/\\\/creativecommons.org\\\/publicdomain\\\/zero\\\/1.0\\\/\",\n        \"creditText\": \"\",\n        \"creator\": {\n            \"@type\": \"Person\",\n            \"name\": \"S\\u00f8ren \\u00d8stergaard\"\n        },\n        \"copyrightNotice\": \"\"\n    },\n    {\n        \"@context\": \"https:\\\/\\\/schema.org\\\/\",\n        \"@type\": \"ImageObject\",\n        \"contentUrl\": \"https:\\\/\\\/forsvarogforter.dk\\\/wp-content\\\/uploads\\\/2024\\\/08\\\/Lasson_64.jpg\",\n        \"license\": \"https:\\\/\\\/creativecommons.org\\\/publicdomain\\\/zero\\\/1.0\\\/\",\n        \"creditText\": \"\",\n        \"creator\": {\n            \"@type\": \"Person\",\n            \"name\": \"S\\u00f8ren \\u00d8stergaard\"\n        },\n        \"copyrightNotice\": \"\"\n    },\n    {\n        \"@context\": \"https:\\\/\\\/schema.org\\\/\",\n        \"@type\": \"ImageObject\",\n        \"contentUrl\": \"https:\\\/\\\/forsvarogforter.dk\\\/wp-content\\\/uploads\\\/2024\\\/08\\\/Lasson_KB.jpg\",\n        \"license\": \"https:\\\/\\\/creativecommons.org\\\/publicdomain\\\/zero\\\/1.0\\\/\",\n        \"creditText\": \"\",\n        \"creator\": {\n            \"@type\": \"Person\",\n            \"name\": \"S\\u00f8ren \\u00d8stergaard\"\n        },\n        \"copyrightNotice\": \"\"\n    },\n    {\n        \"@context\": \"https:\\\/\\\/schema.org\\\/\",\n        \"@type\": \"ImageObject\",\n        \"contentUrl\": \"https:\\\/\\\/forsvarogforter.dk\\\/wp-content\\\/uploads\\\/2024\\\/08\\\/Lundbye_sten.jpg\",\n        \"license\": \"https:\\\/\\\/creativecommons.org\\\/publicdomain\\\/zero\\\/1.0\\\/\",\n        \"creditText\": \"\",\n        \"creator\": {\n            \"@type\": \"Person\",\n            \"name\": \"S\\u00f8ren \\u00d8stergaard\"\n        },\n        \"copyrightNotice\": \"\"\n    },\n    {\n        \"@context\": \"https:\\\/\\\/schema.org\\\/\",\n        \"@type\": \"ImageObject\",\n        \"contentUrl\": \"https:\\\/\\\/forsvarogforter.dk\\\/wp-content\\\/uploads\\\/2024\\\/08\\\/Lundbye_64_2.jpg\",\n        \"license\": \"https:\\\/\\\/creativecommons.org\\\/publicdomain\\\/zero\\\/1.0\\\/\",\n        \"creditText\": \"\",\n        \"creator\": {\n            \"@type\": \"Person\",\n            \"name\": \"S\\u00f8ren \\u00d8stergaard\"\n        },\n        \"copyrightNotice\": \"\"\n    },\n    {\n        \"@context\": \"https:\\\/\\\/schema.org\\\/\",\n        \"@type\": \"ImageObject\",\n        \"contentUrl\": \"https:\\\/\\\/forsvarogforter.dk\\\/wp-content\\\/uploads\\\/2024\\\/08\\\/Lundbye.jpg\",\n        \"license\": \"https:\\\/\\\/creativecommons.org\\\/publicdomain\\\/zero\\\/1.0\\\/\",\n        \"creditText\": \"\",\n        \"creator\": {\n            \"@type\": \"Person\",\n            \"name\": \"S\\u00f8ren \\u00d8stergaard\"\n        },\n        \"copyrightNotice\": \"\"\n    },\n    {\n        \"@context\": \"https:\\\/\\\/schema.org\\\/\",\n        \"@type\": \"ImageObject\",\n        \"contentUrl\": \"https:\\\/\\\/forsvarogforter.dk\\\/wp-content\\\/uploads\\\/2024\\\/08\\\/Lundegren_sten.jpg\",\n        \"license\": \"https:\\\/\\\/creativecommons.org\\\/publicdomain\\\/zero\\\/1.0\\\/\",\n        \"creditText\": \"\",\n        \"creator\": {\n            \"@type\": \"Person\",\n            \"name\": \"S\\u00f8ren \\u00d8stergaard\"\n        },\n        \"copyrightNotice\": \"\"\n    },\n    {\n        \"@context\": \"https:\\\/\\\/schema.org\\\/\",\n        \"@type\": \"ImageObject\",\n        \"contentUrl\": \"https:\\\/\\\/forsvarogforter.dk\\\/wp-content\\\/uploads\\\/2024\\\/08\\\/Lundegren_64_2.jpg\",\n        \"license\": \"https:\\\/\\\/creativecommons.org\\\/publicdomain\\\/zero\\\/1.0\\\/\",\n        \"creditText\": \"\",\n        \"creator\": {\n            \"@type\": \"Person\",\n            \"name\": \"S\\u00f8ren \\u00d8stergaard\"\n        },\n        \"copyrightNotice\": \"\"\n    },\n    {\n        \"@context\": \"https:\\\/\\\/schema.org\\\/\",\n        \"@type\": \"ImageObject\",\n        \"contentUrl\": \"https:\\\/\\\/forsvarogforter.dk\\\/wp-content\\\/uploads\\\/2024\\\/08\\\/Lundegren_64.jpg\",\n        \"license\": \"https:\\\/\\\/creativecommons.org\\\/publicdomain\\\/zero\\\/1.0\\\/\",\n        \"creditText\": \"\",\n        \"creator\": {\n            \"@type\": \"Person\",\n            \"name\": \"S\\u00f8ren \\u00d8stergaard\"\n        },\n        \"copyrightNotice\": \"\"\n    },\n    {\n        \"@context\": \"https:\\\/\\\/schema.org\\\/\",\n        \"@type\": \"ImageObject\",\n        \"contentUrl\": \"https:\\\/\\\/forsvarogforter.dk\\\/wp-content\\\/uploads\\\/2025\\\/01\\\/Stenderup-lazaret-mindetavle.jpg\",\n        \"license\": \"https:\\\/\\\/creativecommons.org\\\/publicdomain\\\/zero\\\/1.0\\\/\",\n        \"creditText\": \"\",\n        \"creator\": {\n            \"@type\": \"Person\",\n            \"name\": \"S\\u00f8ren \\u00d8stergaard\"\n        },\n        \"copyrightNotice\": \"\"\n    },\n    {\n        \"@context\": \"https:\\\/\\\/schema.org\\\/\",\n        \"@type\": \"ImageObject\",\n        \"contentUrl\": \"https:\\\/\\\/forsvarogforter.dk\\\/wp-content\\\/uploads\\\/2024\\\/08\\\/Du_Plat.jpg\",\n        \"license\": \"https:\\\/\\\/creativecommons.org\\\/publicdomain\\\/zero\\\/1.0\\\/\",\n        \"creditText\": \"\",\n        \"creator\": {\n            \"@type\": \"Person\",\n            \"name\": \"S\\u00f8ren \\u00d8stergaard\"\n        },\n        \"copyrightNotice\": \"\"\n    },\n    {\n        \"@context\": \"https:\\\/\\\/schema.org\\\/\",\n        \"@type\": \"ImageObject\",\n        \"contentUrl\": \"https:\\\/\\\/forsvarogforter.dk\\\/wp-content\\\/uploads\\\/2024\\\/08\\\/Schau_du_Plat_Rosen_sten-1.jpg\",\n        \"license\": \"https:\\\/\\\/creativecommons.org\\\/publicdomain\\\/zero\\\/1.0\\\/\",\n        \"creditText\": \"\",\n        \"creator\": {\n            \"@type\": \"Person\",\n            \"name\": \"S\\u00f8ren \\u00d8stergaard\"\n        },\n        \"copyrightNotice\": \"\"\n    },\n    {\n        \"@context\": \"https:\\\/\\\/schema.org\\\/\",\n        \"@type\": \"ImageObject\",\n        \"contentUrl\": \"https:\\\/\\\/forsvarogforter.dk\\\/wp-content\\\/uploads\\\/2025\\\/02\\\/du_Plat_Grave.jpg\",\n        \"license\": \"https:\\\/\\\/creativecommons.org\\\/publicdomain\\\/zero\\\/1.0\\\/\",\n        \"creditText\": \"\",\n        \"creator\": {\n            \"@type\": \"Person\",\n            \"name\": \"S\\u00f8ren \\u00d8stergaard\"\n        },\n        \"copyrightNotice\": \"\"\n    },\n    {\n        \"@context\": \"https:\\\/\\\/schema.org\\\/\",\n        \"@type\": \"ImageObject\",\n        \"contentUrl\": \"https:\\\/\\\/forsvarogforter.dk\\\/wp-content\\\/uploads\\\/2024\\\/08\\\/du_Plat_gravsten_Soderup_3.jpg\",\n        \"license\": \"https:\\\/\\\/creativecommons.org\\\/publicdomain\\\/zero\\\/1.0\\\/\",\n        \"creditText\": \"\",\n        \"creator\": {\n            \"@type\": \"Person\",\n            \"name\": \"S\\u00f8ren \\u00d8stergaard\"\n        },\n        \"copyrightNotice\": \"\"\n    },\n    {\n        \"@context\": \"https:\\\/\\\/schema.org\\\/\",\n        \"@type\": \"ImageObject\",\n        \"contentUrl\": \"https:\\\/\\\/forsvarogforter.dk\\\/wp-content\\\/uploads\\\/2024\\\/08\\\/General_du_Plat.jpg\",\n        \"license\": \"https:\\\/\\\/creativecommons.org\\\/publicdomain\\\/zero\\\/1.0\\\/\",\n        \"creditText\": \"\",\n        \"creator\": {\n            \"@type\": \"Person\",\n            \"name\": \"S\\u00f8ren \\u00d8stergaard\"\n        },\n        \"copyrightNotice\": \"\"\n    },\n    {\n        \"@context\": \"https:\\\/\\\/schema.org\\\/\",\n        \"@type\": \"ImageObject\",\n        \"contentUrl\": \"https:\\\/\\\/forsvarogforter.dk\\\/wp-content\\\/uploads\\\/2024\\\/08\\\/Schau_du_Plat_Rosen_sten-1.jpg\",\n        \"license\": \"https:\\\/\\\/creativecommons.org\\\/publicdomain\\\/zero\\\/1.0\\\/\",\n        \"creditText\": \"\",\n        \"creator\": {\n            \"@type\": \"Person\",\n            \"name\": \"S\\u00f8ren \\u00d8stergaard\"\n        },\n        \"copyrightNotice\": \"\"\n    },\n    {\n        \"@context\": \"https:\\\/\\\/schema.org\\\/\",\n        \"@type\": \"ImageObject\",\n        \"contentUrl\": \"https:\\\/\\\/forsvarogforter.dk\\\/wp-content\\\/uploads\\\/2024\\\/08\\\/Holmen_DK_grav_von_Rosen_1864.jpg\",\n        \"license\": \"https:\\\/\\\/creativecommons.org\\\/publicdomain\\\/zero\\\/1.0\\\/\",\n        \"creditText\": \"\",\n        \"creator\": {\n            \"@type\": \"Person\",\n            \"name\": \"S\\u00f8ren \\u00d8stergaard\"\n        },\n        \"copyrightNotice\": \"\"\n    },\n    {\n        \"@context\": \"https:\\\/\\\/schema.org\\\/\",\n        \"@type\": \"ImageObject\",\n        \"contentUrl\": \"https:\\\/\\\/forsvarogforter.dk\\\/wp-content\\\/uploads\\\/2024\\\/08\\\/Holmen_DK_grav_von_Rosen_1864_tekst.jpg\",\n        \"license\": \"https:\\\/\\\/creativecommons.org\\\/publicdomain\\\/zero\\\/1.0\\\/\",\n        \"creditText\": \"\",\n        \"creator\": {\n            \"@type\": \"Person\",\n            \"name\": \"S\\u00f8ren \\u00d8stergaard\"\n        },\n        \"copyrightNotice\": \"\"\n    },\n    {\n        \"@context\": \"https:\\\/\\\/schema.org\\\/\",\n        \"@type\": \"ImageObject\",\n        \"contentUrl\": \"https:\\\/\\\/forsvarogforter.dk\\\/wp-content\\\/uploads\\\/2024\\\/08\\\/Rosen-1.jpg\",\n        \"license\": \"https:\\\/\\\/creativecommons.org\\\/publicdomain\\\/zero\\\/1.0\\\/\",\n        \"creditText\": \"\",\n        \"creator\": {\n            \"@type\": \"Person\",\n            \"name\": \"S\\u00f8ren \\u00d8stergaard\"\n        },\n        \"copyrightNotice\": \"\"\n    },\n    {\n        \"@context\": \"https:\\\/\\\/schema.org\\\/\",\n        \"@type\": \"ImageObject\",\n        \"contentUrl\": \"https:\\\/\\\/forsvarogforter.dk\\\/wp-content\\\/uploads\\\/2024\\\/08\\\/Schau_du_Plat_Rosen_sten-1.jpg\",\n        \"license\": \"https:\\\/\\\/creativecommons.org\\\/publicdomain\\\/zero\\\/1.0\\\/\",\n        \"creditText\": \"\",\n        \"creator\": {\n            \"@type\": \"Person\",\n            \"name\": \"S\\u00f8ren \\u00d8stergaard\"\n        },\n        \"copyrightNotice\": \"\"\n    },\n    {\n        \"@context\": \"https:\\\/\\\/schema.org\\\/\",\n        \"@type\": \"ImageObject\",\n        \"contentUrl\": \"https:\\\/\\\/forsvarogforter.dk\\\/wp-content\\\/uploads\\\/2024\\\/08\\\/v_schau_64_2-1.jpg\",\n        \"license\": \"https:\\\/\\\/creativecommons.org\\\/publicdomain\\\/zero\\\/1.0\\\/\",\n        \"creditText\": \"\",\n        \"creator\": {\n            \"@type\": \"Person\",\n            \"name\": \"S\\u00f8ren \\u00d8stergaard\"\n        },\n        \"copyrightNotice\": \"\"\n    },\n    {\n        \"@context\": \"https:\\\/\\\/schema.org\\\/\",\n        \"@type\": \"ImageObject\",\n        \"contentUrl\": \"https:\\\/\\\/forsvarogforter.dk\\\/wp-content\\\/uploads\\\/2024\\\/08\\\/Schau_KB-1.jpg\",\n        \"license\": \"https:\\\/\\\/creativecommons.org\\\/publicdomain\\\/zero\\\/1.0\\\/\",\n        \"creditText\": \"\",\n        \"creator\": {\n            \"@type\": \"Person\",\n            \"name\": \"S\\u00f8ren \\u00d8stergaard\"\n        },\n        \"copyrightNotice\": \"\"\n    },\n    {\n        \"@context\": \"https:\\\/\\\/schema.org\\\/\",\n        \"@type\": \"ImageObject\",\n        \"contentUrl\": \"https:\\\/\\\/forsvarogforter.dk\\\/wp-content\\\/uploads\\\/2024\\\/08\\\/Schau_sten-1.jpg\",\n        \"license\": \"https:\\\/\\\/creativecommons.org\\\/publicdomain\\\/zero\\\/1.0\\\/\",\n        \"creditText\": \"\",\n        \"creator\": {\n            \"@type\": \"Person\",\n            \"name\": \"S\\u00f8ren \\u00d8stergaard\"\n        },\n        \"copyrightNotice\": \"\"\n    },\n    {\n        \"@context\": \"https:\\\/\\\/schema.org\\\/\",\n        \"@type\": \"ImageObject\",\n        \"contentUrl\": \"https:\\\/\\\/forsvarogforter.dk\\\/wp-content\\\/uploads\\\/2024\\\/08\\\/Schau_64-1.jpg\",\n        \"license\": \"https:\\\/\\\/creativecommons.org\\\/publicdomain\\\/zero\\\/1.0\\\/\",\n        \"creditText\": \"\",\n        \"creator\": {\n            \"@type\": \"Person\",\n            \"name\": \"S\\u00f8ren \\u00d8stergaard\"\n        },\n        \"copyrightNotice\": \"\"\n    },\n    {\n        \"@context\": \"https:\\\/\\\/schema.org\\\/\",\n        \"@type\": \"ImageObject\",\n        \"contentUrl\": \"https:\\\/\\\/forsvarogforter.dk\\\/wp-content\\\/uploads\\\/2024\\\/08\\\/Schau_64_2-1.jpg\",\n        \"license\": \"https:\\\/\\\/creativecommons.org\\\/publicdomain\\\/zero\\\/1.0\\\/\",\n        \"creditText\": \"\",\n        \"creator\": {\n            \"@type\": \"Person\",\n            \"name\": \"S\\u00f8ren \\u00d8stergaard\"\n        },\n        \"copyrightNotice\": \"\"\n    },\n    {\n        \"@context\": \"https:\\\/\\\/schema.org\\\/\",\n        \"@type\": \"ImageObject\",\n        \"contentUrl\": \"https:\\\/\\\/forsvarogforter.dk\\\/wp-content\\\/uploads\\\/2024\\\/08\\\/Schau_foto-1.jpg\",\n        \"license\": \"https:\\\/\\\/creativecommons.org\\\/publicdomain\\\/zero\\\/1.0\\\/\",\n        \"creditText\": \"\",\n        \"creator\": {\n            \"@type\": \"Person\",\n            \"name\": \"S\\u00f8ren \\u00d8stergaard\"\n        },\n        \"copyrightNotice\": \"\"\n    }\n]\n\n\t\t<\/script>\n\n\t\t\n\t<script type=\"application\/ld+json\">\n\t{\n\t\t\"@context\": \"http:\/\/schema.org\",\n\t\t\"@type\"   : \"ImageGallery\",\n\t\t\"id\"      : \"https:\/\/forsvarogforter.dk\/index.php\/fra-dybboel-til-kirkegaarden-i-1864\/\",\n\t\t\"url\"     : \"https:\/\/forsvarogforter.dk\/index.php\/fra-dybboel-til-kirkegaarden-i-1864\/\"\n\t}\n\n\t<\/script>\n\n\t\n<\/div>\n\n<p>&nbsp;<\/p>\n<p>Kaptain Grev E.C.F.\u00a0 Ahlefeldt Laurvigen<br \/>\nDr\u00e6bt under modangrebet 18.april 1864<\/p>\n<style>#jtg-26443 .modula-item .jtg-social a, .lightbox-socials.jtg-social a{ fill: #ffffff; color: #ffffff }#jtg-26443 .modula-item .jtg-social-expandable a, #jtg-26443 .modula-item .jtg-social-expandable-icons a{ fill: #ffffff; color: #ffffff }#jtg-26443 .modula-item .jtg-social svg, .lightbox-socials.jtg-social svg { height: 16px; width: 16px }#jtg-26443 .modula-item .jtg-social-expandable svg { height: 16px; width: 16px }#jtg-26443 .modula-item .jtg-social-expandable-icons svg { height: 16px; width: 16px }#jtg-26443 .modula-item .jtg-social a:not(:last-child), .lightbox-socials.jtg-social a:not(:last-child) { margin-right: 10px }#jtg-26443 .modula-item .jtg-social-expandable-icons { gap: 10px }#jtg-26443 .modula-item .figc {color:#ffffff;}#jtg-26443 .modula-item .figc .jtg-title {  font-size: 16px; }#jtg-26443 .modula-item .modula-item-content { transform: scale(1); }#jtg-26443 .modula-items .figc p.description { font-size:14px; }#jtg-26443 .modula-items .figc p.description { color:#ffffff;}#jtg-26443 .modula-items .figc .jtg-title { color:#ffffff; }#jtg-26443.modula-gallery .modula-item > a, #jtg-26443.modula-gallery .modula-item, #jtg-26443.modula-gallery .modula-item-content > a:not(.modula-no-follow) { cursor:zoom-in; } #jtg-26443.modula-gallery .modula-item-content .modula-no-follow { cursor: default; } @media screen and (max-width:480px){#jtg-26443 .modula-item .figc .jtg-title {  font-size: 12px; }#jtg-26443 .modula-items .figc p.description { color:#ffffff;font-size:10px; }}<\/style>\n<div  id=\"jtg-26443\" class=\"modula modula-gallery modula-custom-grid\" data-config=\"{&quot;height&quot;:800,&quot;tabletHeight&quot;:800,&quot;mobileHeight&quot;:800,&quot;desktopHeight&quot;:800,&quot;enableTwitter&quot;:false,&quot;enableWhatsapp&quot;:false,&quot;enableFacebook&quot;:false,&quot;enablePinterest&quot;:false,&quot;enableLinkedin&quot;:false,&quot;enableEmail&quot;:false,&quot;randomFactor&quot;:0.5,&quot;type&quot;:&quot;custom-grid&quot;,&quot;columns&quot;:12,&quot;gutter&quot;:10,&quot;mobileGutter&quot;:10,&quot;tabletGutter&quot;:10,&quot;desktopGutter&quot;:10,&quot;enableResponsive&quot;:&quot;0&quot;,&quot;tabletColumns&quot;:2,&quot;mobileColumns&quot;:1,&quot;lazyLoad&quot;:0,&quot;lightboxOpts&quot;:{&quot;animated&quot;:true,&quot;Thumbs&quot;:{&quot;type&quot;:&quot;modern&quot;,&quot;showOnStart&quot;:false},&quot;Toolbar&quot;:{&quot;display&quot;:{&quot;right&quot;:[&quot;close&quot;]},&quot;enabled&quot;:true},&quot;Carousel&quot;:{&quot;Panzoom&quot;:{&quot;touch&quot;:false},&quot;infinite&quot;:false},&quot;keyboard&quot;:{&quot;Escape&quot;:&quot;close&quot;,&quot;Delete&quot;:&quot;close&quot;,&quot;Backspace&quot;:&quot;close&quot;,&quot;PageUp&quot;:false,&quot;PageDown&quot;:false,&quot;ArrowUp&quot;:false,&quot;ArrowDown&quot;:false,&quot;ArrowRight&quot;:false,&quot;ArrowLeft&quot;:false},&quot;touch&quot;:false,&quot;backdropClick&quot;:false,&quot;l10n&quot;:{&quot;CLOSE&quot;:&quot;Close&quot;,&quot;NEXT&quot;:&quot;Next&quot;,&quot;PREV&quot;:&quot;Previous&quot;,&quot;Error&quot;:&quot;The requested content cannot be loaded. Please try again later.&quot;,&quot;PLAY_START&quot;:&quot;Start slideshow&quot;,&quot;PLAY_STOP&quot;:&quot;Pause slideshow&quot;,&quot;FULL_SCREEN&quot;:&quot;Full screen&quot;,&quot;THUMBS&quot;:&quot;Thumbnails&quot;,&quot;DOWNLOAD&quot;:&quot;Download&quot;,&quot;SHARE&quot;:&quot;Share&quot;,&quot;ZOOM&quot;:&quot;Zoom&quot;,&quot;EMAIL&quot;:&quot;Here is the link to the image : %%image_link%% and this is the link to the gallery : %%gallery_link%%&quot;,&quot;MODAL&quot;:&quot;You can close this modal content with the ESC key&quot;,&quot;ERROR&quot;:&quot;Something Went Wrong, Please Try Again Later&quot;,&quot;IMAGE_ERROR&quot;:&quot;Image Not Found&quot;,&quot;ELEMENT_NOT_FOUND&quot;:&quot;HTML Element Not Found&quot;,&quot;AJAX_NOT_FOUND&quot;:&quot;Error Loading AJAX : Not Found&quot;,&quot;AJAX_FORBIDDEN&quot;:&quot;Error Loading AJAX : Forbidden&quot;,&quot;IFRAME_ERROR&quot;:&quot;Error Loading Page&quot;,&quot;TOGGLE_ZOOM&quot;:&quot;Toggle zoom level&quot;,&quot;TOGGLE_THUMBS&quot;:&quot;Toggle thumbnails&quot;,&quot;TOGGLE_SLIDESHOW&quot;:&quot;Toggle slideshow&quot;,&quot;TOGGLE_FULLSCREEN&quot;:&quot;Toggle full-screen mode&quot;},&quot;Images&quot;:{&quot;Panzoom&quot;:{&quot;maxScale&quot;:2}},&quot;mainClass&quot;:&quot;modula-fancybox-container modula-lightbox-jtg-26443&quot;,&quot;Html&quot;:{&quot;videoAutoplay&quot;:0,&quot;videoTpl&quot;:&quot;&lt;video class=\\&quot;fancybox__html5video\\&quot; controls muted playsinline controlsList controlsList=\\&quot;nodownload\\&quot; poster=\\&quot;{{poster}}\\&quot; src=\\&quot;{{src}}\\&quot; type=\\&quot;{{format}}\\&quot; &gt;  Sorry, your browser doesn&#039;t support embedded videos, &lt;a href=\\&quot;{{src}}\\&quot;&gt; download &lt;\\\/a&gt; and watch with your favorite video player! &lt;\\\/video&gt;&quot;}},&quot;inView&quot;:false,&quot;email_subject&quot;:&quot;Check out this awesome image !!&quot;,&quot;email_message&quot;:&quot;Here is the link to the image : %%image_link%% and this is the link to the gallery : %%gallery_link%%&quot;,&quot;lightbox&quot;:&quot;fancybox&quot;}\">\n\n\t\n\t<div  class=\"modula-items\">\n\t\t<div class=\"modula-item effect-pufrobo\" data-width=\"2\" data-height=\"2\" >\n\t<div class=\"modula-item-overlay\"><\/div>\n\n\t<div class=\"modula-item-content\">\n\n\t\t\t\t\n\t\t\t\t\t<a data-image-id=\"26445\" role=\"button\" tabindex=\"0\" rel=\"jtg-26443\" data-caption=\"\" aria-label=\"Open image in lightbox\" class=\"tile-inner modula-item-link\"><\/a>\n\t\t\n\t\t<img loading=\"lazy\" decoding=\"async\" class=\"pic wp-image-26445\"  data-valign=\"middle\" data-halign=\"center\" alt=\"\" data-full=\"https:\/\/forsvarogforter.dk\/wp-content\/uploads\/2025\/02\/Mindesten-Grev-Ahlefeldt-Laurvigen.jpg\" title=\"Mindesten Grev Ahlefeldt Laurvigen\" width=\"300\" height=\"212\" src=\"https:\/\/forsvarogforter.dk\/wp-content\/uploads\/2025\/02\/Mindesten-Grev-Ahlefeldt-Laurvigen-300x212.jpg\" data-src=\"https:\/\/forsvarogforter.dk\/wp-content\/uploads\/2025\/02\/Mindesten-Grev-Ahlefeldt-Laurvigen-300x212.jpg\" data-caption=\"\" srcset=\"https:\/\/forsvarogforter.dk\/wp-content\/uploads\/2025\/02\/Mindesten-Grev-Ahlefeldt-Laurvigen.jpg 615w, https:\/\/forsvarogforter.dk\/wp-content\/uploads\/2025\/02\/Mindesten-Grev-Ahlefeldt-Laurvigen-300x212.jpg 300w\" sizes=\"auto, (max-width: 300px) 100vw, 300px\" \/>\n\t\t<div class=\"figc no-description\">\n\t\t\t<div class=\"figc-inner\">\n\t\t\t\t\t\t\t\t\t\t\t\t\t\t\t<\/div>\n\t\t<\/div>\n\n\t<\/div>\n\n<\/div><div class=\"modula-item effect-pufrobo\" data-width=\"2\" data-height=\"2\" >\n\t<div class=\"modula-item-overlay\"><\/div>\n\n\t<div class=\"modula-item-content\">\n\n\t\t\t\t\n\t\t\t\t\t<a data-image-id=\"18344\" role=\"button\" tabindex=\"0\" rel=\"jtg-26443\" data-caption=\"\" aria-label=\"Open image in lightbox\" class=\"tile-inner modula-item-link\"><\/a>\n\t\t\n\t\t<img loading=\"lazy\" decoding=\"async\" class=\"pic wp-image-18344\"  data-valign=\"middle\" data-halign=\"center\" alt=\"Grev Ahlefeldt Laurvigen, faldet p\u00e5 Dybb\u00f8l 1864. Grav p\u00e5 Garnisons kirkeg\u00e5rd\" data-full=\"https:\/\/forsvarogforter.dk\/wp-content\/uploads\/2024\/08\/Laurvigen_64.jpg\" title=\"Laurvigen_64\" width=\"199\" height=\"300\" src=\"https:\/\/forsvarogforter.dk\/wp-content\/uploads\/2024\/08\/Laurvigen_64-199x300.jpg\" data-src=\"https:\/\/forsvarogforter.dk\/wp-content\/uploads\/2024\/08\/Laurvigen_64-199x300.jpg\" data-caption=\"\" srcset=\"https:\/\/forsvarogforter.dk\/wp-content\/uploads\/2024\/08\/Laurvigen_64.jpg 768w, https:\/\/forsvarogforter.dk\/wp-content\/uploads\/2024\/08\/Laurvigen_64-199x300.jpg 199w, https:\/\/forsvarogforter.dk\/wp-content\/uploads\/2024\/08\/Laurvigen_64-681x1024.jpg 681w, https:\/\/forsvarogforter.dk\/wp-content\/uploads\/2024\/08\/Laurvigen_64-750x1128.jpg 750w\" sizes=\"auto, (max-width: 199px) 100vw, 199px\" \/>\n\t\t<div class=\"figc no-description\">\n\t\t\t<div class=\"figc-inner\">\n\t\t\t\t\t\t\t\t\t\t\t\t\t\t\t<\/div>\n\t\t<\/div>\n\n\t<\/div>\n\n<\/div><div class=\"modula-item effect-pufrobo\" data-width=\"2\" data-height=\"2\" >\n\t<div class=\"modula-item-overlay\"><\/div>\n\n\t<div class=\"modula-item-content\">\n\n\t\t\t\t\n\t\t\t\t\t<a data-image-id=\"26446\" role=\"button\" tabindex=\"0\" rel=\"jtg-26443\" data-caption=\"\" aria-label=\"Open image in lightbox\" class=\"tile-inner modula-item-link\"><\/a>\n\t\t\n\t\t<img loading=\"lazy\" decoding=\"async\" class=\"pic wp-image-26446\"  data-valign=\"middle\" data-halign=\"center\" alt=\"Grev Ahlefeldt Laurvigen, faldet p\u00e5 Dybb\u00f8l 1864.\" data-full=\"https:\/\/forsvarogforter.dk\/wp-content\/uploads\/2025\/02\/Kaptain-E.C.F.-Grev-Ahlefeldt-Laurvigen.jpg\" title=\"Kaptain E.C.F. Grev Ahlefeldt Laurvigen\" width=\"238\" height=\"300\" src=\"https:\/\/forsvarogforter.dk\/wp-content\/uploads\/2025\/02\/Kaptain-E.C.F.-Grev-Ahlefeldt-Laurvigen-238x300.jpg\" data-src=\"https:\/\/forsvarogforter.dk\/wp-content\/uploads\/2025\/02\/Kaptain-E.C.F.-Grev-Ahlefeldt-Laurvigen-238x300.jpg\" data-caption=\"\" srcset=\"https:\/\/forsvarogforter.dk\/wp-content\/uploads\/2025\/02\/Kaptain-E.C.F.-Grev-Ahlefeldt-Laurvigen.jpg 626w, https:\/\/forsvarogforter.dk\/wp-content\/uploads\/2025\/02\/Kaptain-E.C.F.-Grev-Ahlefeldt-Laurvigen-238x300.jpg 238w\" sizes=\"auto, (max-width: 238px) 100vw, 238px\" \/>\n\t\t<div class=\"figc no-description\">\n\t\t\t<div class=\"figc-inner\">\n\t\t\t\t\t\t\t\t\t\t\t\t\t\t\t<\/div>\n\t\t<\/div>\n\n\t<\/div>\n\n<\/div>\t\t\n\t<\/div>\n\n\t\n\t\n\t\t<script type=\"application\/ld+json\">\n            [\n    {\n        \"@context\": \"https:\\\/\\\/schema.org\\\/\",\n        \"@type\": \"ImageObject\",\n        \"contentUrl\": \"https:\\\/\\\/forsvarogforter.dk\\\/wp-content\\\/uploads\\\/2024\\\/08\\\/48_64_2.jpg\",\n        \"license\": \"https:\\\/\\\/creativecommons.org\\\/publicdomain\\\/zero\\\/1.0\\\/\",\n        \"creditText\": \"\",\n        \"creator\": {\n            \"@type\": \"Person\",\n            \"name\": \"S\\u00f8ren \\u00d8stergaard\"\n        },\n        \"copyrightNotice\": \"\"\n    },\n    {\n        \"@context\": \"https:\\\/\\\/schema.org\\\/\",\n        \"@type\": \"ImageObject\",\n        \"contentUrl\": \"https:\\\/\\\/forsvarogforter.dk\\\/wp-content\\\/uploads\\\/2024\\\/08\\\/Garnisons_monument_1848_50_64_tekst.jpg\",\n        \"license\": \"https:\\\/\\\/creativecommons.org\\\/publicdomain\\\/zero\\\/1.0\\\/\",\n        \"creditText\": \"\",\n        \"creator\": {\n            \"@type\": \"Person\",\n            \"name\": \"S\\u00f8ren \\u00d8stergaard\"\n        },\n        \"copyrightNotice\": \"\"\n    },\n    {\n        \"@context\": \"https:\\\/\\\/schema.org\\\/\",\n        \"@type\": \"ImageObject\",\n        \"contentUrl\": \"https:\\\/\\\/forsvarogforter.dk\\\/wp-content\\\/uploads\\\/2024\\\/08\\\/226_64_3.jpg\",\n        \"license\": \"https:\\\/\\\/creativecommons.org\\\/publicdomain\\\/zero\\\/1.0\\\/\",\n        \"creditText\": \"\",\n        \"creator\": {\n            \"@type\": \"Person\",\n            \"name\": \"S\\u00f8ren \\u00d8stergaard\"\n        },\n        \"copyrightNotice\": \"\"\n    },\n    {\n        \"@context\": \"https:\\\/\\\/schema.org\\\/\",\n        \"@type\": \"ImageObject\",\n        \"contentUrl\": \"https:\\\/\\\/forsvarogforter.dk\\\/wp-content\\\/uploads\\\/2024\\\/08\\\/226_64.jpg\",\n        \"license\": \"https:\\\/\\\/creativecommons.org\\\/publicdomain\\\/zero\\\/1.0\\\/\",\n        \"creditText\": \"\",\n        \"creator\": {\n            \"@type\": \"Person\",\n            \"name\": \"S\\u00f8ren \\u00d8stergaard\"\n        },\n        \"copyrightNotice\": \"\"\n    },\n    {\n        \"@context\": \"https:\\\/\\\/schema.org\\\/\",\n        \"@type\": \"ImageObject\",\n        \"contentUrl\": \"https:\\\/\\\/forsvarogforter.dk\\\/wp-content\\\/uploads\\\/2024\\\/08\\\/Behrens_sten.jpg\",\n        \"license\": \"https:\\\/\\\/creativecommons.org\\\/publicdomain\\\/zero\\\/1.0\\\/\",\n        \"creditText\": \"\",\n        \"creator\": {\n            \"@type\": \"Person\",\n            \"name\": \"S\\u00f8ren \\u00d8stergaard\"\n        },\n        \"copyrightNotice\": \"\"\n    },\n    {\n        \"@context\": \"https:\\\/\\\/schema.org\\\/\",\n        \"@type\": \"ImageObject\",\n        \"contentUrl\": \"https:\\\/\\\/forsvarogforter.dk\\\/wp-content\\\/uploads\\\/2024\\\/08\\\/Behrens_64.jpg\",\n        \"license\": \"https:\\\/\\\/creativecommons.org\\\/publicdomain\\\/zero\\\/1.0\\\/\",\n        \"creditText\": \"\",\n        \"creator\": {\n            \"@type\": \"Person\",\n            \"name\": \"S\\u00f8ren \\u00d8stergaard\"\n        },\n        \"copyrightNotice\": \"\"\n    },\n    {\n        \"@context\": \"https:\\\/\\\/schema.org\\\/\",\n        \"@type\": \"ImageObject\",\n        \"contentUrl\": \"https:\\\/\\\/forsvarogforter.dk\\\/wp-content\\\/uploads\\\/2024\\\/08\\\/Behrens_KB.jpg\",\n        \"license\": \"https:\\\/\\\/creativecommons.org\\\/publicdomain\\\/zero\\\/1.0\\\/\",\n        \"creditText\": \"\",\n        \"creator\": {\n            \"@type\": \"Person\",\n            \"name\": \"S\\u00f8ren \\u00d8stergaard\"\n        },\n        \"copyrightNotice\": \"\"\n    },\n    {\n        \"@context\": \"https:\\\/\\\/schema.org\\\/\",\n        \"@type\": \"ImageObject\",\n        \"contentUrl\": \"https:\\\/\\\/forsvarogforter.dk\\\/wp-content\\\/uploads\\\/2024\\\/08\\\/Broennum_sten-421x285-1.jpg\",\n        \"license\": \"https:\\\/\\\/creativecommons.org\\\/publicdomain\\\/zero\\\/1.0\\\/\",\n        \"creditText\": \"\",\n        \"creator\": {\n            \"@type\": \"Person\",\n            \"name\": \"S\\u00f8ren \\u00d8stergaard\"\n        },\n        \"copyrightNotice\": \"\"\n    },\n    {\n        \"@context\": \"https:\\\/\\\/schema.org\\\/\",\n        \"@type\": \"ImageObject\",\n        \"contentUrl\": \"https:\\\/\\\/forsvarogforter.dk\\\/wp-content\\\/uploads\\\/2024\\\/08\\\/Broennum_64_2.jpg\",\n        \"license\": \"https:\\\/\\\/creativecommons.org\\\/publicdomain\\\/zero\\\/1.0\\\/\",\n        \"creditText\": \"\",\n        \"creator\": {\n            \"@type\": \"Person\",\n            \"name\": \"S\\u00f8ren \\u00d8stergaard\"\n        },\n        \"copyrightNotice\": \"\"\n    },\n    {\n        \"@context\": \"https:\\\/\\\/schema.org\\\/\",\n        \"@type\": \"ImageObject\",\n        \"contentUrl\": \"https:\\\/\\\/forsvarogforter.dk\\\/wp-content\\\/uploads\\\/2024\\\/08\\\/Gyldenfeldt_sten.jpg\",\n        \"license\": \"https:\\\/\\\/creativecommons.org\\\/publicdomain\\\/zero\\\/1.0\\\/\",\n        \"creditText\": \"\",\n        \"creator\": {\n            \"@type\": \"Person\",\n            \"name\": \"S\\u00f8ren \\u00d8stergaard\"\n        },\n        \"copyrightNotice\": \"\"\n    },\n    {\n        \"@context\": \"https:\\\/\\\/schema.org\\\/\",\n        \"@type\": \"ImageObject\",\n        \"contentUrl\": \"https:\\\/\\\/forsvarogforter.dk\\\/wp-content\\\/uploads\\\/2024\\\/08\\\/Gyldenfeldt_64.jpg\",\n        \"license\": \"https:\\\/\\\/creativecommons.org\\\/publicdomain\\\/zero\\\/1.0\\\/\",\n        \"creditText\": \"\",\n        \"creator\": {\n            \"@type\": \"Person\",\n            \"name\": \"S\\u00f8ren \\u00d8stergaard\"\n        },\n        \"copyrightNotice\": \"\"\n    },\n    {\n        \"@context\": \"https:\\\/\\\/schema.org\\\/\",\n        \"@type\": \"ImageObject\",\n        \"contentUrl\": \"https:\\\/\\\/forsvarogforter.dk\\\/wp-content\\\/uploads\\\/2024\\\/08\\\/Carlson_64.jpg\",\n        \"license\": \"https:\\\/\\\/creativecommons.org\\\/publicdomain\\\/zero\\\/1.0\\\/\",\n        \"creditText\": \"\",\n        \"creator\": {\n            \"@type\": \"Person\",\n            \"name\": \"S\\u00f8ren \\u00d8stergaard\"\n        },\n        \"copyrightNotice\": \"\"\n    },\n    {\n        \"@context\": \"https:\\\/\\\/schema.org\\\/\",\n        \"@type\": \"ImageObject\",\n        \"contentUrl\": \"https:\\\/\\\/forsvarogforter.dk\\\/wp-content\\\/uploads\\\/2024\\\/08\\\/Carlson_64_2-1.jpg\",\n        \"license\": \"https:\\\/\\\/creativecommons.org\\\/publicdomain\\\/zero\\\/1.0\\\/\",\n        \"creditText\": \"\",\n        \"creator\": {\n            \"@type\": \"Person\",\n            \"name\": \"S\\u00f8ren \\u00d8stergaard\"\n        },\n        \"copyrightNotice\": \"\"\n    },\n    {\n        \"@context\": \"https:\\\/\\\/schema.org\\\/\",\n        \"@type\": \"ImageObject\",\n        \"contentUrl\": \"https:\\\/\\\/forsvarogforter.dk\\\/wp-content\\\/uploads\\\/2024\\\/08\\\/Hveberg_sten_2.jpg\",\n        \"license\": \"https:\\\/\\\/creativecommons.org\\\/publicdomain\\\/zero\\\/1.0\\\/\",\n        \"creditText\": \"\",\n        \"creator\": {\n            \"@type\": \"Person\",\n            \"name\": \"S\\u00f8ren \\u00d8stergaard\"\n        },\n        \"copyrightNotice\": \"\"\n    },\n    {\n        \"@context\": \"https:\\\/\\\/schema.org\\\/\",\n        \"@type\": \"ImageObject\",\n        \"contentUrl\": \"https:\\\/\\\/forsvarogforter.dk\\\/wp-content\\\/uploads\\\/2024\\\/08\\\/Hveberg_64_2.jpg\",\n        \"license\": \"https:\\\/\\\/creativecommons.org\\\/publicdomain\\\/zero\\\/1.0\\\/\",\n        \"creditText\": \"\",\n        \"creator\": {\n            \"@type\": \"Person\",\n            \"name\": \"S\\u00f8ren \\u00d8stergaard\"\n        },\n        \"copyrightNotice\": \"\"\n    },\n    {\n        \"@context\": \"https:\\\/\\\/schema.org\\\/\",\n        \"@type\": \"ImageObject\",\n        \"contentUrl\": \"https:\\\/\\\/forsvarogforter.dk\\\/wp-content\\\/uploads\\\/2024\\\/08\\\/Hveberg_64.jpg\",\n        \"license\": \"https:\\\/\\\/creativecommons.org\\\/publicdomain\\\/zero\\\/1.0\\\/\",\n        \"creditText\": \"\",\n        \"creator\": {\n            \"@type\": \"Person\",\n            \"name\": \"S\\u00f8ren \\u00d8stergaard\"\n        },\n        \"copyrightNotice\": \"\"\n    },\n    {\n        \"@context\": \"https:\\\/\\\/schema.org\\\/\",\n        \"@type\": \"ImageObject\",\n        \"contentUrl\": \"https:\\\/\\\/forsvarogforter.dk\\\/wp-content\\\/uploads\\\/2024\\\/08\\\/Hveberg_64-768x400-1.jpg\",\n        \"license\": \"https:\\\/\\\/creativecommons.org\\\/publicdomain\\\/zero\\\/1.0\\\/\",\n        \"creditText\": \"\",\n        \"creator\": {\n            \"@type\": \"Person\",\n            \"name\": \"S\\u00f8ren \\u00d8stergaard\"\n        },\n        \"copyrightNotice\": \"\"\n    },\n    {\n        \"@context\": \"https:\\\/\\\/schema.org\\\/\",\n        \"@type\": \"ImageObject\",\n        \"contentUrl\": \"https:\\\/\\\/forsvarogforter.dk\\\/wp-content\\\/uploads\\\/2024\\\/08\\\/Hveberg_KB.jpg\",\n        \"license\": \"https:\\\/\\\/creativecommons.org\\\/publicdomain\\\/zero\\\/1.0\\\/\",\n        \"creditText\": \"\",\n        \"creator\": {\n            \"@type\": \"Person\",\n            \"name\": \"S\\u00f8ren \\u00d8stergaard\"\n        },\n        \"copyrightNotice\": \"\"\n    },\n    {\n        \"@context\": \"https:\\\/\\\/schema.org\\\/\",\n        \"@type\": \"ImageObject\",\n        \"contentUrl\": \"https:\\\/\\\/forsvarogforter.dk\\\/wp-content\\\/uploads\\\/2024\\\/08\\\/Jensen_sten.jpg\",\n        \"license\": \"https:\\\/\\\/creativecommons.org\\\/publicdomain\\\/zero\\\/1.0\\\/\",\n        \"creditText\": \"\",\n        \"creator\": {\n            \"@type\": \"Person\",\n            \"name\": \"S\\u00f8ren \\u00d8stergaard\"\n        },\n        \"copyrightNotice\": \"\"\n    },\n    {\n        \"@context\": \"https:\\\/\\\/schema.org\\\/\",\n        \"@type\": \"ImageObject\",\n        \"contentUrl\": \"https:\\\/\\\/forsvarogforter.dk\\\/wp-content\\\/uploads\\\/2024\\\/08\\\/Jensen_64_2.jpg\",\n        \"license\": \"https:\\\/\\\/creativecommons.org\\\/publicdomain\\\/zero\\\/1.0\\\/\",\n        \"creditText\": \"\",\n        \"creator\": {\n            \"@type\": \"Person\",\n            \"name\": \"S\\u00f8ren \\u00d8stergaard\"\n        },\n        \"copyrightNotice\": \"\"\n    },\n    {\n        \"@context\": \"https:\\\/\\\/schema.org\\\/\",\n        \"@type\": \"ImageObject\",\n        \"contentUrl\": \"https:\\\/\\\/forsvarogforter.dk\\\/wp-content\\\/uploads\\\/2024\\\/08\\\/Jensen_KB.jpg\",\n        \"license\": \"https:\\\/\\\/creativecommons.org\\\/publicdomain\\\/zero\\\/1.0\\\/\",\n        \"creditText\": \"\",\n        \"creator\": {\n            \"@type\": \"Person\",\n            \"name\": \"S\\u00f8ren \\u00d8stergaard\"\n        },\n        \"copyrightNotice\": \"\"\n    },\n    {\n        \"@context\": \"https:\\\/\\\/schema.org\\\/\",\n        \"@type\": \"ImageObject\",\n        \"contentUrl\": \"https:\\\/\\\/forsvarogforter.dk\\\/wp-content\\\/uploads\\\/2024\\\/08\\\/Lasson_sten.jpg\",\n        \"license\": \"https:\\\/\\\/creativecommons.org\\\/publicdomain\\\/zero\\\/1.0\\\/\",\n        \"creditText\": \"\",\n        \"creator\": {\n            \"@type\": \"Person\",\n            \"name\": \"S\\u00f8ren \\u00d8stergaard\"\n        },\n        \"copyrightNotice\": \"\"\n    },\n    {\n        \"@context\": \"https:\\\/\\\/schema.org\\\/\",\n        \"@type\": \"ImageObject\",\n        \"contentUrl\": \"https:\\\/\\\/forsvarogforter.dk\\\/wp-content\\\/uploads\\\/2024\\\/08\\\/Lasson_64.jpg\",\n        \"license\": \"https:\\\/\\\/creativecommons.org\\\/publicdomain\\\/zero\\\/1.0\\\/\",\n        \"creditText\": \"\",\n        \"creator\": {\n            \"@type\": \"Person\",\n            \"name\": \"S\\u00f8ren \\u00d8stergaard\"\n        },\n        \"copyrightNotice\": \"\"\n    },\n    {\n        \"@context\": \"https:\\\/\\\/schema.org\\\/\",\n        \"@type\": \"ImageObject\",\n        \"contentUrl\": \"https:\\\/\\\/forsvarogforter.dk\\\/wp-content\\\/uploads\\\/2024\\\/08\\\/Lasson_KB.jpg\",\n        \"license\": \"https:\\\/\\\/creativecommons.org\\\/publicdomain\\\/zero\\\/1.0\\\/\",\n        \"creditText\": \"\",\n        \"creator\": {\n            \"@type\": \"Person\",\n            \"name\": \"S\\u00f8ren \\u00d8stergaard\"\n        },\n        \"copyrightNotice\": \"\"\n    },\n    {\n        \"@context\": \"https:\\\/\\\/schema.org\\\/\",\n        \"@type\": \"ImageObject\",\n        \"contentUrl\": \"https:\\\/\\\/forsvarogforter.dk\\\/wp-content\\\/uploads\\\/2024\\\/08\\\/Lundbye_sten.jpg\",\n        \"license\": \"https:\\\/\\\/creativecommons.org\\\/publicdomain\\\/zero\\\/1.0\\\/\",\n        \"creditText\": \"\",\n        \"creator\": {\n            \"@type\": \"Person\",\n            \"name\": \"S\\u00f8ren \\u00d8stergaard\"\n        },\n        \"copyrightNotice\": \"\"\n    },\n    {\n        \"@context\": \"https:\\\/\\\/schema.org\\\/\",\n        \"@type\": \"ImageObject\",\n        \"contentUrl\": \"https:\\\/\\\/forsvarogforter.dk\\\/wp-content\\\/uploads\\\/2024\\\/08\\\/Lundbye_64_2.jpg\",\n        \"license\": \"https:\\\/\\\/creativecommons.org\\\/publicdomain\\\/zero\\\/1.0\\\/\",\n        \"creditText\": \"\",\n        \"creator\": {\n            \"@type\": \"Person\",\n            \"name\": \"S\\u00f8ren \\u00d8stergaard\"\n        },\n        \"copyrightNotice\": \"\"\n    },\n    {\n        \"@context\": \"https:\\\/\\\/schema.org\\\/\",\n        \"@type\": \"ImageObject\",\n        \"contentUrl\": \"https:\\\/\\\/forsvarogforter.dk\\\/wp-content\\\/uploads\\\/2024\\\/08\\\/Lundbye.jpg\",\n        \"license\": \"https:\\\/\\\/creativecommons.org\\\/publicdomain\\\/zero\\\/1.0\\\/\",\n        \"creditText\": \"\",\n        \"creator\": {\n            \"@type\": \"Person\",\n            \"name\": \"S\\u00f8ren \\u00d8stergaard\"\n        },\n        \"copyrightNotice\": \"\"\n    },\n    {\n        \"@context\": \"https:\\\/\\\/schema.org\\\/\",\n        \"@type\": \"ImageObject\",\n        \"contentUrl\": \"https:\\\/\\\/forsvarogforter.dk\\\/wp-content\\\/uploads\\\/2024\\\/08\\\/Lundegren_sten.jpg\",\n        \"license\": \"https:\\\/\\\/creativecommons.org\\\/publicdomain\\\/zero\\\/1.0\\\/\",\n        \"creditText\": \"\",\n        \"creator\": {\n            \"@type\": \"Person\",\n            \"name\": \"S\\u00f8ren \\u00d8stergaard\"\n        },\n        \"copyrightNotice\": \"\"\n    },\n    {\n        \"@context\": \"https:\\\/\\\/schema.org\\\/\",\n        \"@type\": \"ImageObject\",\n        \"contentUrl\": \"https:\\\/\\\/forsvarogforter.dk\\\/wp-content\\\/uploads\\\/2024\\\/08\\\/Lundegren_64_2.jpg\",\n        \"license\": \"https:\\\/\\\/creativecommons.org\\\/publicdomain\\\/zero\\\/1.0\\\/\",\n        \"creditText\": \"\",\n        \"creator\": {\n            \"@type\": \"Person\",\n            \"name\": \"S\\u00f8ren \\u00d8stergaard\"\n        },\n        \"copyrightNotice\": \"\"\n    },\n    {\n        \"@context\": \"https:\\\/\\\/schema.org\\\/\",\n        \"@type\": \"ImageObject\",\n        \"contentUrl\": \"https:\\\/\\\/forsvarogforter.dk\\\/wp-content\\\/uploads\\\/2024\\\/08\\\/Lundegren_64.jpg\",\n        \"license\": \"https:\\\/\\\/creativecommons.org\\\/publicdomain\\\/zero\\\/1.0\\\/\",\n        \"creditText\": \"\",\n        \"creator\": {\n            \"@type\": \"Person\",\n            \"name\": \"S\\u00f8ren \\u00d8stergaard\"\n        },\n        \"copyrightNotice\": \"\"\n    },\n    {\n        \"@context\": \"https:\\\/\\\/schema.org\\\/\",\n        \"@type\": \"ImageObject\",\n        \"contentUrl\": \"https:\\\/\\\/forsvarogforter.dk\\\/wp-content\\\/uploads\\\/2025\\\/01\\\/Stenderup-lazaret-mindetavle.jpg\",\n        \"license\": \"https:\\\/\\\/creativecommons.org\\\/publicdomain\\\/zero\\\/1.0\\\/\",\n        \"creditText\": \"\",\n        \"creator\": {\n            \"@type\": \"Person\",\n            \"name\": \"S\\u00f8ren \\u00d8stergaard\"\n        },\n        \"copyrightNotice\": \"\"\n    },\n    {\n        \"@context\": \"https:\\\/\\\/schema.org\\\/\",\n        \"@type\": \"ImageObject\",\n        \"contentUrl\": \"https:\\\/\\\/forsvarogforter.dk\\\/wp-content\\\/uploads\\\/2024\\\/08\\\/Du_Plat.jpg\",\n        \"license\": \"https:\\\/\\\/creativecommons.org\\\/publicdomain\\\/zero\\\/1.0\\\/\",\n        \"creditText\": \"\",\n        \"creator\": {\n            \"@type\": \"Person\",\n            \"name\": \"S\\u00f8ren \\u00d8stergaard\"\n        },\n        \"copyrightNotice\": \"\"\n    },\n    {\n        \"@context\": \"https:\\\/\\\/schema.org\\\/\",\n        \"@type\": \"ImageObject\",\n        \"contentUrl\": \"https:\\\/\\\/forsvarogforter.dk\\\/wp-content\\\/uploads\\\/2024\\\/08\\\/Schau_du_Plat_Rosen_sten-1.jpg\",\n        \"license\": \"https:\\\/\\\/creativecommons.org\\\/publicdomain\\\/zero\\\/1.0\\\/\",\n        \"creditText\": \"\",\n        \"creator\": {\n            \"@type\": \"Person\",\n            \"name\": \"S\\u00f8ren \\u00d8stergaard\"\n        },\n        \"copyrightNotice\": \"\"\n    },\n    {\n        \"@context\": \"https:\\\/\\\/schema.org\\\/\",\n        \"@type\": \"ImageObject\",\n        \"contentUrl\": \"https:\\\/\\\/forsvarogforter.dk\\\/wp-content\\\/uploads\\\/2025\\\/02\\\/du_Plat_Grave.jpg\",\n        \"license\": \"https:\\\/\\\/creativecommons.org\\\/publicdomain\\\/zero\\\/1.0\\\/\",\n        \"creditText\": \"\",\n        \"creator\": {\n            \"@type\": \"Person\",\n            \"name\": \"S\\u00f8ren \\u00d8stergaard\"\n        },\n        \"copyrightNotice\": \"\"\n    },\n    {\n        \"@context\": \"https:\\\/\\\/schema.org\\\/\",\n        \"@type\": \"ImageObject\",\n        \"contentUrl\": \"https:\\\/\\\/forsvarogforter.dk\\\/wp-content\\\/uploads\\\/2024\\\/08\\\/du_Plat_gravsten_Soderup_3.jpg\",\n        \"license\": \"https:\\\/\\\/creativecommons.org\\\/publicdomain\\\/zero\\\/1.0\\\/\",\n        \"creditText\": \"\",\n        \"creator\": {\n            \"@type\": \"Person\",\n            \"name\": \"S\\u00f8ren \\u00d8stergaard\"\n        },\n        \"copyrightNotice\": \"\"\n    },\n    {\n        \"@context\": \"https:\\\/\\\/schema.org\\\/\",\n        \"@type\": \"ImageObject\",\n        \"contentUrl\": \"https:\\\/\\\/forsvarogforter.dk\\\/wp-content\\\/uploads\\\/2024\\\/08\\\/General_du_Plat.jpg\",\n        \"license\": \"https:\\\/\\\/creativecommons.org\\\/publicdomain\\\/zero\\\/1.0\\\/\",\n        \"creditText\": \"\",\n        \"creator\": {\n            \"@type\": \"Person\",\n            \"name\": \"S\\u00f8ren \\u00d8stergaard\"\n        },\n        \"copyrightNotice\": \"\"\n    },\n    {\n        \"@context\": \"https:\\\/\\\/schema.org\\\/\",\n        \"@type\": \"ImageObject\",\n        \"contentUrl\": \"https:\\\/\\\/forsvarogforter.dk\\\/wp-content\\\/uploads\\\/2024\\\/08\\\/Schau_du_Plat_Rosen_sten-1.jpg\",\n        \"license\": \"https:\\\/\\\/creativecommons.org\\\/publicdomain\\\/zero\\\/1.0\\\/\",\n        \"creditText\": \"\",\n        \"creator\": {\n            \"@type\": \"Person\",\n            \"name\": \"S\\u00f8ren \\u00d8stergaard\"\n        },\n        \"copyrightNotice\": \"\"\n    },\n    {\n        \"@context\": \"https:\\\/\\\/schema.org\\\/\",\n        \"@type\": \"ImageObject\",\n        \"contentUrl\": \"https:\\\/\\\/forsvarogforter.dk\\\/wp-content\\\/uploads\\\/2024\\\/08\\\/Holmen_DK_grav_von_Rosen_1864.jpg\",\n        \"license\": \"https:\\\/\\\/creativecommons.org\\\/publicdomain\\\/zero\\\/1.0\\\/\",\n        \"creditText\": \"\",\n        \"creator\": {\n            \"@type\": \"Person\",\n            \"name\": \"S\\u00f8ren \\u00d8stergaard\"\n        },\n        \"copyrightNotice\": \"\"\n    },\n    {\n        \"@context\": \"https:\\\/\\\/schema.org\\\/\",\n        \"@type\": \"ImageObject\",\n        \"contentUrl\": \"https:\\\/\\\/forsvarogforter.dk\\\/wp-content\\\/uploads\\\/2024\\\/08\\\/Holmen_DK_grav_von_Rosen_1864_tekst.jpg\",\n        \"license\": \"https:\\\/\\\/creativecommons.org\\\/publicdomain\\\/zero\\\/1.0\\\/\",\n        \"creditText\": \"\",\n        \"creator\": {\n            \"@type\": \"Person\",\n            \"name\": \"S\\u00f8ren \\u00d8stergaard\"\n        },\n        \"copyrightNotice\": \"\"\n    },\n    {\n        \"@context\": \"https:\\\/\\\/schema.org\\\/\",\n        \"@type\": \"ImageObject\",\n        \"contentUrl\": \"https:\\\/\\\/forsvarogforter.dk\\\/wp-content\\\/uploads\\\/2024\\\/08\\\/Rosen-1.jpg\",\n        \"license\": \"https:\\\/\\\/creativecommons.org\\\/publicdomain\\\/zero\\\/1.0\\\/\",\n        \"creditText\": \"\",\n        \"creator\": {\n            \"@type\": \"Person\",\n            \"name\": \"S\\u00f8ren \\u00d8stergaard\"\n        },\n        \"copyrightNotice\": \"\"\n    },\n    {\n        \"@context\": \"https:\\\/\\\/schema.org\\\/\",\n        \"@type\": \"ImageObject\",\n        \"contentUrl\": \"https:\\\/\\\/forsvarogforter.dk\\\/wp-content\\\/uploads\\\/2024\\\/08\\\/Schau_du_Plat_Rosen_sten-1.jpg\",\n        \"license\": \"https:\\\/\\\/creativecommons.org\\\/publicdomain\\\/zero\\\/1.0\\\/\",\n        \"creditText\": \"\",\n        \"creator\": {\n            \"@type\": \"Person\",\n            \"name\": \"S\\u00f8ren \\u00d8stergaard\"\n        },\n        \"copyrightNotice\": \"\"\n    },\n    {\n        \"@context\": \"https:\\\/\\\/schema.org\\\/\",\n        \"@type\": \"ImageObject\",\n        \"contentUrl\": \"https:\\\/\\\/forsvarogforter.dk\\\/wp-content\\\/uploads\\\/2024\\\/08\\\/v_schau_64_2-1.jpg\",\n        \"license\": \"https:\\\/\\\/creativecommons.org\\\/publicdomain\\\/zero\\\/1.0\\\/\",\n        \"creditText\": \"\",\n        \"creator\": {\n            \"@type\": \"Person\",\n            \"name\": \"S\\u00f8ren \\u00d8stergaard\"\n        },\n        \"copyrightNotice\": \"\"\n    },\n    {\n        \"@context\": \"https:\\\/\\\/schema.org\\\/\",\n        \"@type\": \"ImageObject\",\n        \"contentUrl\": \"https:\\\/\\\/forsvarogforter.dk\\\/wp-content\\\/uploads\\\/2024\\\/08\\\/Schau_KB-1.jpg\",\n        \"license\": \"https:\\\/\\\/creativecommons.org\\\/publicdomain\\\/zero\\\/1.0\\\/\",\n        \"creditText\": \"\",\n        \"creator\": {\n            \"@type\": \"Person\",\n            \"name\": \"S\\u00f8ren \\u00d8stergaard\"\n        },\n        \"copyrightNotice\": \"\"\n    },\n    {\n        \"@context\": \"https:\\\/\\\/schema.org\\\/\",\n        \"@type\": \"ImageObject\",\n        \"contentUrl\": \"https:\\\/\\\/forsvarogforter.dk\\\/wp-content\\\/uploads\\\/2024\\\/08\\\/Schau_sten-1.jpg\",\n        \"license\": \"https:\\\/\\\/creativecommons.org\\\/publicdomain\\\/zero\\\/1.0\\\/\",\n        \"creditText\": \"\",\n        \"creator\": {\n            \"@type\": \"Person\",\n            \"name\": \"S\\u00f8ren \\u00d8stergaard\"\n        },\n        \"copyrightNotice\": \"\"\n    },\n    {\n        \"@context\": \"https:\\\/\\\/schema.org\\\/\",\n        \"@type\": \"ImageObject\",\n        \"contentUrl\": \"https:\\\/\\\/forsvarogforter.dk\\\/wp-content\\\/uploads\\\/2024\\\/08\\\/Schau_64-1.jpg\",\n        \"license\": \"https:\\\/\\\/creativecommons.org\\\/publicdomain\\\/zero\\\/1.0\\\/\",\n        \"creditText\": \"\",\n        \"creator\": {\n            \"@type\": \"Person\",\n            \"name\": \"S\\u00f8ren \\u00d8stergaard\"\n        },\n        \"copyrightNotice\": \"\"\n    },\n    {\n        \"@context\": \"https:\\\/\\\/schema.org\\\/\",\n        \"@type\": \"ImageObject\",\n        \"contentUrl\": \"https:\\\/\\\/forsvarogforter.dk\\\/wp-content\\\/uploads\\\/2024\\\/08\\\/Schau_64_2-1.jpg\",\n        \"license\": \"https:\\\/\\\/creativecommons.org\\\/publicdomain\\\/zero\\\/1.0\\\/\",\n        \"creditText\": \"\",\n        \"creator\": {\n            \"@type\": \"Person\",\n            \"name\": \"S\\u00f8ren \\u00d8stergaard\"\n        },\n        \"copyrightNotice\": \"\"\n    },\n    {\n        \"@context\": \"https:\\\/\\\/schema.org\\\/\",\n        \"@type\": \"ImageObject\",\n        \"contentUrl\": \"https:\\\/\\\/forsvarogforter.dk\\\/wp-content\\\/uploads\\\/2024\\\/08\\\/Schau_foto-1.jpg\",\n        \"license\": \"https:\\\/\\\/creativecommons.org\\\/publicdomain\\\/zero\\\/1.0\\\/\",\n        \"creditText\": \"\",\n        \"creator\": {\n            \"@type\": \"Person\",\n            \"name\": \"S\\u00f8ren \\u00d8stergaard\"\n        },\n        \"copyrightNotice\": \"\"\n    },\n    {\n        \"@context\": \"https:\\\/\\\/schema.org\\\/\",\n        \"@type\": \"ImageObject\",\n        \"contentUrl\": \"https:\\\/\\\/forsvarogforter.dk\\\/wp-content\\\/uploads\\\/2025\\\/02\\\/Mindesten-Grev-Ahlefeldt-Laurvigen.jpg\",\n        \"license\": \"https:\\\/\\\/creativecommons.org\\\/publicdomain\\\/zero\\\/1.0\\\/\",\n        \"creditText\": \"\",\n        \"creator\": {\n            \"@type\": \"Person\",\n            \"name\": \"S\\u00f8ren \\u00d8stergaard\"\n        },\n        \"copyrightNotice\": \"\"\n    },\n    {\n        \"@context\": \"https:\\\/\\\/schema.org\\\/\",\n        \"@type\": \"ImageObject\",\n        \"contentUrl\": \"https:\\\/\\\/forsvarogforter.dk\\\/wp-content\\\/uploads\\\/2024\\\/08\\\/Laurvigen_64.jpg\",\n        \"license\": \"https:\\\/\\\/creativecommons.org\\\/publicdomain\\\/zero\\\/1.0\\\/\",\n        \"creditText\": \"\",\n        \"creator\": {\n            \"@type\": \"Person\",\n            \"name\": \"S\\u00f8ren \\u00d8stergaard\"\n        },\n        \"copyrightNotice\": \"\"\n    },\n    {\n        \"@context\": \"https:\\\/\\\/schema.org\\\/\",\n        \"@type\": \"ImageObject\",\n        \"contentUrl\": \"https:\\\/\\\/forsvarogforter.dk\\\/wp-content\\\/uploads\\\/2025\\\/02\\\/Kaptain-E.C.F.-Grev-Ahlefeldt-Laurvigen.jpg\",\n        \"license\": \"https:\\\/\\\/creativecommons.org\\\/publicdomain\\\/zero\\\/1.0\\\/\",\n        \"creditText\": \"\",\n        \"creator\": {\n            \"@type\": \"Person\",\n            \"name\": \"S\\u00f8ren \\u00d8stergaard\"\n        },\n        \"copyrightNotice\": \"\"\n    }\n]\n\n\t\t<\/script>\n\n\t\t\n\t<script type=\"application\/ld+json\">\n\t{\n\t\t\"@context\": \"http:\/\/schema.org\",\n\t\t\"@type\"   : \"ImageGallery\",\n\t\t\"id\"      : \"https:\/\/forsvarogforter.dk\/index.php\/fra-dybboel-til-kirkegaarden-i-1864\/\",\n\t\t\"url\"     : \"https:\/\/forsvarogforter.dk\/index.php\/fra-dybboel-til-kirkegaarden-i-1864\/\"\n\t}\n\n\t<\/script>\n\n\t\n<\/div>\n\n<p>&nbsp;<\/p>\n","protected":false},"excerpt":{"rendered":"<p>Fra kampene ved Dybb\u00f8l til en grav p\u00e5 kirkeg\u00e5rden i 1864 kunne der v\u00e6re langt \u2013 b\u00e5de geografisk og menneskeligt.P\u00e5 denne side vises billeder af grave og mindesten p\u00e5 Garnisons Kirkeg\u00e5rd sammenholdt med mindesten for de samme officerer ved Dybb\u00f8l. Form\u00e5let er at knytte mindestenen i landskabet sammen med det konkrete gravsted og minde om, &hellip; <\/p>\n<p><a class=\"more-link btn\" href=\"https:\/\/forsvarogforter.dk\/index.php\/fra-dybboel-til-kirkegaarden-i-1864\/\">L\u00e6s mere<\/a><\/p>\n","protected":false},"author":1,"featured_media":0,"parent":0,"menu_order":0,"comment_status":"closed","ping_status":"closed","template":"","meta":{"inline_featured_image":false,"footnotes":""},"class_list":["post-23869","page","type-page","status-publish","hentry","nodate","item-wrap"],"yoast_head":"<!-- This site is optimized with the Yoast SEO plugin v26.8 - https:\/\/yoast.com\/product\/yoast-seo-wordpress\/ -->\n<title>Fra Dybb\u00f8l til kirkeg\u00e5rden i 1864 - Forsvar og Forter i Danmark<\/title>\n<meta name=\"description\" content=\"Fra Dybb\u00f8l til kirkeg\u00e5rden i 1864 kunne v\u00e6re langt. Billeder af grave p\u00e5 Garnisons kirkeg\u00e5rd og tilh\u00f8rende mindesten p\u00e5 Dybb\u00f8l.\" \/>\n<meta name=\"robots\" content=\"index, follow, max-snippet:-1, max-image-preview:large, max-video-preview:-1\" \/>\n<link rel=\"canonical\" href=\"https:\/\/forsvarogforter.dk\/index.php\/fra-dybboel-til-kirkegaarden-i-1864\/\" \/>\n<meta property=\"og:locale\" content=\"da_DK\" \/>\n<meta property=\"og:type\" content=\"article\" \/>\n<meta property=\"og:title\" content=\"Fra Dybb\u00f8l til kirkeg\u00e5rden i 1864 - Forsvar og Forter i Danmark\" \/>\n<meta property=\"og:description\" content=\"Fra Dybb\u00f8l til kirkeg\u00e5rden i 1864 kunne v\u00e6re langt. Billeder af grave p\u00e5 Garnisons kirkeg\u00e5rd og tilh\u00f8rende mindesten p\u00e5 Dybb\u00f8l.\" \/>\n<meta property=\"og:url\" content=\"https:\/\/forsvarogforter.dk\/index.php\/fra-dybboel-til-kirkegaarden-i-1864\/\" \/>\n<meta property=\"og:site_name\" content=\"Forsvar og Forter i Danmark\" \/>\n<meta property=\"article:modified_time\" content=\"2026-01-12T14:15:38+00:00\" \/>\n<meta property=\"og:image\" content=\"https:\/\/forsvarogforter.dk\/wp-content\/uploads\/2024\/08\/de_Meza_2.jpg\" \/>\n\t<meta property=\"og:image:width\" content=\"768\" \/>\n\t<meta property=\"og:image:height\" content=\"1155\" \/>\n\t<meta property=\"og:image:type\" content=\"image\/jpeg\" \/>\n<meta name=\"twitter:card\" content=\"summary_large_image\" \/>\n<meta name=\"twitter:label1\" content=\"Estimeret l\u00e6setid\" \/>\n\t<meta name=\"twitter:data1\" content=\"4 minutter\" \/>\n<script type=\"application\/ld+json\" class=\"yoast-schema-graph\">{\"@context\":\"https:\/\/schema.org\",\"@graph\":[{\"@type\":\"WebPage\",\"@id\":\"https:\/\/forsvarogforter.dk\/index.php\/fra-dybboel-til-kirkegaarden-i-1864\/\",\"url\":\"https:\/\/forsvarogforter.dk\/index.php\/fra-dybboel-til-kirkegaarden-i-1864\/\",\"name\":\"Fra Dybb\u00f8l til kirkeg\u00e5rden i 1864 - Forsvar og Forter i Danmark\",\"isPartOf\":{\"@id\":\"https:\/\/forsvarogforter.dk\/#website\"},\"primaryImageOfPage\":{\"@id\":\"https:\/\/forsvarogforter.dk\/index.php\/fra-dybboel-til-kirkegaarden-i-1864\/#primaryimage\"},\"image\":{\"@id\":\"https:\/\/forsvarogforter.dk\/index.php\/fra-dybboel-til-kirkegaarden-i-1864\/#primaryimage\"},\"thumbnailUrl\":\"http:\/\/forsvarogforter.dk\/wp-content\/uploads\/2024\/08\/de_Meza_2-199x300.jpg\",\"datePublished\":\"2024-09-27T09:40:36+00:00\",\"dateModified\":\"2026-01-12T14:15:38+00:00\",\"description\":\"Fra Dybb\u00f8l til kirkeg\u00e5rden i 1864 kunne v\u00e6re langt. Billeder af grave p\u00e5 Garnisons kirkeg\u00e5rd og tilh\u00f8rende mindesten p\u00e5 Dybb\u00f8l.\",\"breadcrumb\":{\"@id\":\"https:\/\/forsvarogforter.dk\/index.php\/fra-dybboel-til-kirkegaarden-i-1864\/#breadcrumb\"},\"inLanguage\":\"da-DK\",\"potentialAction\":[{\"@type\":\"ReadAction\",\"target\":[\"https:\/\/forsvarogforter.dk\/index.php\/fra-dybboel-til-kirkegaarden-i-1864\/\"]}]},{\"@type\":\"ImageObject\",\"inLanguage\":\"da-DK\",\"@id\":\"https:\/\/forsvarogforter.dk\/index.php\/fra-dybboel-til-kirkegaarden-i-1864\/#primaryimage\",\"url\":\"https:\/\/forsvarogforter.dk\/wp-content\/uploads\/2024\/08\/de_Meza_2.jpg\",\"contentUrl\":\"https:\/\/forsvarogforter.dk\/wp-content\/uploads\/2024\/08\/de_Meza_2.jpg\",\"width\":768,\"height\":1155,\"caption\":\"De Meza grav\"},{\"@type\":\"BreadcrumbList\",\"@id\":\"https:\/\/forsvarogforter.dk\/index.php\/fra-dybboel-til-kirkegaarden-i-1864\/#breadcrumb\",\"itemListElement\":[{\"@type\":\"ListItem\",\"position\":1,\"name\":\"Hjem\",\"item\":\"https:\/\/forsvarogforter.dk\/\"},{\"@type\":\"ListItem\",\"position\":2,\"name\":\"Fra Dybb\u00f8l til kirkeg\u00e5rden i 1864\"}]},{\"@type\":\"WebSite\",\"@id\":\"https:\/\/forsvarogforter.dk\/#website\",\"url\":\"https:\/\/forsvarogforter.dk\/\",\"name\":\"Forsvar og Forter i Danmark\",\"description\":\"Nyere Dansk milit\u00e6rhistorie\",\"publisher\":{\"@id\":\"https:\/\/forsvarogforter.dk\/#\/schema\/person\/96befedb795a6d7881f4374730f05db6\"},\"potentialAction\":[{\"@type\":\"SearchAction\",\"target\":{\"@type\":\"EntryPoint\",\"urlTemplate\":\"https:\/\/forsvarogforter.dk\/?s={search_term_string}\"},\"query-input\":{\"@type\":\"PropertyValueSpecification\",\"valueRequired\":true,\"valueName\":\"search_term_string\"}}],\"inLanguage\":\"da-DK\"},{\"@type\":[\"Person\",\"Organization\"],\"@id\":\"https:\/\/forsvarogforter.dk\/#\/schema\/person\/96befedb795a6d7881f4374730f05db6\",\"name\":\"Mil.Hist.Ny\",\"image\":{\"@type\":\"ImageObject\",\"inLanguage\":\"da-DK\",\"@id\":\"https:\/\/forsvarogforter.dk\/#\/schema\/person\/image\/\",\"url\":\"https:\/\/secure.gravatar.com\/avatar\/f05d5fc2c0b4b57cbf017419572e6cf73632471ffc539f87518c89d24b096b96?s=96&d=mm&r=g\",\"contentUrl\":\"https:\/\/secure.gravatar.com\/avatar\/f05d5fc2c0b4b57cbf017419572e6cf73632471ffc539f87518c89d24b096b96?s=96&d=mm&r=g\",\"caption\":\"Mil.Hist.Ny\"},\"logo\":{\"@id\":\"https:\/\/forsvarogforter.dk\/#\/schema\/person\/image\/\"},\"sameAs\":[\"http:\/\/forsvarogforter.dk\"]}]}<\/script>\n<!-- \/ Yoast SEO plugin. -->","yoast_head_json":{"title":"Fra Dybb\u00f8l til kirkeg\u00e5rden i 1864 - Forsvar og Forter i Danmark","description":"Fra Dybb\u00f8l til kirkeg\u00e5rden i 1864 kunne v\u00e6re langt. Billeder af grave p\u00e5 Garnisons kirkeg\u00e5rd og tilh\u00f8rende mindesten p\u00e5 Dybb\u00f8l.","robots":{"index":"index","follow":"follow","max-snippet":"max-snippet:-1","max-image-preview":"max-image-preview:large","max-video-preview":"max-video-preview:-1"},"canonical":"https:\/\/forsvarogforter.dk\/index.php\/fra-dybboel-til-kirkegaarden-i-1864\/","og_locale":"da_DK","og_type":"article","og_title":"Fra Dybb\u00f8l til kirkeg\u00e5rden i 1864 - Forsvar og Forter i Danmark","og_description":"Fra Dybb\u00f8l til kirkeg\u00e5rden i 1864 kunne v\u00e6re langt. Billeder af grave p\u00e5 Garnisons kirkeg\u00e5rd og tilh\u00f8rende mindesten p\u00e5 Dybb\u00f8l.","og_url":"https:\/\/forsvarogforter.dk\/index.php\/fra-dybboel-til-kirkegaarden-i-1864\/","og_site_name":"Forsvar og Forter i Danmark","article_modified_time":"2026-01-12T14:15:38+00:00","og_image":[{"width":768,"height":1155,"url":"https:\/\/forsvarogforter.dk\/wp-content\/uploads\/2024\/08\/de_Meza_2.jpg","type":"image\/jpeg"}],"twitter_card":"summary_large_image","twitter_misc":{"Estimeret l\u00e6setid":"4 minutter"},"schema":{"@context":"https:\/\/schema.org","@graph":[{"@type":"WebPage","@id":"https:\/\/forsvarogforter.dk\/index.php\/fra-dybboel-til-kirkegaarden-i-1864\/","url":"https:\/\/forsvarogforter.dk\/index.php\/fra-dybboel-til-kirkegaarden-i-1864\/","name":"Fra Dybb\u00f8l til kirkeg\u00e5rden i 1864 - Forsvar og Forter i Danmark","isPartOf":{"@id":"https:\/\/forsvarogforter.dk\/#website"},"primaryImageOfPage":{"@id":"https:\/\/forsvarogforter.dk\/index.php\/fra-dybboel-til-kirkegaarden-i-1864\/#primaryimage"},"image":{"@id":"https:\/\/forsvarogforter.dk\/index.php\/fra-dybboel-til-kirkegaarden-i-1864\/#primaryimage"},"thumbnailUrl":"http:\/\/forsvarogforter.dk\/wp-content\/uploads\/2024\/08\/de_Meza_2-199x300.jpg","datePublished":"2024-09-27T09:40:36+00:00","dateModified":"2026-01-12T14:15:38+00:00","description":"Fra Dybb\u00f8l til kirkeg\u00e5rden i 1864 kunne v\u00e6re langt. Billeder af grave p\u00e5 Garnisons kirkeg\u00e5rd og tilh\u00f8rende mindesten p\u00e5 Dybb\u00f8l.","breadcrumb":{"@id":"https:\/\/forsvarogforter.dk\/index.php\/fra-dybboel-til-kirkegaarden-i-1864\/#breadcrumb"},"inLanguage":"da-DK","potentialAction":[{"@type":"ReadAction","target":["https:\/\/forsvarogforter.dk\/index.php\/fra-dybboel-til-kirkegaarden-i-1864\/"]}]},{"@type":"ImageObject","inLanguage":"da-DK","@id":"https:\/\/forsvarogforter.dk\/index.php\/fra-dybboel-til-kirkegaarden-i-1864\/#primaryimage","url":"https:\/\/forsvarogforter.dk\/wp-content\/uploads\/2024\/08\/de_Meza_2.jpg","contentUrl":"https:\/\/forsvarogforter.dk\/wp-content\/uploads\/2024\/08\/de_Meza_2.jpg","width":768,"height":1155,"caption":"De Meza grav"},{"@type":"BreadcrumbList","@id":"https:\/\/forsvarogforter.dk\/index.php\/fra-dybboel-til-kirkegaarden-i-1864\/#breadcrumb","itemListElement":[{"@type":"ListItem","position":1,"name":"Hjem","item":"https:\/\/forsvarogforter.dk\/"},{"@type":"ListItem","position":2,"name":"Fra Dybb\u00f8l til kirkeg\u00e5rden i 1864"}]},{"@type":"WebSite","@id":"https:\/\/forsvarogforter.dk\/#website","url":"https:\/\/forsvarogforter.dk\/","name":"Forsvar og Forter i Danmark","description":"Nyere Dansk milit\u00e6rhistorie","publisher":{"@id":"https:\/\/forsvarogforter.dk\/#\/schema\/person\/96befedb795a6d7881f4374730f05db6"},"potentialAction":[{"@type":"SearchAction","target":{"@type":"EntryPoint","urlTemplate":"https:\/\/forsvarogforter.dk\/?s={search_term_string}"},"query-input":{"@type":"PropertyValueSpecification","valueRequired":true,"valueName":"search_term_string"}}],"inLanguage":"da-DK"},{"@type":["Person","Organization"],"@id":"https:\/\/forsvarogforter.dk\/#\/schema\/person\/96befedb795a6d7881f4374730f05db6","name":"Mil.Hist.Ny","image":{"@type":"ImageObject","inLanguage":"da-DK","@id":"https:\/\/forsvarogforter.dk\/#\/schema\/person\/image\/","url":"https:\/\/secure.gravatar.com\/avatar\/f05d5fc2c0b4b57cbf017419572e6cf73632471ffc539f87518c89d24b096b96?s=96&d=mm&r=g","contentUrl":"https:\/\/secure.gravatar.com\/avatar\/f05d5fc2c0b4b57cbf017419572e6cf73632471ffc539f87518c89d24b096b96?s=96&d=mm&r=g","caption":"Mil.Hist.Ny"},"logo":{"@id":"https:\/\/forsvarogforter.dk\/#\/schema\/person\/image\/"},"sameAs":["http:\/\/forsvarogforter.dk"]}]}},"_links":{"self":[{"href":"https:\/\/forsvarogforter.dk\/index.php\/wp-json\/wp\/v2\/pages\/23869","targetHints":{"allow":["GET"]}}],"collection":[{"href":"https:\/\/forsvarogforter.dk\/index.php\/wp-json\/wp\/v2\/pages"}],"about":[{"href":"https:\/\/forsvarogforter.dk\/index.php\/wp-json\/wp\/v2\/types\/page"}],"author":[{"embeddable":true,"href":"https:\/\/forsvarogforter.dk\/index.php\/wp-json\/wp\/v2\/users\/1"}],"replies":[{"embeddable":true,"href":"https:\/\/forsvarogforter.dk\/index.php\/wp-json\/wp\/v2\/comments?post=23869"}],"version-history":[{"count":15,"href":"https:\/\/forsvarogforter.dk\/index.php\/wp-json\/wp\/v2\/pages\/23869\/revisions"}],"predecessor-version":[{"id":26705,"href":"https:\/\/forsvarogforter.dk\/index.php\/wp-json\/wp\/v2\/pages\/23869\/revisions\/26705"}],"wp:attachment":[{"href":"https:\/\/forsvarogforter.dk\/index.php\/wp-json\/wp\/v2\/media?parent=23869"}],"curies":[{"name":"wp","href":"https:\/\/api.w.org\/{rel}","templated":true}]}}